{"id":3739,"date":"2023-01-24T12:33:37","date_gmt":"2023-01-24T12:33:37","guid":{"rendered":"https:\/\/daa.rcm.upr.edu\/?page_id=3739"},"modified":"2025-06-18T12:30:47","modified_gmt":"2025-06-18T12:30:47","slug":"servicios","status":"publish","type":"page","link":"https:\/\/rcm1.rcm.upr.edu\/deanshipacademicaffairs\/cata\/servicios\/","title":{"rendered":"Servicios"},"content":{"rendered":"<div class=\"wpb-content-wrapper\"><p>[vc_row][vc_column]<div id=\"ultimate-heading-201069f0a8ab55cf4\" class=\"uvc-heading ult-adjust-bottom-margin ultimate-heading-201069f0a8ab55cf4 uvc-2644  uvc-heading-default-font-sizes\" data-hspacer=\"no_spacer\"  data-halign=\"left\" style=\"text-align:left\"><div class=\"uvc-heading-spacer no_spacer\" style=\"top\"><\/div><div class=\"uvc-main-heading ult-responsive\"  data-ultimate-target='.uvc-heading.ultimate-heading-201069f0a8ab55cf4 h2'  data-responsive-json-new='{\"font-size\":\"\",\"line-height\":\"\"}' ><h2 style=\"--font-weight:theme;\">Anfiteatro<\/h2><\/div><\/div>[vc_empty_space][\/vc_column][\/vc_row][vc_row][vc_column width=&#8221;1\/2&#8243;][vc_single_image image=&#8221;4122&#8243; img_size=&#8221;full&#8221; alignment=&#8221;center&#8221; css=&#8221;&#8221;][vc_single_image image=&#8221;4120&#8243; img_size=&#8221;full&#8221; alignment=&#8221;center&#8221; css=&#8221;&#8221;][\/vc_column][vc_column width=&#8221;1\/2&#8243;][vc_column_text css=&#8221;&#8221;]El Anfiteatro CATA provee un espacio con capacidad para 43 personas que facilita la realizaci\u00f3n de videoconferencias y\/o reuniones de la comunidad acad\u00e9mica. Este Anfiteatro est\u00e1 equipado con:[\/vc_column_text]<div class=\"standard-arrow bullet-top\"><ul>\n<li>Podio con micr\u00f3fono integrado<\/li>\n<li>Monitor interactivo de 80\u2033 y monitor LCD de 42\u2033<\/li>\n<li>Sistema de videoconferencia<\/li>\n<li>Conectividad de computadora port\u00e1til (VGA \/ Audio y HDMI)<\/li>\n<li>Sistema de control y procesamiento de video y audio<\/li>\n<li>Alternativa de streaming o grabaci\u00f3n para videoconferencias<\/li>\n<li>Sistema de bocinas integradas<\/li>\n<\/ul>\n<\/div>[\/vc_column][\/vc_row][vc_row][vc_column]<div id=\"ultimate-heading-396069f0a8ab55db2\" class=\"uvc-heading ult-adjust-bottom-margin ultimate-heading-396069f0a8ab55db2 uvc-9193  uvc-heading-default-font-sizes\" data-hspacer=\"no_spacer\"  data-halign=\"left\" style=\"text-align:left\"><div class=\"uvc-heading-spacer no_spacer\" style=\"top\"><\/div><div class=\"uvc-main-heading ult-responsive\"  data-ultimate-target='.uvc-heading.ultimate-heading-396069f0a8ab55db2 h2'  data-responsive-json-new='{\"font-size\":\"\",\"line-height\":\"\"}' ><h2 style=\"--font-weight:theme;\">Unidad de Artes Gr\u00e1ficas<\/h2><\/div><\/div>[vc_empty_space][\/vc_column][\/vc_row][vc_row][vc_column width=&#8221;1\/2&#8243;][vc_single_image image=&#8221;4126&#8243; img_size=&#8221;full&#8221; alignment=&#8221;center&#8221; css=&#8221;&#8221;][vc_single_image image=&#8221;4084&#8243; img_size=&#8221;full&#8221; alignment=&#8221;center&#8221; css=&#8221;&#8221;][\/vc_column][vc_column width=&#8221;1\/2&#8243;][vc_column_text css=&#8221;&#8221;]La Unidad de Artes Gr\u00e1ficas brinda servicios de dise\u00f1o e impresi\u00f3n de material educativo y promocional. Como parte de los servicios que ofrecemos se encuentran:[\/vc_column_text]<div class=\"standard-arrow bullet-top\"><ul>\n<li>Presentaciones de trabajos investigativos en carteles (posters presentations)<\/li>\n<li>Afiches<\/li>\n<li>Presentaciones digitales en PowerPoint<\/li>\n<li>Programas<\/li>\n<li>Boletines<\/li>\n<li>Op\u00fasculos<\/li>\n<li>Logos<\/li>\n<li>Banners<\/li>\n<li>Cruzacalles<\/li>\n<li>Flyers<\/li>\n<li>Portadas<\/li>\n<li>Otros<\/li>\n<\/ul>\n<\/div>[vc_empty_space][\/vc_column][\/vc_row][vc_row][vc_column]<div id=\"ultimate-heading-695769f0a8ab55e11\" class=\"uvc-heading ult-adjust-bottom-margin ultimate-heading-695769f0a8ab55e11 uvc-9331  uvc-heading-default-font-sizes\" data-hspacer=\"no_spacer\"  data-halign=\"left\" style=\"text-align:left\"><div class=\"uvc-heading-spacer no_spacer\" style=\"top\"><\/div><div class=\"uvc-main-heading ult-responsive\"  data-ultimate-target='.uvc-heading.ultimate-heading-695769f0a8ab55e11 h2'  data-responsive-json-new='{\"font-size\":\"\",\"line-height\":\"\"}' ><h2 style=\"--font-weight:theme;\">Unidad de Fotograf\u00eda<\/h2><\/div><\/div>[vc_empty_space][\/vc_column][\/vc_row][vc_row][vc_column width=&#8221;1\/2&#8243;][vc_single_image image=&#8221;4134&#8243; img_size=&#8221;full&#8221; alignment=&#8221;center&#8221; css=&#8221;&#8221;][vc_single_image image=&#8221;4121&#8243; img_size=&#8221;full&#8221; alignment=&#8221;center&#8221; css=&#8221;&#8221;][\/vc_column][vc_column width=&#8221;1\/2&#8243;][vc_column_text css=&#8221;&#8221;]La Unidad de Fotograf\u00eda documenta en im\u00e1genes fotogr\u00e1ficas las actividades, procesos cient\u00edficos e investigativos que se desarrollan en nuestro Recinto. Entre los servicios que ofrecemos se encuentran:[\/vc_column_text]<div class=\"standard-arrow bullet-top\"><ul>\n<li>Imprime de fotos de diversos tama\u00f1os (4\u2033 x 6\u2033, 5\u2033 x 7\u2033, 8\u2033 x 10\u2033 y otras ampliaciones)<\/li>\n<li>Fotos 2\u2033 x 2\u2033 (pasaporte\/licencia de explosivos)<\/li>\n<li>Fotos grupales<\/li>\n<li>Fotos de estudio<\/li>\n<li>Digitalizaciones (diapositivas, fotos)<\/li>\n<li>Tarjetas de identificaci\u00f3n para empleados y estudiantes<\/li>\n<\/ul>\n<\/div>[\/vc_column][\/vc_row][vc_row][vc_column]<div id=\"ultimate-heading-772069f0a8ab55e60\" class=\"uvc-heading ult-adjust-bottom-margin ultimate-heading-772069f0a8ab55e60 uvc-2123  uvc-heading-default-font-sizes\" data-hspacer=\"no_spacer\"  data-halign=\"left\" style=\"text-align:left\"><div class=\"uvc-heading-spacer no_spacer\" style=\"top\"><\/div><div class=\"uvc-main-heading ult-responsive\"  data-ultimate-target='.uvc-heading.ultimate-heading-772069f0a8ab55e60 h2'  data-responsive-json-new='{\"font-size\":\"\",\"line-height\":\"\"}' ><h2 style=\"--font-weight:theme;\">Televisi\u00f3n<\/h2><\/div><\/div>[vc_empty_space][\/vc_column][\/vc_row][vc_row][vc_column width=&#8221;1\/2&#8243;][vc_single_image image=&#8221;4123&#8243; img_size=&#8221;full&#8221; alignment=&#8221;center&#8221; css=&#8221;&#8221;][vc_single_image image=&#8221;4124&#8243; img_size=&#8221;full&#8221; alignment=&#8221;center&#8221; css=&#8221;&#8221;][\/vc_column][vc_column width=&#8221;1\/2&#8243;][vc_column_text css=&#8221;&#8221;]La Unidad de TV de RCM provee servicios creativos, t\u00e9cnicos y de consultor\u00eda que ayudan al mejoraramiento del proceso de ense\u00f1anza y aprendizaje a trav\u00e9s de la planificaci\u00f3n y producci\u00f3n de televisi\u00f3n de alta calidad. Nuestros servicios incluyen:[\/vc_column_text]<div class=\"standard-arrow bullet-top\"><ul>\n<li>Programaci\u00f3n en l\u00ednea (streaming)<\/li>\n<li>Edici\u00f3n<\/li>\n<li>Grabaciones en salones de clase<\/li>\n<li>Comunicaci\u00f3n bidireccional entre los salones de clase y\/o los anfiteatros<\/li>\n<li>Grabaci\u00f3n en estudio y exterior<\/li>\n<li>Producciones para la televisi\u00f3n en vivo<\/li>\n<li>Video digitalizaci\u00f3n para web<\/li>\n<li>Grabaci\u00f3n de audio<\/li>\n<li>Efectos especiales<\/li>\n<li>Transferencia de audio y video<\/li>\n<\/ul>\n<\/div>[\/vc_column][\/vc_row][vc_row][vc_column]<div id=\"ultimate-heading-710069f0a8ab55ead\" class=\"uvc-heading ult-adjust-bottom-margin ultimate-heading-710069f0a8ab55ead uvc-2075  uvc-heading-default-font-sizes\" data-hspacer=\"no_spacer\"  data-halign=\"left\" style=\"text-align:left\"><div class=\"uvc-heading-spacer no_spacer\" style=\"top\"><\/div><div class=\"uvc-main-heading ult-responsive\"  data-ultimate-target='.uvc-heading.ultimate-heading-710069f0a8ab55ead h2'  data-responsive-json-new='{\"font-size\":\"\",\"line-height\":\"\"}' ><h2 style=\"--font-weight:theme;\">Unidad de Circulaci\u00f3n<\/h2><\/div><\/div>[vc_empty_space][\/vc_column][\/vc_row][vc_row][vc_column width=&#8221;1\/2&#8243;][vc_single_image image=&#8221;4133&#8243; img_size=&#8221;full&#8221; alignment=&#8221;center&#8221; css=&#8221;&#8221;][\/vc_column][vc_column width=&#8221;1\/2&#8243;][vc_column_text css=&#8221;&#8221;]La Unidad de Circulaci\u00f3n apoya las actividades acad\u00e9micas de nuestro Recinto a trav\u00e9s del pr\u00e9stamo de equipos audiovisuales, entre \u00e9stos:[\/vc_column_text]<div class=\"standard-arrow bullet-top\"><ul>\n<li>Podios<\/li>\n<li>Micr\u00f3fonos<\/li>\n<li>Sistema de sonido<\/li>\n<li>Pantallas retractables<\/li>\n<li>Tr\u00edpodes<\/li>\n<\/ul>\n<\/div>[\/vc_column][\/vc_row]<\/p>\n<\/div>","protected":false},"excerpt":{"rendered":"<p>[vc_row][vc_column][vc_empty_space][\/vc_column][\/vc_row][vc_row][vc_column width=&#8221;1\/2&#8243;][vc_single_image image=&#8221;4122&#8243; img_size=&#8221;full&#8221; alignment=&#8221;center&#8221; css=&#8221;&#8221;][vc_single_image image=&#8221;4120&#8243; img_size=&#8221;full&#8221; alignment=&#8221;center&#8221; css=&#8221;&#8221;][\/vc_column][vc_column width=&#8221;1\/2&#8243;][vc_column_text css=&#8221;&#8221;]El Anfiteatro CATA provee un espacio con capacidad para 43 personas que facilita la realizaci\u00f3n de videoconferencias y\/o reuniones de la comunidad acad\u00e9mica. Este Anfiteatro est\u00e1 equipado con:[\/vc_column_text][\/vc_column][\/vc_row][vc_row][vc_column][vc_empty_space][\/vc_column][\/vc_row][vc_row][vc_column width=&#8221;1\/2&#8243;][vc_single_image image=&#8221;4126&#8243; img_size=&#8221;full&#8221; alignment=&#8221;center&#8221; css=&#8221;&#8221;][vc_single_image image=&#8221;4084&#8243; img_size=&#8221;full&#8221; alignment=&#8221;center&#8221; css=&#8221;&#8221;][\/vc_column][vc_column width=&#8221;1\/2&#8243;][vc_column_text css=&#8221;&#8221;]La Unidad de Artes Gr\u00e1ficas brinda&hellip;<\/p>\n","protected":false},"author":1,"featured_media":0,"parent":3731,"menu_order":0,"comment_status":"closed","ping_status":"closed","template":"template-microsite.php","meta":{"footnotes":""},"class_list":["post-3739","page","type-page","status-publish","hentry","description-off"],"aioseo_notices":[],"_links":{"self":[{"href":"https:\/\/rcm1.rcm.upr.edu\/deanshipacademicaffairs\/wp-json\/wp\/v2\/pages\/3739","targetHints":{"allow":["GET"]}}],"collection":[{"href":"https:\/\/rcm1.rcm.upr.edu\/deanshipacademicaffairs\/wp-json\/wp\/v2\/pages"}],"about":[{"href":"https:\/\/rcm1.rcm.upr.edu\/deanshipacademicaffairs\/wp-json\/wp\/v2\/types\/page"}],"author":[{"embeddable":true,"href":"https:\/\/rcm1.rcm.upr.edu\/deanshipacademicaffairs\/wp-json\/wp\/v2\/users\/1"}],"replies":[{"embeddable":true,"href":"https:\/\/rcm1.rcm.upr.edu\/deanshipacademicaffairs\/wp-json\/wp\/v2\/comments?post=3739"}],"version-history":[{"count":4,"href":"https:\/\/rcm1.rcm.upr.edu\/deanshipacademicaffairs\/wp-json\/wp\/v2\/pages\/3739\/revisions"}],"predecessor-version":[{"id":4135,"href":"https:\/\/rcm1.rcm.upr.edu\/deanshipacademicaffairs\/wp-json\/wp\/v2\/pages\/3739\/revisions\/4135"}],"up":[{"embeddable":true,"href":"https:\/\/rcm1.rcm.upr.edu\/deanshipacademicaffairs\/wp-json\/wp\/v2\/pages\/3731"}],"wp:attachment":[{"href":"https:\/\/rcm1.rcm.upr.edu\/deanshipacademicaffairs\/wp-json\/wp\/v2\/media?parent=3739"}],"curies":[{"name":"wp","href":"https:\/\/api.w.org\/{rel}","templated":true}]}}