{"id":61,"date":"2017-12-21T02:48:27","date_gmt":"2017-12-21T02:48:27","guid":{"rendered":"http:\/\/127.0.0.1\/rcm\/da\/oficina-de-planificacion-diseno-y-construccion\/"},"modified":"2017-12-21T02:48:27","modified_gmt":"2017-12-21T02:48:27","slug":"oficina-de-planificacion-diseno-y-construccion","status":"publish","type":"page","link":"https:\/\/rcm1.rcm.upr.edu\/decanatoadministracion\/oficina-de-planificacion-diseno-y-construccion\/","title":{"rendered":"Oficina de Planificaci\u00f3n, Dise\u00f1o y Construcci\u00f3n"},"content":{"rendered":"<div class=\"wpb-content-wrapper\"><p>[vc_row][vc_column][vc_empty_space][vc_single_image image=&#8221;686&#8243; img_size=&#8221;large&#8221; alignment=&#8221;center&#8221; onclick=&#8221;custom_link&#8221; img_link_target=&#8221;_blank&#8221; link=&#8221;http:\/\/da.rcm.upr.edu\/wp-content\/uploads\/sites\/11\/2020\/03\/OrganigramaPLan.png&#8221;][vc_column_text]<\/p>\n<h3>Misi\u00f3n<\/h3>\n<p>Fomentar, facilitar y coordinar el proceso de planificaci\u00f3n f\u00edsica del Recinto de Ciencias M\u00e9dicas, as\u00ed como asesorar en la toma de decisiones estrat\u00e9gicas y promover el desarrollo\u00a0f\u00edsico de la Instituci\u00f3n.[\/vc_column_text][vc_empty_space][vc_column_text]<\/p>\n<h3>Visi\u00f3n<\/h3>\n<p>Establecer nuevas estrategias para agilizar los procesos administrativos en el desarrollo f\u00edsico de la Instituci\u00f3n. Garantizar el cumplimiento de las leyes, c\u00f3digos y reglamentos, tanto en aspectos ergon\u00f3micos, est\u00e9ticos y tecnol\u00f3gicos. Mantener un inventario f\u00edsico de todas las estructuras del Recinto, con el fin de mejorar el por ciento en la tasa de los costos indirectos.[\/vc_column_text][\/vc_column][\/vc_row][vc_row][vc_column][vc_empty_space][vc_column_text]<\/p>\n<h3>Servicios<\/h3>\n<p>[\/vc_column_text][vc_tta_tabs][vc_tta_section title=&#8221;Planificaci\u00f3n&#8221; tab_id=&#8221;1636383339022-435db87a-a84c&#8221;][vc_column_text]<\/p>\n<h4 style=\"text-align: center\">Metas y Objetivos<\/h4>\n<p>&nbsp;<\/p>\n<p><a href=\"https:\/\/rcm1.rcm.upr.edu\/decanatoadministracion\/wp-content\/uploads\/sites\/11\/2020\/03\/Proceso-de-un-Proyecto.png\" target=\"_blank\" rel=\"noopener noreferrer\"><img loading=\"lazy\" decoding=\"async\" class=\"alignnone size-medium wp-image-233\" style=\"margin-left: auto;margin-right: auto\" src=\"https:\/\/rcm1.rcm.upr.edu\/decanatoadministracion\/wp-content\/uploads\/sites\/11\/2020\/03\/Proceso-de-un-Proyecto-300x195.png\" alt=\"\" width=\"546\" height=\"355\" \/><\/a><\/p>\n<p>\u2022 Estudio de Necesidades<\/p>\n<p><span style=\"color: #222222;font-family: arial, sans-serif;font-size: small\">\u2b1d<\/span>\u00a0Personal<\/p>\n<p><span style=\"color: #222222;font-family: arial, sans-serif;font-size: small\">\u2b1d<\/span> Servicios<\/p>\n<p><span style=\"color: #222222;font-family: arial, sans-serif;font-size: small\">\u2b1d<\/span> Actividades<\/p>\n<p><span style=\"color: #222222;font-family: arial, sans-serif;font-size: small\">\u2b1d<\/span> Equipos<\/p>\n<p>\u2022 Evaluaci\u00f3n de Necesidades<\/p>\n<p>\u2022 Presupuestaci\u00f3n<\/p>\n<p>\u2022\u00a0Revisi\u00f3n<\/p>\n<p>\u2022\u00a0Programa final de necesidades para dise\u00f1o<\/p>\n<p>&nbsp;<\/p>\n<p><strong>Proceso para solicitar una Evaluaci\u00f3n de Espacios para un Proyecto de Remodelaci\u00f3n y\/o Adquisi\u00f3n de Mobiliario<\/strong><\/p>\n<p>El solicitante debe realizar una carta dirigida al Deacano de Administraci\u00f3n, la misma debe incluir lo siguiente:<\/p>\n<p>\u2022 N\u00famero del espacio y edificio donde se encuentra.<\/p>\n<p>\u2022 Breve descripci\u00f3n de los cambioos solicitados.<\/p>\n<p>\u2022 Cuenta asignada para los gastos y\/o l\u00edmite de presupuesto.<\/p>\n<p>\u2022 Informaci\u00f3n de la persona contacto para establecer las necesidades del \u00e1rea.<\/p>\n<p>\u2022 Visto bueno del Decano de su Escuela y\/o Decanato.<\/p>\n<p>\u2022 Entregar copia de la comunicaci\u00f3n en la Oficina de Planificaci\u00f3n, Dise\u00f1o y Construcci\u00f3n.[\/vc_column_text][\/vc_tta_section][vc_tta_section title=&#8221;Inspecci\u00f3n&#8221; tab_id=&#8221;1636383336892-82cccf0c-228c&#8221;][vc_column_text]<\/p>\n<p style=\"text-align: center\"><strong>Contrato de Inspecci\u00f3n<\/strong><\/p>\n<p>&nbsp;<\/p>\n<p>\u2022 Solicitud de Propuestas<\/p>\n<p>\u2022 Evaluaci\u00f3n de Propuestas<\/p>\n<p>\u2022\u00a0Preparaci\u00f3n de Contrato<\/p>\n<p>\u2022\u00a0Firma y Registro de Contrato<\/p>\n<p>\u2022\u00a0Administraci\u00f3n contrato inspecci\u00f3n<\/p>\n<p>\u2022\u00a0Orden de Proceder<\/p>\n<p>\u2022\u00a0Informe Mensual<\/p>\n<p>\u2022\u00a0Certificaci\u00f3n de Pago<\/p>\n<p>\u2022\u00a0Aprobaci\u00f3n[\/vc_column_text][\/vc_tta_section][vc_tta_section title=&#8221;Dise\u00f1o&#8221; tab_id=&#8221;1636383334451-83e0da66-4c5d&#8221;][vc_column_text]<\/p>\n<p style=\"text-align: center\"><strong>Contrato de Dise\u00f1o<\/strong><\/p>\n<p>&nbsp;<\/p>\n<p>\u2022 Solicitud de Propuesta<\/p>\n<p>\u2022\u00a0Evaluaci\u00f3n de Propuesta<\/p>\n<p>\u2022\u00a0Preparaci\u00f3n de Contrato<\/p>\n<p>\u2022\u00a0Firma y Registro de Contrato[\/vc_column_text][vc_empty_space][vc_column_text]<\/p>\n<p style=\"text-align: center\"><strong>Administraci\u00f3n Contrato Dise\u00f1o<\/strong><\/p>\n<p>&nbsp;<\/p>\n<p>\u2022 Orden de Proceder<\/p>\n<p>\u2022 Evaluaci\u00f3n de Documentos en cada etapa (Esquem\u00e1tico, preliminar y final)<\/p>\n<p>\u2022 Recomendaciones y orden de proceder pr\u00f3xima fase<\/p>\n<p>\u2022 Certificaci\u00f3n de Pago<\/p>\n<p>&nbsp;<\/p>\n<p style=\"text-align: center\"><a href=\"https:\/\/da.rcm.upr.edu\/wp-content\/uploads\/sites\/11\/2020\/03\/Digrama-Interrelaci%c3%b3n-Oficinas.jpg\" target=\"_blank\" rel=\"noopener noreferrer\"><img loading=\"lazy\" decoding=\"async\" class=\"alignnone size-medium wp-image-720\" src=\"https:\/\/da.rcm.upr.edu\/wp-content\/uploads\/sites\/11\/2020\/03\/Digrama-Interrelaci%c3%b3n-Oficinas.jpg\" alt=\"\" width=\"479\" height=\"465\" \/><\/a><\/p>\n<p>[\/vc_column_text][\/vc_tta_section][vc_tta_section title=&#8221;Subasta&#8221; tab_id=&#8221;1636383334475-2fffefcf-94a2&#8243;][vc_column_text]<\/p>\n<p style=\"text-align: center\"><strong>Subasta de Construcci\u00f3n<\/strong><\/p>\n<p>&nbsp;<\/p>\n<p>\u2022 Invitaci\u00f3n a Subasta (Anuncio o carta)<\/p>\n<p>\u2022\u00a0Pre-Subasta (aclaraciones y detalles)<\/p>\n<p>\u2022\u00a0Subasta<\/p>\n<p>\u2022\u00a0Evaluaci\u00f3n<\/p>\n<p><span style=\"color: #222222;font-family: arial, sans-serif;font-size: small\">\u2b1d <\/span>Dise\u00f1ador<\/p>\n<p><span style=\"color: #222222;font-family: arial, sans-serif;font-size: small\">\u2b1d <\/span>Oficina de Planificaci\u00f3n y Gerencia de Construcci\u00f3n<\/p>\n<p>\u2022 Adjudicaci\u00f3n de Subasta[\/vc_column_text][\/vc_tta_section][vc_tta_section title=&#8221;Construcci\u00f3n&#8221; tab_id=&#8221;1636383336022-1f72ae9f-08a3&#8243;][vc_column_text]<\/p>\n<p style=\"text-align: center\"><strong>Contrato de Construcci\u00f3n<\/strong><\/p>\n<p>&nbsp;<\/p>\n<p>\u2022 Recibo y evaluaci\u00f3n de documentos requeridos<\/p>\n<p>\u2022\u00a0Revisi\u00f3n Contrato por las Partes<\/p>\n<p>\u2022\u00a0Referir contrato a Oficina de Asesor Legal para evaluaci\u00f3n<\/p>\n<p>\u2022\u00a0Firma de contrato y registro[\/vc_column_text][vc_empty_space][vc_column_text]<\/p>\n<p style=\"text-align: center\"><strong>Administraci\u00f3n Contrato Construcci\u00f3n<\/strong><\/p>\n<p>&nbsp;<\/p>\n<p>\u2022 Orden de Proceder<\/p>\n<p>\u2022 Certificaci\u00f3n de Trabajo Realizado<\/p>\n<p><span style=\"color: #222222;font-family: arial, sans-serif;font-size: small\">\u2b1d Aprobaci\u00f3n Inspector<\/span><\/p>\n<p><span style=\"color: #222222;font-family: arial, sans-serif;font-size: small\">\u00a0 \u00a0 \u00a0 \u00a0<\/span><span style=\"color: #222222;font-family: arial, sans-serif;font-size: small\">\u2b1d\u00a0<\/span><span style=\"color: #222222;font-family: arial, sans-serif;font-size: small\">Aprobaci\u00f3n Supervisor<\/span><\/p>\n<p><span style=\"color: #222222;font-family: arial, sans-serif;font-size: small\">\u00a0 \u00a0 \u00a0 \u00a0\u2b1d\u00a0<\/span><span style=\"color: #222222;font-family: arial, sans-serif;font-size: small\">Aprobaci\u00f3n<\/span><span style=\"color: #222222;font-family: arial, sans-serif;font-size: small\"> Oficina Planificaci\u00f3n, Dise\u00f1o y Construcci\u00f3n<\/span><\/p>\n<p>\u2022 Certificaci\u00f3n de Pago[\/vc_column_text][\/vc_tta_section][vc_tta_section title=&#8221;Liquidaci\u00f3n&#8221; tab_id=&#8221;1636383338233-17a0f67e-80ba&#8221;][vc_column_text]<\/p>\n<p style=\"text-align: center\"><strong>Certificaci\u00f3n terminaci\u00f3n sustancial<\/strong><\/p>\n<p>&nbsp;<\/p>\n<p>\u2022 Correcci\u00f3n de Deficiencias<\/p>\n<p>\u2022 Inspecci\u00f3n Final<\/p>\n<p>\u2022 Certificado Final y Documentos de Liquidaci\u00f3n<\/p>\n<p>\u2022 Desembolso del Retenido[\/vc_column_text][\/vc_tta_section][vc_tta_section title=&#8221;Supervisi\u00f3n&#8221; tab_id=&#8221;1636383337557-22a97e5e-5333&#8243;][vc_column_text]<\/p>\n<p style=\"text-align: center\"><strong>Administraci\u00f3n de Contrato de Supervisi\u00f3n<\/strong><\/p>\n<p>&nbsp;<\/p>\n<p>\u2022 Orden de Proceder<\/p>\n<p>\u2022\u00a0Informe Mensual<\/p>\n<p>\u2022\u00a0Certificado de pago<\/p>\n<p>\u2022\u00a0Aprobaci\u00f3n[\/vc_column_text][\/vc_tta_section][\/vc_tta_tabs][\/vc_column][\/vc_row][vc_row][vc_column][vc_empty_space][vc_column_text]<\/p>\n<h3>Contacto<\/h3>\n<p>[\/vc_column_text][vc_column_text]Edificio Principal<br \/>\nPiso 7<br \/>\nOficina A-743[\/vc_column_text][\/vc_column][\/vc_row][vc_row][vc_column width=&#8221;1\/3&#8243;][vc_column_text]<strong>Sheina Monta\u00f1ez<\/strong><br \/>\n<em>Directora Interina<\/em><br \/>\n787-758-2525 extensi\u00f3n 1794[\/vc_column_text][\/vc_column][vc_column width=&#8221;1\/3&#8243;][vc_column_text]<strong>Ing. Manuel Tardi Gonz\u00e1lez<\/strong><br \/>\n<em>Director Auxiliar de Planificaci\u00f3n y Construcci\u00f3n<\/em><br \/>\n787-758-2525 extensi\u00f3n 1779[\/vc_column_text][\/vc_column][vc_column width=&#8221;1\/3&#8243;][vc_column_text]<strong>Gladynel M\u00e9ndez Padilla<\/strong><br \/>\n<em>Secretaria Administrativa<\/em><br \/>\n787-758-2525 extensi\u00f3n 1793[\/vc_column_text][\/vc_column][\/vc_row][vc_row][vc_column width=&#8221;1\/3&#8243;][vc_column_text][\/vc_column_text][\/vc_column][vc_column width=&#8221;1\/3&#8243;][vc_column_text]<strong>Arq. Esther D. D\u00e1vila<\/strong><br \/>\n<em>Directora Auxiliar de Planificaci\u00f3n y Dise\u00f1o<\/em><br \/>\n787-758-2525 extensi\u00f3n 2268[\/vc_column_text][\/vc_column][vc_column width=&#8221;1\/3&#8243;][\/vc_column][\/vc_row]<\/p>\n<\/div>","protected":false},"excerpt":{"rendered":"<p>[vc_row][vc_column][vc_empty_space][vc_single_image image=&#8221;686&#8243; img_size=&#8221;large&#8221; alignment=&#8221;center&#8221; onclick=&#8221;custom_link&#8221; img_link_target=&#8221;_blank&#8221; link=&#8221;http:\/\/da.rcm.upr.edu\/wp-content\/uploads\/sites\/11\/2020\/03\/OrganigramaPLan.png&#8221;][vc_column_text] Misi\u00f3n Fomentar, facilitar y coordinar el proceso de planificaci\u00f3n f\u00edsica del Recinto de Ciencias M\u00e9dicas, as\u00ed como asesorar en la toma de decisiones estrat\u00e9gicas y promover el desarrollo\u00a0f\u00edsico de la Instituci\u00f3n.[\/vc_column_text][vc_empty_space][vc_column_text] Visi\u00f3n Establecer nuevas estrategias para agilizar los procesos administrativos en el desarrollo f\u00edsico de la Instituci\u00f3n. Garantizar&hellip;<\/p>\n","protected":false},"author":1,"featured_media":0,"parent":0,"menu_order":0,"comment_status":"closed","ping_status":"closed","template":"template-microsite.php","meta":{"footnotes":""},"class_list":["post-61","page","type-page","status-publish","hentry","description-off"],"aioseo_notices":[],"_links":{"self":[{"href":"https:\/\/rcm1.rcm.upr.edu\/decanatoadministracion\/wp-json\/wp\/v2\/pages\/61","targetHints":{"allow":["GET"]}}],"collection":[{"href":"https:\/\/rcm1.rcm.upr.edu\/decanatoadministracion\/wp-json\/wp\/v2\/pages"}],"about":[{"href":"https:\/\/rcm1.rcm.upr.edu\/decanatoadministracion\/wp-json\/wp\/v2\/types\/page"}],"author":[{"embeddable":true,"href":"https:\/\/rcm1.rcm.upr.edu\/decanatoadministracion\/wp-json\/wp\/v2\/users\/1"}],"replies":[{"embeddable":true,"href":"https:\/\/rcm1.rcm.upr.edu\/decanatoadministracion\/wp-json\/wp\/v2\/comments?post=61"}],"version-history":[{"count":0,"href":"https:\/\/rcm1.rcm.upr.edu\/decanatoadministracion\/wp-json\/wp\/v2\/pages\/61\/revisions"}],"wp:attachment":[{"href":"https:\/\/rcm1.rcm.upr.edu\/decanatoadministracion\/wp-json\/wp\/v2\/media?parent=61"}],"curies":[{"name":"wp","href":"https:\/\/api.w.org\/{rel}","templated":true}]}}