{"id":10379,"date":"2021-06-01T03:32:58","date_gmt":"2021-06-01T03:32:58","guid":{"rendered":"https:\/\/de.rcm.upr.edu\/?page_id=10379"},"modified":"2026-06-25T17:40:22","modified_gmt":"2026-06-25T17:40:22","slug":"graduacion","status":"publish","type":"page","link":"https:\/\/rcm1.rcm.upr.edu\/decanatoestudiantes\/graduacion\/","title":{"rendered":"Graduaci\u00f3n 2025"},"content":{"rendered":"<div class=\"wpb-content-wrapper\" id=\"wpb-content-root\"><p>[vc_row][vc_column]<div id=\"ultimate-heading-37656a98f5f0152d6\" class=\"uvc-heading ult-adjust-bottom-margin ultimate-heading-37656a98f5f0152d6 uvc-2358  uvc-heading-default-font-sizes\" data-hspacer=\"no_spacer\"  data-halign=\"left\" style=\"text-align:left\"><div class=\"uvc-heading-spacer no_spacer\" style=\"top\"><\/div><div class=\"uvc-main-heading ult-responsive\"  data-ultimate-target='.uvc-heading.ultimate-heading-37656a98f5f0152d6 h2'  data-responsive-json-new='{\"font-size\":\"\",\"line-height\":\"\"}' ><h2 style=\"--font-weight:theme;\">Graduaci\u00f3n 2026<\/h2><\/div><\/div>[vc_empty_space][\/vc_column][\/vc_row][vc_row content_placement=&#8221;top&#8221;][vc_column width=&#8221;1\/4&#8243;][vc_single_image image=&#8221;12778&#8243; img_size=&#8221;full&#8221; alignment=&#8221;center&#8221; css=&#8221;&#8221;][\/vc_column][vc_column width=&#8221;2\/4&#8243;][vc_btn title=&#8221;Programa de la Sexag\u00e9sima Colaci\u00f3n de Grados&#8221; color=&#8221;black&#8221; size=&#8221;sm&#8221; align=&#8221;center&#8221; i_icon_fontawesome=&#8221;&#8221; css=&#8221;&#8221; button_block=&#8221;true&#8221; add_icon=&#8221;true&#8221; link=&#8221;url:https%3A%2F%2Frcm1.rcm.upr.edu%2Fwp-content%2Fuploads%2F2026%2F06%2Fprograma-grad-2026.pdf&#8221;][\/vc_column][vc_column width=&#8221;1\/4&#8243;][\/vc_column][\/vc_row][vc_row][vc_column]<div id=\"ultimate-heading-35556a98f5f015334\" class=\"uvc-heading ult-adjust-bottom-margin ultimate-heading-35556a98f5f015334 uvc-3644  uvc-heading-default-font-sizes\" data-hspacer=\"no_spacer\"  data-halign=\"left\" style=\"text-align:left\"><div class=\"uvc-heading-spacer no_spacer\" style=\"top\"><\/div><div class=\"uvc-main-heading ult-responsive\"  data-ultimate-target='.uvc-heading.ultimate-heading-35556a98f5f015334 h2'  data-responsive-json-new='{\"font-size\":\"\",\"line-height\":\"\"}' ><h2 style=\"--font-weight:theme;\">Graduaci\u00f3n 2025<\/h2><\/div><\/div>[vc_empty_space][\/vc_column][\/vc_row][vc_row content_placement=&#8221;top&#8221;][vc_column width=&#8221;1\/4&#8243;][vc_single_image image=&#8221;12565&#8243; img_size=&#8221;full&#8221; alignment=&#8221;center&#8221; onclick=&#8221;img_link_large&#8221; css=&#8221;&#8221;][\/vc_column][vc_column width=&#8221;2\/4&#8243;][vc_btn title=&#8221;Vestimenta Acad\u00e9mica 2025&#8243; color=&#8221;black&#8221; size=&#8221;sm&#8221; align=&#8221;center&#8221; i_icon_fontawesome=&#8221;far fa-file-pdf&#8221; css=&#8221;&#8221; button_block=&#8221;true&#8221; add_icon=&#8221;true&#8221; link=&#8221;url:https%3A%2F%2Frcm1.rcm.upr.edu%2Fdecanatoestudiantes%2Fwp-content%2Fuploads%2Fsites%2F13%2F2025%2F02%2Fsolicitud-vestimenta-academica-2025.pdf&#8221;][vc_btn title=&#8221;Programa Graduaci\u00f3n 2024&#8243; color=&#8221;black&#8221; size=&#8221;sm&#8221; align=&#8221;center&#8221; i_icon_fontawesome=&#8221;far fa-file-pdf&#8221; css=&#8221;&#8221; button_block=&#8221;true&#8221; add_icon=&#8221;true&#8221; link=&#8221;url:https%3A%2F%2Frcm1.rcm.upr.edu%2Fdecanatoestudiantes%2Fwp-content%2Fuploads%2Fsites%2F13%2F2024%2F06%2Fprograma-graduacion-rcm-2024.pdf&#8221;][vc_btn title=&#8221;Actos de la Quincuag\u00e9sima Novena Colaci\u00f3n de Grados&#8221; color=&#8221;black&#8221; size=&#8221;sm&#8221; align=&#8221;center&#8221; i_icon_fontawesome=&#8221;far fa-file-pdf&#8221; css=&#8221;&#8221; button_block=&#8221;true&#8221; add_icon=&#8221;true&#8221; link=&#8221;url:https%3A%2F%2Frcm1.rcm.upr.edu%2Fdecanatoestudiantes%2Fwp-content%2Fuploads%2Fsites%2F13%2F2025%2F02%2Fcomunicado-anunciocelebracion-actos-colacion-grados-06-junio-2025.pdf&#8221;][vc_btn title=&#8221;Programa de la Quincuag\u00e9sima Novena Colaci\u00f3n de Grados&#8221; color=&#8221;black&#8221; size=&#8221;sm&#8221; align=&#8221;center&#8221; i_icon_fontawesome=&#8221;&#8221; css=&#8221;&#8221; button_block=&#8221;true&#8221; add_icon=&#8221;true&#8221; link=&#8221;url:https%3A%2F%2Frcm1.rcm.upr.edu%2Fdecanatoestudiantes%2Fwp-content%2Fuploads%2Fsites%2F13%2F2025%2F06%2FPrograma-Grad-2025-3-junio.pdf&#8221;][vc_row_inner][vc_column_inner width=&#8221;1\/2&#8243;][vc_single_image image=&#8221;12566&#8243; img_size=&#8221;full&#8221; onclick=&#8221;img_link_large&#8221; css=&#8221;&#8221;][\/vc_column_inner][vc_column_inner width=&#8221;1\/2&#8243;][vc_single_image image=&#8221;12712&#8243; img_size=&#8221;full&#8221; onclick=&#8221;custom_link&#8221; css=&#8221;&#8221; link=&#8221;https:\/\/rcm1.rcm.upr.edu\/decanatoestudiantes\/wp-content\/uploads\/sites\/13\/2025\/06\/Programa-Grad-2025-3-junio.pdf&#8221;][\/vc_column_inner][\/vc_row_inner][\/vc_column][vc_column width=&#8221;1\/4&#8243;][\/vc_column][\/vc_row][vc_row][vc_column]<div id=\"ultimate-heading-98646a98f5f015363\" class=\"uvc-heading ult-adjust-bottom-margin ultimate-heading-98646a98f5f015363 uvc-8985  uvc-heading-default-font-sizes\" data-hspacer=\"no_spacer\"  data-halign=\"left\" style=\"text-align:left\"><div class=\"uvc-heading-spacer no_spacer\" style=\"top\"><\/div><div class=\"uvc-main-heading ult-responsive\"  data-ultimate-target='.uvc-heading.ultimate-heading-98646a98f5f015363 h2'  data-responsive-json-new='{\"font-size\":\"\",\"line-height\":\"\"}' ><h2 style=\"--font-weight:theme;\">Graduaci\u00f3n 2024<\/h2><\/div><\/div>[vc_empty_space][\/vc_column][\/vc_row][vc_row content_placement=&#8221;top&#8221;][vc_column width=&#8221;1\/4&#8243;][\/vc_column][vc_column width=&#8221;2\/4&#8243;][vc_btn title=&#8221;Programa Graduaci\u00f3n 2024&#8243; color=&#8221;black&#8221; size=&#8221;sm&#8221; align=&#8221;center&#8221; i_icon_fontawesome=&#8221;far fa-file-pdf&#8221; css=&#8221;&#8221; button_block=&#8221;true&#8221; add_icon=&#8221;true&#8221; link=&#8221;url:https%3A%2F%2Frcm1.rcm.upr.edu%2Fdecanatoestudiantes%2Fwp-content%2Fuploads%2Fsites%2F13%2F2024%2F06%2Fprograma-graduacion-rcm-2024.pdf&#8221;][\/vc_column][vc_column width=&#8221;1\/4&#8243;][\/vc_column][\/vc_row]<\/p>\n<\/div>","protected":false},"excerpt":{"rendered":"<p>[vc_row][vc_column][vc_empty_space][\/vc_column][\/vc_row][vc_row content_placement=&#8221;top&#8221;][vc_column width=&#8221;1\/4&#8243;][vc_single_image image=&#8221;12778&#8243; img_size=&#8221;full&#8221; alignment=&#8221;center&#8221; css=&#8221;&#8221;][\/vc_column][vc_column width=&#8221;2\/4&#8243;][vc_btn title=&#8221;Programa de la Sexag\u00e9sima Colaci\u00f3n de Grados&#8221; color=&#8221;black&#8221; size=&#8221;sm&#8221; align=&#8221;center&#8221; i_icon_fontawesome=&#8221;&#8221; css=&#8221;&#8221; button_block=&#8221;true&#8221; add_icon=&#8221;true&#8221; link=&#8221;url:https%3A%2F%2Frcm1.rcm.upr.edu%2Fwp-content%2Fuploads%2F2026%2F06%2Fprograma-grad-2026.pdf&#8221;][\/vc_column][vc_column width=&#8221;1\/4&#8243;][\/vc_column][\/vc_row][vc_row][vc_column][vc_empty_space][\/vc_column][\/vc_row][vc_row content_placement=&#8221;top&#8221;][vc_column width=&#8221;1\/4&#8243;][vc_single_image image=&#8221;12565&#8243; img_size=&#8221;full&#8221; alignment=&#8221;center&#8221; onclick=&#8221;img_link_large&#8221; css=&#8221;&#8221;][\/vc_column][vc_column width=&#8221;2\/4&#8243;][vc_btn title=&#8221;Vestimenta Acad\u00e9mica 2025&#8243; color=&#8221;black&#8221; size=&#8221;sm&#8221; align=&#8221;center&#8221; i_icon_fontawesome=&#8221;far fa-file-pdf&#8221; css=&#8221;&#8221; button_block=&#8221;true&#8221; add_icon=&#8221;true&#8221; link=&#8221;url:https%3A%2F%2Frcm1.rcm.upr.edu%2Fdecanatoestudiantes%2Fwp-content%2Fuploads%2Fsites%2F13%2F2025%2F02%2Fsolicitud-vestimenta-academica-2025.pdf&#8221;][vc_btn title=&#8221;Programa Graduaci\u00f3n 2024&#8243; color=&#8221;black&#8221; size=&#8221;sm&#8221; align=&#8221;center&#8221; i_icon_fontawesome=&#8221;far fa-file-pdf&#8221; css=&#8221;&#8221; button_block=&#8221;true&#8221; add_icon=&#8221;true&#8221;&hellip;<\/p>\n","protected":false},"author":1,"featured_media":12565,"parent":0,"menu_order":0,"comment_status":"closed","ping_status":"closed","template":"template-microsite.php","meta":{"footnotes":""},"class_list":["post-10379","page","type-page","status-publish","has-post-thumbnail","hentry","description-off"],"aioseo_notices":[],"aioseo_head":"\n\t\t<!-- All in One SEO 5.0.1.1 - aioseo.com -->\n\t<meta name=\"description\" content=\"Graduaci\u00f3n 2026 Programa de la Sexag\u00e9sima Colaci\u00f3n de GradosGraduaci\u00f3n 2025 Vestimenta Acad\u00e9mica 2025 Programa Graduaci\u00f3n 2024 Actos de la Quincuag\u00e9sima Novena Colaci\u00f3n de Grados Programa de la Quincuag\u00e9sima Novena Colaci\u00f3n de Grados Graduaci\u00f3n 2024 Programa Graduaci\u00f3n 2024\" \/>\n\t<meta name=\"robots\" content=\"max-image-preview:large\" \/>\n\t<link rel=\"canonical\" href=\"https:\/\/rcm1.rcm.upr.edu\/decanatoestudiantes\/graduacion\/\" \/>\n\t<meta name=\"generator\" content=\"All in One SEO (AIOSEO) 5.0.1.1\" \/>\n\t\t<meta property=\"og:locale\" content=\"en_US\" \/>\n\t\t<meta property=\"og:site_name\" content=\"Decanato de Estudiantes -\" \/>\n\t\t<meta property=\"og:type\" content=\"article\" \/>\n\t\t<meta property=\"og:title\" content=\"Graduaci\u00f3n 2025 - Decanato de Estudiantes\" \/>\n\t\t<meta property=\"og:description\" content=\"Graduaci\u00f3n 2026 Programa de la Sexag\u00e9sima Colaci\u00f3n de GradosGraduaci\u00f3n 2025 Vestimenta Acad\u00e9mica 2025 Programa Graduaci\u00f3n 2024 Actos de la Quincuag\u00e9sima Novena Colaci\u00f3n de Grados Programa de la Quincuag\u00e9sima Novena Colaci\u00f3n de Grados Graduaci\u00f3n 2024 Programa Graduaci\u00f3n 2024\" \/>\n\t\t<meta property=\"og:url\" content=\"https:\/\/rcm1.rcm.upr.edu\/decanatoestudiantes\/graduacion\/\" \/>\n\t\t<meta property=\"article:published_time\" content=\"2021-06-01T03:32:58+00:00\" \/>\n\t\t<meta property=\"article:modified_time\" content=\"2026-06-25T17:40:22+00:00\" \/>\n\t\t<meta name=\"twitter:card\" content=\"summary_large_image\" \/>\n\t\t<meta name=\"twitter:title\" content=\"Graduaci\u00f3n 2025 - Decanato de Estudiantes\" \/>\n\t\t<meta name=\"twitter:description\" content=\"Graduaci\u00f3n 2026 Programa de la Sexag\u00e9sima Colaci\u00f3n de GradosGraduaci\u00f3n 2025 Vestimenta Acad\u00e9mica 2025 Programa Graduaci\u00f3n 2024 Actos de la Quincuag\u00e9sima Novena Colaci\u00f3n de Grados Programa de la Quincuag\u00e9sima Novena Colaci\u00f3n de Grados Graduaci\u00f3n 2024 Programa Graduaci\u00f3n 2024\" \/>\n\t\t<script type=\"application\/ld+json\" class=\"aioseo-schema\">\n\t\t\t{\"@context\":\"https:\\\/\\\/schema.org\",\"@graph\":[{\"@type\":\"BreadcrumbList\",\"@id\":\"https:\\\/\\\/rcm1.rcm.upr.edu\\\/decanatoestudiantes\\\/graduacion\\\/#breadcrumblist\",\"itemListElement\":[{\"@type\":\"ListItem\",\"@id\":\"https:\\\/\\\/rcm1.rcm.upr.edu\\\/decanatoestudiantes#listItem\",\"position\":1,\"name\":\"Home\",\"item\":\"https:\\\/\\\/rcm1.rcm.upr.edu\\\/decanatoestudiantes\",\"nextItem\":{\"@type\":\"ListItem\",\"@id\":\"https:\\\/\\\/rcm1.rcm.upr.edu\\\/decanatoestudiantes\\\/graduacion\\\/#listItem\",\"name\":\"Graduaci\\u00f3n 2025\"}},{\"@type\":\"ListItem\",\"@id\":\"https:\\\/\\\/rcm1.rcm.upr.edu\\\/decanatoestudiantes\\\/graduacion\\\/#listItem\",\"position\":2,\"name\":\"Graduaci\\u00f3n 2025\",\"previousItem\":{\"@type\":\"ListItem\",\"@id\":\"https:\\\/\\\/rcm1.rcm.upr.edu\\\/decanatoestudiantes#listItem\",\"name\":\"Home\"}}]},{\"@type\":\"Organization\",\"@id\":\"https:\\\/\\\/rcm1.rcm.upr.edu\\\/decanatoestudiantes\\\/#organization\",\"name\":\"Decanato de Estudiantes\",\"url\":\"https:\\\/\\\/rcm1.rcm.upr.edu\\\/decanatoestudiantes\\\/\"},{\"@type\":\"WebPage\",\"@id\":\"https:\\\/\\\/rcm1.rcm.upr.edu\\\/decanatoestudiantes\\\/graduacion\\\/#webpage\",\"url\":\"https:\\\/\\\/rcm1.rcm.upr.edu\\\/decanatoestudiantes\\\/graduacion\\\/\",\"name\":\"Graduaci\\u00f3n 2025 - Decanato de Estudiantes\",\"description\":\"Graduaci\\u00f3n 2026 Programa de la Sexag\\u00e9sima Colaci\\u00f3n de GradosGraduaci\\u00f3n 2025 Vestimenta Acad\\u00e9mica 2025 Programa Graduaci\\u00f3n 2024 Actos de la Quincuag\\u00e9sima Novena Colaci\\u00f3n de Grados Programa de la Quincuag\\u00e9sima Novena Colaci\\u00f3n de Grados Graduaci\\u00f3n 2024 Programa Graduaci\\u00f3n 2024\",\"inLanguage\":\"en-US\",\"isPartOf\":{\"@id\":\"https:\\\/\\\/rcm1.rcm.upr.edu\\\/decanatoestudiantes\\\/#website\"},\"breadcrumb\":{\"@id\":\"https:\\\/\\\/rcm1.rcm.upr.edu\\\/decanatoestudiantes\\\/graduacion\\\/#breadcrumblist\"},\"image\":{\"@type\":\"ImageObject\",\"url\":\"https:\\\/\\\/rcm1.rcm.upr.edu\\\/decanatoestudiantes\\\/wp-content\\\/uploads\\\/sites\\\/13\\\/2025\\\/02\\\/graduacion-2025.jpg\",\"@id\":\"https:\\\/\\\/rcm1.rcm.upr.edu\\\/decanatoestudiantes\\\/graduacion\\\/#mainImage\",\"width\":375,\"height\":375,\"caption\":\"Logo Graduacion 2025\"},\"primaryImageOfPage\":{\"@id\":\"https:\\\/\\\/rcm1.rcm.upr.edu\\\/decanatoestudiantes\\\/graduacion\\\/#mainImage\"},\"datePublished\":\"2021-06-01T03:32:58+00:00\",\"dateModified\":\"2026-06-25T17:40:22+00:00\"},{\"@type\":\"WebSite\",\"@id\":\"https:\\\/\\\/rcm1.rcm.upr.edu\\\/decanatoestudiantes\\\/#website\",\"url\":\"https:\\\/\\\/rcm1.rcm.upr.edu\\\/decanatoestudiantes\\\/\",\"name\":\"Decanato de Estudiantes\",\"inLanguage\":\"en-US\",\"publisher\":{\"@id\":\"https:\\\/\\\/rcm1.rcm.upr.edu\\\/decanatoestudiantes\\\/#organization\"}}]}\n\t\t<\/script>\n\t\t<!-- All in One SEO -->\n\n","aioseo_head_json":{"title":"Graduaci\u00f3n 2025 - Decanato de Estudiantes","description":"Graduaci\u00f3n 2026 Programa de la Sexag\u00e9sima Colaci\u00f3n de GradosGraduaci\u00f3n 2025 Vestimenta Acad\u00e9mica 2025 Programa Graduaci\u00f3n 2024 Actos de la Quincuag\u00e9sima Novena Colaci\u00f3n de Grados Programa de la Quincuag\u00e9sima Novena Colaci\u00f3n de Grados Graduaci\u00f3n 2024 Programa Graduaci\u00f3n 2024","canonical_url":"https:\/\/rcm1.rcm.upr.edu\/decanatoestudiantes\/graduacion\/","robots":"max-image-preview:large","keywords":"","webmasterTools":{"miscellaneous":""},"schema":{"@context":"https:\/\/schema.org","@graph":[{"@type":"BreadcrumbList","@id":"https:\/\/rcm1.rcm.upr.edu\/decanatoestudiantes\/graduacion\/#breadcrumblist","itemListElement":[{"@type":"ListItem","@id":"https:\/\/rcm1.rcm.upr.edu\/decanatoestudiantes#listItem","position":1,"name":"Home","item":"https:\/\/rcm1.rcm.upr.edu\/decanatoestudiantes","nextItem":{"@type":"ListItem","@id":"https:\/\/rcm1.rcm.upr.edu\/decanatoestudiantes\/graduacion\/#listItem","name":"Graduaci\u00f3n 2025"}},{"@type":"ListItem","@id":"https:\/\/rcm1.rcm.upr.edu\/decanatoestudiantes\/graduacion\/#listItem","position":2,"name":"Graduaci\u00f3n 2025","previousItem":{"@type":"ListItem","@id":"https:\/\/rcm1.rcm.upr.edu\/decanatoestudiantes#listItem","name":"Home"}}]},{"@type":"Organization","@id":"https:\/\/rcm1.rcm.upr.edu\/decanatoestudiantes\/#organization","name":"Decanato de Estudiantes","url":"https:\/\/rcm1.rcm.upr.edu\/decanatoestudiantes\/"},{"@type":"WebPage","@id":"https:\/\/rcm1.rcm.upr.edu\/decanatoestudiantes\/graduacion\/#webpage","url":"https:\/\/rcm1.rcm.upr.edu\/decanatoestudiantes\/graduacion\/","name":"Graduaci\u00f3n 2025 - Decanato de Estudiantes","description":"Graduaci\u00f3n 2026 Programa de la Sexag\u00e9sima Colaci\u00f3n de GradosGraduaci\u00f3n 2025 Vestimenta Acad\u00e9mica 2025 Programa Graduaci\u00f3n 2024 Actos de la Quincuag\u00e9sima Novena Colaci\u00f3n de Grados Programa de la Quincuag\u00e9sima Novena Colaci\u00f3n de Grados Graduaci\u00f3n 2024 Programa Graduaci\u00f3n 2024","inLanguage":"en-US","isPartOf":{"@id":"https:\/\/rcm1.rcm.upr.edu\/decanatoestudiantes\/#website"},"breadcrumb":{"@id":"https:\/\/rcm1.rcm.upr.edu\/decanatoestudiantes\/graduacion\/#breadcrumblist"},"image":{"@type":"ImageObject","url":"https:\/\/rcm1.rcm.upr.edu\/decanatoestudiantes\/wp-content\/uploads\/sites\/13\/2025\/02\/graduacion-2025.jpg","@id":"https:\/\/rcm1.rcm.upr.edu\/decanatoestudiantes\/graduacion\/#mainImage","width":375,"height":375,"caption":"Logo Graduacion 2025"},"primaryImageOfPage":{"@id":"https:\/\/rcm1.rcm.upr.edu\/decanatoestudiantes\/graduacion\/#mainImage"},"datePublished":"2021-06-01T03:32:58+00:00","dateModified":"2026-06-25T17:40:22+00:00"},{"@type":"WebSite","@id":"https:\/\/rcm1.rcm.upr.edu\/decanatoestudiantes\/#website","url":"https:\/\/rcm1.rcm.upr.edu\/decanatoestudiantes\/","name":"Decanato de Estudiantes","inLanguage":"en-US","publisher":{"@id":"https:\/\/rcm1.rcm.upr.edu\/decanatoestudiantes\/#organization"}}]},"og:locale":"en_US","og:site_name":"Decanato de Estudiantes -","og:type":"article","og:title":"Graduaci\u00f3n 2025 - Decanato de Estudiantes","og:description":"Graduaci\u00f3n 2026 Programa de la Sexag\u00e9sima Colaci\u00f3n de GradosGraduaci\u00f3n 2025 Vestimenta Acad\u00e9mica 2025 Programa Graduaci\u00f3n 2024 Actos de la Quincuag\u00e9sima Novena Colaci\u00f3n de Grados Programa de la Quincuag\u00e9sima Novena Colaci\u00f3n de Grados Graduaci\u00f3n 2024 Programa Graduaci\u00f3n 2024","og:url":"https:\/\/rcm1.rcm.upr.edu\/decanatoestudiantes\/graduacion\/","article:published_time":"2021-06-01T03:32:58+00:00","article:modified_time":"2026-06-25T17:40:22+00:00","twitter:card":"summary_large_image","twitter:title":"Graduaci\u00f3n 2025 - Decanato de Estudiantes","twitter:description":"Graduaci\u00f3n 2026 Programa de la Sexag\u00e9sima Colaci\u00f3n de GradosGraduaci\u00f3n 2025 Vestimenta Acad\u00e9mica 2025 Programa Graduaci\u00f3n 2024 Actos de la Quincuag\u00e9sima Novena Colaci\u00f3n de Grados Programa de la Quincuag\u00e9sima Novena Colaci\u00f3n de Grados Graduaci\u00f3n 2024 Programa Graduaci\u00f3n 2024"},"aioseo_meta_data":{"post_id":"10379","title":null,"description":null,"keywords":null,"keyphrases":{"focus":{"keyphrase":"","score":0,"analysis":{"keyphraseInTitle":{"score":0,"maxScore":9,"error":1}}},"additional":[]},"primary_term":null,"canonical_url":null,"og_title":null,"og_description":null,"og_object_type":"default","og_image_type":"default","og_image_url":null,"og_image_width":null,"og_image_height":null,"og_image_custom_url":null,"og_image_custom_fields":null,"og_video":"","og_custom_url":null,"og_article_section":null,"og_article_tags":null,"twitter_use_og":false,"twitter_card":"default","twitter_image_type":"default","twitter_image_url":null,"twitter_image_custom_url":null,"twitter_image_custom_fields":null,"twitter_title":null,"twitter_description":null,"schema":{"blockGraphs":[],"customGraphs":[],"default":{"data":{"Article":[],"Course":[],"Dataset":[],"FAQPage":[],"Movie":[],"Person":[],"Product":[],"ProductReview":[],"Car":[],"Recipe":[],"Service":[],"SoftwareApplication":[],"WebPage":[]},"graphName":"WebPage","isEnabled":true},"graphs":[]},"schema_type":"default","schema_type_options":null,"pillar_content":false,"robots_default":true,"robots_noindex":false,"robots_noarchive":false,"robots_nosnippet":false,"robots_nofollow":false,"robots_noimageindex":false,"robots_noodp":false,"robots_notranslate":false,"robots_max_snippet":"-1","robots_max_videopreview":"-1","robots_max_imagepreview":"large","priority":null,"frequency":"default","local_seo":null,"breadcrumb_settings":null,"limit_modified_date":false,"ai":{"faqs":[],"keyPoints":[],"schemas":[],"titles":[],"descriptions":[],"socialPosts":{"email":[],"linkedin":[],"twitter":[],"facebook":[],"instagram":[]}},"created":"2025-05-23 13:41:09","updated":"2026-06-25 17:42:11","seo_analyzer_scan_date":null,"focus_keyword":null,"additional_keywords":null,"truseo_locale":null},"aioseo_breadcrumb":"<div class=\"aioseo-breadcrumbs\"><span class=\"aioseo-breadcrumb\">\n\t\t\t<a href=\"https:\/\/rcm1.rcm.upr.edu\/decanatoestudiantes\" title=\"Home\">Home<\/a>\n\t\t<\/span><span class=\"aioseo-breadcrumb-separator\">&raquo;<\/span><span class=\"aioseo-breadcrumb\">\n\t\t\tGraduaci\u00f3n 2025\n\t\t<\/span><\/div>","aioseo_breadcrumb_json":[{"label":"Home","link":"https:\/\/rcm1.rcm.upr.edu\/decanatoestudiantes"},{"label":"Graduaci\u00f3n 2025","link":"https:\/\/rcm1.rcm.upr.edu\/decanatoestudiantes\/graduacion\/"}],"_links":{"self":[{"href":"https:\/\/rcm1.rcm.upr.edu\/decanatoestudiantes\/wp-json\/wp\/v2\/pages\/10379","targetHints":{"allow":["GET"]}}],"collection":[{"href":"https:\/\/rcm1.rcm.upr.edu\/decanatoestudiantes\/wp-json\/wp\/v2\/pages"}],"about":[{"href":"https:\/\/rcm1.rcm.upr.edu\/decanatoestudiantes\/wp-json\/wp\/v2\/types\/page"}],"author":[{"embeddable":true,"href":"https:\/\/rcm1.rcm.upr.edu\/decanatoestudiantes\/wp-json\/wp\/v2\/users\/1"}],"replies":[{"embeddable":true,"href":"https:\/\/rcm1.rcm.upr.edu\/decanatoestudiantes\/wp-json\/wp\/v2\/comments?post=10379"}],"version-history":[{"count":20,"href":"https:\/\/rcm1.rcm.upr.edu\/decanatoestudiantes\/wp-json\/wp\/v2\/pages\/10379\/revisions"}],"predecessor-version":[{"id":12784,"href":"https:\/\/rcm1.rcm.upr.edu\/decanatoestudiantes\/wp-json\/wp\/v2\/pages\/10379\/revisions\/12784"}],"wp:featuredmedia":[{"embeddable":true,"href":"https:\/\/rcm1.rcm.upr.edu\/decanatoestudiantes\/wp-json\/wp\/v2\/media\/12565"}],"wp:attachment":[{"href":"https:\/\/rcm1.rcm.upr.edu\/decanatoestudiantes\/wp-json\/wp\/v2\/media?parent=10379"}],"curies":[{"name":"wp","href":"https:\/\/api.w.org\/{rel}","templated":true}]}}