{"id":3118,"date":"2020-04-13T16:42:55","date_gmt":"2020-04-13T16:42:55","guid":{"rendered":"https:\/\/demografia.rcm.upr.edu\/?page_id=3118"},"modified":"2020-04-13T16:42:55","modified_gmt":"2020-04-13T16:42:55","slug":"publicaciones","status":"publish","type":"page","link":"https:\/\/rcm1.rcm.upr.edu\/demografia\/publicaciones\/","title":{"rendered":"Publicaciones"},"content":{"rendered":"<div class=\"wpb-content-wrapper\"><p>[vc_row][vc_column]<div id=\"ultimate-heading-879969f033e51aeef\" class=\"uvc-heading ult-adjust-bottom-margin ultimate-heading-879969f033e51aeef uvc-5304  uvc-heading-default-font-sizes\" data-hspacer=\"line_only\"  data-halign=\"left\" style=\"text-align:left\"><div class=\"uvc-main-heading ult-responsive\"  data-ultimate-target='.uvc-heading.ultimate-heading-879969f033e51aeef h2'  data-responsive-json-new='{\"font-size\":\"\",\"line-height\":\"\"}' ><h2 style=\"--font-weight:theme;\">Publicaciones<\/h2><\/div><div class=\"uvc-heading-spacer line_only\" style=\"topheight:1px;\"><span class=\"uvc-headings-line\" style=\"border-style:solid;border-bottom-width:1px;border-color:#ccc;width:autopx;\"><\/span><\/div><\/div>[vc_empty_space][\/vc_column][\/vc_row][vc_row][vc_column][vc_tta_tour][vc_tta_section title=&#8221;Revista Electr\u00f3nica&#8221; tab_id=&#8221;1602016836336-39a3e770-5afa&#8221;][vc_column_text]<\/p>\n<figure class=\"wp-block-image\"><img loading=\"lazy\" decoding=\"async\" class=\"aligncenter\" src=\"https:\/\/rcm1.rcm.upr.edu\/demografia\/wp-content\/uploads\/sites\/30\/2020\/03\/cide_digital-blnco.jpg\" alt=\"\" width=\"245\" height=\"73\" \/><\/figure>\n<p><strong>CIDE digital, Vol\u00famen 6 N\u00famero 1, Abril 2015 <\/strong>[<a href=\"https:\/\/rcm1.rcm.upr.edu\/demografia\/wp-content\/uploads\/sites\/30\/2020\/04\/CIDEvol6num1-abril-2015-Texto-completo.pdf\">completo<\/a>]<\/p>\n<ul>\n<li><a href=\"https:\/\/rcm1.rcm.upr.edu\/demografia\/wp-content\/uploads\/sites\/30\/2020\/04\/CIDEvol6num1-abril-2015-Portada.pdf\">Portada<\/a><strong>\u00a0<\/strong><em>CIDE digital<\/em>,\u00a0<em>6<\/em>(1)<\/li>\n<li><a href=\"https:\/\/rcm1.rcm.upr.edu\/demografia\/wp-content\/uploads\/sites\/30\/2020\/04\/CIDEvol6num1-abril-2015-Indice-final.pdf\">\u00cdndice<\/a>\u00a0<em>CIDE digital<\/em>,\u00a0<em>6<\/em>(1).<\/li>\n<li><a href=\"https:\/\/rcm1.rcm.upr.edu\/demografia\/wp-content\/uploads\/sites\/30\/2020\/04\/CIDEvol6num1-abril-2015-Editorial-1-Arnaldo-Torres.pdf\">Editorial<\/a>\u00a0<em>CIDE digital<\/em>,\u00a0<em>6<\/em>(1): 1<\/li>\n<\/ul>\n<p><strong>Simposio sobre investigaci\u00f3n y producci\u00f3n de estad\u00edsticas en Puerto Rico<\/strong><\/p>\n<ul>\n<li><a href=\"https:\/\/rcm1.rcm.upr.edu\/demografia\/wp-content\/uploads\/sites\/30\/2020\/04\/CIDEvol6num1-abril-2015-Editorial-2-Lizandra-Torres.pdf\">Editorial especial<\/a>\u00a0<em>por\u00a0<\/em>Torres-Mart\u00ednez, Lizandra.\u00a0<em>CIDE digital<\/em>,\u00a0<em>6<\/em>(1): 2-6<\/li>\n<\/ul>\n<p><strong>Sinopsis sobre las mesas de trabajo<\/strong><\/p>\n<ul>\n<li>Caraballo-Resto, Juan F.<em>\u00a0<\/em><a href=\"https:\/\/rcm1.rcm.upr.edu\/demografia\/wp-content\/uploads\/sites\/30\/2020\/04\/CIDEvol6num1-abril-2015-Sinopsis-1-Juan-Caraballo.pdf\">Instancias desde donde se producen los datos estad\u00edsticos en Puerto Rico y sus efectos en la generaci\u00f3n de pol\u00edtica p\u00fablica, parte 1<\/a>.\u00a0<em>CIDE digital<\/em>,\u00a0<em>6<\/em>(1): 7-9<\/li>\n<li>Alom-Alem\u00e1n, Antoniette.&amp; Juana Castillo-Mu\u00f1oz, Juana.<em>\u00a0<\/em><a href=\"https:\/\/rcm1.rcm.upr.edu\/demografia\/wp-content\/uploads\/sites\/30\/2020\/04\/CIDEvol6num1-abril-2015-Sinopsis-2-Anom-Aleman-Juana-Castillo.pdf\">Instancias desde donde se producen los datos estad\u00edsticos en Puerto Rico y sus efectos en la generaci\u00f3n de pol\u00edtica p\u00fablica, parte 2.<\/a>\u00a0<em>CIDE digital<\/em>,\u00a0<em>6<\/em>(1): 10-17<\/li>\n<li>V\u00e1zquez-Rodr\u00edguez, Victor M.<em>\u00a0<\/em><a href=\"https:\/\/rcm1.rcm.upr.edu\/demografia\/wp-content\/uploads\/sites\/30\/2020\/04\/CIDEvol6num1-abril-2015-Sinopsis-3-Victor-Manuel.pdf\">Debate contempor\u00e1neos en torno a la migraci\u00f3n, la criminalidad y de g\u00e9nero en Puerto Rico.<\/a>\u00a0<em>CIDE digital<\/em>,\u00a0<em>6<\/em>(1): 18-21.<\/li>\n<\/ul>\n<p><strong>Ponencias<\/strong><\/p>\n<ul>\n<li>Caraballo-Cueto, Jos\u00e9.<a href=\"https:\/\/rcm1.rcm.upr.edu\/demografia\/wp-content\/uploads\/sites\/30\/2020\/04\/CIDEvol6num1-abril-2015-01-Jose-Carraballo.pdf\">Some determinants of the Puerto Rican Migration to US in 1950-2014.<\/a>\u00a0<em>CIDE digital<\/em>,\u00a0<em>6<\/em>(1): 22-30<\/li>\n<li>Calder\u00f3n-Squiabro, Jos\u00e9 M.<em>\u00a0<\/em><a href=\"https:\/\/rcm1.rcm.upr.edu\/demografia\/wp-content\/uploads\/sites\/30\/2020\/04\/CIDEvol6num1-abril-2015-02-Jose-Calderon.pdf\">El Censo y sus implicaciones en la politica p\u00fablica en Puerto Rico.<\/a>\u00a0<em>CIDE digital<\/em>,\u00a0<em>6<\/em>(1): 31-38<em><br \/>\n<\/em><\/li>\n<li>Hern\u00e1ndez-Correa, Julio C.<a href=\"https:\/\/rcm1.rcm.upr.edu\/demografia\/wp-content\/uploads\/sites\/30\/2020\/04\/CIDEvol6num1-abril-2015-03-Julio-Cesar.pdf\">Reflexi\u00f3n sobre el Plan de Reto Demogr\u00e1fico y su impacto en la pol\u00edtica p\u00fablica de Puerto Rico.<\/a>\u00a0<em>CIDE digital<\/em>,\u00a0<em>6<\/em>(1): 39-48<\/li>\n<li>Torres-Degr\u00f3, Arnaldo.<em>\u00a0<\/em><a href=\"https:\/\/rcm1.rcm.upr.edu\/demografia\/wp-content\/uploads\/sites\/30\/2020\/04\/CIDEvol6num1-abril-2015-04-Arnaldo-Torres.pdf\">La generaci\u00f3n o uso de estad\u00edsticas en el Programa Graduado de Demograf\u00eda del\u00a0 Recinto Ciencias M\u00e9dicas de la UPR y su impacto en la creaci\u00f3n de\u00a0 pol\u00edtica p\u00fablica.<\/a>\u00a0<em>CIDE digital<\/em>,\u00a0<em>6<\/em>(1): 49-54<\/li>\n<li>Soto-P\u00e9rez, Silvia.<em>\u00a0<\/em><a href=\"https:\/\/rcm1.rcm.upr.edu\/demografia\/wp-content\/uploads\/sites\/30\/2020\/04\/CIDEvol6num1-abril-2015-05-Silvia-Soto.pdf\">Las estad\u00edsticas laborales y su impacto en la pol\u00edtica p\u00fablica en Puerto Rico.<\/a>\u00a0<em>CIDE digital<\/em>,\u00a0<em>6<\/em>(1): 55-58<\/li>\n<li>Le\u00f3n-L\u00f3pez, Luz E. &amp; D\u00e1vila-Rom\u00e1n, Ana L.<em>\u00a0<\/em><a href=\"https:\/\/rcm1.rcm.upr.edu\/demografia\/wp-content\/uploads\/sites\/30\/2020\/04\/CIDEvol6num1-abril-2015-06-Lucy-Leon.pdf\">Caracter\u00edsticas sociodemogr\u00e1ficas de los emigrantes en Puerto Rico.<\/a>\u00a0<em>CIDE digital<\/em>,\u00a0<em>6<\/em>(1): 59-72<\/li>\n<\/ul>\n<p>&nbsp;<\/p>\n<p><strong>CIDE digital, Vol\u00famen 5 N\u00famero 1-2, Abril-Noviembre 2014<\/strong><\/p>\n<p>&nbsp;<\/p>\n<p><strong>CIDE digital, Vol\u00famen 4 N\u00famero 1-2, Abril-Noviembre 2013<\/strong><\/p>\n<p>&nbsp;<\/p>\n<p><strong>CIDE digital, Vol\u00famen 3 N\u00famero 1-2, Abril-Noviembre 2012 <\/strong>[<a href=\"https:\/\/rcm1.rcm.upr.edu\/demografia\/wp-content\/uploads\/sites\/30\/2020\/04\/CIDEvo3no1_2-Texto-Completo.pdf\">completo<\/a>]<\/p>\n<ul>\n<li><a href=\"https:\/\/rcm1.rcm.upr.edu\/demografia\/wp-content\/uploads\/sites\/30\/2020\/04\/CIDEvo3no1_2-portada.pdf\">Portada<\/a>.\u00a0<em>CIDE digital<\/em>,\u00a0<em>3<\/em>(1-2).<\/li>\n<li><a href=\"https:\/\/rcm1.rcm.upr.edu\/demografia\/wp-content\/uploads\/sites\/30\/2020\/04\/CIDEvo3no1_2-Editorial.pdf\">Editorial<\/a>.\u00a0<em>CIDE digital<\/em>,\u00a0<em>3<\/em>(1-2): 1-2.<\/li>\n<\/ul>\n<p><strong>Trabajos de investigaci\u00f3n<\/strong><\/p>\n<ul>\n<li>Figueroa-Coss, Richard O.\u00a0<a href=\"https:\/\/rcm1.rcm.upr.edu\/demografia\/wp-content\/uploads\/sites\/30\/2020\/04\/CIDEvo3no1_2-Richard-Figueroa-Coss-Arreglo-familiar-poblacion-menor-de-18-anos-Puerto-Rico.pdf\">Arreglo familiar de la poblaci\u00f3n menor de 18 a\u00f1os de acuerdo a sus caracter\u00edsticas sociodemogr\u00e1ficas, Puerto Rico: 2000<\/a>.\u00a0<em>CIDE digital<\/em>,\u00a0<em>3<\/em>(1-2): 3-24.<\/li>\n<li>\u00c1lvarez-Figueroa, Magdaliz &amp; Torres-Degr\u00f3, Arnaldo.\u00a0<a href=\"https:\/\/rcm1.rcm.upr.edu\/demografia\/wp-content\/uploads\/sites\/30\/2020\/04\/CIDEvo3no1_2-Magdaliz-Alvarez-Figueroa-Arnaldo-Torres-Degr.pdf\">An\u00e1lisis de contraste asociado a\u00a0los varones jefes de familias monoparentales sin esposa presente, Puerto Rico: 2000<\/a>.\u00a0<em>CIDE digital<\/em>,\u00a0<em>3<\/em>(1-2): 25-64.<\/li>\n<li>Nieves-Ayala, Loyda E.\u00a0<a href=\"https:\/\/rcm1.rcm.upr.edu\/demografia\/wp-content\/uploads\/sites\/30\/2020\/04\/CIDEvo3no1_2-Loyda-Nieves-Ayala.pdf\">\u00cdndice de entrop\u00eda, disimilitud y centralizaci\u00f3n\u00a0: Un abordaje a la segregaci\u00f3n residencial por nivel socioecon\u00f3mico en las \u00e1reas metropolitanas de Puerto Rico: 2000<\/a>.<em>\u00a0CIDE digital<\/em>,\u00a0<em>3<\/em>(1-2): 65-92.<\/li>\n<\/ul>\n<p><strong>Carteles en foros o Simposios cient\u00edficos<\/strong><\/p>\n<ul>\n<li>P\u00e9rez-Mu\u00f1iz, M. &amp; D\u00e1vila-Rom\u00e1n, Ana L. Nacidos en Puerto Rico\u00a0:\u00a0<a href=\"https:\/\/rcm1.rcm.upr.edu\/demografia\/wp-content\/uploads\/sites\/30\/2020\/04\/CIDEvo3no1_2-Manuel-Prez-Muniz-Cartel.pdf\">Caracter\u00edsticas de los que residen en la Isla y de los que emigraron, 2005-2009<\/a>.\u00a0<em>CIDE digital<\/em>,\u00a0<em>3<\/em>(1-2): 93-108.<\/li>\n<li>Rosario-Mej\u00edas, Mar\u00eda A. &amp; D\u00e1vila-Rom\u00e1n, Ana L.\u00a0<a href=\"https:\/\/rcm1.rcm.upr.edu\/demografia\/wp-content\/uploads\/sites\/30\/2020\/04\/CIDEvo3no1_2-Maria-Rosario-Mejias-Cartel.pdf\">Distribuci\u00f3n geogr\u00e1fica de la seguridad alimentaria en Puerto Rico, 2005-2009<\/a>.\u00a0<em>CIDE digital<\/em>,\u00a0<em>3<\/em>(1-2): 109-118.<\/li>\n<li>Rosario-Pab\u00f3n, Zaira Y. &amp; Le\u00f3n-L\u00f3pez, Luz E.\u00a0<a href=\"https:\/\/rcm1.rcm.upr.edu\/demografia\/wp-content\/uploads\/sites\/30\/2020\/04\/CIDEvo3no1_2-Zaira-Rosario-Pabon-Cartel.pdf\">Caracter\u00edsticas sociodemogr\u00e1ficas de las jefas de familia sin c\u00f3nyugue presente, Puerto Rico: 2005-2009<\/a>.\u00a0<em>CIDE digital<\/em>,\u00a0<em>3<\/em>(1-2): 119-126.<\/li>\n<\/ul>\n<p><strong>Legislaciones<\/strong><\/p>\n<ul>\n<li>C\u00e1mara de Representantes de Puerto Rico. <a href=\"https:\/\/rcm1.rcm.upr.edu\/demografia\/wp-content\/uploads\/sites\/30\/2020\/04\/CIDEvo3no1-PiezaLegislativa-creacion-del-barrio-certenejas.pdf\">Pieza de la C\u00e1mara de Representantes 1028 (P. de la C. 1028)\u00a0para separar el sector Certenejas del barrio Bayam\u00f3n del Municipio de Cidras y denominarlo como Barrio Certenejas<\/a>.<em>\u00a0CIDE digital<\/em>,\u00a0<em>3<\/em>(1-2): 127-131.<\/li>\n<li>Senado de Puerto Rico.\u00a0<a href=\"https:\/\/rcm1.rcm.upr.edu\/demografia\/wp-content\/uploads\/sites\/30\/2020\/04\/CIDEvo3no1-PiezaLegislativa-creacion-del-barrio-Tumbao.pdf\">Pieza del Senado de Puerto Rico 169 (P. de S. 169)\u00a0para separar el sector El Tumbao del barrio Palo Seco del Municipio de Maunabo y denominarlo como Barrio Tumbao<\/a>.<em>\u00a0CIDE digital<\/em>,\u00a0<em>3<\/em>(1-2): 132-136.<\/li>\n<\/ul>\n<p>&nbsp;<\/p>\n<p><strong>CIDE digital, Vol\u00famen 2 N\u00famero 2, Noviembre 2011 <\/strong>[<a href=\"https:\/\/rcm1.rcm.upr.edu\/demografia\/wp-content\/uploads\/sites\/30\/2020\/04\/CIDEvo2no2-TEXTO-COMPLETO.pdf\">completo<\/a>]<\/p>\n<ul>\n<li><a href=\"https:\/\/rcm1.rcm.upr.edu\/demografia\/wp-content\/uploads\/sites\/30\/2020\/04\/CIDEvo2no2-portada.pdf\">Portada<\/a>.\u00a0<em>CIDE digital<\/em>,\u00a0<em>2<\/em>(2).<\/li>\n<li><a href=\"https:\/\/rcm1.rcm.upr.edu\/demografia\/wp-content\/uploads\/sites\/30\/2020\/04\/CIDEvo2no2-Editorial.pdf\">Editorial<\/a><em>. CIDE digital<\/em>,\u00a0<em>2<\/em>(2): 1-2.<\/li>\n<\/ul>\n<p><strong>Carteles en foros o Simposios cient\u00edficos<\/strong><\/p>\n<ul>\n<li>Barea-Freytes, Dilmayris &amp; D\u00e1vila Rom\u00e1n, Ana L.\u00a0<a href=\"https:\/\/rcm1.rcm.upr.edu\/demografia\/wp-content\/uploads\/sites\/30\/2020\/04\/CIDEvo2no2-Dilmairy-Barea-Freytes.pdf\">Perfil sociodemogr\u00e1fico de los\/as abuelos\/as de 60 a\u00f1os o m\u00e1s que viven con sus nietos\/as, Puerto Rico: 2000<\/a>.\u00a0<em>CIDE digital<\/em>,\u00a0<em>2<\/em>(2): 3-17.<\/li>\n<li>Vel\u00e1zquez-Estrada, \u00a0Alberto.\u00a0<a href=\"https:\/\/rcm1.rcm.upr.edu\/demografia\/wp-content\/uploads\/sites\/30\/2020\/04\/CIDEvo2no2-Alberto-Velazquez-Estrada.pdf\">Muertes violentas en Puerto Rico: Su impacto sobre la esperanza de vida, 2000-2008<\/a>.\u00a0<em>CIDE digital<\/em>,\u00a0<em>2<\/em>(2): 18-30.<\/li>\n<li>Villanueva-Rosa, \u00a0Erick &amp; \u00a0Le\u00f3n-L\u00f3pez, \u00a0Luz E.\u00a0<a href=\"https:\/\/rcm1.rcm.upr.edu\/demografia\/wp-content\/uploads\/sites\/30\/2020\/04\/CIDEvo2no2-Erick-Villanueva.pdf\">El suicidio en Puerto Rico: Un an\u00e1lisis de sus diferenciales sociodemogr\u00e1ficos: 2000-2006<\/a>.<em>\u00a0CIDE digital<\/em>,\u00a0<em>2<\/em>(2): 31-38.<\/li>\n<li>R\u00edos-Gonz\u00e1lez, Moraima Y.; D\u00edaz-L\u00f3pez, Bethzaida; S\u00e1nchez-Rodr\u00edguez, Ram\u00f3n E. &amp; Torres-Degr\u00f3, Arnaldo. \u00a0<a href=\"https:\/\/rcm1.rcm.upr.edu\/demografia\/wp-content\/uploads\/sites\/30\/2020\/04\/CIDEvo2no2-Moraima-Rios-Gonzalez.pdf\">An\u00e1lisis de Contraste y Asociaci\u00f3n entre la Caracter\u00edsticas Sociodemogr\u00e1ficas de los participantes del Programa de Planificaci\u00f3n Familiar T\u00edtulo X del Recinto de Ciencias M\u00e9dicas de la Universidad de Puerto Rico y el patr\u00f3n de uso de M\u00e9todos Anticonceptivos: 2007-2008<\/a>.\u00a0<em>CIDE digital<\/em>,\u00a0<em>2<\/em>(2): 39-48.<\/li>\n<li>Rosado del R\u00edo, Irma T.\u00a0<a href=\"https:\/\/rcm1.rcm.upr.edu\/demografia\/wp-content\/uploads\/sites\/30\/2020\/04\/CIDEvo2no2Irma-Rosado-del-Rio.pdf\">Crecimiento, concentraci\u00f3n y distribuci\u00f3n de la poblaci\u00f3n de Puerto Rico: 1899-2000<\/a>.\u00a0<em>CIDE digital<\/em>,\u00a0<em>2<\/em>(2): 49-55.<\/li>\n<li>Negr\u00f3n, \u00a0Jakelinee; Figueroa, R\u00e1ul &amp; D\u00e1vila Rom\u00e1n, Ana L.\u00a0<a href=\"https:\/\/rcm1.rcm.upr.edu\/demografia\/wp-content\/uploads\/sites\/30\/2020\/04\/CIDEvo2no2-Jakelinee-Negron.pdf\">Mortalidad de la poblaci\u00f3n de edad avanzada en Puerto Rico: 2000-2004<\/a>.\u00a0<em>CIDE digital<\/em>,\u00a0<em>2<\/em>(2): 56-61.<\/li>\n<li>Rivera-Rom\u00e1n, Jenilda.\u00a0<a href=\"https:\/\/rcm1.rcm.upr.edu\/demografia\/wp-content\/uploads\/sites\/30\/2020\/04\/CIDEvo2no2-Jenilda-Rivera-Roman.pdf\">Migrants Who Participate in the Labor Force in Puerto Rico:\u00a0 Its Demographic Characteristics and Segmented Participation in the Economy<\/a>.<em>\u00a0CIDE digital<\/em>,\u00a0<em>2<\/em>(2): 62-68.<\/li>\n<li>De Jes\u00fas-Monge, Vivianna M.\u00a0<a href=\"https:\/\/rcm1.rcm.upr.edu\/demografia\/wp-content\/uploads\/sites\/30\/2020\/04\/CIDEvo2no2-Viviana-De-Jesus-Monge.pdf\">Employed and out of the labor force elderly in Puerto Rico: Differences in demographic, social, and economic characteristics<\/a>. \u00a0<em>CIDE digital<\/em>,\u00a0<em>2<\/em>(2): 69-75.<\/li>\n<\/ul>\n<p>&nbsp;<\/p>\n<p><strong>CIDE digital,Vol\u00famen 2 N\u00famero 1, Abril 2011\u00a0[<a href=\"https:\/\/rcm1.rcm.upr.edu\/demografia\/wp-content\/uploads\/sites\/30\/2020\/04\/CIDEvo2no1-Texto_completo.pdf\">completo<\/a>]<\/strong><\/p>\n<ul>\n<li><a href=\"https:\/\/rcm1.rcm.upr.edu\/demografia\/wp-content\/uploads\/sites\/30\/2020\/04\/CIDEvo2no1-portada.pdf\">Portada<\/a>,\u00a0<em>CIDE digital<\/em>,\u00a0<em>2<\/em>(1).<\/li>\n<li><a href=\"https:\/\/rcm1.rcm.upr.edu\/demografia\/wp-content\/uploads\/sites\/30\/2020\/04\/CIDEvo2no1-Editoria.pdf\">Editorial<\/a>.\u00a0<em>CIDE digital<\/em>,\u00a0<em>2<\/em>(1): 1-4.<\/li>\n<\/ul>\n<p><strong>Trabajos de investigaci\u00f3n<\/strong><\/p>\n<ul>\n<li>Mayol-Grac\u00eda, Yer\u00eds.\u00a0<a href=\"https:\/\/rcm1.rcm.upr.edu\/demografia\/wp-content\/uploads\/sites\/30\/2020\/04\/CIDEvo2no1-Y_Mayol-Garcia-Tasa_pobreza-hijos_migrantes_Puerto-Rico.pdf\">Tasas de pobreza de los hijos de inmigrantes en Puerto Rico por caracter\u00edsticas sociodemogr\u00e1ficas: 2000<\/a>.\u00a0<em>CIDE digital<\/em>,\u00a0<em>2<\/em>(1): 5-24.<\/li>\n<li>Cartagena-Col\u00f3n, Marianne.\u00a0<a href=\"https:\/\/rcm1.rcm.upr.edu\/demografia\/wp-content\/uploads\/sites\/30\/2020\/04\/CIDEvo2no1-M_Cartagena-Colon-Cuenca_hidrologica_Rio_Fajardo_Puerto_Rico.pdf\">Cuenca hidrol\u00f3gica del R\u00edo de Fajardo, Puerto Rico: Un an\u00e1lisis geo espacial con caracter\u00edsticas sociodemogr\u00e1ficas y vivienda, 2000<\/a>.\u00a0<em>CIDE digital<\/em>,\u00a0<em>2<\/em>(1): 25-52.<\/li>\n<li>R\u00edos-Gonz\u00e1lez, \u00a0Moraima.\u00a0<a href=\"https:\/\/rcm1.rcm.upr.edu\/demografia\/wp-content\/uploads\/sites\/30\/2020\/04\/CIDEvo2no1-M_Rios-Gonzalez-Metodos_anticonceptivos_planificacion-familiar-UPR.pdf\">Patrones de uso de m\u00e9todos anticonceptivos en diversos tipos de cl\u00ednicas conforme la edad y g\u00e9nero de los participantes, Programa de Planificaci\u00f3n Familiar T\u00edtulo X del RCM-UPR: 2007-2008<\/a>.\u00a0<em>CIDE digital<\/em>,\u00a0<em>2<\/em>(1): 53-74.<\/li>\n<\/ul>\n<p><strong>An\u00e1lisis te\u00f3ricos, pol\u00edticos e hist\u00f3ricos<\/strong><\/p>\n<ul>\n<li>Torres-Degr\u00f3, Arnaldo.\u00a0<a href=\"https:\/\/rcm1.rcm.upr.edu\/demografia\/wp-content\/uploads\/sites\/30\/2020\/04\/CIDEvo2no1-A_Torres-Degro-Posturas_obispos_catolicos_control_natalidad_Puerto_Rico.pdf\">Posturas de los Obispos Cat\u00f3licos Norteamericanos sobre el control de la natalidad, Puerto Rico: 1925-1937<\/a>.\u00a0<em>CIDE digital<\/em>,\u00a0<em>2<\/em>(1): 75-95.<\/li>\n<\/ul>\n<p><strong>Legislaciones<\/strong><\/p>\n<ul>\n<li>Senado de Puerto Rico.\u00a0<a href=\"https:\/\/rcm1.rcm.upr.edu\/demografia\/wp-content\/uploads\/sites\/30\/2020\/04\/CIDEvo2no1-Pieza_Senador_610.pdf\">Pieza del Senado 610 (P. del S. 610) para crear la ley de \u201cRetos Demogr\u00e1ficos\u201d<\/a>.\u00a0<em>CIDE digital<\/em>,\u00a0<em>2<\/em>(1): 96-103.<\/li>\n<li>C\u00e1mara de Representantes de Puerto Rico.\u00a0<a href=\"https:\/\/rcm1.rcm.upr.edu\/demografia\/wp-content\/uploads\/sites\/30\/2020\/04\/CIDEvo2no1-Emienda_Pieza_Senador_610.pdf\">Informe con enmiendas para la Pieza del Senado 610 (P. del S. 610): Aprobaci\u00f3n de la Ley 199 sobre Retos Demogr\u00e1ficos<\/a>.\u00a0<em>CIDE digital<\/em>,\u00a0<em>2<\/em>(1): 104-13.1<\/li>\n<li>C\u00e1mara de Representantes de Puerto Rico. \u00a0<a href=\"https:\/\/rcm1.rcm.upr.edu\/demografia\/wp-content\/uploads\/sites\/30\/2020\/04\/CIDEvo2no1-Pieza_Camara_3270.pdf\">Pieza de la C\u00e1mara de Representantes (P. de la C. 3270) para crear reglamentaci\u00f3n relacionada a la pr\u00e1ctica de aborto en menores de edad<\/a>.\u00a0<em>CIDE digital<\/em>,\u00a0<em>2<\/em>(1): 132-141.<\/li>\n<\/ul>\n<p><strong>Trabajos t\u00e9cnicos<\/strong><\/p>\n<ul>\n<li>Torres-Degr\u00f3, Arnaldo. \u00a0<a href=\"https:\/\/rcm1.rcm.upr.edu\/demografia\/wp-content\/uploads\/sites\/30\/2020\/04\/CIDEvo2no1-A_Torres-Degro-Tasa_crecimiento_poblacional.pdf\">Tasas de crecimiento poblacional (r): Una Mirada desde el modelo matem\u00e1tico lineal, geom\u00e9trico y exponencial<\/a>.\u00a0<em>CIDE digital<\/em>,\u00a0<em>2<\/em>(1): 142-160.<\/li>\n<\/ul>\n<p>&nbsp;<\/p>\n<p><strong>CIDE digital,Vol\u00famen 1 N\u00famero 2, Noviembre 2010\u00a0<\/strong>[<a href=\"https:\/\/rcm1.rcm.upr.edu\/demografia\/wp-content\/uploads\/sites\/30\/2020\/04\/CIDEvol1num2-COMPLETO.pdf\">completo<\/a>]<\/p>\n<ul>\n<li><a href=\"https:\/\/rcm1.rcm.upr.edu\/demografia\/wp-content\/uploads\/sites\/30\/2020\/04\/CIDEvo1no2-portada.pdf\">Portada<\/a>,\u00a0<em>CIDE digital<\/em>,\u00a0<em>1<\/em>(2).<\/li>\n<li><a href=\"https:\/\/rcm1.rcm.upr.edu\/demografia\/wp-content\/uploads\/sites\/30\/2020\/04\/CIDEvo1no2-Editorial.pdf\">Editorial<\/a>,\u00a0<em>CIDE digital<\/em>,\u00a0<em>1<\/em>(2): 1-2.<\/li>\n<\/ul>\n<p><strong>Trabajos de investigaci\u00f3n<\/strong><\/p>\n<ul>\n<li>Morales-Gonz\u00e1lez, Jonathan.\u00a0<a href=\"https:\/\/rcm1.rcm.upr.edu\/demografia\/wp-content\/uploads\/sites\/30\/2020\/04\/CIDE-vo1no2-J_Gonzales-Moralez-Poblacion_menor_factores_socioeconomicos_Puerto_Rico.pdf\">Poblaci\u00f3n menor de 18 a\u00f1os y los factores sociodemogr\u00e1ficos asociados a la pobreza, Puerto Rico: 2000<\/a>.\u00a0<em>CIDE digital<\/em>,\u00a0<em>1<\/em>(2): 3-27.<\/li>\n<li>Figueroa-Rodr\u00edguez, Ra\u00fal.\u00a0<a href=\"https:\/\/rcm1.rcm.upr.edu\/demografia\/wp-content\/uploads\/sites\/30\/2020\/04\/CIDE-vo1no2-R_Figueroa-Rodriguez-Efecto_implementacion-DCIE_en_Puerto_Rico.pdf\">El efecto de la implementaci\u00f3n de la D\u00e9cima Clasificaci\u00f3n Internacional de enfermedades en las principales causas de muerte en Puerto Rico: 1994-2003<\/a>.\u00a0<em>CIDE digital<\/em>,\u00a0<em>1<\/em>(2): 28-46.<\/li>\n<\/ul>\n<p><strong>An\u00e1lisis te\u00f3ricos, pol\u00edticos e hist\u00f3ricos<\/strong><\/p>\n<ul>\n<li>Torres-Degr\u00f3, Arnaldo.\u00a0<a href=\"https:\/\/rcm1.rcm.upr.edu\/demografia\/wp-content\/uploads\/sites\/30\/2020\/04\/CIDEvo1no2-A_Torres-Degro-Discusion_legislativa_poblacional_Puerto_Rico.pdf\">Discusi\u00f3n legislativa y gubernamental en Puerto Rico ante los asuntos de \u00edndole poblacional: Estrategias e intrigas entre 1898-1937<\/a>.\u00a0<em>CIDE digital<\/em>,\u00a0<em>1<\/em>(2): 47-76.<\/li>\n<\/ul>\n<p><strong>Trabajos t\u00e9cnicos<\/strong><\/p>\n<ul>\n<li>Torres-Degr\u00f3, Arnaldo.\u00a0<a href=\"https:\/\/rcm1.rcm.upr.edu\/demografia\/wp-content\/uploads\/sites\/30\/2020\/04\/CIDEvo1no2-A_Torres-Degro-Envejecimiento_demografico_metodos_cuantitativos.pdf\">Envejecimiento demogr\u00e1fico: un acercamiento a los m\u00e9todos cuantitativos<\/a>.\u00a0<em>CIDE digital<\/em>,\u00a0<em>1<\/em>(2): 77-98.<\/li>\n<\/ul>\n<p><strong>Datos e indicadores demogr\u00e1ficos<\/strong><\/p>\n<ul>\n<li>Marrero-Cases, Roberto R. &amp; Torres-Degr\u00f3, Arnaldo.\u00a0<a href=\"https:\/\/rcm1.rcm.upr.edu\/demografia\/wp-content\/uploads\/sites\/30\/2020\/04\/CIDEvo1no2-R_Marrero-Cases-Edades_sencillas_Puerto_Rico.pdf\">Edades sencillas y en grupos quinquenales seg\u00fan el Censo de Puerto Rico: 1970-2000<\/a>.\u00a0<em>CIDE digital<\/em>,\u00a0<em>1<\/em>(2): 99-107.<\/li>\n<\/ul>\n<p>&nbsp;<\/p>\n<p><strong>CIDE digital,Vol\u00famen 1 N\u00famero 1, Abril 2010<\/strong>\u00a0[<a href=\"https:\/\/rcm1.rcm.upr.edu\/demografia\/wp-content\/uploads\/sites\/30\/2020\/04\/CIDEvo1no1-COMPLETO.pdf\">completo<\/a>]<\/p>\n<ul>\n<li><a href=\"https:\/\/rcm1.rcm.upr.edu\/demografia\/wp-content\/uploads\/sites\/30\/2020\/04\/CIDEvo1no1-portada.pdf\">PORTADA<\/a>,\u00a0<em>CIDE digital<\/em>,\u00a0<em>1<\/em>(1).<\/li>\n<li><a href=\"https:\/\/rcm1.rcm.upr.edu\/demografia\/wp-content\/uploads\/sites\/30\/2020\/04\/CIDEvol1no1-Editorial.pdf\">EDITORIAL<\/a>,\u00a0<em>CIDE digital<\/em>,\u00a0<em>1<\/em>(1): 1-2.<\/li>\n<\/ul>\n<p><strong>Trabajos de investigaci\u00f3n<\/strong><\/p>\n<ul>\n<li>De Jes\u00fas-Monge, Viviana. \u00a0<a href=\"https:\/\/rcm1.rcm.upr.edu\/demografia\/wp-content\/uploads\/sites\/30\/2020\/04\/CIDEvo1no1-V_De_Jesus-Monge-Caracteristicas_demograficas_nivel_de_pobreza_Puerto_Rico.pdf\">Caracter\u00edsticas demogr\u00e1ficas, sociales y econ\u00f3micas de la poblaci\u00f3n de 65 a\u00f1os y m\u00e1s, bajo y sobre el nivel de pobreza, \u00a0Puerto Rico: 2008<\/a>.\u00a0<em>CIDE digital<\/em>,\u00a0<em>1<\/em>(1): 3-19.<\/li>\n<\/ul>\n<p><strong>Informes demogr\u00e1ficos<\/strong><\/p>\n<ul>\n<li>Le\u00f3n-L\u00f3pez, Luz E. &amp; Morales Gonz\u00e1lez, \u00a0Jonathan. \u00a0<a href=\"https:\/\/rcm1.rcm.upr.edu\/demografia\/wp-content\/uploads\/sites\/30\/2020\/04\/CIDEvo1no1-L_Leon-Lopez-J_Gonzalez-Morales-Dinamica_demografica_vivienda_Puerto-Rico.pdf\">La din\u00e1mica demogr\u00e1fica y su relaci\u00f3n con la pol\u00edtica p\u00fablica de vivienda en Puerto Rico: 2000<\/a>.\u00a0<em>CIDE digital<\/em>,\u00a0<em>1<\/em>(1): 20-47.<\/li>\n<li>An\u00e1lisis te\u00f3ricos, pol\u00edticos e hist\u00f3ricos<\/li>\n<li>Torres-Degr\u00f3, Arnaldo.\u00a0<a href=\"https:\/\/rcm1.rcm.upr.edu\/demografia\/wp-content\/uploads\/sites\/30\/2020\/04\/CIDEvo1no1-A_Torres-Degro-Racionalidad_asuntos_demograficos.pdf\">La racionalidad de los asuntos poblacionales: Una mirada a Las Leyes y La Rep\u00fablica de Plat\u00f3n<\/a>.\u00a0<em>CIDE digital<\/em>,\u00a0<em>1<\/em>(1): 48-57.<\/li>\n<\/ul>\n<p><strong>Trabajos t\u00e9cnicos<\/strong><\/p>\n<ul>\n<li>Torres-Degr\u00f3, Arnaldo.\u00a0<a href=\"https:\/\/rcm1.rcm.upr.edu\/demografia\/wp-content\/uploads\/sites\/30\/2020\/04\/CIDEvo1no1-A_Torres-Degro-Notaciones_nomenclaturas_demograficas.pdf\">Notaciones o Nomenclaturas: Aplicaci\u00f3n demostrativa para la Demograf\u00eda<\/a>.\u00a0<em>CIDE digital<\/em>,\u00a0<em>1<\/em>(1): 58-77.<\/li>\n<\/ul>\n<p>&nbsp;<\/p>\n<p>Puede visitar el archivo de revistas digitales en: <a href=\"https:\/\/revistas.upr.edu\/index.php\/cidedigital\/issue\/archive\" target=\"_blank\" rel=\"noopener noreferrer\">https:\/\/revistas.upr.edu\/index.php\/cidedigital\/issue\/archive<\/a>[\/vc_column_text][\/vc_tta_section][vc_tta_section title=&#8221;Revista en Papel&#8221; tab_id=&#8221;1602016836376-fd259548-fbf4&#8243;][vc_column_text]<\/p>\n<figure class=\"wp-block-image\"><img decoding=\"async\" class=\"aligncenter\" src=\"https:\/\/rcm1.rcm.upr.edu\/demografia\/wp-content\/uploads\/sites\/30\/2020\/03\/cide-papel.jpg\" alt=\"\" \/><\/figure>\n<p><strong>CIDE Vol. 4 N\u00fam. 2, marzo, 2002\u00a0<\/strong><a href=\"\/wp-content\/uploads\/sites\/35\/2020\/04\/2002-CIDE-Vol-4-Num-2-Sept-Inmigrantes-en-Puerto-Rico-y-su-distribucion-geografico-1990.pdf\">[completo]<\/a><\/p>\n<ul>\n<li>Morales Del Valle, Zoraida, Col\u00f3n Octaviani, Marcos &amp; Le\u00f3n L\u00f3pez, Luz E. 2002.\u00a0<a href=\"https:\/\/rcm1.rcm.upr.edu\/demografia\/wp-content\/uploads\/sites\/30\/2020\/04\/2002-CIDE-Vol-4-Num-2_1-Sept-Inmigrantes-en-Puerto-Rico-distribucion-municipio-1990-Morales-Del-Valle-Zoraida-Leon-Lopez-Luz.pdf\">&#8220;Inmigrantes en Puerto Rico y su distribuci\u00f3n por municipio&#8221;<\/a>. CIDE. Vol. 4 N\u00fam. 2, marzo:1-20.<\/li>\n<li>B\u00e1ez Feliciano, Doris V. 2002.\u00a0<a href=\"https:\/\/rcm1.rcm.upr.edu\/demografia\/wp-content\/uploads\/sites\/30\/2020\/04\/2002-CIDE-Vol-4-Num-2_2-Sept-Distribucion-geografica-y-sociodemografica-residentes-no-nativa-San-Juan-1990-Baez-Doris.pdf\">&#8220;Distribuci\u00f3n geogr\u00e1fica y caracter\u00edstica sociodemogr\u00e1ficas de la poblaci\u00f3n No nativa residiendo en San Juan, Puerto Rico&#8221;<\/a>. CIDE. Vol. 4 N\u00fam. 2, marzo:21-37.<\/li>\n<li>P\u00e9rez S\u00e1nchez, Ver\u00f3nica. 2002.\u00a0<a href=\"https:\/\/rcm1.rcm.upr.edu\/demografia\/wp-content\/uploads\/sites\/30\/2020\/04\/2002-CIDE-Vol-4-Num-2_3-Sept-Distribucion-y-caracteristicas-de-la-poblacion-no-nativa-Carolina-1990-Perez-Veronica.pdf\">&#8220;Distribuci\u00f3n y caracter\u00edsticas de la poblaci\u00f3n No nativa en el municipio de Carolina, Puerto Rico: 1990&#8221;<\/a>. CIDE. Vol. 4 N\u00fam. 2, marzo:38-54.<\/li>\n<li>Zuleta D\u00e1valo, Mario R. &amp; Morales Del Valle, Zoraida. 2002.\u00a0<a href=\"https:\/\/rcm1.rcm.upr.edu\/demografia\/wp-content\/uploads\/sites\/30\/2020\/04\/2002-CIDE-Vol-4-Num-2_4-Sept-Inmigracion-en-Carolina-Analisis-por-sector-censal-1990-Zuleta-Mario-Morales-Del-Valle-Zoraida.pdf\">&#8220;Inmigraci\u00f3n en Carolina: An\u00e1lisis por sector censal, 1990&#8221;<\/a>. CIDE. Vol. 4 N\u00fam. 2, marzo:55-63.<\/li>\n<\/ul>\n<p>&nbsp;<\/p>\n<p><strong>CIDE Vol. 5 N\u00fam. 1, septiembre, 2001\u00a0<\/strong><a href=\"https:\/\/rcm1.rcm.upr.edu\/demografia\/wp-content\/uploads\/sites\/30\/2020\/04\/2001-CIDE-Vol-5-Num1-Sept-Adolescente-en-Puerto-Rico-mortalidad-y-natalidad.pdf\">[completo]<\/a><\/p>\n<ul>\n<li>Morales Del Valle, Zoraida. 2001.\u00a0<a href=\"https:\/\/rcm1.rcm.upr.edu\/demografia\/wp-content\/uploads\/sites\/30\/2020\/04\/2001-CIDE-Vol-5-Num1_1-Sept-Poblacion-adolescente-de-Puerto-Rico-sus-caracteristicas-sociodemograficas-Morales-Del-Valle-Zoraida.pdf\">&#8220;Poblaci\u00f3n adolescente en Puerto Rico: Sus caracter\u00edsticas sociodemogr\u00e1ficos y sus cambios&#8221;<\/a>. CIDE. Vol. 5 N\u00fam. 1, septiembre:1-23.<\/li>\n<li>Morales Del Valle, Zoraida. 2001.\u00a0<a href=\"https:\/\/rcm1.rcm.upr.edu\/demografia\/wp-content\/uploads\/sites\/30\/2020\/04\/2001-CIDE-Vol-5-Num1_2-Sept-Madres-Addolescentes-en-Puerto-Rico-Morales-Del-Valle-Zoraida.pdf\">&#8220;Madres adolescentes en Puerto Rico&#8221;<\/a>. CIDE. Vol. 5 N\u00fam. 1, septiembre:24-48.<\/li>\n<li>Morales Del Valle, Zoraida. 2001.\u00a0<a href=\"https:\/\/rcm1.rcm.upr.edu\/demografia\/wp-content\/uploads\/sites\/30\/2020\/04\/2001-CIDE-Vol-5-Num1_3-Sept-Mortalidad-en-los-adolescentes-Morales-Del-Valle-Zoraida.pdf\">&#8220;Mortalidad en los adolescentes&#8221;<\/a>. CIDE. Vol. 5 N\u00fam. 1, septiembre:49-57.<\/li>\n<\/ul>\n<p>&nbsp;<\/p>\n<p><strong>CIDE. Vol. 4 N\u00fam. 1, septiembre, 2000\u00a0<\/strong><a href=\"https:\/\/rcm1.rcm.upr.edu\/demografia\/wp-content\/uploads\/sites\/30\/2020\/04\/2000-CIDE-Vol-4-Num-1-Sept-Inmigracion-femenina-en-Puerto-Rico-1990.pdf\">[completo]<\/a><\/p>\n<ul>\n<li>Morales Del Valle, Zoraida. 2000.\u00a0<a href=\"https:\/\/rcm1.rcm.upr.edu\/demografia\/wp-content\/uploads\/sites\/30\/2020\/04\/2000-CIDE-Vol-4-Num-1_1-Sept-Salud-de-las-inmigrantes-femeninas-residente-Puerto-Rico-1990-94-Morales-Del-Valle-Zoraida.pdf\">&#8220;Situaci\u00f3n de la salud de la poblaci\u00f3n inmigrantes femeninas residentes en Puerto Rico: 1990-1994&#8221;<\/a>. CIDE. Vol. 4 N\u00fam. 1, septiembre:1-15.<\/li>\n<li>Vega Rosado, Silma &amp; Rivera Alvarado, Aurea. 2000.\u00a0<a href=\"https:\/\/rcm1.rcm.upr.edu\/demografia\/wp-content\/uploads\/sites\/30\/2020\/04\/2000-CIDE-Vol-4-Num-1_2-Sept-Fecundidad-de-la-mujer-inmigrante-y-sus-factores-Puerto-Rico-1990-Vega-S-y-Riveras-Y.pdf\">&#8220;La fecundidad de la mujer inmigrante y sus factores asociados en Puerto Rico: 1990&#8221;<\/a>. CIDE. Vol. 4 N\u00fam. 1, septiembre:16-32.<\/li>\n<li>Ram\u00edrez Garc\u00eda, Roberto. 2000.\u00a0<a href=\"https:\/\/rcm1.rcm.upr.edu\/demografia\/wp-content\/uploads\/sites\/30\/2020\/04\/2000-CIDE-Vol-4-Num-1_3-Sept-Politicas-de-salud-en-Puerto-Rico-y-la-mujer-inmigrante-Ramirez-Garcia-Roberto.pdf\">&#8220;Pol\u00edticas de salud en Puerto Rico y sus implicaciones para la mujer inmigrante y el estado de salud de la Isla&#8221;<\/a>. CIDE. Vol. 4 N\u00fam. 1, septiembre: 33-43.<\/li>\n<\/ul>\n<p>&nbsp;<\/p>\n<p><strong>CIDE. Vol. 3 N\u00fam. 2, septiembre, 1998\u00a0<\/strong><\/p>\n<ul>\n<li>Rodr\u00edguez Figueroa, Judith. 1998.\u00a0<a href=\"https:\/\/rcm1.rcm.upr.edu\/demografia\/wp-content\/uploads\/sites\/30\/2020\/04\/1998-CIDE-Vol-3-Num-2-Sept-Caracteristica-demograficas-y-vivienda-pob-65-aos-o-mas-por-municipios-1990-Rodriguez-Judith.pdf\">&#8220;Caracter\u00edsticas de la poblaci\u00f3n y estado de la vivienda de personas de 65 a\u00f1os o m\u00e1s de edad: An\u00e1lisis por municipio, Puerto Rico: 1990&#8221;<\/a>. CIDE. \u00a0Vol. 3 N\u00fam. 2, septiembre: pp.111.<\/li>\n<\/ul>\n<p>&nbsp;<\/p>\n<p><strong>CIDE. Vol. 3 N\u00fam. 1, septiembre, 1998\u00a0<\/strong><a href=\"https:\/\/rcm1.rcm.upr.edu\/demografia\/wp-content\/uploads\/sites\/30\/2020\/04\/1998-CIDE-Vol-3-Num-1-Sept-La-familia-de-Puerto-Rico-Cuba-y-Republica-Dominicana.pdf\">[completo]<\/a><\/p>\n<ul>\n<li>Irizarry Castro, Alma. 1998.\u00a0<a href=\"https:\/\/rcm1.rcm.upr.edu\/demografia\/wp-content\/uploads\/sites\/30\/2020\/04\/1998-CIDE-Vol-3-Num-1_1-Sept-Estructuras-familiares-sociedad-pluralidad-y-desventaja-social-Irizarry-Castro-Alma.pdf\">&#8220;Estructura familiares, sociedad, pluralidad y desventaja social&#8221;<\/a>. CIDE. Vol. 3 N\u00fam. 1, septiembre:1-12.<\/li>\n<li>Chavez Negr\u00edn, Ernesto.1998.\u00a0<a href=\"https:\/\/rcm1.rcm.upr.edu\/demografia\/wp-content\/uploads\/sites\/30\/2020\/04\/1998-CIDE-Vol-3-Num-1_2-Sept-Transformacion-demografica-cambios-en-la-familia-Cuba-Chavez-Ernesto.pdf\">&#8220;Transformaci\u00f3n demogr\u00e1fica, cambios en la familia y niveles de salud en Cuba&#8221;<\/a>. CIDE. Vol. 3 N\u00fam. 1, septiembre:13-30.<\/li>\n<li>Luciano Dorville, Carmen. 1998.\u00a0<a href=\"https:\/\/rcm1.rcm.upr.edu\/demografia\/wp-content\/uploads\/sites\/30\/2020\/04\/1998-CIDE-Vol-3-Num-1_3-Sept-Cambios-estructurales-en-la-familia-dominicana-Luciano-Carmen.pdf\">&#8220;Cambios estructurales en la familia Dominicana&#8221;<\/a>. CIDE. Vol. 3 N\u00fam. 1, septiembre:31-43.<\/li>\n<li>Morales Del Valle, Zoraida. 1998.\u00a0<a href=\"https:\/\/rcm1.rcm.upr.edu\/demografia\/wp-content\/uploads\/sites\/30\/2020\/04\/1998-CIDE-Vol-3-Num-1_4-Sept-Cambios-estructura-familiar-de-Puerto-Rico-Morales-Del-Valle-Zoraida.pdf\">&#8220;Cambios en la estructura familiar de Puerto Rico, sus determinantes y sus diferencias&#8221;<\/a>. CIDE. Vol. 3 N\u00fam. 1, septiembre:44-59.<\/li>\n<li>Lebr\u00f3n de Avil\u00e9s, Carmen. 1998.\u00a0<a href=\"https:\/\/rcm1.rcm.upr.edu\/demografia\/wp-content\/uploads\/sites\/30\/2020\/04\/1998-CIDE-Vol-3-Num-1_5-Estrategias-de-intervencion-en-la-planificacion-promocion-salud-Lebron-De-Avilez-C.pdf\">&#8220;Estrategias de intervenci\u00f3n en la planificaci\u00f3n de programas de promoci\u00f3n de la salud&#8221;<\/a>. CIDE. Vol. 3 N\u00fam. 1, septiembre:60-67.<\/li>\n<\/ul>\n<p>&nbsp;<\/p>\n<p><strong>CIDE. Vol. 2 N\u00fam. 2, septiembre, 1998\u00a0<\/strong><a href=\"https:\/\/rcm1.rcm.upr.edu\/demografia\/wp-content\/uploads\/sites\/30\/2020\/04\/1998-CIDE-Vol-2-Num2-Sept-Poblacion-y-ambiente-en-Puerto-Rico.pdf\">[compl<\/a><a href=\"https:\/\/rcm1.rcm.upr.edu\/demografia\/wp-content\/uploads\/sites\/30\/2020\/04\/1998-CIDE-Vol-2-Num2-Sept-Poblacion-y-ambiente-en-Puerto-Rico.pdf\">e<\/a><a href=\"https:\/\/rcm1.rcm.upr.edu\/demografia\/wp-content\/uploads\/sites\/30\/2020\/04\/1998-CIDE-Vol-2-Num2-Sept-Poblacion-y-ambiente-en-Puerto-Rico.pdf\">to]<\/a><\/p>\n<ul>\n<li>Le\u00f3n L\u00f3pez, Luz E. 1998.\u00a0<a href=\"https:\/\/rcm1.rcm.upr.edu\/demografia\/wp-content\/uploads\/sites\/30\/2020\/04\/1998-CIDE-Vol-2-Num2_1-Sept-Crecimiento-y-distribucion-de-la-poblacion-de-Puesto-Rico-Leon-Lopez-Luz.pdf\">&#8220;Crecimiento y distribuci\u00f3n de la poblaci\u00f3n de Puerto Rico durante el presente siglo&#8221;<\/a>. CIDE. Vol. 2 N\u00fam. 2, septiembre:1-16.<\/li>\n<li>Aponte Ortiz, F\u00e9lix. 1998.\u00a0<a href=\"https:\/\/rcm1.rcm.upr.edu\/demografia\/wp-content\/uploads\/sites\/30\/2020\/04\/1998-CIDE-Vol-2-Num2_2-Sept-Impacto-de-la-poblacion-sobre-los-sistemas-y-recursos-naturales-Apontes-Ortiz-Feliz.pdf\">&#8220;Impacto de la poblaci\u00f3n sobre los sistemas y recursos naturales&#8221;<\/a>. CIDE. Vol. 2 N\u00fam. 2, septiembre:17-25.<\/li>\n<li>Gonz\u00e1lez, Edgardo. 1998.\u00a0<a href=\"https:\/\/rcm1.rcm.upr.edu\/demografia\/wp-content\/uploads\/sites\/30\/2020\/04\/1998-CIDE-Vol-2-Num2_3-Sept-Proyectos-de-construccion-y-reconstruccion-de-carreteras-Gonzalez-Edgardo.pdf\">&#8220;Proyecto de construcci\u00f3n y reconstrucci\u00f3n de carreteras: Efectos sobre nuestro ambiente y los bosques estatales&#8221;<\/a>. CIDE. Vol. 2 N\u00fam. 2, septiembre:26-38.<\/li>\n<li>Cabrera Trimi\u00f1o, Gilberto J. &amp; Morales Del Valle, Zoraida. 1998.\u00a0<a href=\"https:\/\/rcm1.rcm.upr.edu\/demografia\/wp-content\/uploads\/sites\/30\/2020\/04\/1998-CIDE-Vol-2-Num2_4-Sept-Consideraciones-teoricas-pob-y-ambiente-Cabrera-G-Morales-Del-Valle-Zoraida.pdf\">&#8220;Consideraciones te\u00f3ricas sobre la interrelaci\u00f3n poblaci\u00f3n y ambiente&#8221;<\/a>. CIDE. Vol. 2 N\u00fam. 2, septiembre:39-57.<\/li>\n<\/ul>\n<p>&nbsp;<\/p>\n<p><strong>CIDE. Vol. 2 N\u00fam. 1, diciembre, 1996\u00a0<\/strong><a href=\"https:\/\/rcm1.rcm.upr.edu\/demografia\/wp-content\/uploads\/sites\/30\/2020\/04\/1996-CIDE-Vol-2-Num-1-Dic-Inmigracion-en-Puerto-Rico-1990.pdf\">[completo]<\/a><\/p>\n<ul>\n<li>Morales Del Valle, Zoraida. 1996.\u00a0<a href=\"https:\/\/rcm1.rcm.upr.edu\/demografia\/wp-content\/uploads\/sites\/30\/2020\/04\/1996-CIDE-Vol-2-Num-1_1-Dic-Inmigrantes-residiendo-en-Puerto-Rico-1990-Morales-Del-Valle-Zoraida.pdf\">&#8220;Los inmigrantes residiendo en Puerto Rico: Su perfil socioecon\u00f3mico en el 1990&#8221;<\/a>. CIDE. Vol. 2 N\u00fam. 1, diciembre:1-33.<\/li>\n<li>Rodr\u00edguez Mor\u00e1n, Juan. 1996.\u00a0<a href=\"https:\/\/rcm1.rcm.upr.edu\/demografia\/wp-content\/uploads\/sites\/30\/2020\/04\/1996-CIDE-Vol-2-Num-1_2-Dic-Caracteristicas-inmigrante-en-Puerto-Rico-1985-90-Rodriguez-Moran-J.pdf\">&#8220;Caracter\u00edsticas sociales, econ\u00f3micas y demogr\u00e1ficas por grupo inmigrante a Puerto Rico para el per\u00edodo 1985-1990&#8221;<\/a>. CIDE. Vol. 2 N\u00fam. 1, diciembre:34-53.<\/li>\n<li>Morales Del Valle, Zoraida. 1996.\u00a0<a href=\"https:\/\/rcm1.rcm.upr.edu\/demografia\/wp-content\/uploads\/sites\/30\/2020\/04\/1996-CIDE-Vol-2-Num-1_3-Dic-Inmigrantes-y-vivienda-rn-Puerto-Rico-1990-Morales-Del-Valle-Zoraida.pdf\">&#8220;Inmigrantes y vivienda: Paradigma del 1990 en Puerto Rico&#8221;<\/a>. CIDE. Vol. 2 N\u00fam. 1, diciembre:54-73.<\/li>\n<li>Alonso Palacio, Luz M. 1996.\u00a0<a href=\"https:\/\/rcm1.rcm.upr.edu\/demografia\/wp-content\/uploads\/sites\/30\/2020\/04\/1996-CIDE-Vol-2-Num-1_4-Dic-Salud-madres-y-nacimientos-grupo-etnicos-Puerto-Rico-Alfonso-Palacio-L.pdf\">&#8220;Condiciones de salud de las madres y de los nacimientos por grupos \u00e9tnicos en Puerto Rico&#8221;<\/a>. CIDE. Vol. 2 N\u00fam. 1, diciembre:74-93.<\/li>\n<\/ul>\n<p>&nbsp;<\/p>\n<p><strong>CIDE. Vol. 1 N\u00fam. 1, noviembre, 1995\u00a0<\/strong><a href=\"https:\/\/rcm1.rcm.upr.edu\/demografia\/wp-content\/uploads\/sites\/30\/2020\/04\/1995-CIDE-Vol-1-Num-1-Nov.pdf\">[completo]<\/a><\/p>\n<ul>\n<li>V\u00e1zquez Calzada, Jos\u00e9 L. 1995.\u00a0<a href=\"https:\/\/rcm1.rcm.upr.edu\/demografia\/wp-content\/uploads\/sites\/30\/2020\/04\/1995-CIDE-Vol-1-Num-1_1-Nov-Transformacion-hogar-puertorriqueo_1940-1990-Vazquez-Calzada-Jose.pdf\">&#8220;La transformaci\u00f3n del hogar Puertorrique\u00f1o: 1940-90&#8221;<\/a>. CIDE. Vol. 1 N\u00fam. 1, noviembre:1-22.<\/li>\n<li>V\u00e9lez Galv\u00e1n, Miriam L. 1995.\u00a0<a href=\"https:\/\/rcm1.rcm.upr.edu\/demografia\/wp-content\/uploads\/sites\/30\/2020\/04\/1995-CIDE-Vol-1-Num-1_2-Nov-Caracteristicas-demograficas-poblacion-bajo-nivel-pobreza-Velez-Galvan-M.pdf\">&#8220;Caracter\u00edsticas demogr\u00e1ficas y socioecon\u00f3micas de la poblaci\u00f3n bajo nivel de pobreza, Puerto Rico: 1990&#8221;<\/a>. CIDE. Vol. 1 N\u00fam. 1, noviembre:23-31.<\/li>\n<li>V\u00e9lez Crespo, Michael. 1995.\u00a0<a href=\"https:\/\/rcm1.rcm.upr.edu\/demografia\/wp-content\/uploads\/sites\/30\/2020\/04\/1995-CIDE-Vol-1-Num-1_3-Nov-Tablas-de-vida-escolar-Puerto-Rico-1969-71-y-1979-81-Velez-Crespo-Michael.pdf\">&#8220;Tablas de vida escolar: Puerto Rico \u2013 1969-71 y 1979-81&#8221;<\/a>. CIDE. Vol. 1 N\u00fam. 1, noviembre:33-54.<\/li>\n<li>Robles, William. 1995.\u00a0<a href=\"https:\/\/rcm1.rcm.upr.edu\/demografia\/wp-content\/uploads\/sites\/30\/2020\/04\/1995-CIDE-Vol-1-Num-1_4-Nov-Centro-de-Datos-Censales-Robles-Lilliam.pdf\">&#8220;El Centro de Datos Censales&#8221;<\/a>. CIDE. Vol. 1 N\u00fam. 1, noviembre: 55-56.<\/li>\n<\/ul>\n<p>&nbsp;<\/p>\n<p><strong>CIDE. N\u00fam. XVII, diciembre, 1993\u00a0<\/strong><a href=\"https:\/\/rcm1.rcm.upr.edu\/demografia\/wp-content\/uploads\/sites\/30\/2020\/04\/1993-CIDE-Num-XVII-Dic-Numero-especial-sobre-salud-publica.pdf\">[completo]<\/a><\/p>\n<ul>\n<li>V\u00e1zquez Calzada, Jos\u00e9 L. 1993.\u00a0<a href=\"https:\/\/rcm1.rcm.upr.edu\/demografia\/wp-content\/uploads\/sites\/30\/2020\/04\/1993-CIDE-Num-XVII-1-Dic-Madres-que-procrean-fuera-del-matrimonio-legal-Puerto-Rico-Vazquez-Calzada-Jose.pdf\">&#8220;Las madres que procrean fuera de un matrimonio legal en Puerto Rico&#8221;<\/a>. CIDE. N\u00fam. XVII, diciembre:pp. 15.<\/li>\n<li>V\u00e1zquez Calzada, Jos\u00e9 L. 1993.\u00a0<a href=\"https:\/\/rcm1.rcm.upr.edu\/demografia\/wp-content\/uploads\/sites\/30\/2020\/04\/1993-CIDE-Num-XVII-2-Dic-La-decadencia-del-matrimonio-legal-en-Puerto-Rico-Vazquez-Calzada-Jose.pdf\">&#8220;La decadencia del matrimonio legal en Puerto Rico y sus caracter\u00edsticas&#8221;<\/a>. CIDE. N\u00fam. XVII, diciembre:pp.22.<\/li>\n<li>V\u00e1zquez Calzada, Jos\u00e9 L. 1993.\u00a0<a href=\"https:\/\/rcm1.rcm.upr.edu\/demografia\/wp-content\/uploads\/sites\/30\/2020\/04\/1993-CIDE-Num-XVII-3-Dic-Enigma-de-los-partos-por-cesareas-en-Puerto-Rico-Vazquez-Calzada-Jose.pdf\">&#8220;El enigma de los partos por ces\u00e1rea en Puerto Rico&#8221;<\/a>. CIDE. N\u00fam. XVII, diciembre:pp.19.<\/li>\n<li>V\u00e1zquez Calzada, Jos\u00e9 L. 1993.\u00a0<a href=\"https:\/\/rcm1.rcm.upr.edu\/demografia\/wp-content\/uploads\/sites\/30\/2020\/04\/1993-CIDE-Num-XVII-4-Dic-Adequacy-of-prenatal-care-in-Puerto-Rico-Vazquez-Calzada-Jose.pdf\">&#8220;The adequacy of prenatal care in Puerto Rico and its association with the newborn physical conditions&#8221;<\/a>. CIDE. N\u00fam. XVII, diciembre:pp. 23.<\/li>\n<\/ul>\n<p>&nbsp;<\/p>\n<p><strong>CIDE. N\u00fam. XVI, 1991<\/strong><\/p>\n<ul>\n<li>V\u00e1zquez Calzada, Jos\u00e9 L. (1991).\u00a0<a href=\"https:\/\/rcm1.rcm.upr.edu\/demografia\/wp-content\/uploads\/sites\/30\/2020\/04\/1991-CIDE-Num-XVI-Las-incognitas-de-los-partos-por-cesarea-en-Puerto-Rico-Vaquez-Calzada-Jose.pdf\">&#8220;Las inc\u00f3gnitas de los partos por ces\u00e1reas en Puerto Rico&#8221;<\/a>. CIDE. N\u00fam. XVI, (mes):pp.15.<\/li>\n<\/ul>\n<p>&nbsp;<\/p>\n<p><strong>CIDE. N\u00fam. XV, noviembre,1991<\/strong><\/p>\n<ul>\n<li>V\u00e1zquez Calzada, Jos\u00e9 L. 1991.\u00a0<a href=\"https:\/\/rcm1.rcm.upr.edu\/demografia\/wp-content\/uploads\/sites\/30\/2020\/04\/1991-CIDE-Num-XV-Nov-Matrimonio-de-Puerto-Rico-tendencias-y-caracteristicas-Vazquez-Calzada-Jose.pdf\">&#8220;El matrimonio en Puerto Rico: Tendencias y caracter\u00edsticas&#8221;<\/a>. CIDE. N\u00fam. XV, noviembre:pp.33.<\/li>\n<\/ul>\n<p>&nbsp;<\/p>\n<p><strong>CIDE. N\u00fam. XV, febrero,1991<\/strong><\/p>\n<ul>\n<li>V\u00e1zquez Calzada, Jos\u00e9 L. 1991.\u00a0<a href=\"https:\/\/rcm1.rcm.upr.edu\/demografia\/wp-content\/uploads\/sites\/30\/2020\/04\/1991-CIDE-Num-XV-Feb-Estimaciones-de-la-poblacion-de-Puerto-Rico-1980-1988-Vazquez-Calzada-Jose.pdf\">&#8220;Estimaciones de la poblaci\u00f3n de Puerto Rico por sexo y grupos de edad: 1980-1988&#8221;<\/a>. CIDE. N\u00fam. XV, febrero:pp.7.<\/li>\n<\/ul>\n<p>&nbsp;<\/p>\n<p><strong>CIDE. N\u00fam. XIV, agosto, 1990\u00a0<\/strong><a href=\"https:\/\/rcm1.rcm.upr.edu\/demografia\/wp-content\/uploads\/sites\/30\/2020\/04\/1990-CIDE-Num-XIV-Ago-Numero-especial-adolescenctes-en-Puerto-Rico.pdf\">[completo]<\/a><\/p>\n<ul>\n<li>Carnivali [Rodr\u00edguez], Judith. 1990.\u00a0<a href=\"https:\/\/rcm1.rcm.upr.edu\/demografia\/wp-content\/uploads\/sites\/30\/2020\/04\/1990-CIDE-Num-XIV-1-Ago-Analisis-de-las-causas-de-muertes-adolescentes-en-Puerto-Rico-1988-Rodriguez-Judith.pdf\">&#8220;An\u00e1lisis de las causas de muertes de los adolescentes en Puerto Rico:1988&#8221;<\/a>. CIDE. N\u00fam. XIV, agosto:1-13.<\/li>\n<li>V\u00e1zquez Calzada, Jos\u00e9 L. 1990.\u00a0<a href=\"https:\/\/rcm1.rcm.upr.edu\/demografia\/wp-content\/uploads\/sites\/30\/2020\/04\/1990-CIDE-Num-XIV-2-Ago-Madres-adolescentes-en-Puerto-Rico-y-su-impacto-en-la-salud-Vazquez-Calzada-Jose.pdf\">&#8220;Las madres adolescentes en Puerto Rico y su impacto en el campo de la salud&#8221;<\/a>. CIDE. N\u00fam. XIV, agosto:14-24.<\/li>\n<li>Morales Del Valle, Zoraida. 1990.\u00a0<a href=\"https:\/\/rcm1.rcm.upr.edu\/demografia\/wp-content\/uploads\/sites\/30\/2020\/04\/1990-CIDE-Num-XIV-3-Ago-Factores-relacionado-salud-adolescente-Puerto-Rico-Morales-Del-Valle-Zoraida.pdf\">&#8220;Factores precedentes del comportamiento relacionado a la salud entre los adolescentes&#8221;<\/a>. CIDE. N\u00fam. XIV, agosto:25-45.<\/li>\n<\/ul>\n<p>&nbsp;<\/p>\n<p><strong>CIDE. N\u00fam. XIII, agosto, 1990. N\u00famero especial dedicado al censo de Puerto Rico\u00a0<\/strong><a href=\"https:\/\/rcm1.rcm.upr.edu\/demografia\/wp-content\/uploads\/sites\/30\/2020\/04\/1990-CIDE-Num-XIII-Ago-Numero-especial-dedicado-al-censo-de-poblacion-de-Puerto-Rico.pdf\">[completo]<\/a><\/p>\n<ul>\n<li>V\u00e1zquez Calzada, Jos\u00e9 L. (1990).\u00a0<a href=\"https:\/\/rcm1.rcm.upr.edu\/demografia\/wp-content\/uploads\/sites\/30\/2020\/04\/1990-CIDE-Num-XIII-1-Ago-Historia-de-los-censos-Vazquez-Calzada-Jose.pdf\">&#8220;La historia de los censos en Puerto Rico&#8221;<\/a>. CIDE. N\u00fam. XIII, agosto:1-9.<\/li>\n<li>Morales Del Valle, Zoraida &amp; Mattei Torres, Hernando (1990).\u00a0<a href=\"https:\/\/rcm1.rcm.upr.edu\/demografia\/wp-content\/uploads\/sites\/30\/2020\/04\/1990-CIDE-Num-XIII-2-Ago-Los-datos-censales-a-la-investigacion-en-Puerto-Rico-Morales-Del-Valle-Zoraida-Mattei-Hernando.pdf\">&#8220;La aportaci\u00f3n de los datos censales a la investigaci\u00f3n demogr\u00e1fica en Puerto Rico&#8221;<\/a>. CIDE. N\u00fam. XIII, agosto:10-21.<\/li>\n<li>D\u00e1vila, Ana L. (1990).\u00a0<a href=\"https:\/\/rcm1.rcm.upr.edu\/demografia\/wp-content\/uploads\/sites\/30\/2020\/04\/1990-CIDE-Num-XIII-3-Ago-Mas-alla-de-las-publicaciones-del-censo-Davila-Roman-Ana-L.pdf\">&#8220;M\u00e1s all\u00e1 de las publicaciones del censo<\/a>&#8220;. CIDE. N\u00fam. XIII, agosto:22-30.<\/li>\n<\/ul>\n<p>&nbsp;<\/p>\n<p><strong>CIDE. N\u00fam. XII, agosto, 1990<\/strong><\/p>\n<ul>\n<li>V\u00e1zquez Calzada, Jos\u00e9 L. 1990.\u00a0<a href=\"https:\/\/rcm1.rcm.upr.edu\/demografia\/wp-content\/uploads\/sites\/30\/2020\/04\/1990-CIDE-Num-XII-Ago-la-ociosidad_el-gran-problema-de-la-sociedad-puertorriquena-Vazquez-Calzada-Jose.pdf\">&#8220;La ociosidad: El gran problema de la sociedad puertorrique\u00f1a&#8221;<\/a>. CIDE. N\u00fam. XII, agosto:pp.31.<\/li>\n<\/ul>\n<p>&nbsp;<\/p>\n<p><strong>CIDE. N\u00fam. XI, mayo, 1986<\/strong><\/p>\n<ul>\n<li>Morales Del Valle, Zoraida. 1986.\u00a0<a href=\"https:\/\/rcm1.rcm.upr.edu\/demografia\/wp-content\/uploads\/sites\/30\/2020\/04\/1986-CIDE-Num-XI-Mayo-Las-cesareas-en-Puerto-Rico-reductor-de-la-mortalidad-infantil-Morales-Del-Valle-Zoraida.pdf\">&#8220;Las ces\u00e1reas en Puerto Rico, \u00bfReductor de la mortalidad infantil?&#8221;<\/a>. CIDE. N\u00fam. XI, mayo:pp.18.<\/li>\n<\/ul>\n<p>&nbsp;<\/p>\n<p><strong>CIDE. N\u00fam. IX-A, junio, 1986<\/strong><\/p>\n<ul>\n<li>Facultad Programa Graduado de Demograf\u00eda. 1986.\u00a0<a href=\"https:\/\/rcm1.rcm.upr.edu\/demografia\/wp-content\/uploads\/sites\/30\/2020\/04\/1986-CIDE-Num-IX-A-Junio-Serie-historicos-de-datos-demograficos-Puerto-Rico-Facultad-demografia.pdf\">&#8220;Serie hist\u00f3rica de datos demogr\u00e1ficos de Puerto Rico: Poblaci\u00f3n por \u00e1reas geogr\u00e1ficas y censales&#8221;<\/a>. CIDE. N\u00fam. IX-A, junio:pp.16.<\/li>\n<\/ul>\n<p>&nbsp;<\/p>\n<p><strong>CIDE. N\u00fam (desconocido), 22 de noviembre, 1985<\/strong><\/p>\n<ul>\n<li>V\u00e1zquez Calzada, Jos\u00e9 L., Parrilla Boria, Iris &amp; Le\u00f3n L\u00f3pez, Luz E. 1985.\u00a0<a href=\"https:\/\/rcm1.rcm.upr.edu\/demografia\/wp-content\/uploads\/sites\/30\/2020\/04\/1985-22-Nov-aumento-de-los-partos-por-cesarea-en-Puerto-Rico-Vazquez-Calzada-Jose-Leon-Lopez-Luz-Parrilla-Iris.pdf\">&#8220;El extraordinario aumento en los partos por ces\u00e1rea en Puerto Rico y su impacto sobre la esterilizaci\u00f3n femenina y la fecundidad&#8221;<\/a>. CIDE. 22 de noviembre:pp.15.<\/li>\n<\/ul>\n<p>&nbsp;<\/p>\n<p><strong>CIDE. N\u00fam. VII, noviembre, 1985<\/strong><\/p>\n<ul>\n<li>Carnivali [Rodr\u00edguez], Judith &amp; V\u00e1zquez Calzada, Jos\u00e9 L. 1985.\u00a0<a href=\"https:\/\/rcm1.rcm.upr.edu\/demografia\/wp-content\/uploads\/sites\/30\/2020\/04\/1985-CIDE-Num-VII-Nov-Perfil-poblacion-edad-avanzada-Puerto-Rico-Rodriguez-Judith-Vazquez-Calzada-Jose.pdf\">&#8220;Perfil sociodemogr\u00e1fico de la poblaci\u00f3n de edad avanzada de Puerto Rico&#8221;<\/a>. CIDE. N\u00fam. VII, noviembre:pp.46.<\/li>\n<\/ul>\n<p>&nbsp;<\/p>\n<p><strong>CIDE. N\u00fam. VI, abril, 1985<\/strong><\/p>\n<ul>\n<li>V\u00e1zquez Calzada, Jos\u00e9 L., Carnivali [Rodr\u00edguez], Judith &amp; Morales Del Valle, Zoraida. 1985.\u00a0<a href=\"https:\/\/rcm1.rcm.upr.edu\/demografia\/wp-content\/uploads\/sites\/30\/2020\/04\/1985-CIDE-Num-VI-Abril-El-divorcio-en-Puerto-Rico-Vazquez-Calzada-Jose-Rodriguez-Judith-Morales-Del-Valle-Zoraida.pdf\">&#8220;El divorcio en Puerto Rico: Su distribuci\u00f3n y caracter\u00edsticas&#8221;<\/a>. CIDE. N\u00fam. VI, abril:pp.28.<\/li>\n<\/ul>\n<p>&nbsp;<\/p>\n<p><strong>CIDE. N\u00fam. V, abril, 1985<\/strong><\/p>\n<ul>\n<li>Morales Del Valle, Zoraida &amp; Carnivali [Rodr\u00edguez], Judith. 1985.\u00a0<a href=\"https:\/\/rcm1.rcm.upr.edu\/demografia\/wp-content\/uploads\/sites\/30\/2020\/04\/1985-CIDE-num-V-Abril-mortalidad-de-Puerto-Rico_tabla-de-vida-1965-80-Morales-Del-Valle-Zoraida-Rodriguez-Judith.pdf\">&#8220;Cambio en la mortalidad de Puerto Rico mediante el an\u00e1lisis de las tablas de vida: 1765- 1980&#8221;<\/a>. CIDE. N\u00fam. V, abril:pp.59.<\/li>\n<\/ul>\n<p>&nbsp;<\/p>\n<p><strong>CIDE. N\u00fam. IV, diciembre, 1982<\/strong><\/p>\n<ul>\n<li>V\u00e1zquez Calzada, Jos\u00e9 L. &amp; Carnivali [Rodr\u00edguez], Judith . 1982.\u00a0<a href=\"https:\/\/rcm1.rcm.upr.edu\/demografia\/wp-content\/uploads\/sites\/30\/2020\/04\/1982-CIDE-Num-IV-Dic-Caracteristicas-demograficas-edad-avanzada-Puerto-Rico-Vazquez-Calzada-Jose-Rodriguez-Judith.pdf\">&#8220;Caracter\u00edsticas demogr\u00e1ficas y socioecon\u00f3micas de la poblaci\u00f3n de edad avanzada de Puerto Rico&#8221;<\/a>. CIDE. N\u00fam. IV, diciembre:pp.29.<\/li>\n<\/ul>\n<p>&nbsp;<\/p>\n<p><strong>CIDE. N\u00fam. III, agosto, 1982<\/strong><\/p>\n<ul>\n<li>Morales Del Valle, Zoraida &amp; \u00a0Crespo Kebler, Elizabeth. 1982.\u00a0<a href=\"https:\/\/rcm1.rcm.upr.edu\/demografia\/wp-content\/uploads\/sites\/30\/2020\/04\/1982-CIDE-Num-III-Limites-etarios-de-la-reproduccion_menarquia-y-menopausia-Morales-Del-Valle-Zoraida-Crespo-E.pdf\">&#8220;L\u00edmites et\u00e9reos del per\u00edodo reproductivo: menarquia y menopausia&#8221;<\/a>. CIDE. N\u00fam. III, agosto:pp.28.<\/li>\n<\/ul>\n<p>&nbsp;<\/p>\n<p><strong>CIDE. N\u00fam. II, abril, 1982<\/strong><\/p>\n<ul>\n<li>V\u00e1zquez Calzada, Jos\u00e9 L. &amp; Carnivali, Judith . 1982.\u00a0<a href=\"https:\/\/rcm1.rcm.upr.edu\/demografia\/wp-content\/uploads\/sites\/30\/2020\/04\/1982-CIDE-Num-II-Abril-Uso-de-los-metodos-anticonceptivos-en-Puerto-Rico-Vazquez-Calzada-Jose-Rodriguez-Judith.pdf\">&#8220;El uso de m\u00e9todos anticonceptivos en Puerto Rico: Tendencias recientes&#8221;<\/a>. CIDE. N\u00fam. II, abril:pp.15.<\/li>\n<\/ul>\n<p>&nbsp;<\/p>\n<p><strong>CIDE. N\u00fam. I, agosto, 1982<\/strong><\/p>\n<ul>\n<li>V\u00e1zquez Calzada, Jos\u00e9 L. 1982.\u00a0<a href=\"https:\/\/rcm1.rcm.upr.edu\/demografia\/wp-content\/uploads\/sites\/30\/2020\/04\/1982-CIDE-Num-I-Caracteristicas-de-los-recien-nacidos-en-Puerto-Rico-Vazquez-Calzada-Jose.pdf\">&#8220;Caracter\u00edsticas de los reci\u00e9n nacidos en Puerto Rico&#8221;<\/a>. CIDE. N\u00fam. I, agosto:pp.23.<\/li>\n<\/ul>\n<p>&nbsp;<\/p>\n<p><strong>CIDE. N\u00fam. (desconocido), octubre, 1980<\/strong><\/p>\n<ul>\n<li>V\u00e1zquez Calzada, Jos\u00e9 L., Morales Del Valle, Zoraida, Rivera Severo &amp; Otros. (1980).\u00a0<a href=\"https:\/\/rcm1.rcm.upr.edu\/demografia\/wp-content\/uploads\/sites\/30\/2020\/04\/1980-CIDE-oct-Cambios-en-la-pob-de-Puerto-Rico-1980-Vazquez-Calzada-Jose-Morales-Del-Valle-Zoraida-Rivera-Severo.pdf\">&#8220;Cambio en la poblaci\u00f3n de Puerto Rico seg\u00fan el censo del 1980&#8221;<\/a>. CIDE. N\u00fam. (desconocido), octubre:pp.16.<\/li>\n<\/ul>\n<p>[\/vc_column_text][\/vc_tta_section][\/vc_tta_tour][\/vc_column][\/vc_row]<\/p>\n<\/div>","protected":false},"excerpt":{"rendered":"<p>[vc_row][vc_column][vc_empty_space][\/vc_column][\/vc_row][vc_row][vc_column][vc_tta_tour][vc_tta_section title=&#8221;Revista Electr\u00f3nica&#8221; tab_id=&#8221;1602016836336-39a3e770-5afa&#8221;][vc_column_text] CIDE digital, Vol\u00famen 6 N\u00famero 1, Abril 2015 [completo] Portada\u00a0CIDE digital,\u00a06(1) \u00cdndice\u00a0CIDE digital,\u00a06(1). Editorial\u00a0CIDE digital,\u00a06(1): 1 Simposio sobre investigaci\u00f3n y producci\u00f3n de estad\u00edsticas en Puerto Rico Editorial especial\u00a0por\u00a0Torres-Mart\u00ednez, Lizandra.\u00a0CIDE digital,\u00a06(1): 2-6 Sinopsis sobre las mesas de trabajo Caraballo-Resto, Juan F.\u00a0Instancias desde donde se producen los datos estad\u00edsticos en Puerto Rico y&hellip;<\/p>\n","protected":false},"author":1,"featured_media":0,"parent":0,"menu_order":0,"comment_status":"closed","ping_status":"closed","template":"template-microsite.php","meta":{"footnotes":""},"class_list":["post-3118","page","type-page","status-publish","hentry","description-off"],"aioseo_notices":[],"_links":{"self":[{"href":"https:\/\/rcm1.rcm.upr.edu\/demografia\/wp-json\/wp\/v2\/pages\/3118","targetHints":{"allow":["GET"]}}],"collection":[{"href":"https:\/\/rcm1.rcm.upr.edu\/demografia\/wp-json\/wp\/v2\/pages"}],"about":[{"href":"https:\/\/rcm1.rcm.upr.edu\/demografia\/wp-json\/wp\/v2\/types\/page"}],"author":[{"embeddable":true,"href":"https:\/\/rcm1.rcm.upr.edu\/demografia\/wp-json\/wp\/v2\/users\/1"}],"replies":[{"embeddable":true,"href":"https:\/\/rcm1.rcm.upr.edu\/demografia\/wp-json\/wp\/v2\/comments?post=3118"}],"version-history":[{"count":0,"href":"https:\/\/rcm1.rcm.upr.edu\/demografia\/wp-json\/wp\/v2\/pages\/3118\/revisions"}],"wp:attachment":[{"href":"https:\/\/rcm1.rcm.upr.edu\/demografia\/wp-json\/wp\/v2\/media?parent=3118"}],"curies":[{"name":"wp","href":"https:\/\/api.w.org\/{rel}","templated":true}]}}