{"id":5152,"date":"2020-09-17T01:12:21","date_gmt":"2020-09-17T01:12:21","guid":{"rendered":"https:\/\/demografia.rcm.upr.edu\/?page_id=5152"},"modified":"2020-09-17T01:12:21","modified_gmt":"2020-09-17T01:12:21","slug":"cide-clasicos-en-demografia","status":"publish","type":"page","link":"https:\/\/rcm1.rcm.upr.edu\/demografia\/cide-clasicos-en-demografia\/","title":{"rendered":"CIDE Cl\u00e1sicos en demograf\u00eda"},"content":{"rendered":"<div class=\"wpb-content-wrapper\"><p>[vc_row][vc_column]<div id=\"ultimate-heading-745269f0336d41820\" class=\"uvc-heading ult-adjust-bottom-margin ultimate-heading-745269f0336d41820 uvc-8129  uvc-heading-default-font-sizes\" data-hspacer=\"line_only\"  data-halign=\"left\" style=\"text-align:left\"><div class=\"uvc-main-heading ult-responsive\"  data-ultimate-target='.uvc-heading.ultimate-heading-745269f0336d41820 h2'  data-responsive-json-new='{\"font-size\":\"\",\"line-height\":\"\"}' ><h2 style=\"--font-weight:theme;\">CIDE Cl\u00e1sicos en demograf\u00eda<\/h2><\/div><div class=\"uvc-heading-spacer line_only\" style=\"topheight:1px;\"><span class=\"uvc-headings-line\" style=\"border-style:solid;border-bottom-width:1px;border-color:#ccc;width:autopx;\"><\/span><\/div><\/div>[vc_empty_space][vc_tta_tour][vc_tta_section title=&#8221;Poblaci\u00f3n y crecimiento&#8221; tab_id=&#8221;1600792428049-05d0c247-99ee&#8221;]<div class=\"standard-arrow list-divider bullet-top\"><ul>\n<li><strong>1946 <\/strong><a href=\"https:\/\/rcm1.rcm.upr.edu\/demografia\/wp-content\/uploads\/sites\/30\/2020\/04\/Bartlett-Howell-1942-Puerto-Rico-y-su-problema-de-poblacion.pdf\">Puerto Rico y su problema de poblaci\u00f3n<\/a> <em>Frederick P. Bartlett &amp; Brandon Howell<\/em><\/li>\n<li><strong>1960 <\/strong><a href=\"https:\/\/rcm1.rcm.upr.edu\/demografia\/wp-content\/uploads\/sites\/30\/2020\/04\/Medina-1960-Population-growthPuerto-Rico.pdf\">Population growth. \u00a0A community health problem in Puerto Rico<\/a> <em>Antonio S. Medina<\/em><\/li>\n<li><strong>1<\/strong><strong>960 <\/strong><a href=\"https:\/\/rcm1.rcm.upr.edu\/demografia\/wp-content\/uploads\/sites\/30\/2020\/04\/Medina-1964-Puerto-Rico-a-smallworld-of-today.pdf\">Puerto Rico a small but dynamic stop in the world of today<\/a> <em>Antonio S. Medina<\/em><\/li>\n<li><strong>1964 <\/strong><a href=\"https:\/\/rcm1.rcm.upr.edu\/demografia\/wp-content\/uploads\/sites\/30\/2020\/04\/Vazquez-Calzada-Jose-1964-The-demographic-evolution-of-Puerto-Rico.pdf\">The demogarphic evolution of Puerto Rico<\/a> <em>Jos\u00e9 Luis V\u00e1zques Calzada<\/em><\/li>\n<li><strong>1969 <\/strong><a href=\"https:\/\/rcm1.rcm.upr.edu\/demografia\/wp-content\/uploads\/sites\/30\/2020\/04\/ELA-1969-La-situacion-demografica-de-Puerto-Rico.pdf\">La situaci\u00f3n demogr\u00e1fica de Puerto Rico<\/a> <em>Gobierno de Puerto Rico. Informe del grupo t\u00e9cnico del sub-comit\u00e9 sobre poblaci\u00f3n<\/em><\/li>\n<li><strong>1973 <\/strong><a href=\"https:\/\/rcm1.rcm.upr.edu\/demografia\/wp-content\/uploads\/sites\/30\/2020\/04\/Sanchez-1973-El-crecimiento-poblacionalPuerto-Rico.pdf\">El crecimiento poblacional, sus consecuencias y posibles soluciones en Puerto Rico<\/a> <em>Juan A. S\u00e1nchez Viera<\/em><\/li>\n<li><strong>1973 <\/strong><a href=\"https:\/\/rcm1.rcm.upr.edu\/demografia\/wp-content\/uploads\/sites\/30\/2020\/04\/JCA-1974-El-problema-poblacional-Puerto-Rico.pdf\">Informe Ambiental, Cap\u00edtulo 1: El problema poblacional<\/a> <em>Estado Libre Asociado de Puerto Rico, Junta de Calidad Ambiental<\/em><\/li>\n<li><strong>1978 <\/strong><a href=\"https:\/\/rcm1.rcm.upr.edu\/demografia\/wp-content\/uploads\/sites\/30\/2020\/04\/Vazquez-Calzada-Jose-1978-La-poblacin-de-Puerto-Rico-y-su-trayectoria.pdf\">La poblaci\u00f3n de Puerto Rico y su trayectoria hist\u00f3rica<\/a> <em>Jos\u00e9 Luis V\u00e1zques Calzada<\/em><\/li>\n<\/ul>\n<\/div>[\/vc_tta_section][vc_tta_section title=&#8221;Poblaci\u00f3n vieja&#8221; tab_id=&#8221;1600792428081-deb1cb29-233a&#8221;]<div class=\"standard-arrow list-divider bullet-top\"><ul>\n<li><strong>1982 <\/strong><a href=\"https:\/\/rcm1.rcm.upr.edu\/demografia\/wp-content\/uploads\/sites\/30\/2020\/04\/Rosenwaike-1982-Examination-of-the-Puerto-Rican-longevity-advantage.pdf\">Examination of the Puerto Rican longevity advantage<\/a> <em>Ira Rosenwaike<\/em><\/li>\n<li><strong>1985 <\/strong><a href=\"https:\/\/rcm1.rcm.upr.edu\/demografia\/wp-content\/uploads\/sites\/30\/2020\/04\/Sanchez-1985-Poblacion-envejeciente-Puerto-Rico.pdf\">Poblaci\u00f3n envejeciente: Puerto Rico<\/a> <em>Juan A. S\u00e1nchez Viera<\/em><\/li>\n<\/ul>\n<\/div>[\/vc_tta_section][vc_tta_section title=&#8221;Poblaci\u00f3n y natalidad&#8221; tab_id=&#8221;1600792431728-215a0bc5-93db&#8221;]<div class=\"standard-arrow list-divider bullet-top\"><ul>\n<li><strong>1895 <\/strong><a href=\"https:\/\/rcm1.rcm.upr.edu\/demografia\/wp-content\/uploads\/sites\/30\/2020\/04\/Sathl-1895-Estadisticas-de-mortalidad-y-nacimientos-en-Bayamon.pdf\">Estudio Demogr\u00e1fico: Estad\u00edstica de mortalidad y nacimientos en Bayam\u00f3n y pueblos lim\u00edtrofes<\/a> <em>Stahl, Agust\u00edn\u00a0<\/em>(1842-1917)<\/li>\n<li><strong>1942 \u00a0<\/strong><a href=\"https:\/\/rcm1.rcm.upr.edu\/demografia\/wp-content\/uploads\/sites\/30\/2020\/04\/Beebe-Belaval-1942-Fertilidad-y-anticoncepcionismo.pdf\">Fertilidad y anticoncepcionismo<\/a> <em>Gilbert W. Beebe &amp; Jose S. Belaval<\/em><\/li>\n<li><strong>1952 <\/strong><a href=\"https:\/\/rcm1.rcm.upr.edu\/demografia\/wp-content\/uploads\/sites\/30\/2020\/04\/Mayone-Stycos-1952-The-dynamics-of-birth-control-in-lower-class-Puerto-Rico.pdf\">The dynamics of birth control in lower class Puerto Rico<\/a> <em>J. Mayone Stycos<\/em><\/li>\n<li><strong>1957 <\/strong><a href=\"https:\/\/rcm1.rcm.upr.edu\/demografia\/wp-content\/uploads\/sites\/30\/2020\/04\/Wing-Gamble-1957-The-effect-of-contraception-a-puerto-rican.pdf\">The effect of contraception on the birth rate of Puerto Rico: Community development proyect<\/a> <em>Wilson M Wing &amp; Clarence J. Gamble<\/em><\/li>\n<li><strong>1962 <\/strong><a href=\"https:\/\/rcm1.rcm.upr.edu\/demografia\/wp-content\/uploads\/sites\/30\/2020\/04\/Mayone-Stycos-1962-Experiments-in-social-changefertility-studies.pdf\">Experiments in social change: The Caribbean fertility studies<\/a> <em>J. Mayone Stycos<\/em><\/li>\n<li><strong>1965 <\/strong><a href=\"https:\/\/rcm1.rcm.upr.edu\/demografia\/wp-content\/uploads\/sites\/30\/2020\/04\/Carleton-1965-Labor-forcefertility-in-Puerto-Rico.pdf\">Labor force participation: A stimulus to fertility in Puerto Rico<\/a> <em>Robert O. Carleton<\/em><\/li>\n<li><strong>1965 <\/strong><a href=\"https:\/\/rcm1.rcm.upr.edu\/demografia\/wp-content\/uploads\/sites\/30\/2020\/04\/Nine_Curt-1965-Family-planningPuerto-Rico.pdf\">Family planning and population programs: Puerto Rico<\/a> <em>Jos\u00e9 Nine Curt<\/em><\/li>\n<li><strong>1974 <\/strong><a href=\"https:\/\/rcm1.rcm.upr.edu\/demografia\/wp-content\/uploads\/sites\/30\/2020\/04\/Tietze-1974-Human-fertility-in-Puerto-Rico.pdf\">Human fertility in Puerto Rico<\/a> <em>Christopher Tietze<\/em><\/li>\n<li><strong>1973 <\/strong><a href=\"https:\/\/rcm1.rcm.upr.edu\/demografia\/wp-content\/uploads\/sites\/30\/2020\/04\/Nine_Curt-1973-Evidence-relating-to-acceptability-of-sterilization-individual_the-Puerto-Rico-experience.pdf\">Evidence relating to acceptability of sterilization individual, social, legal, medical, religious and professional. The Puerto Rican experience<\/a> <em>Jos\u00e9 Nine Curt<\/em><\/li>\n<li><strong>1975 <\/strong><a href=\"https:\/\/rcm1.rcm.upr.edu\/demografia\/wp-content\/uploads\/sites\/30\/2020\/04\/Rindfuss-1975-Fertility-and-migrationPuerto-Rico.pdf\">Fertility and migration: The case of Puerto Rico<\/a> <em>Ronald R. Rindfuss<\/em><\/li>\n<\/ul>\n<\/div>[\/vc_tta_section][vc_tta_section title=&#8221;Poblaci\u00f3n y mortalidad&#8221; tab_id=&#8221;1600792432982-a8008530-57ca&#8221;]<div class=\"standard-arrow list-divider bullet-top\"><ul>\n<li><strong>1895 <\/strong><a href=\"https:\/\/rcm1.rcm.upr.edu\/demografia\/wp-content\/uploads\/sites\/30\/2020\/04\/Sathl-1895-Estadisticas-de-mortalidad-y-nacimientos-en-Bayamon.pdf\">Estudio Demogr\u00e1fico: Estad\u00edstica de mortalidad y nacimientos en Bayam\u00f3n y pueblos lim\u00edtrofes<\/a> <em>Stahl, Agust\u00edn\u00a0<\/em>(1842-1917)<\/li>\n<li><strong>1925 \u00a0<\/strong><a href=\"http:\/\/libraria.rcm.upr.edu:8080\/jspui\/bitstream\/20.500.11931\/131\/1\/Infant%20Mortality.pdf\">Infant Mortality in Porto Rico<\/a> <em>Fern\u00f3s Isern, Antonio<\/em><\/li>\n<li><strong>1928 <\/strong><a href=\"https:\/\/rcm1.rcm.upr.edu\/demografia\/wp-content\/uploads\/sites\/30\/2020\/04\/Fernos-Rodriguez-1928-A-survey-od-infant-mortality-in-Puerto-Rico.pdf\">A survey of infant mortality in Puerto Rico<\/a> <em>Fern\u00f3s Isern, Antonio &amp; J. Rodr\u00edguez Pastor<br \/>\n<\/em><\/li>\n<li><strong>1928 <\/strong><a href=\"http:\/\/libraria.rcm.upr.edu:8080\/jspui\/handle\/20.500.11931\/512\">Infantile Morbidity and Mortality in Porto Rico<\/a> <em>Fern\u00f3s Isern, Antonio<\/em><\/li>\n<li><strong>1928 <\/strong><a href=\"http:\/\/libraria.rcm.upr.edu:8080\/jspui\/handle\/20.500.11931\/535\">Death Rates in Porto Rico and Some Other Countries<\/a> <em>Fern\u00f3s Isern, Antonio<br \/>\n<\/em><\/li>\n<li><strong>1933 <\/strong><a href=\"http:\/\/libraria.rcm.upr.edu:8080\/jspui\/handle\/20.500.11931\/765\">Factores que contribuyen a una alta mortalidad en Puerto Rico<\/a> <em>P\u00e9rez, Manuel A.<br \/>\n<\/em><\/li>\n<li><strong>1942 <\/strong><a href=\"http:\/\/libraria.rcm.upr.edu:8080\/jspui\/handle\/20.500.11931\/1139\">Mortalidad infantil y alimentaci\u00f3n infantil en Puerto Rico<\/a> <em>Wegman, Myron E.; Fern\u00e1ndez Marchante, R. &amp;\u00a0Kramer, Morton<br \/>\n<\/em><\/li>\n<\/ul>\n<\/div>[\/vc_tta_section][vc_tta_section title=&#8221;Poblaci\u00f3n y migraci\u00f3n&#8221; tab_id=&#8221;1600792435855-ed1fca31-8df1&#8243;]<div class=\"standard-arrow list-divider bullet-top\"><ul>\n<li><strong>1955 <\/strong><a href=\"https:\/\/rcm1.rcm.upr.edu\/demografia\/wp-content\/uploads\/sites\/30\/2020\/04\/Sierra-1955-Puerto-Rican-emigration.pdf\">Puerto Rican emigration: Reality and Public Policy<\/a> (<a href=\"https:\/\/rcm1.rcm.upr.edu\/demografia\/wp-content\/uploads\/sites\/30\/2020\/04\/Sierra-1956-La-emigracion-puertorriquena.pdf\">La emigraci\u00f3n puertorrique\u00f1a: Realidad y pol\u00edtica p\u00fablica<\/a>) <em>Fernando Sierra Berdec\u00eda<\/em><\/li>\n<li><strong>1957 <\/strong><a href=\"https:\/\/rcm1.rcm.upr.edu\/demografia\/wp-content\/uploads\/sites\/30\/2020\/04\/Bulletin-1957-Puerto-Rican-migration-to-New-York-city.pdf\">Puerto Rican: Migration to New York city<\/a> <em>Department of city planning the city of New York<\/em><\/li>\n<li><strong>1959 \u00a0<\/strong><a href=\"https:\/\/rcm1.rcm.upr.edu\/demografia\/wp-content\/uploads\/sites\/30\/2020\/04\/ELA-1959-A-summary-in-facts-figures-progress-in-Puerto-Ricomigration.pdf\">A summary in facts &amp; figures. Progress in Puerto Rico. Puerto Rican migration<\/a> <em>Commonwealth of Puerto Rico, Migration Division, Department of Labor<\/em><\/li>\n<li><strong>1969 <\/strong><a href=\"https:\/\/rcm1.rcm.upr.edu\/demografia\/wp-content\/uploads\/sites\/30\/2020\/04\/Gonzalez-1969-Estudio-sobre-el-impacto-d-ela-inmigracion-en-Puerto-Rico.pdf\">Estudio sobre el impacto de la inmigraci\u00f3n en Puerto Rico<\/a> <em>Antonio J. Gonz\u00e1lez<\/em><\/li>\n<li><strong>1975 <\/strong><a href=\"https:\/\/rcm1.rcm.upr.edu\/demografia\/wp-content\/uploads\/sites\/30\/2020\/04\/Fernandez-Vales-1975-Social-dynamics-of-return-migration-to-Puerto-Rico.pdf\">Social dynamics of return migration to Puerto Rico<\/a> <em>Celia Fern\u00e1ndez de Citron &amp; Pedro A. Vales<\/em><\/li>\n<li><strong>1976 <\/strong><a href=\"https:\/\/rcm1.rcm.upr.edu\/demografia\/wp-content\/uploads\/sites\/30\/2020\/04\/Torruellas-Luz-Vazquez-Calzada-Jose-1976-FINAL-REPORT-A-cross-sectional-analysis-of-return-migration-to-Puerto-Rico-using-1970-census-data.pdf\">A cross-sectional Analysis of Return Migration to Puerto Rico Using 1970 Census Data, Puerto Rico<\/a>. <em>Luz M. Torruellas &amp; Jos\u00e9 Luis V\u00e1zquez Calzada<\/em><\/li>\n<li><strong>1981 <\/strong><a href=\"https:\/\/rcm1.rcm.upr.edu\/demografia\/wp-content\/uploads\/sites\/30\/2020\/04\/Quintero-1981-Las-contradicionesy-el-llamado-problema-de-poblacion-analisis-d-elas-migraciones-internas-y-el-empleo-entre-1900-y-1940-en-Puerto-Rico.pdf\">La contradicciones de la acumulaci\u00f3n capitalista y el \u201cllamado de poblaci\u00f3n\u201d; an\u00e1lisisde la migraciones internas y el empleo entre 1900 y 1940 en Puerto Rico<\/a> <em>\u00c1ngel G. Quintero Rivera<\/em><\/li>\n<\/ul>\n<\/div>[\/vc_tta_section][vc_tta_section title=&#8221;Poblaci\u00f3n y econom\u00eda&#8221; tab_id=&#8221;1600792436573-4f88b2ad-9c8d&#8221;]<div class=\"standard-arrow list-divider bullet-top\"><ul>\n<li><strong>1942 <\/strong><a href=\"https:\/\/rcm1.rcm.upr.edu\/demografia\/wp-content\/uploads\/sites\/30\/2020\/04\/Perez-1942-La-situacion-economica-de-Puerto-Rico.pdf\">La situaci\u00f3n econ\u00f3mica de Puerto Rico como determinante esencial de los problemas sociales y de salubridad <\/a><em>Rafael de J. Cordero<\/em><\/li>\n<li><strong>1949 <\/strong><a href=\"https:\/\/rcm1.rcm.upr.edu\/demografia\/wp-content\/uploads\/sites\/30\/2020\/04\/Cordero-1949-La-economia-de-Puerto-Rico-y-sus-problemas.pdf\">La econom\u00eda de Puerto Rico y sus problemas<\/a> <em>Manuel A. P\u00e9rez<br \/>\n<\/em><\/li>\n<li><strong>1951 <\/strong><a href=\"https:\/\/rcm1.rcm.upr.edu\/demografia\/wp-content\/uploads\/sites\/30\/2020\/04\/Cordero-1951-El-progreso-economico-de-Puerto-Rico.pdf\">El progreso econ\u00f3mico de Puerto Rico en los \u00faltimos 50 a\u00f1os\u2026problema de poblaci\u00f3n<\/a> <em>Rafael de J. Cordero<\/em><\/li>\n<li><strong>1966 <\/strong><a href=\"https:\/\/rcm1.rcm.upr.edu\/demografia\/wp-content\/uploads\/sites\/30\/2020\/04\/Schultz-1966-Poverty-and-population-The-struggle-in-Puerto-Rico.pdf\">Poverty and population: The struggles in Puerto Rico<\/a> <em>Dagmar Schultz<\/em><\/li>\n<li><strong>1968 <\/strong><a href=\"https:\/\/rcm1.rcm.upr.edu\/demografia\/wp-content\/uploads\/sites\/30\/2020\/04\/Barton-1968-The-empleyment-situation-in-Puerto-Rico-and-migratory-movements.pdf\">The employment situation in Puerto Rico and migration movements betweenPuerto Rico and Unites States<\/a> <em>H.C. Barton<\/em><\/li>\n<li><strong>1979 <\/strong><a href=\"https:\/\/rcm1.rcm.upr.edu\/demografia\/wp-content\/uploads\/sites\/30\/2020\/04\/Oyola-1979-Income-distribution-and-migration-the-case-of-Puerto-Rico.pdf\">Income distribution and migration: The case of Puerto Rico<\/a> <em>Jos\u00e9 Oyola<\/em><\/li>\n<\/ul>\n<\/div>[\/vc_tta_section][vc_tta_section title=&#8221;Poblaci\u00f3n y teor\u00eda demogr\u00e1ficas&#8221; tab_id=&#8221;1600792437271-5d5b83b5-df30&#8243;]<div class=\"standard-arrow list-divider bullet-top\"><ul>\n<li><strong>1926 <\/strong><a href=\"https:\/\/rcm1.rcm.upr.edu\/demografia\/wp-content\/uploads\/sites\/30\/2020\/04\/Huigens-Berntsen-Lanauze-1926-El-mal-de-los-muchos-hijosneomaltusianismo.pdf\">El mal de los muchos hijos \u2013 Pol\u00e9mica sobre el Neo-Maltusianismo<\/a> <em>Marcos Huigens; Mart\u00edn Berntsen (Dominicos) &amp; Dr. Jose A. Lanauze Rol\u00f3n<\/em><\/li>\n<li><strong>1930 <\/strong><a href=\"https:\/\/rcm1.rcm.upr.edu\/demografia\/wp-content\/uploads\/sites\/30\/2020\/04\/Albizu-1930-legislacion-neomalthusiana.pdf\">Un art\u00edculo del Presidente del Partido Nacionalista con respecto a la legislacion neomalthusina<\/a> <em>Pedro Albizu Campos<br \/>\n<\/em><\/li>\n<li><strong>1935 <\/strong><a href=\"https:\/\/rcm1.rcm.upr.edu\/demografia\/wp-content\/uploads\/sites\/30\/2020\/04\/Turano-1935-La-restriccion-voluntaria-d-ela-natalidad-ante-las-leyes.pdf\">La restricci\u00f3n voluntaria de la natalidad ante las Leyes<\/a> <em>Anthony M. Turano<\/em><\/li>\n<li><strong>1952 <\/strong><a href=\"https:\/\/rcm1.rcm.upr.edu\/demografia\/wp-content\/uploads\/sites\/30\/2020\/04\/Taylor-1952-Neo-malthusianism-in-Puerto-Rico.pdf\">Neo-malthusianism in Puerto Rico<\/a> <em>Milton C. Taytor<\/em><\/li>\n<li><strong>1959 <\/strong><a href=\"https:\/\/rcm1.rcm.upr.edu\/demografia\/wp-content\/uploads\/sites\/30\/2020\/04\/Back-Hill-1959-Population-control-in-Puerto-Rico.pdf\">Population control in Puerto Rico: Theformal and informal framework<\/a> <em>Kurt W. Back; Reuben Hill &amp; J. Mayone Stycos<\/em><\/li>\n<li><strong>1964 <\/strong><a href=\"https:\/\/rcm1.rcm.upr.edu\/demografia\/wp-content\/uploads\/sites\/30\/2020\/04\/Zalduondo-1964-A-family-planning-program-using-volunteers.pdf\">A family planning program using volunteer as health education<\/a> <em>Celestina Zalduondo<\/em><\/li>\n<li><strong>1965 <\/strong><a href=\"https:\/\/rcm1.rcm.upr.edu\/demografia\/wp-content\/uploads\/sites\/30\/2020\/04\/Cordero-196566-The-future-of-the-islandbirth-controlPuerto-Rico.pdf\">The future of an island: Discussion of birth control programs in Puerto Rico<\/a> <em>Rafael de J. Cordero<\/em><\/li>\n<li><strong>1965 <\/strong><a href=\"https:\/\/rcm1.rcm.upr.edu\/demografia\/wp-content\/uploads\/sites\/30\/2020\/04\/Nine-1965-Family-planningPuerto-Rico.pdf\">Family planning and population programs: Puerto Rico<\/a> <em>Jos\u00e9 Nine Curret<\/em><\/li>\n<li><strong>1969 <\/strong><a href=\"https:\/\/rcm1.rcm.upr.edu\/demografia\/wp-content\/uploads\/sites\/30\/2020\/04\/Parrilla-1969-Apuntes-sobre-la-asociacion-pro-bienestar-de-la-familia.pdf\">Apuntes sobre la Asociaci\u00f3n puertorriuqe\u00f1a pro bienestar de la familia<\/a> <em>Carmen A. Parrilla<\/em><\/li>\n<li><strong>1973 <\/strong><a href=\"https:\/\/rcm1.rcm.upr.edu\/demografia\/wp-content\/uploads\/sites\/30\/2020\/04\/Ramos-Henderson-1973-Political-ideology-and-population-policy-in-Puerto-Rico.pdf\">Political ideology and population policy in Puerto Rico<\/a> <em>Carlos Ramos &amp; Peta Henderson<\/em><\/li>\n<\/ul>\n<\/div>[\/vc_tta_section][vc_tta_section title=&#8221;Poblaci\u00f3n y pol\u00edtica p\u00fablica&#8221; tab_id=&#8221;1600792437999-2ebdf101-5280&#8243;]<div class=\"standard-arrow list-divider bullet-top\"><ul>\n<li><strong>1932 <\/strong><a href=\"https:\/\/rcm1.rcm.upr.edu\/demografia\/wp-content\/uploads\/sites\/30\/2020\/04\/ReglamentoDemografico-1932.pdf\">Reglamento Demogr\u00e1fico No.1<\/a> <em>Gobierno de Puerto Rico, Departamento de Sanidad<\/em><\/li>\n<li><strong>1978 <\/strong><a href=\"https:\/\/rcm1.rcm.upr.edu\/demografia\/wp-content\/uploads\/sites\/30\/2020\/04\/Vazquez-Calzada-Jose-1988-Los-cambios-demogrficos-y-sus-efectos-en-el-campo-de-la-salud.pdf\">Los cambios demograficos y sus efectos en el campo de la salud<\/a> <em>Jos\u00e9 Luis V\u00e1zquez Calzada\u00a0<\/em><\/li>\n<li><strong>1995 <\/strong><a href=\"https:\/\/rcm1.rcm.upr.edu\/demografia\/wp-content\/uploads\/sites\/30\/2020\/04\/Francisco-Moscoso-1995-El-censo-de-Lando-1530-historiografia-y-critica.pdf\">El Censo de Lando (1530): Historiograf\u00eda y cr\u00edticas<\/a>\u00a0<em>Francisco Moscoso<\/em><\/li>\n<\/ul>\n<\/div>[\/vc_tta_section][vc_tta_section title=&#8221;Poblaci\u00f3n y religi\u00f3n&#8221; tab_id=&#8221;1600792438623-46174ce2-968e&#8221;]<div class=\"standard-arrow list-divider bullet-top\"><ul>\n<li><strong>1963 <\/strong><a href=\"https:\/\/rcm1.rcm.upr.edu\/demografia\/wp-content\/uploads\/sites\/30\/2020\/04\/Rock-1963-Los-catolicos-y-la-planificacion-de-la-familia.pdf\">Los cat\u00f3licos y la planificaci\u00f3n de la familia<\/a> <em>John Rock<\/em><\/li>\n<li><strong>1981 <\/strong><a href=\"https:\/\/rcm1.rcm.upr.edu\/demografia\/wp-content\/uploads\/sites\/30\/2020\/04\/CEP-1981-El-aborto-ante-la-moral.pdf\">El aborto ante la moral<\/a> <em>Conferencia Episcopal Puertorrique\u00f1a<\/em><\/li>\n<li><strong>1984 <\/strong><a href=\"https:\/\/rcm1.rcm.upr.edu\/demografia\/wp-content\/uploads\/sites\/30\/2020\/04\/Fremiot-1984-Problema-de-la-demografia-dignidad-humana.pdf\">El problema demogr\u00e1fico, la dignidad humana y los derechos fundamentales de la persona<\/a> <em>Mons. Fremiot Torres Oliver, Obispo de Ponce<\/em><\/li>\n<\/ul>\n<\/div>[\/vc_tta_section][vc_tta_section title=&#8221;4th Conference of the International Planned&#8221; tab_id=&#8221;1600792439358-779fc630-8621&#8243;]<div class=\"standard-arrow list-divider bullet-top\"><p><strong>Parenthood Federation, Western Hemisphere<br \/>\nRegion, San Juan, Puerto Rico, April, 1964<\/strong><\/p>\n<p>&nbsp;<\/p>\n<ul>\n<li><strong>paper-06 \u00a0<\/strong><a href=\"https:\/\/rcm1.rcm.upr.edu\/demografia\/wp-content\/uploads\/sites\/30\/2020\/04\/Paper06-Blacker-1964-The-international-planned-parebthood-federationaspects-of-its-history.pdf\">The international planned parenthood federation. Aspects of its history<\/a> (incomplete) <em>C.P. Blacker<\/em><\/li>\n<li><strong>paper-59 <\/strong><a href=\"https:\/\/rcm1.rcm.upr.edu\/demografia\/wp-content\/uploads\/sites\/30\/2020\/04\/Paper59-Zalduondo-1964-Como-desarrollar-prog-efectivos-de-palnificacion-de-la-familia.pdf\">Como desarrollar programas efectivos de planificacion de la familia<\/a> <em>Celestina Zalduondo<\/em><\/li>\n<\/ul>\n<\/div>[\/vc_tta_section][\/vc_tta_tour][\/vc_column][\/vc_row]<\/p>\n<\/div>","protected":false},"excerpt":{"rendered":"<p>[vc_row][vc_column][vc_empty_space][vc_tta_tour][vc_tta_section title=&#8221;Poblaci\u00f3n y crecimiento&#8221; tab_id=&#8221;1600792428049-05d0c247-99ee&#8221;][\/vc_tta_section][vc_tta_section title=&#8221;Poblaci\u00f3n vieja&#8221; tab_id=&#8221;1600792428081-deb1cb29-233a&#8221;][\/vc_tta_section][vc_tta_section title=&#8221;Poblaci\u00f3n y natalidad&#8221; tab_id=&#8221;1600792431728-215a0bc5-93db&#8221;][\/vc_tta_section][vc_tta_section title=&#8221;Poblaci\u00f3n y mortalidad&#8221; tab_id=&#8221;1600792432982-a8008530-57ca&#8221;][\/vc_tta_section][vc_tta_section title=&#8221;Poblaci\u00f3n y migraci\u00f3n&#8221; tab_id=&#8221;1600792435855-ed1fca31-8df1&#8243;][\/vc_tta_section][vc_tta_section title=&#8221;Poblaci\u00f3n y econom\u00eda&#8221; tab_id=&#8221;1600792436573-4f88b2ad-9c8d&#8221;][\/vc_tta_section][vc_tta_section title=&#8221;Poblaci\u00f3n y teor\u00eda demogr\u00e1ficas&#8221; tab_id=&#8221;1600792437271-5d5b83b5-df30&#8243;][\/vc_tta_section][vc_tta_section title=&#8221;Poblaci\u00f3n y pol\u00edtica p\u00fablica&#8221; tab_id=&#8221;1600792437999-2ebdf101-5280&#8243;][\/vc_tta_section][vc_tta_section title=&#8221;Poblaci\u00f3n y religi\u00f3n&#8221; tab_id=&#8221;1600792438623-46174ce2-968e&#8221;][\/vc_tta_section][vc_tta_section title=&#8221;4th Conference of the International Planned&#8221; tab_id=&#8221;1600792439358-779fc630-8621&#8243;][\/vc_tta_section][\/vc_tta_tour][\/vc_column][\/vc_row]<\/p>\n","protected":false},"author":1,"featured_media":0,"parent":0,"menu_order":0,"comment_status":"closed","ping_status":"closed","template":"template-microsite.php","meta":{"footnotes":""},"class_list":["post-5152","page","type-page","status-publish","hentry","description-off"],"aioseo_notices":[],"_links":{"self":[{"href":"https:\/\/rcm1.rcm.upr.edu\/demografia\/wp-json\/wp\/v2\/pages\/5152","targetHints":{"allow":["GET"]}}],"collection":[{"href":"https:\/\/rcm1.rcm.upr.edu\/demografia\/wp-json\/wp\/v2\/pages"}],"about":[{"href":"https:\/\/rcm1.rcm.upr.edu\/demografia\/wp-json\/wp\/v2\/types\/page"}],"author":[{"embeddable":true,"href":"https:\/\/rcm1.rcm.upr.edu\/demografia\/wp-json\/wp\/v2\/users\/1"}],"replies":[{"embeddable":true,"href":"https:\/\/rcm1.rcm.upr.edu\/demografia\/wp-json\/wp\/v2\/comments?post=5152"}],"version-history":[{"count":0,"href":"https:\/\/rcm1.rcm.upr.edu\/demografia\/wp-json\/wp\/v2\/pages\/5152\/revisions"}],"wp:attachment":[{"href":"https:\/\/rcm1.rcm.upr.edu\/demografia\/wp-json\/wp\/v2\/media?parent=5152"}],"curies":[{"name":"wp","href":"https:\/\/api.w.org\/{rel}","templated":true}]}}