{"id":7205,"date":"2022-06-27T11:43:26","date_gmt":"2022-06-27T11:43:26","guid":{"rendered":"https:\/\/demografia.rcm.upr.edu\/?page_id=7093"},"modified":"2022-06-27T11:43:26","modified_gmt":"2022-06-27T11:43:26","slug":"uso-cannabis-marihuana-pr","status":"publish","type":"page","link":"https:\/\/rcm1.rcm.upr.edu\/demografia\/uso-cannabis-marihuana-pr\/","title":{"rendered":"Grupo de trabajo sobre uso del cannabis\/marihuana y la salud en Puerto Rico"},"content":{"rendered":"<div class=\"wpb-content-wrapper\"><p>[vc_row][vc_column][vc_empty_space]<div id=\"ultimate-heading-775169f03387ca937\" class=\"uvc-heading ult-adjust-bottom-margin ultimate-heading-775169f03387ca937 uvc-5138  uvc-heading-default-font-sizes\" data-hspacer=\"no_spacer\"  data-halign=\"center\" style=\"text-align:center\"><div class=\"uvc-heading-spacer no_spacer\" style=\"top\"><\/div><div class=\"uvc-main-heading ult-responsive\"  data-ultimate-target='.uvc-heading.ultimate-heading-775169f03387ca937 h2'  data-responsive-json-new='{\"font-size\":\"\",\"line-height\":\"\"}' ><h2 style=\"--font-weight:theme;\">Grupo de trabajo sobre uso del cannabis\/marihuana y la salud en Puerto Rico<\/h2><\/div><\/div>[vc_empty_space][vc_column_text]<\/p>\n<div>\n<h3 class=\"x_MsoNormal\">Composici\u00f3n (2020-2022)<\/h3>\n<\/div>\n<p>[\/vc_column_text][vc_empty_space][vc_column_text]<\/p>\n<p class=\"x_MsoNormal\"><i>Jessica Carnivali-Garc\u00eda, MSc\u00a0<\/i><\/p>\n<p class=\"x_MsoNormal\">Evaluadora<\/p>\n<p class=\"x_MsoNormal\"><a href=\"mailto:jessica.carnivali@gmail.com\" target=\"_blank\" rel=\"noopener noreferrer\" data-auth=\"NotApplicable\" data-linkindex=\"0\" data-ogsc=\"\">jessica.carnivali@gmail.com<\/a><\/p>\n<p class=\"x_MsoNormal\"><a href=\"mailto:jessica.carnivali@upr.edu\" target=\"_blank\" rel=\"noopener noreferrer\" data-auth=\"NotApplicable\" data-linkindex=\"1\" data-ogsc=\"\">jessica.carnivali@upr.edu<\/a><\/p>\n<p class=\"x_MsoNormal\">Bachillerato en Ciencias con concentraci\u00f3n en Biolog\u00eda Celular Molecular, segunda concentraci\u00f3n en Antropolog\u00eda y secuencia curricular en Cooperativismo<\/p>\n<p class=\"x_MsoNormal\">Maestr\u00eda en Ciencias, con especialidad en Investigaci\u00f3n Evaluativa de Sistemas de Salud<\/p>\n<p class=\"x_MsoNormal\"><i>\u00a0<\/i><\/p>\n<p class=\"x_MsoNormal\"><i>Vivianna M. De Jes\u00fas-Monge, PhD\u00a0<\/i><\/p>\n<p class=\"x_MsoNormal\">Profesora Adjunta en Programa Graduado de Demograf\u00eda<\/p>\n<p class=\"x_MsoNormal\"><a href=\"mailto:vivianna.dejesus@gmail.com\" target=\"_blank\" rel=\"noopener noreferrer\" data-auth=\"NotApplicable\" data-linkindex=\"2\" data-ogsc=\"\">vivianna.dejesus@gmail.com<\/a><\/p>\n<p class=\"x_MsoNormal\"><a href=\"mailto:vivianna.dejesus@upr.edu\" target=\"_blank\" rel=\"noopener noreferrer\" data-auth=\"NotApplicable\" data-linkindex=\"3\" data-ogsc=\"\">vivianna.dejesus@upr.edu<\/a><\/p>\n<p class=\"x_MsoNormal\">Bachillerato en Artes con concentraci\u00f3n en Sociolog\u00eda<\/p>\n<p class=\"x_MsoNormal\">Maestr\u00eda en Ciencias en Demograf\u00eda<\/p>\n<p class=\"x_MsoNormal\">Doctorado en Antropolog\u00eda Social<\/p>\n<p class=\"x_MsoNormal\"><i>\u00a0<\/i><\/p>\n<p class=\"x_MsoNormal\"><i>Luz E. Le\u00f3n-L\u00f3pez, PhD\u00a0<\/i><\/p>\n<p class=\"x_MsoNormal\">Coordinadora del Programa Graduado de Demograf\u00eda<\/p>\n<p class=\"x_MsoNormal\"><a href=\"mailto:luz.leon@upr.edu\" target=\"_blank\" rel=\"noopener noreferrer\" data-auth=\"NotApplicable\" data-linkindex=\"4\" data-ogsc=\"\">luz.leon@upr.edu<\/a><\/p>\n<p class=\"x_MsoNormal\">Bachillerato en Artes con concentraci\u00f3n en Sociolog\u00eda<\/p>\n<p class=\"x_MsoNormal\">Maestr\u00eda en Ciencias en Demograf\u00eda<\/p>\n<p class=\"x_MsoNormal\">Doctorado en Sociolog\u00eda<\/p>\n<p>[\/vc_column_text][vc_empty_space][vc_column_text]<\/p>\n<div>\n<h3 class=\"x_MsoNormal\">Logros<\/h3>\n<\/div>\n<p>[\/vc_column_text][vc_empty_space][vc_column_text]<\/p>\n<div>\n<p class=\"x_MsoListParagraphCxSpFirst\"><strong>1.<\/strong> <a href=\"https:\/\/rcm1.rcm.upr.edu\/demografia\/wp-content\/uploads\/sites\/30\/2022\/06\/Cannabis-Databases.pdf\" target=\"_blank\" rel=\"noopener\">Listado de archivos de datos disponibles para el estudio del cannabis\/marihuana y la salud (2020)<\/a><\/p>\n<p class=\"x_MsoListParagraphCxSpMiddle\"><strong>Cita sugerida:<\/strong> Carnivali-Garc\u00eda, J. (2022).\u00a0<a href=\"https:\/\/rcm1.rcm.upr.edu\/demografia\/wp-content\/uploads\/sites\/30\/2022\/06\/Cannabis-Databases.pdf\" target=\"_blank\" rel=\"noopener\"><i>Datasets available for the study of cannabis\/marijuana and health (2020<\/i>)<\/a>.<\/p>\n<p>&nbsp;<\/p>\n<p class=\"x_MsoListParagraphCxSpMiddle\"><strong>2. Presentaci\u00f3n de cartel virtual\u00a0<\/strong><br aria-hidden=\"true\" \/>41er Foro Anual de Investigaci\u00f3n y Educaci\u00f3n\u00a0<br aria-hidden=\"true\" \/>Recinto de Ciencias M\u00e9dicas<\/p>\n<p class=\"x_MsoListParagraphCxSpLast\">Universidad de Puerto Rico<\/p>\n<p class=\"x_MsoNormal\">17 al 28 de mayo del 2021<\/p>\n<p class=\"x_MsoNormal\"><strong>Programa:<\/strong>\u00a0<a title=\"Original URL: https:\/\/www.upr.edu\/biblioteca-rcm\/wp-content\/uploads\/sites\/71\/2021\/05\/41ST_ANNUAL_RESEARCH_EDUCATION_FORUM_FINAL1605.pdf. Click or tap if you trust this link.\" href=\"https:\/\/nam02.safelinks.protection.outlook.com\/?url=https%3A%2F%2Fwww.upr.edu%2Fbiblioteca-rcm%2Fwp-content%2Fuploads%2Fsites%2F71%2F2021%2F05%2F41ST_ANNUAL_RESEARCH_EDUCATION_FORUM_FINAL1605.pdf&amp;data=05%7C01%7Clillianette.maya%40upr.edu%7C459705db78b3472db7ab08da562ba4c9%7C0dfa5dc0036f461599e494af822f2b84%7C0%7C0%7C637917042701786218%7CUnknown%7CTWFpbGZsb3d8eyJWIjoiMC4wLjAwMDAiLCJQIjoiV2luMzIiLCJBTiI6Ik1haWwiLCJXVCI6Mn0%3D%7C3000%7C%7C%7C&amp;sdata=yxZoAGk03J8mw%2BRA%2FHPjfUDEFBWQ%2BXiWu%2FJCd9VOQtM%3D&amp;reserved=0\" target=\"_blank\" rel=\"noopener noreferrer\" data-auth=\"Verified\" data-linkindex=\"6\" data-ogsc=\"\">https:\/\/www.upr.edu\/biblioteca-rcm\/wp-content\/uploads\/sites\/71\/2021\/05\/41ST_ANNUAL_RESEARCH_EDUCATION_FORUM_FINAL1605.pdf<\/a><\/p>\n<p class=\"x_MsoNormal\"><strong>T\u00edtulo:<\/strong>\u00a0<i>Are arthritic patients using cannabis? A descriptive study<\/i><\/p>\n<p class=\"x_MsoNormal\"><strong>Autora:<\/strong> Jessica Carnivali-Garc\u00eda<\/p>\n<p class=\"x_MsoNormal\">Resumen: Background &amp; Objectives: The medical use of cannabis is quickly becoming a largely relevant topic of study. Pain management, along with sleep disorders and anxiety have been consistently reported by medical cannabis users within the literature. Similarly, chronic pain remains an important component of burden for patients with arthritis. Given that some arthritic patients are using cannabis for medical purposes while its therapeutic effects are still being studied it is important to understand and monitor this population. The objective of this study was to describe a sample of arthritic patients and their use of cannabis. Methods: The weighted sample was comprised of 13658 arthritic patients residing in states with medical cannabis programs in 2017, the dataset analyzed was the 2017 Behavioral Risk Factor Surveillance System from the CDC. Descriptive analysis was performed for cannabis use, arthritis burden and socio-economic characteristics. Results: The sample was composed mainly of retired white older women with some college education. Only a small percentage (7.3%) of arthritic patients were currently using cannabis. Within current users, 65.3% were medical users, 23.1% were non-medical, 11.6% combined reasons; and 69.1% consumed cannabis by smoking. Within patients burdened with arthritis there was a higher percent of medical use. Conclusion: A small percent of burdened arthritic patients appear to be using cannabis mainly for medical purposes. Further research is warranted to explore the associations of cannabis use and arthritis burden. Acknowledgements: The author would like to thank the mentorship of Prof. Vivianna De Jes\u00fas and the assistance of Dr. Hector Col\u00f3n in this study. The author acknowledges Dra. Vivianna De Jes\u00fas Monge as mentor and appreciates Dr. Hector Col\u00f3n assistance for this study.<\/p>\n<p class=\"x_MsoNormal\"><strong>Cita sugerida:<\/strong> Carnivali-Garc\u00eda, J. (2021). Are arthritic patients using cannabis? A descriptive study.\u00a0<i>Puerto Rico Health Sciences Journal, 40<\/i> (N3), 64.<\/p>\n<p class=\"x_MsoNormal\"><a title=\"Original URL: http:\/\/prhsj.rcm.upr.edu\/index.php\/prhsj\/article\/download\/2809\/1406. Click or tap if you trust this link.\" href=\"https:\/\/prhsj.rcm.upr.edu\/index.php\/prhsj\/issue\/view\/134\" target=\"_blank\" rel=\"noopener noreferrer\" data-auth=\"Verified\" data-linkindex=\"7\" data-ogsc=\"\">https:\/\/prhsj.rcm.upr.edu\/index.php\/prhsj\/issue\/view\/134<\/a><\/p>\n<p>&nbsp;<\/p>\n<p class=\"x_MsoListParagraph\"><strong>3. Proyecto de investigaci\u00f3n para obtenci\u00f3n del grado de Maestr\u00eda en Ciencias, con Especialidad en Investigaci\u00f3n Evaluativa de Sistemas de Salud<\/strong><\/p>\n<p class=\"x_MsoNormal\"><strong>T\u00edtulo:\u00a0<\/strong><i>The Use of Cannabis for Medical Purposes in Puerto Rico: Prevalence and Correlates Compared across Seven Other States with Medical Cannabis Programs<\/i><\/p>\n<p class=\"x_MsoNormal\"><strong>Autora:<\/strong> Jessica Carnivali-Garc\u00eda<\/p>\n<p class=\"x_MsoNormal\"><strong>Resumen:<\/strong> The medical use of cannabis has come a long way in the past 20 years. Yet, little is known about the extent to which it is used solely for medical purposes, or how medical users compare with recreational users. This study aimed to estimate the prevalence of medical-only cannabis use for six US states and Puerto Rico and compare medical-only users with nonmedical users, and mixed medical and non-medical users. In total, 4,994 respondents from the 2018 BRFSS comprised the analytic sample. Prevalence and bivariable associations of cannabis use between the user groups and the dependent measures were examined, and multinomial logistic regression was used to ascertain the adjusted association. Overall, 28.3% of respondents reported medical-only use, 38.0% non-medical use, and 33.7% mixed medical and non-medical use. Medical-only users compared to non-medical users were more likely to use it daily (OR= 3.25, p &lt;.001), showed higher odds of vaporization (OR= 3.41,\u00a0p &lt;001); were less likely to report daily drinking (OR=.311, p &lt;.001), more likely to report being former smokers (OR= 2.05, p &lt;.001), and current smokers (OR= 1.56, p &lt;.001), showed higher odds of spending more days without good physical or mental health (p &lt;.001), and higher odds of sleeping poorly (OR= 2.70, &lt;.001) or excessively (OR= 1.65,\u00a0p .001) compared to non-medical users. Lastly, medical users were more likely to report: heart attack OR= 3.24, coronary heart disease OR= 2.90, stroke OR= 4.34, asthma OR= 1.76, any other type of cancer OR= 3.43, COPD OR= 3.11, arthritis OR= 3.99, depressive disorder OR= 3.02, kidney disease OR= 2.30, and diabetes OR= 3.28; p &lt;.001, than non-medical users. The findings suggest that there is a small group of medical only cannabis users with worse overall health profile compared to those that use it non-medically or both medical and non-medically. As the overall perspective of cannabis use continues to change, health professionals should be aware of changes in prevalence and reasons for use at population level to better guide patients and medical cannabis policies.<\/p>\n<p class=\"x_MsoNormal\"><strong>Enlace:<\/strong>\u00a0<a title=\"Original URL: https:\/\/www.proquest.com\/openview\/a5d75172dbad2dcd0ef8f46e4ccccfa8\/1.pdf?pq-origsite=gscholar&amp;cbl=18750&amp;diss=y. Click or tap if you trust this link.\" href=\"https:\/\/nam02.safelinks.protection.outlook.com\/?url=https%3A%2F%2Fwww.proquest.com%2Fopenview%2Fa5d75172dbad2dcd0ef8f46e4ccccfa8%2F1.pdf%3Fpq-origsite%3Dgscholar%26cbl%3D18750%26diss%3Dy&amp;data=05%7C01%7Clillianette.maya%40upr.edu%7C459705db78b3472db7ab08da562ba4c9%7C0dfa5dc0036f461599e494af822f2b84%7C0%7C0%7C637917042701786218%7CUnknown%7CTWFpbGZsb3d8eyJWIjoiMC4wLjAwMDAiLCJQIjoiV2luMzIiLCJBTiI6Ik1haWwiLCJXVCI6Mn0%3D%7C3000%7C%7C%7C&amp;sdata=R5kWl%2BNWcCi8rnqGqRGeoFVX2uL0n%2BOQPpWrIYegME4%3D&amp;reserved=0\" target=\"_blank\" rel=\"noopener noreferrer\" data-auth=\"Verified\" data-linkindex=\"8\" data-ogsc=\"\">https:\/\/www.proquest.com\/openview\/a5d75172dbad2dcd0ef8f46e4ccccfa8\/1.pdf?pq-origsite=gscholar&amp;cbl=18750&amp;diss=y<\/a><\/p>\n<p class=\"x_MsoNormal\"><strong>Cita sugerida:<\/strong> Carnivali-Garc\u00eda, J. (2021).\u00a0<i>The use of cannabis for medical purposes in Puerto Rico: Prevalence and correlates compared across seven other states with medical cannabis programs<\/i> (Publication No. 28769868) [Master\u2019s thesis, University of Puerto Rico]. ProQuest Dissertations and Theses Global.<\/p>\n<\/div>\n<p>[\/vc_column_text][\/vc_column][\/vc_row]<\/p>\n<\/div>","protected":false},"excerpt":{"rendered":"<p>[vc_row][vc_column][vc_empty_space][vc_empty_space][vc_column_text] Composici\u00f3n (2020-2022) [\/vc_column_text][vc_empty_space][vc_column_text] Jessica Carnivali-Garc\u00eda, MSc\u00a0 Evaluadora jessica.carnivali@gmail.com jessica.carnivali@upr.edu Bachillerato en Ciencias con concentraci\u00f3n en Biolog\u00eda Celular Molecular, segunda concentraci\u00f3n en Antropolog\u00eda y secuencia curricular en Cooperativismo Maestr\u00eda en Ciencias, con especialidad en Investigaci\u00f3n Evaluativa de Sistemas de Salud \u00a0 Vivianna M. De Jes\u00fas-Monge, PhD\u00a0 Profesora Adjunta en Programa Graduado de Demograf\u00eda vivianna.dejesus@gmail.com vivianna.dejesus@upr.edu&hellip;<\/p>\n","protected":false},"author":1,"featured_media":0,"parent":0,"menu_order":0,"comment_status":"closed","ping_status":"closed","template":"template-microsite.php","meta":{"footnotes":""},"class_list":["post-7205","page","type-page","status-publish","hentry","description-off"],"aioseo_notices":[],"_links":{"self":[{"href":"https:\/\/rcm1.rcm.upr.edu\/demografia\/wp-json\/wp\/v2\/pages\/7205","targetHints":{"allow":["GET"]}}],"collection":[{"href":"https:\/\/rcm1.rcm.upr.edu\/demografia\/wp-json\/wp\/v2\/pages"}],"about":[{"href":"https:\/\/rcm1.rcm.upr.edu\/demografia\/wp-json\/wp\/v2\/types\/page"}],"author":[{"embeddable":true,"href":"https:\/\/rcm1.rcm.upr.edu\/demografia\/wp-json\/wp\/v2\/users\/1"}],"replies":[{"embeddable":true,"href":"https:\/\/rcm1.rcm.upr.edu\/demografia\/wp-json\/wp\/v2\/comments?post=7205"}],"version-history":[{"count":0,"href":"https:\/\/rcm1.rcm.upr.edu\/demografia\/wp-json\/wp\/v2\/pages\/7205\/revisions"}],"wp:attachment":[{"href":"https:\/\/rcm1.rcm.upr.edu\/demografia\/wp-json\/wp\/v2\/media?parent=7205"}],"curies":[{"name":"wp","href":"https:\/\/api.w.org\/{rel}","templated":true}]}}