{"id":82,"date":"2016-07-01T08:15:34","date_gmt":"2016-07-01T12:15:34","guid":{"rendered":"http:\/\/enfermeria.rcm.upr.edu\/oficina-de-asuntos-estudiantiles\/"},"modified":"2026-08-25T15:10:38","modified_gmt":"2026-08-25T19:10:38","slug":"oficina-de-asuntos-estudiantiles","status":"publish","type":"page","link":"https:\/\/rcm1.rcm.upr.edu\/enfermeria\/oficina-de-asuntos-estudiantiles\/","title":{"rendered":"Oficina de Asuntos Estudiantiles"},"content":{"rendered":"<div class=\"wpb-content-wrapper\" id=\"wpb-content-root\"><p>[vc_row][vc_column][vc_column_text]La Oficina de Asuntos Estudiantiles fue creada en el a\u00f1o 1995. Su misi\u00f3n es facilitar la adaptaci\u00f3n de los estudiantes de enfermer\u00eda a la vida universitaria y contribuir a su desarrollo personal, acad\u00e9mico y profesional para que logren sus metas educativas. Mantenemos una l\u00ednea estrecha de comunicaci\u00f3n con la facultad, los representantes estudiantiles, el personal administrativo y no docente, y otras dependencias del Recinto de Ciencias M\u00e9dicas para atender de forma efectiva las necesidades de nuestros estudiantes.<\/p>\n<p><strong>Servicios que ofrecemos:<\/strong><\/p>\n<ul>\n<li>Consejer\u00eda Acad\u00e9mica<\/li>\n<\/ul>\n<p>La Dra. Iris W. C\u00e1tala Torres ofrece servicios de consejer\u00eda en nuestra escuela.<\/p>\n<p>Los servicios est\u00e1n disponibles en horario diurno y vespertino. Puede solicitar los servicios mediante correo electr\u00f3nico: <a href=\"mailto:iris.catala@upr.edu\">iris.catala@upr.edu<\/a>.<\/p>\n<p>Informaci\u00f3n Adicional: <a href=\"https:\/\/rcm1.rcm.upr.edu\/enfermeria\/wp-content\/uploads\/2026\/08\/anuncio-servicios-consejeria-estudiantes.pdf\">Anuncio Servicios de Consejeria para Estudiantes en la Escuela de Enfermeria<\/a><\/p>\n<ul>\n<li>Gobierno y Participaci\u00f3n Estudiantil (organizaciones estudiantiles, organizaciones profesionales, comit\u00e9s acad\u00e9micos e institucionales)<\/li>\n<li>Reclutamiento<\/li>\n<li>Admisiones<\/li>\n<li>Orientaci\u00f3n y colaboraci\u00f3n en readmisiones, transferencias y reclasificaciones<\/li>\n<li>Reconocimientos y Premios<\/li>\n<li>Graduaci\u00f3n<\/li>\n<li>Pol\u00edticas y Procedimientos Institucionales<\/li>\n<li>Actividades Educativas, Culturales y Sociales<\/li>\n<\/ul>\n<p><strong>Oportunidades de Internados en:<\/strong><\/p>\n<ul>\n<li>Instituciones Hospitalarias Locales<\/li>\n<li>Instituciones Hospitalarias en Estados Unidos<\/li>\n<li>Programa STEP del Hospital de Veteranos de San Juan (<em>VA Student Trainee Experience Program<\/em>)<\/li>\n<li>Centros de Investigaciones Cient\u00edficas<\/li>\n<\/ul>\n<p><strong>Actividades Estudiantiles<\/strong><\/p>\n<ul>\n<li>Orientaci\u00f3n a Estudiantes de Nuevo Ingreso<\/li>\n<li>Bienvenida<\/li>\n<li>Iniciaci\u00f3n Cl\u00ednica e Investiduras (estudiantes programas subgraduados y graduados)<\/li>\n<li>Actividades de Confraternizaci\u00f3n<\/li>\n<li>Viajes culturales y\/o educativos<\/li>\n<li>Talleres para el Crecimiento Personal y Profesional<\/li>\n<li>Competencias Intelectuales<\/li>\n<li>Noche de Talentos<\/li>\n<li>D\u00eda de Juegos<\/li>\n<li>D\u00eda del Estudiante<\/li>\n<li>D\u00eda de\u00a0Logros (Estudiantes sobresalientes de Clase Graduanda)<\/li>\n<li>Iniciaci\u00f3n a la Profesi\u00f3n de Enfermer\u00eda (Clase Graduanda de Subgraduado)<\/li>\n<\/ul>\n<p>[\/vc_column_text][\/vc_column][\/vc_row][vc_row gap=&#8221;0px&#8221; content_placement=&#8221;middle&#8221;][vc_column width=&#8221;1\/3&#8243;]<div id=\"ultimate-heading-94356a9a6c60d0305\" class=\"uvc-heading ult-adjust-bottom-margin ultimate-heading-94356a9a6c60d0305 uvc-4981  uvc-heading-default-font-sizes\" data-hspacer=\"no_spacer\"  data-halign=\"left\" style=\"text-align:left\"><div class=\"uvc-heading-spacer no_spacer\" style=\"top\"><\/div><div class=\"uvc-main-heading ult-responsive\"  data-ultimate-target='.uvc-heading.ultimate-heading-94356a9a6c60d0305 h4'  data-responsive-json-new='{\"font-size\":\"\",\"line-height\":\"\"}' ><h4 style=\"--font-weight:theme;\">Localizaci\u00f3n y Horario<\/h4><\/div><div class=\"uvc-sub-heading ult-responsive\"  data-ultimate-target='.uvc-heading.ultimate-heading-94356a9a6c60d0305 .uvc-sub-heading '  data-responsive-json-new='{\"font-size\":\"\",\"line-height\":\"\"}'  style=\"font-weight:normal;\">Nuestra oficina se encuentra en el\u00a0primer piso del Edificio de la Escuela de Enfermer\u00eda Celia Guzm\u00e1n\u00a0y el horario de servicio es de 7:30 am a 4:00 pm.<\/div><\/div>[vc_empty_space height=&#8221;32px&#8221;]<div id=\"ultimate-heading-51626a9a6c60d0367\" class=\"uvc-heading ult-adjust-bottom-margin ultimate-heading-51626a9a6c60d0367 uvc-3599  uvc-heading-default-font-sizes\" data-hspacer=\"no_spacer\"  data-halign=\"left\" style=\"text-align:left\"><div class=\"uvc-heading-spacer no_spacer\" style=\"top\"><\/div><div class=\"uvc-main-heading ult-responsive\"  data-ultimate-target='.uvc-heading.ultimate-heading-51626a9a6c60d0367 h4'  data-responsive-json-new='{\"font-size\":\"\",\"line-height\":\"\"}' ><h4 style=\"--font-weight:theme;\">Personal de la Oficina<\/h4><\/div><div class=\"uvc-sub-heading ult-responsive\"  data-ultimate-target='.uvc-heading.ultimate-heading-51626a9a6c60d0367 .uvc-sub-heading '  data-responsive-json-new='{\"font-size\":\"\",\"line-height\":\"\"}'  style=\"font-weight:normal;\"><strong>Tel\u00e9fono Cuadro<\/strong>: (787)758-2525<\/p>\n<p>Dr. Emanuel D\u00edaz<br \/>\n<strong>Decano Auxiliar de Asuntos Estudiantiles<\/strong><br \/>\n<a href=\"mailto:emmanuel.diaz2@upr.edu\">emmanuel.diaz2@upr.edu<\/a><br \/>\nExt. 1089<\/p>\n<p>Dra. Iris W. C\u00e1tala Torres<br \/>\n<strong>Consejera<\/strong><br \/>\n<a href=\"mailto:iris.catala@upr.edu\">iris.catala@upr.edu<\/a><br \/>\nExt. 1090<\/p>\n<p>Sr. Jos\u00e9 Arnaldo Santos<br \/>\n<strong>Asistente Administrativo<\/strong><br \/>\n<a href=\"mailto:jose.santos10@upr.edu\">jose.santos10@upr.edu<\/a><br \/>\nExt. 1089<\/p>\n<p>Sra. Jessica Palma Mart\u00ednez<br \/>\n<strong>Oficial de Orientaci\u00f3n<\/strong><br \/>\n<a href=\"mailto:jessica.palma@upr.edu\">jessica.palma@upr.edu<\/a><br \/>\nExt. 2109<\/div><\/div>[\/vc_column][vc_column width=&#8221;2\/3&#8243;][vc_single_image image=&#8221;2642&#8243; img_size=&#8221;full&#8221;][vc_column_text]<\/p>\n<p style=\"text-align: center;\">Edificio Celia Guzm\u00e1n de la Escuela de Enfermer\u00eda<\/p>\n<p>[\/vc_column_text][\/vc_column][\/vc_row]<\/p>\n<\/div>","protected":false},"excerpt":{"rendered":"<p>[vc_row][vc_column][vc_column_text]La Oficina de Asuntos Estudiantiles fue creada en el a\u00f1o 1995. Su misi\u00f3n es facilitar la adaptaci\u00f3n de los estudiantes de enfermer\u00eda a la vida universitaria y contribuir a su desarrollo personal, acad\u00e9mico y profesional para que logren sus metas educativas. Mantenemos una l\u00ednea estrecha de comunicaci\u00f3n con la facultad, los representantes estudiantiles, el personal&hellip;<\/p>\n","protected":false},"author":1,"featured_media":0,"parent":0,"menu_order":0,"comment_status":"closed","ping_status":"closed","template":"template-microsite.php","meta":{"footnotes":""},"class_list":["post-82","page","type-page","status-publish","hentry","description-off"],"jetpack_sharing_enabled":true,"_links":{"self":[{"href":"https:\/\/rcm1.rcm.upr.edu\/enfermeria\/wp-json\/wp\/v2\/pages\/82","targetHints":{"allow":["GET"]}}],"collection":[{"href":"https:\/\/rcm1.rcm.upr.edu\/enfermeria\/wp-json\/wp\/v2\/pages"}],"about":[{"href":"https:\/\/rcm1.rcm.upr.edu\/enfermeria\/wp-json\/wp\/v2\/types\/page"}],"author":[{"embeddable":true,"href":"https:\/\/rcm1.rcm.upr.edu\/enfermeria\/wp-json\/wp\/v2\/users\/1"}],"replies":[{"embeddable":true,"href":"https:\/\/rcm1.rcm.upr.edu\/enfermeria\/wp-json\/wp\/v2\/comments?post=82"}],"version-history":[{"count":6,"href":"https:\/\/rcm1.rcm.upr.edu\/enfermeria\/wp-json\/wp\/v2\/pages\/82\/revisions"}],"predecessor-version":[{"id":4376,"href":"https:\/\/rcm1.rcm.upr.edu\/enfermeria\/wp-json\/wp\/v2\/pages\/82\/revisions\/4376"}],"wp:attachment":[{"href":"https:\/\/rcm1.rcm.upr.edu\/enfermeria\/wp-json\/wp\/v2\/media?parent=82"}],"curies":[{"name":"wp","href":"https:\/\/api.w.org\/{rel}","templated":true}]}}