{"id":90,"date":"2016-07-01T08:37:25","date_gmt":"2016-07-01T12:37:25","guid":{"rendered":"http:\/\/127.0.0.1\/enfermeria\/?page_id=90"},"modified":"2026-04-27T12:03:21","modified_gmt":"2026-04-27T12:03:21","slug":"educacion-continua","status":"publish","type":"page","link":"https:\/\/rcm1.rcm.upr.edu\/enfermeria\/educacion-continua\/","title":{"rendered":"Educaci\u00f3n Continua"},"content":{"rendered":"<section class=\"wpb-content-wrapper\"><p>[vc_row][vc_column]<div id=\"ultimate-heading-984169ef8915a12ed\" class=\"uvc-heading ult-adjust-bottom-margin ultimate-heading-984169ef8915a12ed uvc-3440  uvc-heading-default-font-sizes\" data-hspacer=\"no_spacer\"  data-halign=\"left\" style=\"text-align:left\"><div class=\"uvc-heading-spacer no_spacer\" style=\"top\"><\/div><div class=\"uvc-main-heading ult-responsive\"  data-ultimate-target='.uvc-heading.ultimate-heading-984169ef8915a12ed h3'  data-responsive-json-new='{\"font-size\":\"\",\"line-height\":\"\"}' ><h3 style=\"--font-weight:theme;\">DIVISI\u00d3N DE EDUCACI\u00d3N CONTINUA Y ESTUDIOS PROFESIONALES (DECEP)<\/h3><\/div><\/div>[vc_empty_space][vc_column_text]En la Divisi\u00f3n de Educaci\u00f3n Continua y Estudios Profesionales (DECEP) de la Escuela de Enfermer\u00eda, reafirmamos nuestra misi\u00f3n de proveer programas y actividades acad\u00e9micas innovadoras y de excelencia, dirigidos a facilitar el aprendizaje a lo largo de la vida. Viabilizamos, garantizamos y perpetuamos la misi\u00f3n de servicio de la Universidad de Puerto Rico, su inserci\u00f3n en la corriente de la globalizaci\u00f3n y de la educaci\u00f3n, y su contribuci\u00f3n al desarrollo socioecon\u00f3mico y cultural, atendiendo \u00e1gil y eficazmente las necesidades inmediatas de los sectores de Puerto Rico y de su entorno, a los que servimos.[\/vc_column_text][\/vc_column][\/vc_row][vc_row][vc_column]<div id=\"ultimate-heading-602269ef8915a1319\" class=\"uvc-heading ult-adjust-bottom-margin ultimate-heading-602269ef8915a1319 uvc-235  uvc-heading-default-font-sizes\" data-hspacer=\"no_spacer\"  data-halign=\"left\" style=\"text-align:left\"><div class=\"uvc-heading-spacer no_spacer\" style=\"top\"><\/div><div class=\"uvc-main-heading ult-responsive\"  data-ultimate-target='.uvc-heading.ultimate-heading-602269ef8915a1319 h3'  data-responsive-json-new='{\"font-size\":\"\",\"line-height\":\"\"}' ><h3 style=\"--font-weight:theme;\">PROFESIONALES A LOS QUE LES SERVIMOS<\/h3><\/div><\/div>[vc_empty_space][vc_column_text]<\/p>\n<table width=\"100%\">\n<tbody>\n<tr>\n<td width=\"246\"><strong>PROFESIONES<\/strong><\/td>\n<td align=\"center\" width=\"104\"><strong>SIGLAS DE LA PROFESI\u00d3N<\/strong><\/td>\n<td align=\"center\" width=\"104\"><strong>C\u00d3DIGO DE LA PROFESI\u00d3N<\/strong><\/td>\n<\/tr>\n<tr>\n<td width=\"246\">Administradores de Servicios de Salud<\/td>\n<td align=\"center\" width=\"104\">ASS<\/td>\n<td align=\"center\" width=\"104\">01<\/td>\n<\/tr>\n<tr>\n<td width=\"246\">Consejero en Rehabilitaci\u00f3n<\/td>\n<td align=\"center\" width=\"104\">CR<\/td>\n<td align=\"center\" width=\"104\">09<\/td>\n<\/tr>\n<tr>\n<td width=\"246\">Consejero Profesional<\/td>\n<td align=\"center\" width=\"104\">CP<\/td>\n<td align=\"center\" width=\"104\">18<\/td>\n<\/tr>\n<tr>\n<td width=\"246\">Dentista<\/td>\n<td align=\"center\" width=\"104\">D<\/td>\n<td align=\"center\" width=\"104\">20<\/td>\n<\/tr>\n<tr>\n<td width=\"246\">Doctor en Naturopat\u00eda<\/td>\n<td align=\"center\" width=\"104\">DN<\/td>\n<td align=\"center\" width=\"104\">02<\/td>\n<\/tr>\n<tr>\n<td width=\"246\">Asistente Dental<\/td>\n<td align=\"center\" width=\"104\">AD<\/td>\n<td align=\"center\" width=\"104\">21<\/td>\n<\/tr>\n<tr>\n<td width=\"246\">Higienista Dental<\/td>\n<td align=\"center\" width=\"104\">HD<\/td>\n<td align=\"center\" width=\"104\">22<\/td>\n<\/tr>\n<tr>\n<td width=\"246\">Educador en Salud<\/td>\n<td align=\"center\" width=\"104\">ES<\/td>\n<td align=\"center\" width=\"104\">26<\/td>\n<\/tr>\n<tr>\n<td width=\"246\">Educador en Salud Comunal<\/td>\n<td align=\"center\" width=\"104\">ESC<\/td>\n<td align=\"center\" width=\"104\">27<\/td>\n<\/tr>\n<tr>\n<td width=\"246\">Enfermer\u00eda Especialista<\/td>\n<td align=\"center\" width=\"104\">EE<\/td>\n<td align=\"center\" width=\"104\">29<\/td>\n<\/tr>\n<tr>\n<td width=\"246\">Enfermer\u00eda Generalista<\/td>\n<td align=\"center\" width=\"104\">EG<\/td>\n<td align=\"center\" width=\"104\">30<\/td>\n<\/tr>\n<tr>\n<td width=\"246\">Enfermer\u00eda Asociada<\/td>\n<td align=\"center\" width=\"104\">EA<\/td>\n<td align=\"center\" width=\"104\">35<\/td>\n<\/tr>\n<tr>\n<td width=\"246\">Enfermer\u00eda Pr\u00e1ctica<\/td>\n<td align=\"center\" width=\"104\">EP<\/td>\n<td align=\"center\" width=\"104\">34<\/td>\n<\/tr>\n<tr>\n<td width=\"246\">Enfermer\u00eda obstetra<\/td>\n<td align=\"center\" width=\"104\">EO<\/td>\n<td align=\"center\" width=\"104\">32<\/td>\n<\/tr>\n<tr>\n<td width=\"246\">Farmacia<\/td>\n<td align=\"center\" width=\"104\">F<\/td>\n<td align=\"center\" width=\"104\">38<\/td>\n<\/tr>\n<tr>\n<td width=\"246\">T\u00e9cnico de Farmacia \/Aux. de Farmacia<\/td>\n<td align=\"center\" width=\"104\">AF<\/td>\n<td align=\"center\" width=\"104\">39<\/td>\n<\/tr>\n<tr>\n<td width=\"246\">M\u00e9dico veterinario<\/td>\n<td align=\"center\" width=\"104\">MV<\/td>\n<td align=\"center\" width=\"104\">70<\/td>\n<\/tr>\n<tr>\n<td width=\"246\">Natur\u00f3pata<\/td>\n<td align=\"center\" width=\"104\">NL<\/td>\n<td align=\"center\" width=\"104\">05<\/td>\n<\/tr>\n<tr>\n<td width=\"246\">Nutricionista y\/o Dietista<\/td>\n<td align=\"center\" width=\"104\">N\/D<\/td>\n<td align=\"center\" width=\"104\">40<\/td>\n<\/tr>\n<tr>\n<td width=\"246\">Psic\u00f3logo<\/td>\n<td align=\"center\" width=\"104\">PSIC<\/td>\n<td align=\"center\" width=\"104\">49<\/td>\n<\/tr>\n<tr>\n<td width=\"246\">T\u00e9cnico Cuidado Respiratorio<\/td>\n<td align=\"center\" width=\"104\">TCR<\/td>\n<td align=\"center\" width=\"104\">53<\/td>\n<\/tr>\n<tr>\n<td width=\"246\">T\u00e9cnico en Radiolog\u00eda<\/td>\n<td align=\"center\" width=\"104\">TR<\/td>\n<td align=\"center\" width=\"104\">50<\/td>\n<\/tr>\n<tr>\n<td width=\"246\">Tecn\u00f3logo M\u00e9dico<\/td>\n<td align=\"center\" width=\"104\">TM<\/td>\n<td align=\"center\" width=\"104\">54<\/td>\n<\/tr>\n<tr>\n<td width=\"246\">Terapista F\u00edsico<\/td>\n<td align=\"center\" width=\"104\">TF<\/td>\n<td align=\"center\" width=\"104\">60<\/td>\n<\/tr>\n<tr>\n<td width=\"246\">Asistente Terapia F\u00edsica<\/td>\n<td align=\"center\" width=\"104\">TF\/A<\/td>\n<td align=\"center\" width=\"104\">61<\/td>\n<\/tr>\n<tr>\n<td width=\"246\">Terapia Ocupacional<\/td>\n<td align=\"center\" width=\"104\">TO<\/td>\n<td align=\"center\" width=\"104\">62<\/td>\n<\/tr>\n<tr>\n<td width=\"246\">Asistente Terapia Ocupacional<\/td>\n<td align=\"center\" width=\"104\">TO\/A<\/td>\n<td align=\"center\" width=\"104\">63<\/td>\n<\/tr>\n<tr>\n<td width=\"246\">Terapista del Masaje<\/td>\n<td align=\"center\" width=\"104\">TPM<\/td>\n<td align=\"center\" width=\"104\">64<\/td>\n<\/tr>\n<\/tbody>\n<\/table>\n<p>[\/vc_column_text][vc_empty_space][\/vc_column][\/vc_row][vc_row][vc_column]<div id=\"ultimate-heading-905269ef8915a132f\" class=\"uvc-heading ult-adjust-bottom-margin ultimate-heading-905269ef8915a132f uvc-5433  uvc-heading-default-font-sizes\" data-hspacer=\"no_spacer\"  data-halign=\"left\" style=\"text-align:left\"><div class=\"uvc-heading-spacer no_spacer\" style=\"top\"><\/div><div class=\"uvc-main-heading ult-responsive\"  data-ultimate-target='.uvc-heading.ultimate-heading-905269ef8915a132f h3'  data-responsive-json-new='{\"font-size\":\"\",\"line-height\":\"\"}' ><h3 style=\"--font-weight:theme;\">MATR\u00cdCULA PARA LOS M\u00d3DULOS INSTRUCCIONALES<\/h3><\/div><\/div>[vc_empty_space][vc_column_text]<strong>DESCRIPCI\u00d3N <\/strong><\/p>\n<p>Los m\u00f3dulos instruccionales de la DECEP est\u00e1n dise\u00f1ados para fortalecer el desarrollo profesional mediante contenidos actualizados, pertinentes y basados en evidencia. Nuestra oferta acad\u00e9mica abarca una variedad de temas esenciales para la pr\u00e1ctica cl\u00ednica y el bienestar integral de los pacientes. A trav\u00e9s de estos m\u00f3dulos, promovemos el pensamiento cr\u00edtico, la toma de decisiones informadas y la aplicaci\u00f3n de mejores pr\u00e1cticas, contribuyendo as\u00ed a una atenci\u00f3n de salud segura, humanizada y de alta calidad. A continuaci\u00f3n, presentamos la oferta de los m\u00f3dulos instruccionales disponibles:<\/p>\n<ol>\n<li>Accidente Cerebrovascular<\/li>\n<li>Dengue: Cuidado y Manejo de Enfermer\u00eda<\/li>\n<li>Equidad y respeto en el cuidado de enfermer\u00eda: entendiendo y afrontando el discrimen<\/li>\n<li>\u00c9tica Profesional<\/li>\n<li>Trastorno de Bipolaridad<\/li>\n<li>Trastornos del Sue\u00f1o<\/li>\n<li>COVID-19<\/li>\n<li>C\u00e1ncer del Pulm\u00f3n: Actualizaci\u00f3n de Enfermer\u00eda<\/li>\n<li>Trastornos Depresivos<\/li>\n<li>Autocontrol de los profesionales de enfermer\u00eda al intervenir con pacientes psiqui\u00e1tricos<\/li>\n<li>Hipertensi\u00f3n<\/li>\n<li>Glioblastoma: Neoplasia de los astrocitos y el Cuidado de Enfermer\u00eda<\/li>\n<li>El rol de profesional de enfermer\u00eda en la salud p\u00fablica<\/li>\n<li><em>Centrally Acting Non-Opioid Analgesics<\/em><\/li>\n<li><em>Introduction to Epidural Anesthesia<\/em><\/li>\n<li><em>Peripherally Acting Analgesics\u00a0<\/em><\/li>\n<li><em>Local Anesthetics<\/em>\n<ul>\n<li><strong>Instrucciones para efectuar la matr\u00edcula de los m\u00f3dulos instruccionales<\/strong>:\n<ul>\n<li>Accede al enlace a continuaci\u00f3n, completa tu informaci\u00f3n personal y selecciona los m\u00f3dulos que deseas estudiar.<\/li>\n<li><a href=\"https:\/\/forms.cloud.microsoft\/Pages\/ResponsePage.aspx?id=wF36DW8DFUaZ5JSvgi8rhH9EnnHAcjNGgongN5L1SOlURUs2SzZXU1BJUEdPWkM1MDhDVjNOSDJKMy4u\">HOJA DE MATR\u00cdCULA: Rellenar formulario<\/a>\n<ul>\n<li>Tambi\u00e9n puedes escanear el c\u00f3digo QR para acceder a la oferta de m\u00f3dulos instruccionales.<br \/>\n<img loading=\"lazy\" decoding=\"async\" class=\"alignnone size-medium wp-image-4325\" src=\"https:\/\/rcm1.rcm.upr.edu\/enfermeria\/wp-content\/uploads\/2026\/04\/QR-Code_DECEP_Hoja-Matricula-300x300.jpg\" alt=\"qr code matricula\" width=\"300\" height=\"300\" srcset=\"https:\/\/rcm1.rcm.upr.edu\/enfermeria\/wp-content\/uploads\/2026\/04\/QR-Code_DECEP_Hoja-Matricula-300x300.jpg 300w, https:\/\/rcm1.rcm.upr.edu\/enfermeria\/wp-content\/uploads\/2026\/04\/QR-Code_DECEP_Hoja-Matricula-150x150.jpg 150w, https:\/\/rcm1.rcm.upr.edu\/enfermeria\/wp-content\/uploads\/2026\/04\/QR-Code_DECEP_Hoja-Matricula.jpg 507w\" sizes=\"auto, (max-width: 300px) 100vw, 300px\" \/><\/li>\n<\/ul>\n<\/li>\n<\/ul>\n<\/li>\n<\/ul>\n<\/li>\n<\/ol>\n<p>&nbsp;<\/p>\n<p><strong>Para emitir el pago de los m\u00f3dulos: \u00a0\u00a0\u00a0\u00a0\u00a0\u00a0\u00a0 <\/strong><\/p>\n<ul>\n<li>Puedes realizarlo asistiendo a nuestra <strong>Oficina de Recaudaciones<\/strong> en la Escuela de Enfermer\u00eda o a trav\u00e9s de <strong>ATH M\u00f3vil<\/strong> llamando a: (787) 758-2525 Extensi\u00f3n: 2711<\/li>\n<li>Una vez recibido el pago, cont\u00e1ctanos por correo electr\u00f3nico a: <a href=\"mailto:decepenfermeria.rcm@upr.edu\">rcm@upr.edu<\/a> para continuar con el proceso de matr\u00edcula y el env\u00edo de los m\u00f3dulos seleccionados. Tambi\u00e9n puedes llamar a: (787) 758-2525 Extensi\u00f3n: 3110, 1187<\/li>\n<\/ul>\n<p>[\/vc_column_text][vc_empty_space][\/vc_column][\/vc_row][vc_row][vc_column]<div id=\"ultimate-heading-443269ef8915a1342\" class=\"uvc-heading ult-adjust-bottom-margin ultimate-heading-443269ef8915a1342 uvc-3040  uvc-heading-default-font-sizes\" data-hspacer=\"no_spacer\"  data-halign=\"left\" style=\"text-align:left\"><div class=\"uvc-heading-spacer no_spacer\" style=\"top\"><\/div><div class=\"uvc-main-heading ult-responsive\"  data-ultimate-target='.uvc-heading.ultimate-heading-443269ef8915a1342 h3'  data-responsive-json-new='{\"font-size\":\"\",\"line-height\":\"\"}' ><h3 style=\"--font-weight:theme;\">CERTIFICACIONES PROFESIONALES<\/h3><\/div><div class=\"uvc-sub-heading ult-responsive\"  data-ultimate-target='.uvc-heading.ultimate-heading-443269ef8915a1342 .uvc-sub-heading '  data-responsive-json-new='{\"font-size\":\"\",\"line-height\":\"\"}'  style=\"font-weight:normal;\"><\/p>\n<p>Nuestras certificaciones constan de un total de 360 horas de contacto, distribuidas en 180 horas te\u00f3ricas y 180 horas pr\u00e1cticas. La duraci\u00f3n aproximada de cada certificaci\u00f3n es de 12 meses.<\/div><\/div>[vc_empty_space][vc_column_text]<\/p>\n<table width=\"100%\">\n<tbody>\n<tr>\n<td width=\"283\"><strong>Horarios<\/strong>:<\/p>\n<p>o\u00a0\u00a0 Algunas certificaciones se re\u00fanen dos veces por semana en horario vespertino.<\/p>\n<p>o\u00a0\u00a0 Otras se re\u00fanen una vez por semana (usualmente los s\u00e1bados durante todo el d\u00eda).<\/p>\n<p>o\u00a0\u00a0 Modalidad: h\u00edbrida<\/td>\n<td width=\"340\"><strong>Requisitos de admisi\u00f3n<\/strong>:<\/p>\n<p>o\u00a0\u00a0 Licencia profesional permanente vigente<\/p>\n<p>o\u00a0\u00a0 Registro de licencia<\/p>\n<p>o\u00a0\u00a0 Evidencia de colegiaci\u00f3n<\/p>\n<p>&nbsp;<\/td>\n<\/tr>\n<tr>\n<td width=\"283\"><strong>Costo de la certificaci\u00f3n<\/strong>:<\/p>\n<p>o\u00a0\u00a0 Total: $2,400<\/p>\n<p>o\u00a0\u00a0 Matr\u00edcula inicial: $700<\/p>\n<p>o\u00a0\u00a0 Balance restante: puede pagarse en plazos<\/p>\n<p>&nbsp;<\/td>\n<td width=\"340\"><strong>M\u00e9todo de Pago<\/strong>:<\/p>\n<p>o\u00a0\u00a0 <strong>En persona<\/strong>: de lunes a viernes de 6:00 am a 1:30 pm.<\/p>\n<p>o\u00a0\u00a0 <strong>ATH M\u00f3vil<\/strong>: Llamar al (787) 758-2525, Ext. 2711.<\/p>\n<p>o\u00a0\u00a0 <strong>Online<\/strong>: Complete el <a href=\"https:\/\/rcm1.rcm.upr.edu\/enfermeria\/wp-content\/uploads\/2023\/06\/HOJA-AUTORIZACION-DEBITO-TARJETA-DE-CREDITO.pdf\"><strong>formulario de autorizaci\u00f3n para d\u00e9bito<\/strong><\/a> de su tarjeta de d\u00e9bito con logo\/cr\u00e9dito y env\u00ede el formulario a: <a href=\"mailto:decepenfermeria.rcm@upr.edu\">decepenfermeria.rcm@upr.edu<\/a>.<\/p>\n<p>o\u00a0\u00a0 <strong>Por correo<\/strong>: Env\u00ede cheque o giro postal a nombre de la Universidad de Puerto Rico, junto con el formulario de matr\u00edcula a la direcci\u00f3n:<\/p>\n<p>DECEP<\/p>\n<p>Escuela de Enfermer\u00eda<\/p>\n<p>UPR Recinto de Ciencias M\u00e9dicas<\/p>\n<p>PO BOX 365067<\/p>\n<p>San Juan, PR 00936-5067<\/td>\n<\/tr>\n<tr>\n<td colspan=\"2\" width=\"623\"><strong>Certificaciones actualmente disponibles<\/strong>:<\/p>\n<p>o\u00a0\u00a0 Control de Infecciones en Escenarios Variados de Salud<\/p>\n<p>o\u00a0\u00a0 Cuidado Cr\u00edtico<\/p>\n<p>o\u00a0\u00a0 Cuidado de Heridas y Piel<\/p>\n<p>o\u00a0\u00a0 Enfermer\u00eda en Salud Ocupacional y Ambiental<\/p>\n<p>o\u00a0\u00a0 Escenarios Quir\u00fargicos<\/p>\n<p>o\u00a0\u00a0 Nefrolog\u00eda<\/p>\n<p>o\u00a0\u00a0 Oncolog\u00eda<\/td>\n<\/tr>\n<\/tbody>\n<\/table>\n<p>[\/vc_column_text][vc_empty_space][\/vc_column][\/vc_row][vc_row][vc_column]<div id=\"ultimate-heading-335669ef8915a135f\" class=\"uvc-heading ult-adjust-bottom-margin ultimate-heading-335669ef8915a135f uvc-805  uvc-heading-default-font-sizes\" data-hspacer=\"no_spacer\"  data-halign=\"left\" style=\"text-align:left\"><div class=\"uvc-heading-spacer no_spacer\" style=\"top\"><\/div><div class=\"uvc-main-heading ult-responsive\"  data-ultimate-target='.uvc-heading.ultimate-heading-335669ef8915a135f h3'  data-responsive-json-new='{\"font-size\":\"\",\"line-height\":\"\"}' ><h3 style=\"--font-weight:theme;\">CERTIFICACIONES ACTUALMENTE DISPONIBLES<\/h3><\/div><\/div>[vc_empty_space][\/vc_column][\/vc_row][vc_row][vc_column width=&#8221;1\/3&#8243;][vc_single_image image=&#8221;4308&#8243; img_size=&#8221;full&#8221; alignment=&#8221;center&#8221; onclick=&#8221;img_link_large&#8221;][\/vc_column][vc_column width=&#8221;1\/3&#8243;][vc_single_image image=&#8221;4309&#8243; img_size=&#8221;full&#8221; alignment=&#8221;center&#8221; onclick=&#8221;img_link_large&#8221;][\/vc_column][vc_column width=&#8221;1\/3&#8243;][vc_single_image image=&#8221;4310&#8243; img_size=&#8221;full&#8221; alignment=&#8221;center&#8221; onclick=&#8221;img_link_large&#8221;][\/vc_column][\/vc_row][vc_row][vc_column width=&#8221;1\/3&#8243;][vc_single_image image=&#8221;4311&#8243; img_size=&#8221;full&#8221; alignment=&#8221;center&#8221; onclick=&#8221;img_link_large&#8221;][\/vc_column][vc_column width=&#8221;1\/3&#8243;][vc_single_image image=&#8221;4312&#8243; img_size=&#8221;full&#8221; alignment=&#8221;center&#8221; onclick=&#8221;img_link_large&#8221;][\/vc_column][vc_column width=&#8221;1\/3&#8243;][vc_single_image image=&#8221;4313&#8243; img_size=&#8221;full&#8221; alignment=&#8221;center&#8221; onclick=&#8221;img_link_large&#8221;][\/vc_column][\/vc_row][vc_row][vc_column][vc_empty_space][vc_column_text]<strong>C\u00f3mo pagar<\/strong>[\/vc_column_text][vc_column_text]<\/p>\n<ul>\n<li><strong>En persona:<\/strong> Por <u>cita previa<\/u>, lunes a viernes de 8am a 2pm<\/li>\n<li><strong><em>Online<\/em><\/strong><strong>:<\/strong> Complete el <a href=\"https:\/\/rcm1.rcm.upr.edu\/enfermeria\/wp-content\/uploads\/2023\/06\/HOJA-AUTORIZACION-DEBITO-TARJETA-DE-CREDITO.pdf\" target=\"_blank\" rel=\"noopener\"><strong>formulario de autorizaci\u00f3n para d\u00e9bito<\/strong><\/a> de su tarjeta de d\u00e9bito con logo\/cr\u00e9dito y env\u00ede a decepenfermeria.rcm@upr.edu.<\/li>\n<li><strong>Por correo:<\/strong> Env\u00ede cheque o giro postal a nombre de la Universidad de Puerto Rico, junto con el formulario de matr\u00edcula a la direcci\u00f3n:<\/li>\n<\/ul>\n<p>DECEP<br \/>\nEscuela de Enfermer\u00eda<br \/>\nUPR Recinto de Ciencias M\u00e9dicas<br \/>\nPO BOX 365067<br \/>\nSan Juan, PR 00936-5067[\/vc_column_text][\/vc_column][\/vc_row][vc_row][vc_column][vc_column_text]<strong>INFORMACI\u00d3N DE CONTACTO<\/strong><\/p>\n<p><strong>Direcci\u00f3n f\u00edsica<\/strong><\/p>\n<p>Escuela de Enfermer\u00eda-Edificio Anexo,<br \/>\nPrimer Piso, Oficina 173<br \/>\nUPR-Recinto de Ciencias M\u00e9dicas<br \/>\nCentro M\u00e9dico, San Juan, PR<\/p>\n<p><strong>Tel\u00e9fono<br \/>\n<\/strong>787-758-2525, Exts. 1187, 3110<\/p>\n<p><strong>Correo electr\u00f3nico<br \/>\n<\/strong><a href=\"mailto:decepenfermeria.rcm@upr.edu\">decepenfermeria.rcm@upr.edu<\/a><\/p>\n<p><strong>Personal de la DECEP:<\/strong><\/p>\n<p><strong>Mariana Gonz\u00e1lez Bravo<\/strong><br \/>\nDirectora<\/p>\n<p><strong>Leandra Quintana Nieves<\/strong><br \/>\nAsistente Administrativa<\/p>\n<p><strong>Cruz I. Rivera<\/strong><br \/>\nRecaudadora<br \/>\n787-758-2525, Ext. 2711[\/vc_column_text][vc_empty_space][\/vc_column][\/vc_row][vc_row][vc_column]<div id=\"ultimate-heading-915069ef8915a1372\" class=\"uvc-heading ult-adjust-bottom-margin ultimate-heading-915069ef8915a1372 uvc-6922  uvc-heading-default-font-sizes\" data-hspacer=\"no_spacer\"  data-halign=\"center\" style=\"text-align:center\"><div class=\"uvc-heading-spacer no_spacer\" style=\"top\"><\/div><div class=\"uvc-main-heading ult-responsive\"  data-ultimate-target='.uvc-heading.ultimate-heading-915069ef8915a1372 h3'  data-responsive-json-new='{\"font-size\":\"\",\"line-height\":\"\"}' ><h3 style=\"--font-weight:theme;\">``La DECEP...formando l\u00edderes de la salud en Puerto Rico y el mundo``.<\/h3><\/div><\/div>[\/vc_column][\/vc_row]<\/p>\n<\/section>","protected":false},"excerpt":{"rendered":"<p>[vc_row][vc_column][vc_empty_space][vc_column_text]En la Divisi\u00f3n de Educaci\u00f3n Continua y Estudios Profesionales (DECEP) de la Escuela de Enfermer\u00eda, reafirmamos nuestra misi\u00f3n de proveer programas y actividades acad\u00e9micas innovadoras y de excelencia, dirigidos a facilitar el aprendizaje a lo largo de la vida. Viabilizamos, garantizamos y perpetuamos la misi\u00f3n de servicio de la Universidad de Puerto Rico, su inserci\u00f3n&hellip;<\/p>\n","protected":false},"author":1,"featured_media":0,"parent":0,"menu_order":0,"comment_status":"closed","ping_status":"closed","template":"template-microsite.php","meta":{"footnotes":""},"class_list":["post-90","page","type-page","status-publish","hentry","description-off"],"jetpack_sharing_enabled":true,"_links":{"self":[{"href":"https:\/\/rcm1.rcm.upr.edu\/enfermeria\/wp-json\/wp\/v2\/pages\/90","targetHints":{"allow":["GET"]}}],"collection":[{"href":"https:\/\/rcm1.rcm.upr.edu\/enfermeria\/wp-json\/wp\/v2\/pages"}],"about":[{"href":"https:\/\/rcm1.rcm.upr.edu\/enfermeria\/wp-json\/wp\/v2\/types\/page"}],"author":[{"embeddable":true,"href":"https:\/\/rcm1.rcm.upr.edu\/enfermeria\/wp-json\/wp\/v2\/users\/1"}],"replies":[{"embeddable":true,"href":"https:\/\/rcm1.rcm.upr.edu\/enfermeria\/wp-json\/wp\/v2\/comments?post=90"}],"version-history":[{"count":5,"href":"https:\/\/rcm1.rcm.upr.edu\/enfermeria\/wp-json\/wp\/v2\/pages\/90\/revisions"}],"predecessor-version":[{"id":4326,"href":"https:\/\/rcm1.rcm.upr.edu\/enfermeria\/wp-json\/wp\/v2\/pages\/90\/revisions\/4326"}],"wp:attachment":[{"href":"https:\/\/rcm1.rcm.upr.edu\/enfermeria\/wp-json\/wp\/v2\/media?parent=90"}],"curies":[{"name":"wp","href":"https:\/\/api.w.org\/{rel}","templated":true}]}}