{"id":30,"date":"2019-02-21T10:04:50","date_gmt":"2019-02-21T14:04:50","guid":{"rendered":"http:\/\/exalumnos.rcm.upr.edu\/ihicis\/?page_id=30"},"modified":"2019-02-21T10:04:50","modified_gmt":"2019-02-21T14:04:50","slug":"v-cumbre-de-historia-de-las-ciencias-de-la-salud","status":"publish","type":"page","link":"https:\/\/rcm1.rcm.upr.edu\/institutohistoria\/v-cumbre-de-historia-de-las-ciencias-de-la-salud\/","title":{"rendered":"V Cumbre de Historia de las Ciencias de la Salud"},"content":{"rendered":"\n<p class=\"has-text-align-center\">INVITACION<br>V CUMBRE DE HISTORIA DE LAS CIENCIAS DE LA SALUD<br>Nuevo Anfiteatro del Recinto de Ciencias M\u00e9dicas<br>Centro M\u00e9dico<br>San Juan, P.R.<\/p>\n\n\n\n<p>Martes, 8 de abril de 2014<br>8:00 a.m. a 5:00 p.m.<\/p>\n\n\n\n<p>El Instituto de Historia de las Ciencias de la Salud (IHICIS), ubicado en el Decanato de Asuntos Acad\u00e9micos bajo un acuerdo de colaboraci\u00f3n con la seis Escuelas del Recinto de Ciencias M\u00e9dicas de la Universidad de Puerto Rico, presenta la&nbsp;<strong>V Cumbre de Historia de las Ciencias de la Salud<\/strong>. La Cumbre de Historia constituye una oportunidad para el an\u00e1lisis cr\u00edtico de temas y asuntos hist\u00f3ricos vinculados a la salud. El evento viabiliza el intercambio de profesionales, acad\u00e9micos e investigadores que profundizan en aspectos hist\u00f3ricos desde las perspectivas sociales e institucionales de las profesiones y las disciplinas vinculadas a la salud.<\/p>\n\n\n\n<p>La&nbsp;<strong>V Cumbre de Historia de las Ciencias de la Salud<\/strong>&nbsp;integra las actividades del F<strong>oro Anual de Investigaci\u00f3n y Educaci\u00f3n<\/strong>&nbsp;organizado por el Decanato de Asuntos Acad\u00e9micos del Recinto de Ciencias M\u00e9dicas de la Universidad de Puerto Rico.<\/p>\n\n\n\n<p><strong>Para informaci\u00f3n e inscripciones:<\/strong><br>IHICIS, Decanato de Asuntos Acad\u00e9micos,<br>Recinto de Ciencias M\u00e9dicas,<br>Universidad de Puerto Rico<br>PO Box 365067, San Juan, Puerto Rico 00936-5067<br>Tel. (787)758-2525, Ext. 1656 y 2078<\/p>\n\n\n\n<p>Fax. (787) 758-2556<br><a href=\"mailto:ihicis.rcm@upr.edu\">ihicis.rcm@upr.edu<\/a><\/p>\n\n\n\n<hr class=\"wp-block-separator\" \/>\n\n\n\n<h4 class=\"wp-block-heading\">PROGRAMA<br>&nbsp;<\/h4>\n\n\n\n<figure class=\"wp-block-table\"><table class=\"\"><tbody><tr><td>8:00<\/td><td><strong>Inscripci\u00f3n<\/strong><\/td><\/tr><tr><td>8:30<\/td><td>Saludos protocolares<strong>Dr. Francisco Mu\u00f1iz &#8211; Mantenedor<\/strong><br>Investigador Adscrito de IHICIS<br><strong>Dr. Juan B. Giusti de Jes\u00fas<\/strong><br>Director de IHICIS<br><strong>Dr. Edgar Col\u00f3n Negr\u00f3n<\/strong><br>Rector Interino, RCM<br><strong>Dr. Ricardo Gonz\u00e1lez M\u00e9ndez<\/strong><br>Decano de Asuntos Acad\u00e9micos Interino, RCM<\/td><\/tr><tr><td>8:45<\/td><td><strong>Dedicatoria: Biblioteca Conrado F. Asenjo y homenaje<\/strong><strong>Dr. Juan B. Giusti de Jes\u00fas<\/strong><br>Director de IHICIS<\/td><\/tr><tr><td>9:15<\/td><td><a href=\"https:\/\/www.youtube.com\/watch?v=e5JCEUhN-Xo&amp;list=PLf5LkdIKuHr7-lIoo70MvXeTZGI2GJWDh&amp;index=1\">Quinta Cumbre de Historia de las Ciencias de la Salud: Trasfondo y Objetivos<\/a><br><strong>Dr. Francisco Mu\u00f1iz<\/strong><br>Investigador Adscrito de IHICIS<\/td><\/tr><tr><td>9:30<\/td><td><a href=\"https:\/\/www.youtube.com\/watch?v=H_dg8zBQxO0&amp;list=PLf5LkdIKuHr7-lIoo70MvXeTZGI2GJWDh&amp;index=2\">Centenario Biblioteca Conrado F. Asenjo: De una carreta al Internet (1914-2014).<\/a><strong>Profesora Carmen M. Santos Corrada<\/strong><br>Investigadora Adscrita de IHICIS<\/td><\/tr><tr><td>10:00<\/td><td><a href=\"https:\/\/www.youtube.com\/watch?v=pHvOSPCAzcA&amp;list=PLf5LkdIKuHr7-lIoo70MvXeTZGI2GJWDh&amp;index=3\">Conversatorio: El Dr. Conrado F. Asenjo, amigo, colega, maestro e investigador.<\/a><br><strong>Dr. Carlos E. Girod<\/strong><br>Profesor Em\u00e9rito, UPR<br><strong>Dr. Ad\u00e1n Nigaglioni<\/strong><br>Rector Em\u00e9rito, UPR<br><strong>Dr. \u00c1ngel Rom\u00e1n Franco<\/strong><br>Profesor Distinguido, UPR<\/td><\/tr><tr><td>11:00<\/td><td><a href=\"https:\/\/www.youtube.com\/watch?v=11bJ6E7cgHw&amp;list=PLf5LkdIKuHr7-lIoo70MvXeTZGI2GJWDh&amp;index=4\">Dr. Conrado F. Asenjo: El cient\u00edfico y su legado.<\/a><strong>Dra. Winna T. Rivera Soto<\/strong><br>Catedr\u00e1tica de la Escuela Graduada de Salud P\u00fablica, RCM, UPR<\/td><\/tr><tr><td>11:30<\/td><td><strong>Discusi\u00f3n<\/strong><\/td><\/tr><tr><td>12:00<\/td><td><strong>Almuerzo<\/strong><\/td><\/tr><tr><td>1:30<\/td><td><a href=\"https:\/\/www.youtube.com\/watch?v=UI6wqTGuTWY&amp;list=PLf5LkdIKuHr7-lIoo70MvXeTZGI2GJWDh&amp;index=5\">Los \u201ccl\u00e1sicos\u201d de la medicina en Puerto Rico: una b\u00fasqueda del canon.<\/a><br><strong>Dr. Jos\u00e9 G. Rigau P\u00e9rez<\/strong><br>M\u00e9dico, epidemi\u00f3logo e historiador<\/td><\/tr><tr><td>2:00<\/td><td><a href=\"https:\/\/www.youtube.com\/watch?v=eXOHMrdHS0I&amp;list=PLf5LkdIKuHr7-lIoo70MvXeTZGI2GJWDh&amp;index=6\">El desarrollo de la literatura cient\u00edfica y m\u00e9dica en Puerto Rico en los siglos XVII-XIX, (Imprenta y censura).<\/a><strong>Dr. Eduardo Rodr\u00edguez V\u00e1zquez<\/strong><br>Investigador Adscrito IHICIS<\/td><\/tr><tr><td>2:30<\/td><td><a href=\"https:\/\/www.youtube.com\/watch?v=4vzDXng3uzM&amp;list=PLf5LkdIKuHr7-lIoo70MvXeTZGI2GJWDh&amp;index=7\">Buhiti. Memoria hist\u00f3rica de educaci\u00f3n m\u00e9dica en Puerto Rico, (Escuela de Medicina, UPR): 1970-76.<\/a><br><strong>Dr. Ra\u00fal Mayo Santana<\/strong><br>Miembro Fundador de IHICIS<\/td><\/tr><tr><td>3:00<\/td><td><a href=\"https:\/\/www.youtube.com\/watch?v=saH0STjmmpY&amp;list=PLf5LkdIKuHr7-lIoo70MvXeTZGI2GJWDh&amp;index=8\">Estado de situaci\u00f3n de las fuentes para la investigaci\u00f3n en salud en el siglo XXI.<\/a><br><strong>Profesora Carmen M. Santos Corrada<\/strong><br>Colecciones Especiales Biblioteca Conrado F. Asenjo, RCM, UPR.<br><strong>Profesora Marisa Ord\u00f3\u00f1ez<\/strong><br>Colecci\u00f3n Puertorrique\u00f1a, Biblioteca Recinto de R\u00edo Piedras, UPR.<br><strong>Sra. Karin Cardona<\/strong><br>Archivera General de Puerto Rico<br>Directora del Archivo General y Biblioteca Nacional de Puerto Rico<\/td><\/tr><tr><td>3:30<\/td><td><strong>Discusi\u00f3n plenaria<\/strong><\/td><\/tr><tr><td>4:00<\/td><td><strong>Clausura<\/strong><\/td><\/tr><\/tbody><\/table><\/figure>\n","protected":false},"excerpt":{"rendered":"<p>INVITACIONV CUMBRE DE HISTORIA DE LAS CIENCIAS DE LA SALUDNuevo Anfiteatro del Recinto de Ciencias M\u00e9dicasCentro M\u00e9dicoSan Juan, P.R. Martes, 8 de abril de 20148:00 a.m. a 5:00 p.m. El Instituto de Historia de las Ciencias de la Salud (IHICIS), ubicado en el Decanato de Asuntos Acad\u00e9micos bajo un acuerdo de colaboraci\u00f3n con la seis&hellip;<\/p>\n","protected":false},"author":1,"featured_media":0,"parent":0,"menu_order":0,"comment_status":"closed","ping_status":"closed","template":"template-microsite.php","meta":{"footnotes":""},"class_list":["post-30","page","type-page","status-publish","hentry","description-off"],"aioseo_notices":[],"_links":{"self":[{"href":"https:\/\/rcm1.rcm.upr.edu\/institutohistoria\/wp-json\/wp\/v2\/pages\/30","targetHints":{"allow":["GET"]}}],"collection":[{"href":"https:\/\/rcm1.rcm.upr.edu\/institutohistoria\/wp-json\/wp\/v2\/pages"}],"about":[{"href":"https:\/\/rcm1.rcm.upr.edu\/institutohistoria\/wp-json\/wp\/v2\/types\/page"}],"author":[{"embeddable":true,"href":"https:\/\/rcm1.rcm.upr.edu\/institutohistoria\/wp-json\/wp\/v2\/users\/1"}],"replies":[{"embeddable":true,"href":"https:\/\/rcm1.rcm.upr.edu\/institutohistoria\/wp-json\/wp\/v2\/comments?post=30"}],"version-history":[{"count":0,"href":"https:\/\/rcm1.rcm.upr.edu\/institutohistoria\/wp-json\/wp\/v2\/pages\/30\/revisions"}],"wp:attachment":[{"href":"https:\/\/rcm1.rcm.upr.edu\/institutohistoria\/wp-json\/wp\/v2\/media?parent=30"}],"curies":[{"name":"wp","href":"https:\/\/api.w.org\/{rel}","templated":true}]}}