{"id":32,"date":"2019-02-21T10:07:11","date_gmt":"2019-02-21T14:07:11","guid":{"rendered":"http:\/\/exalumnos.rcm.upr.edu\/ihicis\/?page_id=32"},"modified":"2019-02-21T10:07:11","modified_gmt":"2019-02-21T14:07:11","slug":"cuarta-cumbre-de-historia-de-las-ciencias-de-la-salud","status":"publish","type":"page","link":"https:\/\/rcm1.rcm.upr.edu\/institutohistoria\/cuarta-cumbre-de-historia-de-las-ciencias-de-la-salud\/","title":{"rendered":"Cuarta Cumbre de Historia de las Ciencias de la Salud"},"content":{"rendered":"\t\t\t\t\n<p style=\"text-align:center\"><a href=\"https:\/\/ihicis.rcm.upr.edu\/wp-content\/uploads\/sites\/23\/2020\/04\/Programa-Final-IV-Cumbre-de-IHICIS.pdf\">Invitaci\u00f3n a la Cuarta Cumbre de Historia de las Ciencias de la Salud<\/a><\/p>\n\n\n\n<p style=\"text-align:center\">Archivo General de Puerto Rico<br>Biblioteca Nacional de Puerto Rico<br>Puerta de Tierra<br>San Juan<\/p>\n\n\n\n<p>Martes, 27 de marzo de 2012<br>8:00 a.m. a 6:00 p.m.<br>&nbsp;<\/p>\n\n\n\n<h3 class=\"wp-block-heading\"><strong>Programa<\/strong><\/h3>\n\n\n\n<p>El Instituto de Historia de las Ciencias de la Salud (IHICIS), ubicado en el Decanato de Asuntos Acad\u00e9micos bajo un acuerdo de colaboraci\u00f3n con la seis Escuelas del Recinto de Ciencias M\u00e9dicas de la Universidad de Puerto Rico, presenta la IV Cumbre de Historia de las Ciencias de la Salud. La Cumbre de Historia se integra a las actividades del Foro Anual de Investigaci\u00f3n y Educaci\u00f3n organizado por el Decanato de Asuntos Acad\u00e9micos del Recinto de Ciencias M\u00e9dicas de la Universidad de Puerto Rico y constituye una oportunidad para el an\u00e1lisis cr\u00edtico de temas y asuntos hist\u00f3ricos vinculados a la salud. El evento viabiliza el intercambio de profesionales, acad\u00e9micos e investigadores que profundizan en aspectos hist\u00f3ricos desde las perspectivas sociales e institucionales de las profesiones y las disciplinas vinculadas a la salud.<\/p>\n\n\n\n<p>La IV Cumbre de Historia de las Ciencias de la Salud, bajo el tema \u201cEstado y Salud: los servicios de salud en el Puerto Rico del siglo XX\u201d, analizar\u00e1 el devenir hist\u00f3rico de estos servicios, desde finales del siglo XIX hasta las reformas implantadas durante la \u00faltima d\u00e9cada del siglo XX. Esta cumbre tiene como objetivo general exponer y discutir la secularizaci\u00f3n de los servicios de salud por parte del Estado a trav\u00e9s de la institucionalizaci\u00f3n de los servicios de salud, la validaci\u00f3n e institucionalizaci\u00f3n de las profesiones y la fundaci\u00f3n de escuelas profesionales.<\/p>\n\n\n\n<p><strong>Trasfondo y Objetivos<\/strong><\/p>\n\n\n\n<p>El 1898 trajo consigo un cambio de soberan\u00eda para Puerto Rico. Entre las transformaciones que produjo el nuevo gobierno, la salud fue uno de los renglones que tuvo una atenci\u00f3n particular. Se defini\u00f3 el concepto de salud isle\u00f1o a la luz de las tendencias metropolitanas, en especial, la medicina tropical y la regionalizaci\u00f3n de los servicios de salud, tanto p\u00fablicos como privados. Esta \u00f3ptica perfil\u00f3 las necesidades del pa\u00eds y facilit\u00f3 el dise\u00f1o y puesta en pr\u00e1ctica de diversos programas de sanidad, higiene y salud.<\/p>\n\n\n\n<p>Con la llegada del siglo XX esta pol\u00edtica p\u00fablica estatal continu\u00f3 con pocos cambios. Uno de los m\u00e1s importantes fue la fundaci\u00f3n de escuelas profesionales, las cuales hicieron posible la producci\u00f3n de servidores que cumplieran con el plan salubrista trazado. A lo largo de este siglo, el Estado continu\u00f3 con la validaci\u00f3n de las profesiones y asumi\u00f3 la potestad de la fiscalizaci\u00f3n de los servicios de salud p\u00fablicos y privados.<\/p>\n\n\n\n<p>Hacia finales del siglo XX, este andamiaje gubernamental fue trastocado. Hoy por hoy, ya el Estado no es generador de servicios de salud sino un consumidor de los mismos y su capacidad de fiscalizaci\u00f3n es debatible. Con sus aciertos y desaciertos, una revisi\u00f3n y an\u00e1lisis de esta historia nos ayudar\u00e1 a entender la situaci\u00f3n actual y reflexionar sobre el futuro de los servicios de salud en nuestro pa\u00eds, a una d\u00e9cada ya del siglo XXI.<\/p>\n\n\n\n<p>La IV Cumbre de Historia de las Ciencias de la Salud, se propone alcanzar los objetivos espec\u00edficos que se enumeran a continuaci\u00f3n.<\/p>\n\n\n\n<ul class=\"wp-block-list\"><li>Analizar la secularizaci\u00f3n de los servicios de salud por parte del Estado, a trav\u00e9s de su definici\u00f3n de salud y los esfuerzos pragm\u00e1ticos para el desarrollo de programas de servicios de salud, higiene y salubridad.<\/li><li>Evaluar los dise\u00f1os de los programas de salud establecidos para cumplir y hacer valer la definici\u00f3n de salud y la puesta en pr\u00e1ctica de dichos programas.<\/li><li>Discutir del proceso de validaci\u00f3n e institucionalizaci\u00f3n de las profesiones de salud, en funci\u00f3n de la prestaci\u00f3n de los servicios requeridos por los programas establecidos, con ejemplos emblem\u00e1ticos como la fundaci\u00f3n de escuelas profesionales.<\/li><li>Reflexionar sobre el proceso de institucionalizaci\u00f3n, fiscalizaci\u00f3n y transformaci\u00f3n de los servicios de salud; su efecto en el futuro de las profesiones y el impacto en la salud en el Puerto Rico del siglo 21.<\/li><\/ul>\n\n\n\n<table class=\"wp-block-table\"><tbody><tr><td>8:00 a.m. \u2013 8:15 a.m.<\/td><td>Inscripciones<\/td><\/tr><tr><td>8:15 a.m. \u2013 8:30 a.m.<\/td><td>Bienvenida y Saludos Protocolares<br><strong>Dr. Francisco Mu\u00f1iz<\/strong>&nbsp;&#8211; Maestro de Ceremonias<br>Investigador Adscrito IHICIS<br><strong>Dr. Juan B. Giusti de Jes\u00fas<\/strong><br>Director de IHICIS<br><strong>Dr. Rafael Rodr\u00edguez Mercado<\/strong><br>Rector, RCM<br><strong>Dra. Ilka R\u00edos Reyes<\/strong><br>Decana de Asuntos Acad\u00e9micos, RCM<br>Dedicatoria: Escuela de Profesiones de la Salud<br><strong>Dra. Ilka R\u00edos Reyes y Dra. Estela Estap\u00e9<\/strong><br>Decana de la Escuela de Profesiones de la Salud<\/td><\/tr><tr><td>8:30 a.m. \u2013 8:45 a.m.<\/td><td>El Archivo General de Puerto Rico:&nbsp;<a href=\"http:\/\/www.youtube.com\/watch?v=UEMOGh8JpiM\">Valor emblem\u00e1tico para las Ciencias de la Salud<\/a><br><strong>Dr. Juan B. Giusti de Jes\u00fas<\/strong><br>Director de IHICIS<br><strong>Sr. Jos\u00e9 A. Flores Rivera<\/strong><br>Archivero General de Puerto Rico<br><strong>Dra. Josefina G\u00f3mez de Hillyer<\/strong><br>Directora de la Biblioteca Nacional de Puerto Rico<\/td><\/tr><tr><td>8:45 a.m &#8211; 9:00 a.m.<\/td><td><strong>Objetivos de la Cumbre:<br>Dra. Miriam Lugo<\/strong><br>Investigadora Adscrita IHICIS<\/td><\/tr><tr><td>9:00 a.m. \u2013 9:30 a.m.<\/td><td><strong>Conferencia Magistral<\/strong><br><a href=\"http:\/\/www.youtube.com\/watch?v=6WAsLXvjs6Q\">\u201cJ\u00edbaros y m\u00e9dicos a principios del siglo XX: los cuerpos an\u00e9micos en la ecuaci\u00f3n imperial\u201d<\/a><br><strong>Dr. Francisco Scarano<\/strong><br>Catedr\u00e1tico de la Universidad de Winsconsin, Madison<\/td><\/tr><tr><td>9:30 a.m. -10:00 a.m.<\/td><td><strong>Receso, Visita a Carteles y Exhibidores<\/strong><\/td><\/tr><tr><td>10:00 a.m. -11:15 a.m.<\/td><td><strong>Panel<\/strong>:&nbsp;<a href=\"http:\/\/www.youtube.com\/watch?v=u9TGUAeR-zE\">El Legado Hist\u00f3rico de la Medicina Tropical en Puerto Rico: las Comisiones de Anemia, el Instituto de Medicina Tropical y la Escuela de Medicina Tropical<\/a><br><strong>Dr. Ra\u00fal Mayo<\/strong>-Coordinador Miembro Fundador de IHICIS<br><strong>Dra. Annette Ram\u00edrez de Arellano<\/strong><br>Asesora de IHICIS<br><strong>Profesora Carmen M. Santos Corrada<\/strong><br>Investigadora Adscrita IHICIS<br><strong>Dra. Silvia Rabionet<\/strong><br>Miembro Fundador de IHICIS<br><strong>Srta. Lucy Pe\u00f1a Carro<\/strong><br>Investigadora Adscrita IHICIS<\/td><\/tr><tr><td>11:15 a.m. &#8211; 11:45 a.m.<\/td><td><a href=\"http:\/\/www.youtube.com\/watch?v=LEuEGG8LL-U\">El papel de las iglesias protestantes en la regionalizaci\u00f3n de la salud en Puerto Rico: 1898-1930<\/a><br><strong>Dr. Eduardo Rodr\u00edguez V\u00e1zquez<\/strong><br>Miembro de la Academia Puertorrique\u00f1a de Historia de la Medicina<br><strong>Srta. Andrea S. Rodr\u00edguez Lebr\u00f3n<\/strong><br>Profesora Carmen M. Santos Corrada- Moderadora<\/td><\/tr><tr><td>11:45 am. &#8211; 1200 m.<\/td><td><strong>Discusi\u00f3n Plenaria<\/strong><\/td><\/tr><tr><td>12:00 m. &#8211; 1:00 p.m.<\/td><td><strong>Almuerzo<\/strong><\/td><\/tr><tr><td>1:00 p.m.- 1:30 a.m.<\/td><td><a href=\"http:\/\/www.youtube.com\/watch?v=EsPyFwRPru0\">Regionalizaci\u00f3n de los Servicios de Salud en el Siglo XX<\/a><br><strong>Dr. Roberto Ram\u00edrez<\/strong><br>Catedr\u00e1tico<br>Escuela Graduada de Salud P\u00fablica, RCM<\/td><\/tr><tr><td>1:30 p.m. &#8211; 2:30 p.m.<\/td><td><a href=\"http:\/\/www.youtube.com\/watch?v=BUfTpA3wcl8\">Panel: La fundaci\u00f3n de tres escuelas profesionales en Puerto Rico y los servicios de salud: el caso de Medicina, Farmacia, y Salud P\u00fablica<\/a><br><strong>Dr. \u00c1ngel Rom\u00e1n Franco<\/strong><br>Ex-Rector del Recinto de Ciencias M\u00e9dicas, UPR<br><strong>Dra. Sandra F\u00e1bregas<\/strong><br>Catedr\u00e1tica Jubilada de la Escuela de Farmacia y Miembro Fundador de IHICIS<br><strong>Dra. Silvia Rabionet y Dr. Hiram Arroyo<\/strong><br>Miembros Fundadores de IHICIS<br><strong>Dr. Carlos L. Su\u00e1rez &#8211; Moderador<\/strong><br>Investigador Adscrito IHICIS<\/td><\/tr><tr><td>2:30 p.m. &#8211; 3:00 p.m.<\/td><td><strong>Receso, Visita a Carteles y Exhibidores<\/strong><\/td><\/tr><tr><td>3:00 p.m. &#8211; 3:45 p.m.<\/td><td><a href=\"http:\/\/www.youtube.com\/watch?v=leL5Oqpx4i4\">Panel: Profesionales de la Salud y el Servicio en Puerto Rico:<\/a><br><strong>Prof. Myrtha D\u00edaz<\/strong><br>Profesora Em\u00e9rita, Escuela de Enfermer\u00eda<br><strong>Dra. Estela Estap\u00e9<\/strong><br>Decana, Escuela de Profesiones de la Salud<br><strong>Sra. Gloria Benejam \u2013 Moderadora<\/strong><br>Miembro de IHICIS<\/td><\/tr><tr><td>3:45 p.m. &#8211; 4:15 p.m.<\/td><td><strong>Discusi\u00f3n Plenaria<\/strong><\/td><\/tr><tr><td>4:15 p.m. &#8211; 5:30 p.m.<\/td><td><a href=\"http:\/\/www.youtube.com\/watch?v=qXE1N4GyIS8\">Reflexi\u00f3n: Los escenarios de salud para el Siglo XXI<\/a><br><strong>Dr. Carlos Girod- Moderador<br>Dr. Roberto Ram\u00edrez<br>Dr. Ibrahim P\u00e9rez<br>Dr. Norman Maldonado<br>Dra. Sara Huertas<\/strong><\/td><\/tr><tr><td>5:30 p.m. \u2013 6:00 p.m.<\/td><td><strong>Comentarios finales y clausura<\/strong><\/td><\/tr><\/tbody><\/table>\n\t\t","protected":false},"excerpt":{"rendered":"<p>Invitaci\u00f3n a la Cuarta Cumbre de Historia de las Ciencias de la Salud Archivo General de Puerto RicoBiblioteca Nacional de Puerto RicoPuerta de TierraSan Juan Martes, 27 de marzo de 20128:00 a.m. a 6:00 p.m.&nbsp; Programa El Instituto de Historia de las Ciencias de la Salud (IHICIS), ubicado en el Decanato de Asuntos Acad\u00e9micos bajo&hellip;<\/p>\n","protected":false},"author":1,"featured_media":0,"parent":0,"menu_order":0,"comment_status":"closed","ping_status":"closed","template":"template-microsite.php","meta":{"footnotes":""},"class_list":["post-32","page","type-page","status-publish","hentry","description-off"],"aioseo_notices":[],"_links":{"self":[{"href":"https:\/\/rcm1.rcm.upr.edu\/institutohistoria\/wp-json\/wp\/v2\/pages\/32","targetHints":{"allow":["GET"]}}],"collection":[{"href":"https:\/\/rcm1.rcm.upr.edu\/institutohistoria\/wp-json\/wp\/v2\/pages"}],"about":[{"href":"https:\/\/rcm1.rcm.upr.edu\/institutohistoria\/wp-json\/wp\/v2\/types\/page"}],"author":[{"embeddable":true,"href":"https:\/\/rcm1.rcm.upr.edu\/institutohistoria\/wp-json\/wp\/v2\/users\/1"}],"replies":[{"embeddable":true,"href":"https:\/\/rcm1.rcm.upr.edu\/institutohistoria\/wp-json\/wp\/v2\/comments?post=32"}],"version-history":[{"count":0,"href":"https:\/\/rcm1.rcm.upr.edu\/institutohistoria\/wp-json\/wp\/v2\/pages\/32\/revisions"}],"wp:attachment":[{"href":"https:\/\/rcm1.rcm.upr.edu\/institutohistoria\/wp-json\/wp\/v2\/media?parent=32"}],"curies":[{"name":"wp","href":"https:\/\/api.w.org\/{rel}","templated":true}]}}