{"id":862,"date":"2021-09-08T14:09:37","date_gmt":"2021-09-08T14:09:37","guid":{"rendered":"https:\/\/ihicis.rcm.upr.edu\/?page_id=862"},"modified":"2025-01-09T16:47:40","modified_gmt":"2025-01-09T16:47:40","slug":"comite-organizador-vii-cumbre-de-historia-de-las-ciencias-de-la-salud","status":"publish","type":"page","link":"https:\/\/rcm1.rcm.upr.edu\/institutohistoria\/comite-organizador-vii-cumbre-de-historia-de-las-ciencias-de-la-salud\/","title":{"rendered":"Comit\u00e9 Organizador VII Cumbre de Historia de las Ciencias de la Salud"},"content":{"rendered":"<div class=\"wpb-content-wrapper\"><p>[vc_row][vc_column][vc_column_text]<\/p>\n<h3 style=\"text-align: center;\"><strong>Tema: Historia, Ciencia y Salud entre pandemias<\/strong><\/h3>\n<p style=\"text-align: center;\"><strong>16 al 18 de septiembre de 2021 <\/strong><br \/>\n<strong>Centro de Estudios Avanzados de Puerto Rico y el Caribe<\/strong><br \/>\n<strong>Organizado por el Instituto de Historia de las Ciencias de la Salud (IHICIS)\u00a0<\/strong><br \/>\n<strong> Decanato de Asuntos Acad\u00e9micos del Recinto de Ciencias M\u00e9dicas, UPR.<\/strong>[\/vc_column_text][\/vc_column][\/vc_row][vc_row][vc_column]<div id=\"ultimate-heading-707269f4d369cc088\" class=\"uvc-heading ult-adjust-bottom-margin ultimate-heading-707269f4d369cc088 uvc-1846  uvc-heading-default-font-sizes\" data-hspacer=\"no_spacer\"  data-halign=\"center\" style=\"text-align:center\"><div class=\"uvc-heading-spacer no_spacer\" style=\"top\"><\/div><div class=\"uvc-main-heading ult-responsive\"  data-ultimate-target='.uvc-heading.ultimate-heading-707269f4d369cc088 h2'  data-responsive-json-new='{\"font-size\":\"\",\"line-height\":\"\"}' ><h2 style=\"--font-weight:theme;color:#dd9933;\">Programa<\/h2><\/div><\/div>[vc_empty_space][\/vc_column][\/vc_row][vc_row][vc_column][vc_single_image image=&#8221;1008&#8243; img_size=&#8221;full&#8221; alignment=&#8221;center&#8221; css=&#8221;&#8221;][\/vc_column][\/vc_row][vc_row][vc_column width=&#8221;1\/3&#8243;]<span id=\"creative-link-wrap-7144\" class=\"ult_main_cl ult-adjust-bottom-margin  \" >\n\t \t\t\t<span class=\"ult_cl_link_3  ult_crlink\" >\n\t\t\t\t\t<a  data-ultimate-target='#creative-link-wrap-7144 .ult_colorlink'  data-responsive-json-new='{\"font-size\":\"\",\"line-height\":\"\"}'  href=\"https:\/\/ihicis.rcm.upr.edu\/comite-organizador-vii-cumbre-de-historia-de-las-ciencias-de-la-salud\"  class=\"ult_colorlink ult-responsive \" style=\"font-weight:normal; \"  data-textcolor=\"#333333\" data-texthover=\"#333333\"data-style=\"Style_3\">\n\t\t\t\t\t\t\n\t\t\t\t\t\t<span data-hover=\"Comit\u00e9 Organizador\" style=\"color:#333333;;;\" class=\"ult_btn10_span   \">Comit\u00e9 Organizador<\/span>\n\t\t\t\t\t\t<span class=\"ult_link_btm3 \" style=\"border-color:#333333;border-bottom-width:1px;border-style:solid;\"><\/span>\n\t\t\t\t\t<\/a>\n\t\t\t\t<\/span>\n\t\t\t<\/span>[\/vc_column][vc_column width=&#8221;1\/3&#8243;]<span id=\"creative-link-wrap-9129\" class=\"ult_main_cl ult-adjust-bottom-margin  \" >\n\t \t\t\t<span class=\"ult_cl_link_3  ult_crlink\" >\n\t\t\t\t\t<a  data-ultimate-target='#creative-link-wrap-9129 .ult_colorlink'  data-responsive-json-new='{\"font-size\":\"\",\"line-height\":\"\"}'  href=\"https:\/\/ihicis.rcm.upr.edu\/presencia-institucional-en-la-vii-cumbre-de-historia-de-las-ciencias-de-la-salud\/\" title=\"Presencia institucional en la VII Cumbre de Historia de las Ciencias de la Salud\"  class=\"ult_colorlink ult-responsive \" style=\"font-weight:normal; \"  data-textcolor=\"#333333\" data-texthover=\"#333333\"data-style=\"Style_3\">\n\t\t\t\t\t\t\n\t\t\t\t\t\t<span data-hover=\"Presencia institucional\" style=\"color:#333333;;;\" class=\"ult_btn10_span   \">Presencia institucional<\/span>\n\t\t\t\t\t\t<span class=\"ult_link_btm3 \" style=\"border-color:#333333;border-bottom-width:1px;border-style:solid;\"><\/span>\n\t\t\t\t\t<\/a>\n\t\t\t\t<\/span>\n\t\t\t<\/span>[\/vc_column][vc_column width=&#8221;1\/3&#8243;]<span id=\"creative-link-wrap-3158\" class=\"ult_main_cl ult-adjust-bottom-margin  \" >\n\t \t\t\t<span class=\"ult_cl_link_3  ult_crlink\" >\n\t\t\t\t\t<a  data-ultimate-target='#creative-link-wrap-3158 .ult_colorlink'  data-responsive-json-new='{\"font-size\":\"\",\"line-height\":\"\"}'  href=\"https:\/\/ihicis.rcm.upr.edu\/resumenes-vii-cumbre-de-historia-de-ciencias-de-la-salud\/\" title=\"Res\u00famenes VII Cumbre de Historia de Ciencias de la Salud\"  class=\"ult_colorlink ult-responsive \" style=\"font-weight:normal; \"  data-textcolor=\"#333333\" data-texthover=\"#333333\"data-style=\"Style_3\">\n\t\t\t\t\t\t\n\t\t\t\t\t\t<span data-hover=\"Res\u00famenes\" style=\"color:#333333;;;\" class=\"ult_btn10_span   \">Res\u00famenes<\/span>\n\t\t\t\t\t\t<span class=\"ult_link_btm3 \" style=\"border-color:#333333;border-bottom-width:1px;border-style:solid;\"><\/span>\n\t\t\t\t\t<\/a>\n\t\t\t\t<\/span>\n\t\t\t<\/span>[\/vc_column][\/vc_row][vc_row][vc_column][vc_column_text]<strong>Comit\u00e9 organizador<\/strong><\/p>\n<p>Dr. Hiram V. Arroyo Acevedo, Presidente<br \/>\nDr. Efra\u00edn Flores Rivera<br \/>\nMg. Daniel Mora Ortiz<br \/>\nDr. Eduardo Rodr\u00edguez V\u00e1zquez<br \/>\nDr. Vincent Sifres Fern\u00e1ndez<\/p>\n<p><strong>Comit\u00e9 cient\u00edfico<\/strong><\/p>\n<p>Dr. Vincent Sifres Fern\u00e1ndez, Presidente<br \/>\nDr. Hiram V. Arroyo Acevedo<br \/>\nDr. Efrain Flores Rivera<br \/>\nMg. Daniel Mora Ortiz<br \/>\nDr. Eduardo Rodr\u00edguez V\u00e1zquez<br \/>\nDr. Luis A. Avil\u00e9s, Colaborador<br \/>\nDr. Jos\u00e9 G. Rigau P\u00e9rez, Colaborador<\/p>\n<p><strong>Apoyo log\u00edstico<\/strong><\/p>\n<p>Sra. Irisely L\u00f3pez Ramos<br \/>\nSra. Yaritza E. Morgado Estrada<br \/>\nSr. Luis A. Rivera, Dise\u00f1o gr\u00e1fico<br \/>\nSra. Amarilys Irrizarry Hern\u00e1ndez, Dise\u00f1o gr\u00e1fico<\/p>\n<p><strong>Apoyo estudiantil<\/strong><\/p>\n<p>Joel Feliciano Romero, Maestr\u00eda en Educaci\u00f3n en Salud P\u00fablica (Primer a\u00f1o)<br \/>\nJose L. Frau Canabal, Maestr\u00eda en Educaci\u00f3n en Salud P\u00fablica (Primer a\u00f1o)<br \/>\nAris Y. Morales Fern\u00e1ndez, Maestr\u00eda en Educaci\u00f3n en Salud P\u00fablica (Segundo a\u00f1o)<br \/>\nKariela Rivera Bustelo, Doctoranda Determinantes Sociales de la Salud<br \/>\nLizamarie Rojas Rodr\u00edguez, Maestr\u00eda en Educaci\u00f3n en Salud P\u00fablica (Primer a\u00f1o)<br \/>\nMaria Alejandra Santiago Mart\u00ednez, Maestr\u00eda en Educaci\u00f3n en Salud P\u00fablica (Segundo a\u00f1o)<\/p>\n<p><strong>Miembros, investigadores y colaboradores de IHICIS<\/strong><\/p>\n<p>Dr. Hiram V. Arroyo<br \/>\nDr. Luis A. Avil\u00e9s<br \/>\nDr. Luis A. Bonilla Soto<br \/>\nProfa. Clara Teresa Brigantti Bengochea<br \/>\nProfa. Raquel Col\u00f3n Pauneto<br \/>\nDra. Sandra M. F\u00e1bregas Troche<br \/>\nDr. Efra\u00edn Flores Rivera<br \/>\nDr. Carlos J. Girod<br \/>\nDr. Juan B. Giusti De Jes\u00fas<br \/>\nProfa. Miriam D. Lugo Col\u00f3n<br \/>\nDr. Norman Maldonado<br \/>\nDr. Ra\u00fal Mayo Santana<br \/>\nMg. Daniel Mora Ortiz<br \/>\nDr. Francisco J. Mu\u00f1iz<br \/>\nMg. Lucy I. Pe\u00f1a Carro<br \/>\nDra. Sherily Pereira Morales<br \/>\nDra. Silvia E. Rabionet<br \/>\nDra. Annette Ram\u00edrez de Arellano<br \/>\nDra. Mar\u00eda N. Reyes Medina<br \/>\nDr. Jos\u00e9 G. Rigau P\u00e9rez<br \/>\nDr. Eduardo Rodr\u00edguez V\u00e1zquez<br \/>\nDr. \u00c1ngel Rom\u00e1n Franco<br \/>\nDra. Mayra Rosario Urrutia<br \/>\nDr. Eduardo A. Santiago Delp\u00edn<br \/>\nMg. Carmen M. Santos Corrada<br \/>\nDr. Vincent Sifres Fern\u00e1ndez<br \/>\nDra. D\u00e9bora H. Silva-D\u00edaz<br \/>\nDr. Carlos L. Su\u00e1rez<br \/>\nDr. Heriberto Torres Castro<br \/>\nDr. Arnaldo Torres Degr\u00f3<br \/>\nProfa. Gladyz V\u00e9lez<\/p>\n<p>&nbsp;<\/p>\n<p>[\/vc_column_text][\/vc_column][\/vc_row]<\/p>\n<\/div>","protected":false},"excerpt":{"rendered":"<p>[vc_row][vc_column][vc_column_text] Tema: Historia, Ciencia y Salud entre pandemias 16 al 18 de septiembre de 2021 Centro de Estudios Avanzados de Puerto Rico y el Caribe Organizado por el Instituto de Historia de las Ciencias de la Salud (IHICIS)\u00a0 Decanato de Asuntos Acad\u00e9micos del Recinto de Ciencias M\u00e9dicas, UPR.[\/vc_column_text][\/vc_column][\/vc_row][vc_row][vc_column][vc_empty_space][\/vc_column][\/vc_row][vc_row][vc_column][vc_single_image image=&#8221;1008&#8243; img_size=&#8221;full&#8221; alignment=&#8221;center&#8221; css=&#8221;&#8221;][\/vc_column][\/vc_row][vc_row][vc_column width=&#8221;1\/3&#8243;][\/vc_column][vc_column width=&#8221;1\/3&#8243;][\/vc_column][vc_column width=&#8221;1\/3&#8243;][\/vc_column][\/vc_row][vc_row][vc_column][vc_column_text]Comit\u00e9&hellip;<\/p>\n","protected":false},"author":1,"featured_media":850,"parent":0,"menu_order":0,"comment_status":"closed","ping_status":"closed","template":"","meta":{"footnotes":""},"class_list":["post-862","page","type-page","status-publish","has-post-thumbnail","hentry","description-off"],"aioseo_notices":[],"_links":{"self":[{"href":"https:\/\/rcm1.rcm.upr.edu\/institutohistoria\/wp-json\/wp\/v2\/pages\/862","targetHints":{"allow":["GET"]}}],"collection":[{"href":"https:\/\/rcm1.rcm.upr.edu\/institutohistoria\/wp-json\/wp\/v2\/pages"}],"about":[{"href":"https:\/\/rcm1.rcm.upr.edu\/institutohistoria\/wp-json\/wp\/v2\/types\/page"}],"author":[{"embeddable":true,"href":"https:\/\/rcm1.rcm.upr.edu\/institutohistoria\/wp-json\/wp\/v2\/users\/1"}],"replies":[{"embeddable":true,"href":"https:\/\/rcm1.rcm.upr.edu\/institutohistoria\/wp-json\/wp\/v2\/comments?post=862"}],"version-history":[{"count":4,"href":"https:\/\/rcm1.rcm.upr.edu\/institutohistoria\/wp-json\/wp\/v2\/pages\/862\/revisions"}],"predecessor-version":[{"id":1020,"href":"https:\/\/rcm1.rcm.upr.edu\/institutohistoria\/wp-json\/wp\/v2\/pages\/862\/revisions\/1020"}],"wp:featuredmedia":[{"embeddable":true,"href":"https:\/\/rcm1.rcm.upr.edu\/institutohistoria\/wp-json\/"}],"wp:attachment":[{"href":"https:\/\/rcm1.rcm.upr.edu\/institutohistoria\/wp-json\/wp\/v2\/media?parent=862"}],"curies":[{"name":"wp","href":"https:\/\/api.w.org\/{rel}","templated":true}]}}