{"id":8884,"date":"2022-03-18T11:32:41","date_gmt":"2022-03-18T11:32:41","guid":{"rendered":"https:\/\/juntaadministrativa.rcm.upr.edu\/?page_id=8884"},"modified":"2024-10-06T15:23:12","modified_gmt":"2024-10-06T15:23:12","slug":"documentos","status":"publish","type":"page","link":"https:\/\/rcm1.rcm.upr.edu\/juntaadministrativa\/documentos\/","title":{"rendered":"Documentos"},"content":{"rendered":"<div class=\"wpb-content-wrapper\" id=\"wpb-content-root\"><p>[vc_row][vc_column][vc_column_text]<\/p>\n<h3><strong>Actas <\/strong><strong>de la Junta Administrativa<\/strong><\/h3>\n<p>[\/vc_column_text][vc_tour interval=&#8221;0&#8243;][vc_tab title=&#8221;2024-2025&#8243; tab_id=&#8221;1728227042709-11-1&#8243;][vc_text_separator title=&#8221;Acta ROJA&#8221; css=&#8221;&#8221;][vc_column_text css=&#8221;&#8221;]<\/p>\n<ul>\n<li><a href=\"https:\/\/rcm1.rcm.upr.edu\/juntaadministrativa\/wp-content\/uploads\/sites\/19\/2024\/10\/Acta-ROJA-27.08.2024_001.pdf\">Acta ROJA agosto 2024<\/a><\/li>\n<\/ul>\n<p>[\/vc_column_text][\/vc_tab][vc_tab title=&#8221;2023-2024&#8243; tab_id=&#8221;1713892577630-10-2&#8243;][vc_text_separator title=&#8221;Acta ROJA&#8221; css=&#8221;&#8221;][vc_column_text css=&#8221;&#8221;]<\/p>\n<ul>\n<li><a href=\"https:\/\/rcm1.rcm.upr.edu\/juntaadministrativa\/wp-content\/uploads\/sites\/19\/2024\/10\/Acta-ROJA-25.06.2024.pdf\">Acta ROJA junio 2024<\/a><\/li>\n<li><a href=\"https:\/\/rcm1.rcm.upr.edu\/juntaadministrativa\/wp-content\/uploads\/sites\/19\/2024\/10\/Acta-ROJA-21.mayo_.2024.pdf\">Acta ROJA mayo 2024<\/a><\/li>\n<li><a href=\"https:\/\/rcm1.rcm.upr.edu\/juntaadministrativa\/wp-content\/uploads\/sites\/19\/2024\/10\/Acta-ROJA-23.04.2024_001.pdf\">Acta ROJA abril 2024<\/a><\/li>\n<li><a href=\"https:\/\/rcm1.rcm.upr.edu\/juntaadministrativa\/wp-content\/uploads\/sites\/19\/2024\/10\/Acta-ROJA-19.03.2024.pdf\">Acta ROJA marzo 2024<\/a><\/li>\n<li><a href=\"https:\/\/rcm1.rcm.upr.edu\/juntaadministrativa\/wp-content\/uploads\/sites\/19\/2024\/04\/Acta-ROJA-27-02-2024-1.pdf\">Acta ROJA febrero 2024<\/a><\/li>\n<li><a href=\"https:\/\/rcm1.rcm.upr.edu\/juntaadministrativa\/wp-content\/uploads\/sites\/19\/2024\/04\/Acta-ROJA-30-01-2024.pdf\">Acta ROJA enero 2024<\/a><\/li>\n<li><a href=\"https:\/\/rcm1.rcm.upr.edu\/juntaadministrativa\/wp-content\/uploads\/sites\/19\/2024\/04\/Acta-ROJA-19-12-2023.pdf\">Acta ROJA\u00a0 diciembre 2023<\/a><\/li>\n<li><a href=\"https:\/\/rcm1.rcm.upr.edu\/juntaadministrativa\/wp-content\/uploads\/sites\/19\/2024\/04\/Acta-ROJA-28-11-2023.pdf\">Acta ROJA noviembre 2023<\/a><\/li>\n<li><a href=\"https:\/\/rcm1.rcm.upr.edu\/juntaadministrativa\/wp-content\/uploads\/sites\/19\/2024\/04\/Acta-ROJA-31-10-2023.pdf\">Acta ROJA octubre 2023<\/a><\/li>\n<li><a href=\"https:\/\/rcm1.rcm.upr.edu\/juntaadministrativa\/wp-content\/uploads\/sites\/19\/2024\/04\/Acta-ROJA-26-09-2023.pdf\">Acta ROJA septiembre 2023<\/a><\/li>\n<li><a href=\"https:\/\/rcm1.rcm.upr.edu\/juntaadministrativa\/wp-content\/uploads\/sites\/19\/2024\/04\/Acta-ROJA-21-08-2023.pdf\">Acta ROJA agosto 2023<\/a><\/li>\n<\/ul>\n<p>[\/vc_column_text][vc_text_separator title=&#8221;Acta REFER\u00c9NDUM&#8221; css=&#8221;&#8221;][vc_column_text css=&#8221;&#8221;]<\/p>\n<ul>\n<li><a href=\"https:\/\/rcm1.rcm.upr.edu\/juntaadministrativa\/wp-content\/uploads\/sites\/19\/2024\/10\/Ref_01_1011062024.pdf\">Acta_Referendum #1_junio_2024<\/a><\/li>\n<li><a href=\"https:\/\/rcm1.rcm.upr.edu\/juntaadministrativa\/wp-content\/uploads\/sites\/19\/2024\/10\/Ref_022_38072024.pdf\">Acta_Referendum #2_julio_2024<\/a><\/li>\n<\/ul>\n<p>[\/vc_column_text][\/vc_tab][vc_tab title=&#8221;2022-2023&#8243; tab_id=&#8221;1664797550280-9-1&#8243;][vc_text_separator title=&#8221;Acta ROJA&#8221;][vc_column_text css=&#8221;&#8221;]<\/p>\n<ul>\n<li><a href=\"https:\/\/rcm1.rcm.upr.edu\/juntaadministrativa\/wp-content\/uploads\/sites\/19\/2024\/04\/Acta-ROJA-27-06-2023.pdf\">Acta ROJA junio 2023<\/a><\/li>\n<li><a href=\"https:\/\/rcm1.rcm.upr.edu\/juntaadministrativa\/wp-content\/uploads\/sites\/19\/2024\/04\/Acta-ROJA-23-05-2023.pdf\">Acta ROJA mayo 2023<\/a><\/li>\n<li><a href=\"https:\/\/rcm1.rcm.upr.edu\/juntaadministrativa\/wp-content\/uploads\/sites\/19\/2024\/04\/Acta-ROJA-25-04-2023.pdf\">Acta ROJA abril 2023<\/a><\/li>\n<li><a href=\"https:\/\/rcm1.rcm.upr.edu\/juntaadministrativa\/wp-content\/uploads\/sites\/19\/2024\/04\/Acta-ROJA-28-03-2023.pdf\">Acta ROJA marzo 2023<\/a><\/li>\n<li><a href=\"https:\/\/rcm1.rcm.upr.edu\/juntaadministrativa\/wp-content\/uploads\/sites\/19\/2024\/04\/Acta-ROJA-28-02-2023.pdf\">Acta ROJA febrero 2023<\/a><\/li>\n<li><a href=\"https:\/\/rcm1.rcm.upr.edu\/juntaadministrativa\/wp-content\/uploads\/sites\/19\/2024\/04\/Acta-ROJA-24-01-2023.pdf\">Acta ROJA enero 2023<\/a><\/li>\n<li><a href=\"https:\/\/rcm1.rcm.upr.edu\/juntaadministrativa\/wp-content\/uploads\/sites\/19\/2024\/04\/Acta-ROJA-20-12-2022.pdf\">Acta ROJA\u00a0 diciembre 2022<\/a><\/li>\n<li><a href=\"https:\/\/rcm1.rcm.upr.edu\/juntaadministrativa\/wp-content\/uploads\/sites\/19\/2023\/01\/Acta-ROJA-29.11.2022.pdf\" target=\"_blank\" rel=\"attachment noopener wp-att-9030\">Acta ROJA noviembre 2022<\/a><\/li>\n<li><a href=\"https:\/\/rcm1.rcm.upr.edu\/juntaadministrativa\/wp-content\/uploads\/sites\/19\/2022\/12\/Acta-ROJA-25.10.2022.pdf\" target=\"_blank\" rel=\"attachment noopener wp-att-9030\">Acta ROJA octubre 2022<\/a><\/li>\n<li><a href=\"https:\/\/rcm1.rcm.upr.edu\/juntaadministrativa\/wp-content\/uploads\/sites\/19\/2022\/10\/Acta-ROJA-30.09.2022.pdf\" target=\"_blank\" rel=\"attachment noopener wp-att-9030\">Acta ROJA septiembre 2022<\/a><\/li>\n<li><a href=\"https:\/\/rcm1.rcm.upr.edu\/juntaadministrativa\/wp-content\/uploads\/sites\/19\/2022\/10\/Acta-ROJA-30.08.2022.pdf\" target=\"_blank\" rel=\"attachment noopener wp-att-9030\">Acta ROJA agosto 2022<\/a><\/li>\n<\/ul>\n<p>[\/vc_column_text][vc_empty_space][vc_text_separator title=&#8221;Acta REFER\u00c9NDUM&#8221;][vc_column_text css=&#8221;&#8221;]<\/p>\n<ul>\n<li><a href=\"https:\/\/rcm1.rcm.upr.edu\/juntaadministrativa\/wp-content\/uploads\/sites\/19\/2024\/04\/Acta-Referendum-7-mayo-2023.pdf\">Acta_Referendum#7_mayo_2023<\/a><\/li>\n<li><a href=\"https:\/\/rcm1.rcm.upr.edu\/juntaadministrativa\/wp-content\/uploads\/sites\/19\/2024\/04\/Acta-Referendum6-feb-2023.pdf\">Acta_Refer\u00e9ndum6_feb_2023<\/a><\/li>\n<li><a href=\"https:\/\/rcm1.rcm.upr.edu\/juntaadministrativa\/wp-content\/uploads\/sites\/19\/2022\/12\/Acta-Referendum-5-nov-2022.pdf\" target=\"_blank\" rel=\"attachment noopener wp-att-9027\">Acta Refer\u00e9ndum noviembre 2022<\/a><\/li>\n<li><a href=\"https:\/\/rcm1.rcm.upr.edu\/juntaadministrativa\/wp-content\/uploads\/sites\/19\/2022\/10\/Acta_Referendum4_octubre_2022.pdf\" target=\"_blank\" rel=\"attachment noopener wp-att-9027\">Acta Refer\u00e9ndum octubre 2022<\/a><\/li>\n<li><a href=\"https:\/\/rcm1.rcm.upr.edu\/juntaadministrativa\/wp-content\/uploads\/sites\/19\/2022\/10\/Acta_Referendum3_sept_2022.pdf\" target=\"_blank\" rel=\"attachment noopener wp-att-9027\">Acta Refer\u00e9ndum septiembre 2022<\/a><\/li>\n<li><a href=\"https:\/\/rcm1.rcm.upr.edu\/juntaadministrativa\/wp-content\/uploads\/sites\/19\/2022\/10\/Acta_Referendum2_agosto_2022.pdf\" target=\"_blank\" rel=\"attachment noopener wp-att-9028\">Acta Refer\u00e9ndum agosto 2022<\/a><\/li>\n<li><a href=\"https:\/\/rcm1.rcm.upr.edu\/juntaadministrativa\/wp-content\/uploads\/sites\/19\/2022\/10\/Acta_Referendum1_julio_2022.pdf\" target=\"_blank\" rel=\"attachment noopener wp-att-9029\">Acta Refer\u00e9ndum julio 2022<\/a><\/li>\n<\/ul>\n<p>[\/vc_column_text][\/vc_tab][vc_tab title=&#8221;2021-2022&#8243; tab_id=&#8221;1636392924222-7-0&#8243;][vc_text_separator title=&#8221;Acta ROJA&#8221;][vc_column_text css=&#8221;&#8221;]<\/p>\n<ul>\n<li><a style=\"color: #005177;\" href=\"https:\/\/rcm1.rcm.upr.edu\/juntaadministrativa\/wp-content\/uploads\/sites\/19\/2022\/06\/Acta-ROJA-31.05.2022.pdf\" target=\"_blank\" rel=\"attachment noopener wp-att-8808\">Acta ROJA mayo 2022<\/a><\/li>\n<li><a style=\"color: #005177;\" href=\"https:\/\/rcm1.rcm.upr.edu\/juntaadministrativa\/wp-content\/uploads\/sites\/19\/2022\/06\/Acta-ROJA-26.04.2022.pdf\" target=\"_blank\" rel=\"attachment noopener wp-att-8808\">Acta ROJA abril 2022<\/a><\/li>\n<li><a style=\"color: #005177;\" href=\"https:\/\/rcm1.rcm.upr.edu\/juntaadministrativa\/wp-content\/uploads\/sites\/19\/2022\/05\/Acta-ROJA-marzo-2022.pdf\" target=\"_blank\" rel=\"attachment noopener wp-att-8808\">Acta ROJA marzo 2022<\/a><\/li>\n<li><a style=\"color: #005177;\" href=\"https:\/\/rcm1.rcm.upr.edu\/juntaadministrativa\/wp-content\/uploads\/sites\/19\/2022\/04\/Acta-ROJA-22-02-2022.pdf\" target=\"_blank\" rel=\"attachment noopener wp-att-8808\">Acta ROJA febrero 2022<\/a><\/li>\n<li><a style=\"color: #005177;\" href=\"https:\/\/rcm1.rcm.upr.edu\/juntaadministrativa\/wp-content\/uploads\/sites\/19\/2022\/03\/Acta-ROJA-25-01-2022.pdf\" rel=\"attachment wp-att-8808\">Acta ROJA enero 2022<\/a><\/li>\n<li><a style=\"color: #005177;\" href=\"https:\/\/rcm1.rcm.upr.edu\/juntaadministrativa\/wp-content\/uploads\/sites\/19\/2022\/03\/Acta-ROJA-30-11-2021.pdf\" rel=\"attachment wp-att-8811\">Acta ROJA noviembre 2021<\/a><\/li>\n<li><a style=\"color: #005177;\" href=\"https:\/\/rcm1.rcm.upr.edu\/juntaadministrativa\/wp-content\/uploads\/sites\/19\/2022\/03\/Acta-ROJA-26-10-2021.pdf\" rel=\"attachment wp-att-8809\">Acta ROJA octubre 2021<\/a><\/li>\n<li><a style=\"color: #005177;\" href=\"https:\/\/rcm1.rcm.upr.edu\/juntaadministrativa\/wp-content\/uploads\/sites\/19\/2022\/03\/Acta-ROJA-28-09-2021.pdf\" rel=\"attachment wp-att-8810\">Acta ROJA septiembre 2021<\/a><\/li>\n<li><a href=\"https:\/\/rcm1.rcm.upr.edu\/juntaadministrativa\/wp-content\/uploads\/sites\/19\/2022\/03\/Acta-ROJA-31-08-2021.pdf\" rel=\"attachment wp-att-8812\">Acta ROJA agosto 2021<\/a><\/li>\n<\/ul>\n<p>[\/vc_column_text][vc_empty_space][vc_text_separator title=&#8221;Acta REJA&#8221;][vc_column_text]<\/p>\n<ul>\n<li><a href=\"https:\/\/rcm1.rcm.upr.edu\/juntaadministrativa\/wp-content\/uploads\/sites\/19\/2022\/03\/Acta-REJA-7-sept-2021.pdf\" target=\"_blank\" rel=\"attachment noopener wp-att-8807\">Acta REJA septiembre 2021<\/a><\/li>\n<\/ul>\n<p>[\/vc_column_text][vc_empty_space][vc_text_separator title=&#8221;Acta REFER\u00c9NDUM&#8221;][vc_column_text css=&#8221;&#8221;]<\/p>\n<ul>\n<li><a href=\"https:\/\/rcm1.rcm.upr.edu\/juntaadministrativa\/wp-content\/uploads\/sites\/19\/2022\/03\/Acta_Referendum3_12-14_enero_2022.pdf\" target=\"_blank\" rel=\"attachment noopener wp-att-8806\">Acta Refer\u00e9ndum enero 2022<\/a><\/li>\n<li><a href=\"https:\/\/rcm1.rcm.upr.edu\/juntaadministrativa\/wp-content\/uploads\/sites\/19\/2022\/03\/Acta_Referendum2_sept_2021.pdf\" target=\"_blank\" rel=\"attachment noopener wp-att-8805\">Acta Refer\u00e9ndum septiembre 2021<\/a><\/li>\n<li><a href=\"https:\/\/rcm1.rcm.upr.edu\/juntaadministrativa\/wp-content\/uploads\/sites\/19\/2022\/03\/Acta_Referendum1_agosto_2021.pdf\" target=\"_blank\" rel=\"attachment noopener wp-att-8804\">Acta Refer\u00e9ndum agosto 2021<\/a><\/li>\n<\/ul>\n<p>[\/vc_column_text][\/vc_tab][vc_tab title=&#8221;2020-2021&#8243; tab_id=&#8221;1646155680390-9-6&#8243;][vc_text_separator title=&#8221;Acta ROJA&#8221;][vc_column_text css=&#8221;&#8221;]<\/p>\n<ul>\n<li><a style=\"color: #005177;\" href=\"https:\/\/rcm1.rcm.upr.edu\/juntaadministrativa\/wp-content\/uploads\/sites\/19\/2021\/11\/Acta_ROJA_junio_2021.pdf\" target=\"_blank\" rel=\"noopener\">Acta ROJA junio 2021<\/a><\/li>\n<li><a style=\"color: #005177;\" href=\"https:\/\/rcm1.rcm.upr.edu\/juntaadministrativa\/wp-content\/uploads\/sites\/19\/2021\/11\/Acta_ROJA_mayo_2021.pdf\" target=\"_blank\" rel=\"noopener noreferrer\">Acta ROJA mayo 2021<\/a><\/li>\n<li><a style=\"color: #005177;\" href=\"https:\/\/rcm1.rcm.upr.edu\/juntaadministrativa\/wp-content\/uploads\/sites\/19\/2021\/11\/Acta_ROJA_abril_2021.pdf\" target=\"_blank\" rel=\"noopener noreferrer\">Acta ROJA abril 2021<\/a><\/li>\n<li><a style=\"color: #005177;\" href=\"https:\/\/rcm1.rcm.upr.edu\/juntaadministrativa\/wp-content\/uploads\/sites\/19\/2021\/11\/Acta_ROJA_marzo_2021.pdf\" target=\"_blank\" rel=\"noopener noreferrer\">Acta ROJA marzo 2021<\/a><\/li>\n<li><a style=\"color: #005177;\" href=\"https:\/\/rcm1.rcm.upr.edu\/juntaadministrativa\/wp-content\/uploads\/sites\/19\/2021\/11\/Acta_ROJA_febrero_2021.pdf\" target=\"_blank\" rel=\"noopener noreferrer\">Acta ROJA febrero 2021<\/a><\/li>\n<li><a style=\"color: #005177;\" href=\"https:\/\/rcm1.rcm.upr.edu\/juntaadministrativa\/wp-content\/uploads\/sites\/19\/2021\/11\/Acta_ROJA_enero_2021.pdf\" target=\"_blank\" rel=\"noopener noreferrer\">Acta ROJA enero 2021<\/a><\/li>\n<\/ul>\n<p>&nbsp;<\/p>\n<ul>\n<li><a style=\"color: #005177;\" href=\"https:\/\/rcm1.rcm.upr.edu\/juntaadministrativa\/wp-content\/uploads\/sites\/19\/2021\/11\/Acta_ROJA_diciembre_2020.pdf\" target=\"_blank\" rel=\"noopener noreferrer\">Acta ROJA diciembre 2020<\/a><\/li>\n<li><a style=\"color: #005177;\" href=\"https:\/\/rcm1.rcm.upr.edu\/juntaadministrativa\/wp-content\/uploads\/sites\/19\/2021\/11\/Acta_ROJA_noviembre_2020.pdf\" target=\"_blank\" rel=\"noopener noreferrer\">Acta ROJA noviembre 2020<\/a><\/li>\n<li><a style=\"color: #005177;\" href=\"https:\/\/rcm1.rcm.upr.edu\/juntaadministrativa\/wp-content\/uploads\/sites\/19\/2021\/11\/Acta_ROJA_sept_2020.pdf\" target=\"_blank\" rel=\"noopener noreferrer\">Acta ROJA septiembre 2020<\/a><\/li>\n<li><a href=\"https:\/\/rcm1.rcm.upr.edu\/juntaadministrativa\/wp-content\/uploads\/sites\/19\/2021\/11\/Acta_ROJA_agosto_2020.pdf\" target=\"_blank\" rel=\"noopener noreferrer\">Acta ROJA agosto 2020<\/a><\/li>\n<\/ul>\n<p>[\/vc_column_text][vc_empty_space][vc_text_separator title=&#8221;Acta REFER\u00c9NDUM&#8221;][vc_column_text css=&#8221;&#8221;]<\/p>\n<ul>\n<li><a href=\"https:\/\/rcm1.rcm.upr.edu\/juntaadministrativa\/wp-content\/uploads\/sites\/19\/2021\/11\/Acta_Referendum2_agosto_2020.pdf\" target=\"_blank\" rel=\"noopener noreferrer\">Acta Refer\u00e9ndum agosto 2020<\/a><\/li>\n<li><a href=\"https:\/\/rcm1.rcm.upr.edu\/juntaadministrativa\/wp-content\/uploads\/sites\/19\/2021\/11\/Acta_Referendum1_agosto_2020.pdf\" target=\"_blank\" rel=\"noopener noreferrer\">Acta Refer\u00e9ndum agosto 2020<\/a><\/li>\n<li><a href=\"https:\/\/rcm1.rcm.upr.edu\/juntaadministrativa\/wp-content\/uploads\/sites\/19\/2021\/11\/Acta_Referendum3_marzo_2021.pdf\" target=\"_blank\" rel=\"noopener noreferrer\">Acta Refer\u00e9ndum marzo 2021<\/a><\/li>\n<\/ul>\n<p>[\/vc_column_text][\/vc_tab][vc_tab title=&#8221;2019-2020&#8243; tab_id=&#8221;8fda3cc8-63ea-10&#8243;][vc_text_separator title=&#8221;Acta ROJA&#8221;][vc_column_text]<\/p>\n<ul>\n<li><a style=\"color: #005177;\" href=\"https:\/\/rcm1.rcm.upr.edu\/juntaadministrativa\/wp-content\/uploads\/sites\/19\/2021\/11\/Acta_ROJA_junio_2020.pdf\" target=\"_blank\" rel=\"noopener noreferrer\">Acta ROJA junio 2020<\/a><\/li>\n<li><a href=\"\/\/juntaadministrativa.rcm.upr.edu\/wp-content\/uploads\/sites\/24\/2020\/06\/Acta_ROJA_febrero_2020.pdf\" target=\"_blank\" rel=\"noopener noreferrer\">Acta ROJA febrero 2020<\/a><\/li>\n<li><a href=\"https:\/\/rcm1.rcm.upr.edu\/juntaadministrativa\/wp-content\/uploads\/sites\/19\/2020\/06\/Acta_ROJA_enero_2020.pdf\" target=\"_blank\" rel=\"noopener noreferrer\"> Acta ROJA enero 2020<\/a><\/li>\n<\/ul>\n<p>&nbsp;<\/p>\n<ul>\n<li><a href=\"https:\/\/rcm1.rcm.upr.edu\/juntaadministrativa\/wp-content\/uploads\/sites\/19\/2021\/11\/Acta_ROJA_diciembre_2019.pdf\" target=\"_blank\" rel=\"noopener noreferrer\">Acta ROJA diciembre 2019<\/a><\/li>\n<li><a href=\"https:\/\/rcm1.rcm.upr.edu\/juntaadministrativa\/wp-content\/uploads\/sites\/19\/2021\/11\/Acta_ROJA_noviembre_2019.pdf\" target=\"_blank\" rel=\"noopener noreferrer\">Acta ROJA noviembre 2019<\/a><\/li>\n<li><a style=\"color: #005177;\" href=\"https:\/\/rcm1.rcm.upr.edu\/juntaadministrativa\/wp-content\/uploads\/sites\/19\/2021\/11\/Acta_ROJA_octubre_2019.pdf\" target=\"_blank\" rel=\"noopener noreferrer\">Acta ROJA octubre 2019<\/a><\/li>\n<li><a href=\"https:\/\/rcm1.rcm.upr.edu\/juntaadministrativa\/wp-content\/uploads\/sites\/19\/2021\/11\/Acta_ROJA_septiembre_2019.pdf\" target=\"_blank\" rel=\"noopener noreferrer\">Acta ROJA septiembre 2019<\/a><\/li>\n<\/ul>\n<p>[\/vc_column_text][vc_empty_space][vc_text_separator title=&#8221;Acta REJA&#8221;][vc_column_text]<\/p>\n<ul>\n<li><a href=\"https:\/\/rcm1.rcm.upr.edu\/juntaadministrativa\/wp-content\/uploads\/sites\/19\/2020\/07\/Acta_REJA_mayo_2020.pdf\" target=\"_blank\" rel=\"noopener noreferrer\">Acta REJA mayo 2020<\/a><\/li>\n<\/ul>\n<p>[\/vc_column_text][vc_empty_space][vc_text_separator title=&#8221;Acta REFER\u00c9NDUM&#8221;][vc_column_text]<\/p>\n<ul>\n<li><a href=\"https:\/\/rcm1.rcm.upr.edu\/juntaadministrativa\/wp-content\/uploads\/sites\/19\/2020\/06\/Acta_Referendum6_abril_2020.pdf\" target=\"_blank\" rel=\"noopener noreferrer\"> Acta Refer\u00e9ndum abril 2020<\/a><\/li>\n<li><a href=\"https:\/\/rcm1.rcm.upr.edu\/juntaadministrativa\/wp-content\/uploads\/sites\/19\/2020\/06\/Acta_Referendum5_marzo_2020.pdf\" target=\"_blank\" rel=\"noopener noreferrer\">Acta Refer\u00e9ndum marzo 2020<\/a><\/li>\n<li><a href=\"https:\/\/rcm1.rcm.upr.edu\/juntaadministrativa\/wp-content\/uploads\/sites\/19\/2020\/06\/Acta_Referendum4_febrero_2020.pdf\" target=\"_blank\" rel=\"noopener noreferrer\">Acta Refer\u00e9ndum febrero 2020<\/a><\/li>\n<\/ul>\n<p>&nbsp;<\/p>\n<ul>\n<li><a href=\"https:\/\/rcm1.rcm.upr.edu\/juntaadministrativa\/wp-content\/uploads\/sites\/19\/2020\/06\/Acta_Referendum3_octubre_2019.pdf\" target=\"_blank\" rel=\"noopener noreferrer\">Acta Refer\u00e9ndum octubre 2019<\/a><\/li>\n<li><a href=\"https:\/\/rcm1.rcm.upr.edu\/juntaadministrativa\/wp-content\/uploads\/sites\/19\/2020\/06\/Acta_Referendum2_septiembre_2019.pdf\" target=\"_blank\" rel=\"noopener noreferrer\">Acta Refer\u00e9ndum septiembre 2019<\/a><\/li>\n<li><a href=\"https:\/\/rcm1.rcm.upr.edu\/juntaadministrativa\/wp-content\/uploads\/sites\/19\/2020\/06\/Acta_Referendum1_agosto_2019.pdf\" target=\"_blank\" rel=\"noopener noreferrer\">Acta Refer\u00e9ndum agosto 2019<\/a><\/li>\n<\/ul>\n<p>[\/vc_column_text][\/vc_tab][vc_tab title=&#8221;2018-2019&#8243; tab_id=&#8221;1593107476019-2-10&#8243;][vc_text_separator title=&#8221;Acta ROJA&#8221;][vc_column_text]<\/p>\n<ul>\n<li><a href=\"https:\/\/rcm1.rcm.upr.edu\/juntaadministrativa\/wp-content\/uploads\/sites\/19\/2020\/06\/Acta_ROJA_diciembre_2019.pdf\" target=\"_blank\" rel=\"noopener noreferrer\">Acta ROJA diciembre 2019<\/a><\/li>\n<li><a href=\"https:\/\/rcm1.rcm.upr.edu\/juntaadministrativa\/wp-content\/uploads\/sites\/19\/2020\/06\/Acta_ROJA_noviembre_2019.pdf\" target=\"_blank\" rel=\"noopener noreferrer\">Acta ROJA noviembre 2019<\/a><\/li>\n<li><a href=\"https:\/\/rcm1.rcm.upr.edu\/juntaadministrativa\/wp-content\/uploads\/sites\/19\/2020\/06\/Acta_ROJA_octubre_2019.pdf\" target=\"_blank\" rel=\"noopener noreferrer\">Acta ROJA octubre 2019<\/a><\/li>\n<li><a href=\"https:\/\/rcm1.rcm.upr.edu\/juntaadministrativa\/wp-content\/uploads\/sites\/19\/2020\/06\/Acta_ROJA_septiembre_2019.pdf\" rel=\"noopener noreferrer\">Acta ROJA septiembre 2019<\/a><\/li>\n<li><a href=\"https:\/\/rcm1.rcm.upr.edu\/juntaadministrativa\/wp-content\/uploads\/sites\/19\/2020\/04\/Cert_123_2014-15_JA-RCM_Enmendada.pdf\" target=\"_blank\" rel=\"noopener noreferrer\">Acta ROJA junio 2019- Enmendada<\/a><\/li>\n<li><a href=\"https:\/\/rcm1.rcm.upr.edu\/juntaadministrativa\/wp-content\/uploads\/sites\/19\/2020\/04\/Acta_ROJA_junio_2019.pdf\" target=\"_blank\" rel=\"noopener noreferrer\">Acta ROJA junio 2019<\/a><\/li>\n<li><a href=\"https:\/\/rcm1.rcm.upr.edu\/juntaadministrativa\/wp-content\/uploads\/sites\/19\/2020\/04\/Acta_ROJA_mayo_2019.pdf\" target=\"_blank\" rel=\"noopener noreferrer\">Acta ROJA mayo 2019<\/a><\/li>\n<li><a href=\"https:\/\/rcm1.rcm.upr.edu\/juntaadministrativa\/wp-content\/uploads\/sites\/19\/2020\/04\/Acta_ROJA_abril_2019.pdf\" target=\"_blank\" rel=\"noopener noreferrer\">Acta ROJA abril 2019<\/a><\/li>\n<li><a href=\"https:\/\/rcm1.rcm.upr.edu\/juntaadministrativa\/wp-content\/uploads\/sites\/19\/2020\/04\/Acta_ROJA_febrero_2019.pdf\" target=\"_blank\" rel=\"noopener noreferrer\">Acta ROJA febrero 2019<\/a><\/li>\n<li><a href=\"https:\/\/rcm1.rcm.upr.edu\/juntaadministrativa\/wp-content\/uploads\/sites\/19\/2020\/04\/Acta_ROJA_enero_2020.pdf\" target=\"_blank\" rel=\"noopener noreferrer\">Acta ROJA enero 2019<\/a><\/li>\n<\/ul>\n<p>&nbsp;<\/p>\n<ul>\n<li><a href=\"https:\/\/rcm1.rcm.upr.edu\/juntaadministrativa\/wp-content\/uploads\/sites\/19\/2020\/04\/Acta_ROJA_octubre_2018.pdf\" target=\"_blank\" rel=\"noopener noreferrer\">Acta ROJA octubre 2018<\/a><\/li>\n<li><a href=\"https:\/\/rcm1.rcm.upr.edu\/juntaadministrativa\/wp-content\/uploads\/sites\/19\/2020\/04\/Acta_ROJA_septiembre_2018.pdf\" target=\"_blank\" rel=\"noopener noreferrer\">Acta ROJA septiembre 2018<\/a><\/li>\n<li><a href=\"https:\/\/rcm1.rcm.upr.edu\/juntaadministrativa\/wp-content\/uploads\/sites\/19\/2020\/04\/Acta_ROJA_agosto_2018.pdf\" target=\"_blank\" rel=\"noopener noreferrer\">Acta ROJA agosto 2018<\/a><\/li>\n<li><a href=\"https:\/\/rcm1.rcm.upr.edu\/juntaadministrativa\/wp-content\/uploads\/sites\/19\/2020\/04\/Acta-ROJA-junio-2018.pdf\" target=\"_blank\" rel=\"noopener noreferrer\">Acta ROJA junio 2018<\/a><\/li>\n<\/ul>\n<p>[\/vc_column_text][vc_empty_space][vc_text_separator title=&#8221;Acta REFER\u00c9NDUM&#8221;][vc_column_text]<\/p>\n<ul>\n<li><a href=\"https:\/\/rcm1.rcm.upr.edu\/juntaadministrativa\/wp-content\/uploads\/sites\/19\/2020\/04\/Acta_Referendum7_marzo_2019.pdf\" target=\"_blank\" rel=\"noopener noreferrer\">Acta Refer\u00e9ndum marzo 2019<\/a><\/li>\n<\/ul>\n<p>&nbsp;<\/p>\n<ul>\n<li><a href=\"https:\/\/rcm1.rcm.upr.edu\/juntaadministrativa\/wp-content\/uploads\/sites\/19\/2020\/04\/Acta_Referendum6_noviembre_2018.pdf\" target=\"_blank\" rel=\"noopener noreferrer\">Acta Refer\u00e9ndum noviembre 2018<\/a><\/li>\n<li><a href=\"https:\/\/rcm1.rcm.upr.edu\/juntaadministrativa\/wp-content\/uploads\/sites\/19\/2020\/04\/Acta_Referendum5_noviembre_2018.pdf\" target=\"_blank\" rel=\"noopener noreferrer\">Acta Refer\u00e9ndum noviembre 2018<\/a><\/li>\n<li><a href=\"https:\/\/rcm1.rcm.upr.edu\/juntaadministrativa\/wp-content\/uploads\/sites\/19\/2020\/04\/Acta_Referendum4_septiembre_2018.pdf\" target=\"_blank\" rel=\"noopener noreferrer\">Acta Refer\u00e9ndum septiembre 2018<\/a><\/li>\n<li><a href=\"https:\/\/rcm1.rcm.upr.edu\/juntaadministrativa\/wp-content\/uploads\/sites\/19\/2020\/04\/Acta_Referendum3_agosto_2018.pdf\" target=\"_blank\" rel=\"noopener noreferrer\">Acta Refer\u00e9ndum agosto 2018<\/a><\/li>\n<li><a href=\"https:\/\/rcm1.rcm.upr.edu\/juntaadministrativa\/wp-content\/uploads\/sites\/19\/2020\/04\/Acta_Referendum2_agosto_2018.pdf\" target=\"_blank\" rel=\"noopener noreferrer\">Acta Refer\u00e9ndum agosto 2018<\/a><\/li>\n<li><a href=\"https:\/\/rcm1.rcm.upr.edu\/juntaadministrativa\/wp-content\/uploads\/sites\/19\/2020\/04\/Acta_Referendum1_julio_2018.pdf\" target=\"_blank\" rel=\"noopener noreferrer\">Acta Refer\u00e9ndum julio 2018<\/a><\/li>\n<\/ul>\n<p>[\/vc_column_text][\/vc_tab][vc_tab title=&#8221;2017-2018&#8243; tab_id=&#8221;1593107477671-3-2&#8243;][vc_text_separator title=&#8221;Acta ROJA&#8221;][vc_column_text]<\/p>\n<ul>\n<li><a href=\"https:\/\/rcm1.rcm.upr.edu\/juntaadministrativa\/wp-content\/uploads\/sites\/19\/2020\/04\/Acta_ROJA_diciembre_2017.pdf\" target=\"_blank\" rel=\"noopener noreferrer\">Acta ROJA diciembre 2017<\/a><\/li>\n<li><a href=\"https:\/\/rcm1.rcm.upr.edu\/juntaadministrativa\/wp-content\/uploads\/sites\/19\/2020\/04\/Acta_ROJA_noviembre_2017.pdf\" target=\"_blank\" rel=\"noopener noreferrer\">Acta ROJA noviembre 2017<\/a><\/li>\n<li><a href=\"https:\/\/rcm1.rcm.upr.edu\/juntaadministrativa\/wp-content\/uploads\/sites\/19\/2020\/04\/Acta_ROJA_octubre_2017.pdf\" target=\"_blank\" rel=\"noopener noreferrer\">Acta ROJA octubre 2017<\/a><\/li>\n<li><a style=\"color: #005177;\" href=\"https:\/\/rcm1.rcm.upr.edu\/juntaadministrativa\/wp-content\/uploads\/sites\/19\/2020\/04\/Acta_ROJA_agosto_2017.pdf\" target=\"_blank\" rel=\"noopener noreferrer\">Acta ROJA agosto 2017<\/a><\/li>\n<li><a href=\"https:\/\/rcm1.rcm.upr.edu\/juntaadministrativa\/wp-content\/uploads\/sites\/19\/2020\/04\/Acta_ROJA_abril_2017.pdf\" target=\"_blank\" rel=\"noopener noreferrer\">Acta ROJA abril 2017<\/a><\/li>\n<\/ul>\n<p>&nbsp;<\/p>\n<ul>\n<li><a style=\"color: #005177;\" href=\"https:\/\/rcm1.rcm.upr.edu\/juntaadministrativa\/wp-content\/uploads\/sites\/19\/2020\/04\/Acta-ROJA-junio-2018.pdf\" target=\"_blank\" rel=\"noopener noreferrer\">Acta ROJA junio 2018<\/a><\/li>\n<li><a href=\"https:\/\/rcm1.rcm.upr.edu\/juntaadministrativa\/wp-content\/uploads\/sites\/19\/2020\/04\/Acta-ROJA-mayo-2018.pdf\" target=\"_blank\" rel=\"noopener noreferrer\">Acta ROJA mayo 2018<\/a><\/li>\n<li><a href=\"https:\/\/rcm1.rcm.upr.edu\/juntaadministrativa\/wp-content\/uploads\/sites\/19\/2020\/04\/Acta-ROJA-abril-2018.pdf\" target=\"_blank\" rel=\"noopener noreferrer\">Acta ROJA abril 2018<\/a><\/li>\n<li><a style=\"color: #005177;\" href=\"https:\/\/rcm1.rcm.upr.edu\/juntaadministrativa\/wp-content\/uploads\/sites\/19\/2020\/04\/Acta-ROJA-marzo-2018.pdf\" target=\"_blank\" rel=\"noopener noreferrer\">Acta ROJA marzo 2018<\/a><\/li>\n<li><a style=\"color: #005177;\" href=\"https:\/\/rcm1.rcm.upr.edu\/juntaadministrativa\/wp-content\/uploads\/sites\/19\/2020\/04\/Acta-ROJA-febrero-2018.pdf\" target=\"_blank\" rel=\"noopener noreferrer\">Acta ROJA febrero 2018<\/a><\/li>\n<li><a href=\"https:\/\/rcm1.rcm.upr.edu\/juntaadministrativa\/wp-content\/uploads\/sites\/19\/2020\/04\/acta-ROJA-enero-2018.pdf\" target=\"_blank\" rel=\"noopener noreferrer\">Acta ROJA enero 2018<\/a><\/li>\n<\/ul>\n<p>[\/vc_column_text][vc_empty_space][vc_text_separator title=&#8221;Acta REJA&#8221;][vc_column_text]<\/p>\n<ul>\n<li><a href=\"https:\/\/rcm1.rcm.upr.edu\/juntaadministrativa\/wp-content\/uploads\/sites\/19\/2020\/04\/Acta_REJA_octubre_2017.pdf\" target=\"_blank\" rel=\"noopener noreferrer\">Acta REJA octubre 2017<\/a><\/li>\n<\/ul>\n<p>[\/vc_column_text][vc_empty_space][vc_text_separator title=&#8221;Acta REFER\u00c9NDUM&#8221;][vc_column_text]<\/p>\n<ul>\n<li><a href=\"https:\/\/rcm1.rcm.upr.edu\/juntaadministrativa\/wp-content\/uploads\/sites\/19\/2020\/04\/Acta_Referendum_agosto_2017.pdf\" target=\"_blank\" rel=\"noopener noreferrer\">Acta Refer\u00e9ndum agosto 2017<\/a><\/li>\n<\/ul>\n<p>[\/vc_column_text][\/vc_tab][vc_tab title=&#8221;2016-2017&#8243; tab_id=&#8221;1593107479310-4-7&#8243;][vc_text_separator title=&#8221;Acta ROJA&#8221;][vc_column_text]<\/p>\n<ul>\n<li><a href=\"https:\/\/rcm1.rcm.upr.edu\/juntaadministrativa\/wp-content\/uploads\/sites\/19\/2020\/04\/Acta_ROJA_junio_2017.pdf\" target=\"_blank\" rel=\"noopener noreferrer\">Acta ROJA junio 2017<\/a><\/li>\n<li><a href=\"https:\/\/rcm1.rcm.upr.edu\/juntaadministrativa\/wp-content\/uploads\/sites\/19\/2020\/04\/Acta_ROJA_mayo_2017.pdf\" target=\"_blank\" rel=\"noopener noreferrer\">Acta ROJA mayo 2017<\/a><\/li>\n<li><a href=\"https:\/\/rcm1.rcm.upr.edu\/juntaadministrativa\/wp-content\/uploads\/sites\/19\/2020\/04\/Acta_ROJA_abril_2017.pdf\" target=\"_blank\" rel=\"noopener noreferrer\">Acta ROJA abril 2017<\/a><\/li>\n<li><a href=\"https:\/\/rcm1.rcm.upr.edu\/juntaadministrativa\/wp-content\/uploads\/sites\/19\/2020\/04\/Acta_ROJA_marzo_2017.pdf\" target=\"_blank\" rel=\"noopener noreferrer\">Acta ROJA marzo 2017<\/a><\/li>\n<li><a href=\"https:\/\/rcm1.rcm.upr.edu\/juntaadministrativa\/wp-content\/uploads\/sites\/19\/2020\/04\/Acta_ROJA_febrero_2017.pdf\" target=\"_blank\" rel=\"noopener noreferrer\">Acta ROJA febrero 2017<\/a><\/li>\n<li><a href=\"https:\/\/rcm1.rcm.upr.edu\/juntaadministrativa\/wp-content\/uploads\/sites\/19\/2020\/04\/Acta_ROJA_enero_2017.pdf\" target=\"_blank\" rel=\"noopener noreferrer\">Acta ROJA enero 2017<\/a><\/li>\n<\/ul>\n<p>&nbsp;<\/p>\n<ul>\n<li><a href=\"https:\/\/rcm1.rcm.upr.edu\/juntaadministrativa\/wp-content\/uploads\/sites\/19\/2020\/04\/Acta_ROJA_agosto_2016.pdf\" target=\"_blank\" rel=\"noopener noreferrer\">Acta ROJA agosto 2016<\/a><\/li>\n<li><a href=\"https:\/\/rcm1.rcm.upr.edu\/juntaadministrativa\/wp-content\/uploads\/sites\/19\/2020\/04\/Acta_ROJA_septiembre_2016.pdf\" target=\"_blank\" rel=\"noopener noreferrer\">Acta ROJA septiembre 2016<\/a><\/li>\n<li><a href=\"https:\/\/rcm1.rcm.upr.edu\/juntaadministrativa\/wp-content\/uploads\/sites\/19\/2020\/04\/Acta_ROJA_octubre_2016.pdf\" target=\"_blank\" rel=\"noopener noreferrer\">Acta ROJA octubre 2016<\/a><\/li>\n<li><a href=\"https:\/\/rcm1.rcm.upr.edu\/juntaadministrativa\/wp-content\/uploads\/sites\/19\/2020\/04\/Acta_ROJA_noviembre_2016.pdf\" target=\"_blank\" rel=\"noopener noreferrer\">Acta ROJA noviembre 2016<\/a><\/li>\n<li><a href=\"https:\/\/rcm1.rcm.upr.edu\/juntaadministrativa\/wp-content\/uploads\/sites\/19\/2020\/04\/Acta_ROJA_diciembre_2016.pdf\" target=\"_blank\" rel=\"noopener noreferrer\">Acta ROJA diciembre 2016<\/a><\/li>\n<\/ul>\n<p>[\/vc_column_text][vc_empty_space][vc_text_separator title=&#8221;Acta REFER\u00c9NDUM&#8221;][vc_column_text]<\/p>\n<ul>\n<li><a href=\"https:\/\/rcm1.rcm.upr.edu\/juntaadministrativa\/wp-content\/uploads\/sites\/19\/2020\/04\/Acta_Referendum_junio_2017.pdf\" target=\"_blank\" rel=\"noopener noreferrer\">Acta Refer\u00e9ndum junio 2017<\/a><\/li>\n<li><a href=\"https:\/\/rcm1.rcm.upr.edu\/juntaadministrativa\/wp-content\/uploads\/sites\/19\/2020\/04\/Acta_Referendum_abril_2017.pdf\" target=\"_blank\" rel=\"noopener noreferrer\">Acta Refer\u00e9ndum abril 2017<\/a><\/li>\n<li><a style=\"color: #005177;\" href=\"https:\/\/rcm1.rcm.upr.edu\/juntaadministrativa\/wp-content\/uploads\/sites\/19\/2020\/04\/Acta_Referendum_marzo-abril_2017.pdf\" target=\"_blank\" rel=\"noopener noreferrer\">Acta Refer\u00e9ndum marzo-abril 2017<\/a><\/li>\n<li><a href=\"https:\/\/rcm1.rcm.upr.edu\/juntaadministrativa\/wp-content\/uploads\/sites\/19\/2020\/04\/Acta_Referendum_marzo_2017.pdf\" target=\"_blank\" rel=\"noopener noreferrer\">Acta Refer\u00e9ndum marzo 2017<\/a><\/li>\n<\/ul>\n<p>&nbsp;<\/p>\n<ul>\n<li><a href=\"https:\/\/rcm1.rcm.upr.edu\/juntaadministrativa\/wp-content\/uploads\/sites\/19\/2020\/04\/Acta_Referendum_diciembre_2016.pdf\" target=\"_blank\" rel=\"noopener noreferrer\">Acta Refer\u00e9ndum diciembre 2016<\/a><\/li>\n<li><a style=\"color: #005177;\" href=\"https:\/\/rcm1.rcm.upr.edu\/juntaadministrativa\/wp-content\/uploads\/sites\/19\/2020\/04\/Acta_Referendum_septiembre_2016.pdf\" target=\"_blank\" rel=\"noopener noreferrer\">Acta Refer\u00e9ndum septiembre 2016<\/a><\/li>\n<li><a style=\"color: #005177;\" href=\"https:\/\/rcm1.rcm.upr.edu\/juntaadministrativa\/wp-content\/uploads\/sites\/19\/2020\/04\/Acta_Referendum_agosto_2016.pdf\" target=\"_blank\" rel=\"noopener noreferrer\">Acta Refer\u00e9ndum agosto 2016<\/a><\/li>\n<li><a href=\"https:\/\/rcm1.rcm.upr.edu\/juntaadministrativa\/wp-content\/uploads\/sites\/19\/2020\/04\/Acta_Referendum_julio_2016.pdf\" target=\"_blank\" rel=\"noopener noreferrer\">Acta Refer\u00e9ndum julio 2016<\/a><\/li>\n<\/ul>\n<p>[\/vc_column_text][\/vc_tab][vc_tab title=&#8221;2015-2016&#8243; tab_id=&#8221;1593107484560-5-6&#8243;][vc_text_separator title=&#8221;Acta ROJA&#8221;][vc_column_text]<\/p>\n<ul>\n<li><a style=\"color: #005177;\" href=\"https:\/\/rcm1.rcm.upr.edu\/juntaadministrativa\/wp-content\/uploads\/sites\/19\/2020\/04\/Acta_ROJA_junio_2016.pdf\" target=\"_blank\" rel=\"noopener noreferrer\">Acta ROJA junio 2016<\/a><\/li>\n<li><a href=\"https:\/\/rcm1.rcm.upr.edu\/juntaadministrativa\/wp-content\/uploads\/sites\/19\/2020\/04\/Acta_ROJA_mayo_2016.pdf\" target=\"_blank\" rel=\"noopener noreferrer\">Acta ROJA mayo 2016<\/a><\/li>\n<li><a href=\"https:\/\/rcm1.rcm.upr.edu\/juntaadministrativa\/wp-content\/uploads\/sites\/19\/2020\/04\/Acta_ROJA_abril_2016.pdf\" target=\"_blank\" rel=\"noopener noreferrer\">Acta ROJA abril 2016<\/a><\/li>\n<li><a style=\"color: #005177;\" href=\"https:\/\/rcm1.rcm.upr.edu\/juntaadministrativa\/wp-content\/uploads\/sites\/19\/2020\/04\/Acta_ROJA_marzo_2016.pdf\" target=\"_blank\" rel=\"noopener noreferrer\">Acta ROJA marzo 2016<\/a><\/li>\n<li><a style=\"color: #005177;\" href=\"https:\/\/rcm1.rcm.upr.edu\/juntaadministrativa\/wp-content\/uploads\/sites\/19\/2020\/04\/Acta_ROJA_febrero_2016.pdf\" target=\"_blank\" rel=\"noopener noreferrer\">Acta ROJA febrero 2016<\/a><\/li>\n<li><a href=\"https:\/\/rcm1.rcm.upr.edu\/juntaadministrativa\/wp-content\/uploads\/sites\/19\/2020\/04\/Acta_ROJA_enero_2016.pdf\" target=\"_blank\" rel=\"noopener noreferrer\">Acta ROJA enero 2016<\/a><\/li>\n<\/ul>\n<p>&nbsp;<\/p>\n<ul>\n<li><a style=\"color: #005177;\" href=\"https:\/\/rcm1.rcm.upr.edu\/juntaadministrativa\/wp-content\/uploads\/sites\/19\/2020\/04\/Acta_ROJA_diciembre_2015.pdf\" target=\"_blank\" rel=\"noopener noreferrer\">Acta ROJA diciembre 2015<\/a><\/li>\n<li><a style=\"color: #005177;\" href=\"https:\/\/rcm1.rcm.upr.edu\/juntaadministrativa\/wp-content\/uploads\/sites\/19\/2020\/04\/Acta_ROJA_noviembre_2015.pdf\" target=\"_blank\" rel=\"noopener noreferrer\">Acta ROJA noviembre 2015<\/a><\/li>\n<li><a style=\"color: #005177;\" href=\"https:\/\/rcm1.rcm.upr.edu\/juntaadministrativa\/wp-content\/uploads\/sites\/19\/2020\/04\/Acta_ROJA_octubre_2015.pdf\" target=\"_blank\" rel=\"noopener noreferrer\">Acta ROJA octubre 2015<\/a><\/li>\n<li><a href=\"https:\/\/rcm1.rcm.upr.edu\/juntaadministrativa\/wp-content\/uploads\/sites\/19\/2020\/04\/Acta_ROJA_septiembre_2015.pdf\" target=\"_blank\" rel=\"noopener noreferrer\">Acta ROJA septiembre 2015<\/a><\/li>\n<li><a style=\"color: #005177;\" href=\"https:\/\/rcm1.rcm.upr.edu\/juntaadministrativa\/wp-content\/uploads\/sites\/19\/2020\/04\/Acta_ROJA_agosto_2015.pdf\" target=\"_blank\" rel=\"noopener noreferrer\">Acta ROJA agosto 2015<\/a><\/li>\n<li><a href=\"https:\/\/rcm1.rcm.upr.edu\/juntaadministrativa\/wp-content\/uploads\/sites\/19\/2020\/04\/Acta_ROJA_junio_2015.pdf\" target=\"_blank\" rel=\"noopener noreferrer\">Acta ROJA junio 2015<\/a><\/li>\n<\/ul>\n<p>[\/vc_column_text][vc_empty_space][vc_text_separator title=&#8221;Acta REFER\u00c9NDUM&#8221;][vc_column_text]<\/p>\n<ul>\n<li><a href=\"https:\/\/rcm1.rcm.upr.edu\/juntaadministrativa\/wp-content\/uploads\/sites\/19\/2020\/04\/Acta_REFERENDUM_mayo_2016.pdf\" target=\"_blank\" rel=\"noopener noreferrer\">Acta Refer\u00e9ndum mayo 2016<\/a><\/li>\n<\/ul>\n<p>[\/vc_column_text][\/vc_tab][vc_tab title=&#8221;2014-2015&#8243; tab_id=&#8221;1593107488449-6-0&#8243;][vc_text_separator title=&#8221;Acta ROJA&#8221;][vc_column_text]<\/p>\n<ul>\n<li><a href=\"https:\/\/rcm1.rcm.upr.edu\/juntaadministrativa\/wp-content\/uploads\/sites\/19\/2020\/04\/Acta_ROJA_diciembre_2014.pdf\" target=\"_blank\" rel=\"noopener noreferrer\">Acta ROJA diciembre 2014<\/a><\/li>\n<li><a style=\"color: #005177;\" href=\"https:\/\/rcm1.rcm.upr.edu\/juntaadministrativa\/wp-content\/uploads\/sites\/19\/2020\/04\/Acta_ROJA_noviembre_2014.pdf\" target=\"_blank\" rel=\"noopener noreferrer\">Acta ROJA noviembre 2014<\/a><\/li>\n<li><a style=\"color: #005177;\" href=\"https:\/\/rcm1.rcm.upr.edu\/juntaadministrativa\/wp-content\/uploads\/sites\/19\/2020\/04\/Acta_ROJA_octubre_2014.pdf\" target=\"_blank\" rel=\"noopener noreferrer\">Acta ROJA octubre 2014<\/a><\/li>\n<li><a style=\"color: #005177;\" href=\"https:\/\/rcm1.rcm.upr.edu\/juntaadministrativa\/wp-content\/uploads\/sites\/19\/2020\/04\/Acta_ROJA_septiembre_2014.pdf\" target=\"_blank\" rel=\"noopener noreferrer\">Acta ROJA septiembre 2014<\/a><\/li>\n<li><a href=\"https:\/\/rcm1.rcm.upr.edu\/juntaadministrativa\/wp-content\/uploads\/sites\/19\/2020\/04\/Acta_ROJA_agosto_2014.pdf\" target=\"_blank\" rel=\"noopener noreferrer\">Acta ROJA agosto 2014<\/a><\/li>\n<\/ul>\n<p>&nbsp;<\/p>\n<ul>\n<li><a style=\"color: #005177;\" href=\"https:\/\/rcm1.rcm.upr.edu\/juntaadministrativa\/wp-content\/uploads\/sites\/19\/2020\/04\/Acta_ROJA_mayo_2015.pdf\" target=\"_blank\" rel=\"noopener noreferrer\">Acta ROJA mayo 2015<\/a><\/li>\n<li><a style=\"color: #005177;\" href=\"https:\/\/rcm1.rcm.upr.edu\/juntaadministrativa\/wp-content\/uploads\/sites\/19\/2020\/04\/Acta_ROJA_abril_2015-1.pdf\" target=\"_blank\" rel=\"noopener noreferrer\">Acta ROJA abril 2015<\/a><\/li>\n<li><a href=\"https:\/\/rcm1.rcm.upr.edu\/juntaadministrativa\/wp-content\/uploads\/sites\/19\/2020\/04\/Acta_ROJA_marzo_2015.pdf\" target=\"_blank\" rel=\"noopener noreferrer\">Acta ROJA marzo 2015<\/a><\/li>\n<li><a style=\"color: #005177;\" href=\"https:\/\/rcm1.rcm.upr.edu\/juntaadministrativa\/wp-content\/uploads\/sites\/19\/2020\/04\/Acta_ROJA_febrero_2015.pdf\" target=\"_blank\" rel=\"noopener noreferrer\">Acta ROJA febrero 2015<\/a><\/li>\n<li><a href=\"https:\/\/rcm1.rcm.upr.edu\/juntaadministrativa\/wp-content\/uploads\/sites\/19\/2020\/04\/Acta_ROJA_enero_2015.pdf\" target=\"_blank\" rel=\"noopener noreferrer\">Acta ROJA enero 2015<\/a><\/li>\n<\/ul>\n<p>[\/vc_column_text][vc_empty_space][vc_text_separator title=&#8221;Acta REJA&#8221;][vc_column_text]<\/p>\n<ul>\n<li><a href=\"https:\/\/rcm1.rcm.upr.edu\/juntaadministrativa\/wp-content\/uploads\/sites\/19\/2020\/04\/Acta_REJA_octubre_2014.pdf\" target=\"_blank\" rel=\"noopener noreferrer\">Acta REJA octubre 2014<\/a><\/li>\n<\/ul>\n<p>[\/vc_column_text][vc_empty_space][vc_text_separator title=&#8221;Acta REFER\u00c9NDUM&#8221;][vc_column_text]<\/p>\n<ul>\n<li><a href=\"https:\/\/rcm1.rcm.upr.edu\/juntaadministrativa\/wp-content\/uploads\/sites\/19\/2020\/04\/Acta_Referendum_julio_2015.pdf\" target=\"_blank\" rel=\"noopener noreferrer\">Acta Refer\u00e9ndum julio 2015<\/a><\/li>\n<li><a style=\"color: #005177;\" href=\"https:\/\/rcm1.rcm.upr.edu\/juntaadministrativa\/wp-content\/uploads\/sites\/19\/2020\/04\/Acta_Referendum2_junio_2015.pdf\" target=\"_blank\" rel=\"noopener noreferrer\">Acta Refer\u00e9ndum 2 junio 2015<\/a><\/li>\n<li><a style=\"color: #005177;\" href=\"https:\/\/rcm1.rcm.upr.edu\/juntaadministrativa\/wp-content\/uploads\/sites\/19\/2020\/04\/Acta_Referendum1_junio_2015.pdf\" target=\"_blank\" rel=\"noopener noreferrer\">Acta Refer\u00e9ndum 1 junio 2015<\/a><\/li>\n<li><a href=\"https:\/\/rcm1.rcm.upr.edu\/juntaadministrativa\/wp-content\/uploads\/sites\/19\/2020\/04\/Acta_Referendum_enero_febrero_2015.pdf\" target=\"_blank\" rel=\"noopener noreferrer\">Acta Refer\u00e9ndum enero-febrero 2015<\/a><\/li>\n<\/ul>\n<p>[\/vc_column_text][\/vc_tab][vc_tab title=&#8221;2013-2014&#8243; tab_id=&#8221;1636393370793-8-7&#8243;][vc_text_separator title=&#8221;Acta ROJA&#8221;][vc_column_text]<\/p>\n<ul>\n<li><a href=\"https:\/\/rcm1.rcm.upr.edu\/juntaadministrativa\/wp-content\/uploads\/sites\/19\/2020\/04\/Acta_ROJA_diciembre_2013.pdf\" target=\"_blank\" rel=\"noopener noreferrer\">Acta ROJA diciembre 2013<\/a><\/li>\n<li><a href=\"https:\/\/rcm1.rcm.upr.edu\/juntaadministrativa\/wp-content\/uploads\/sites\/19\/2020\/04\/Acta_ROJA_noviembre_2013.pdf\" target=\"_blank\" rel=\"noopener noreferrer\">Acta ROJA noviembre 2013<\/a><\/li>\n<li><a style=\"color: #005177;\" href=\"https:\/\/rcm1.rcm.upr.edu\/juntaadministrativa\/wp-content\/uploads\/sites\/19\/2020\/04\/Acta_ROJA_octubre_2013.pdf\" target=\"_blank\" rel=\"noopener noreferrer\">Acta ROJA octubre 2013<\/a><\/li>\n<li><a href=\"https:\/\/rcm1.rcm.upr.edu\/juntaadministrativa\/wp-content\/uploads\/sites\/19\/2020\/04\/Acta_ROJA_agosto_2013.pdf\" target=\"_blank\" rel=\"noopener noreferrer\">Acta ROJA agosto 2013<\/a><\/li>\n<\/ul>\n<p>&nbsp;<\/p>\n<ul>\n<li><a href=\"https:\/\/rcm1.rcm.upr.edu\/juntaadministrativa\/wp-content\/uploads\/sites\/19\/2020\/04\/Acta_ROJA_junio_2014.pdf\" target=\"_blank\" rel=\"noopener noreferrer\">Acta ROJA junio 2014<\/a><\/li>\n<li><a href=\"https:\/\/rcm1.rcm.upr.edu\/juntaadministrativa\/wp-content\/uploads\/sites\/19\/2020\/04\/Acta_ROJA_mayo_2014.pdf\" target=\"_blank\" rel=\"noopener noreferrer\">Acta ROJA mayo 2014<\/a><\/li>\n<li><a style=\"color: #005177;\" href=\"https:\/\/rcm1.rcm.upr.edu\/juntaadministrativa\/wp-content\/uploads\/sites\/19\/2020\/04\/Acta_ROJA_abril_2014.pdf\" target=\"_blank\" rel=\"noopener noreferrer\">Acta ROJA abril 2014<\/a><\/li>\n<li><a style=\"color: #005177;\" href=\"https:\/\/rcm1.rcm.upr.edu\/juntaadministrativa\/wp-content\/uploads\/sites\/19\/2020\/04\/Acta_ROJA_marzo_2014.pdf\" target=\"_blank\" rel=\"noopener noreferrer\">Acta ROJA marzo 2014<\/a><\/li>\n<li><a style=\"color: #005177;\" href=\"https:\/\/rcm1.rcm.upr.edu\/juntaadministrativa\/wp-content\/uploads\/sites\/19\/2020\/04\/Acta_ROJA_febrero_2014.pdf\" target=\"_blank\" rel=\"noopener noreferrer\">Acta ROJA febrero 2014<\/a><\/li>\n<li><a href=\"https:\/\/rcm1.rcm.upr.edu\/juntaadministrativa\/wp-content\/uploads\/sites\/19\/2020\/04\/Acta_ROJA_enero_2014.pdf\" target=\"_blank\" rel=\"noopener noreferrer\">Acta ROJA enero 2014<\/a><\/li>\n<\/ul>\n<p>[\/vc_column_text][vc_empty_space][vc_text_separator title=&#8221;Acta REFER\u00c9NDUM&#8221;][vc_column_text]<\/p>\n<ul>\n<li><a style=\"color: #005177;\" href=\"https:\/\/rcm1.rcm.upr.edu\/juntaadministrativa\/wp-content\/uploads\/sites\/19\/2020\/04\/Acta_Referendum_septiembre_2013.pdf\" target=\"_blank\" rel=\"noopener noreferrer\">Acta Refer\u00e9ndum septiembre 2013<\/a><\/li>\n<li><a href=\"https:\/\/rcm1.rcm.upr.edu\/juntaadministrativa\/wp-content\/uploads\/sites\/19\/2020\/04\/Acta_Referendum_agosto_2013.pdf\" target=\"_blank\" rel=\"noopener noreferrer\">Acta Refer\u00e9ndum agosto 2013<\/a><\/li>\n<\/ul>\n<p>[\/vc_column_text][\/vc_tab][\/vc_tour][\/vc_column][\/vc_row][vc_row][vc_column][vc_empty_space][vc_column_text]<\/p>\n<h3>Documentos<\/h3>\n<p>[\/vc_column_text][vc_tour interval=&#8221;0&#8243;][vc_tab title=&#8221;Informes&#8221; tab_id=&#8221;1593113651417-0-1&#8243;][vc_column_text]<\/p>\n<ul>\n<li><a href=\"https:\/\/rcm1.rcm.upr.edu\/juntaadministrativa\/wp-content\/uploads\/sites\/19\/2022\/12\/Informe-Anual-2021-22.pdf\" target=\"_blank\" rel=\"noopener noreferrer\">Informe Anual JA 2021-2022<\/a><\/li>\n<li><a href=\"https:\/\/rcm1.rcm.upr.edu\/juntaadministrativa\/wp-content\/uploads\/sites\/19\/2022\/12\/Informe-Anual-2020-21.pdf\" target=\"_blank\" rel=\"noopener noreferrer\">Informe Anual JA 2020-2021<\/a><\/li>\n<li><a href=\"https:\/\/rcm1.rcm.upr.edu\/juntaadministrativa\/wp-content\/uploads\/sites\/19\/2022\/12\/Informe-Anual-JA-2019-20.pdf\" target=\"_blank\" rel=\"noopener noreferrer\">Informe Anual JA 2019-2020<\/a><\/li>\n<li><a href=\"https:\/\/rcm1.rcm.upr.edu\/juntaadministrativa\/wp-content\/uploads\/sites\/19\/2020\/04\/Informe_Anual_JA_2017-18.pdf\" target=\"_blank\" rel=\"noopener noreferrer\">Informe Anual JA 2017-2018<\/a><\/li>\n<li><a href=\"https:\/\/rcm1.rcm.upr.edu\/juntaadministrativa\/wp-content\/uploads\/sites\/19\/2020\/04\/Informe_Anual_JA_2016-17.pdf\" target=\"_blank\" rel=\"noopener noreferrer\">Informe Anual JA 2016-2017<\/a><\/li>\n<li><a href=\"https:\/\/rcm1.rcm.upr.edu\/juntaadministrativa\/wp-content\/uploads\/sites\/19\/2020\/04\/Informe_Anual_JA_2015-16.pdf\" target=\"_blank\" rel=\"noopener noreferrer\">Informe Anual JA 2015-2016<\/a><\/li>\n<li><a href=\"https:\/\/rcm1.rcm.upr.edu\/juntaadministrativa\/wp-content\/uploads\/sites\/19\/2020\/04\/Informe-Anual-JA-2014-15.pdf\" target=\"_blank\" rel=\"noopener noreferrer\">Informe Anual JA 2014-2015<\/a><\/li>\n<\/ul>\n<p>[\/vc_column_text][\/vc_tab][vc_tab title=&#8221;Presupuesto&#8221; tab_id=&#8221;1593113652247-0-2&#8243;][vc_column_text css=&#8221;&#8221;]<\/p>\n<ul>\n<li><a href=\"https:\/\/rcm1.rcm.upr.edu\/juntaadministrativa\/wp-content\/uploads\/sites\/19\/2024\/10\/Cert.-01-2024-25-JA-RCM.pdf\">Presupuesto RCM 2024-2025<\/a><\/li>\n<li><a href=\"https:\/\/rcm1.rcm.upr.edu\/juntaadministrativa\/wp-content\/uploads\/sites\/19\/2024\/10\/Cert_30_2023-24_JA-RCM.pdf\">Presupuesto RCM 2023-2024<\/a><\/li>\n<li><a href=\"https:\/\/rcm1.rcm.upr.edu\/juntaadministrativa\/wp-content\/uploads\/sites\/19\/2024\/10\/Cert_28_2022-23_JA-RCM.pdf\">Presupuesto RCM 2022-2023<\/a><\/li>\n<li><a href=\"https:\/\/rcm1.rcm.upr.edu\/juntaadministrativa\/wp-content\/uploads\/sites\/19\/2024\/10\/Cert_13_2021-22_JA-RCM.pdf\">Presupuesto RCM 2021-2022<\/a><\/li>\n<li><a href=\"https:\/\/rcm1.rcm.upr.edu\/juntaadministrativa\/wp-content\/uploads\/sites\/19\/2024\/10\/Cert_02_2020-21_JA-RCM.pdf\">Presupuesto RCM 2020-2021<\/a><\/li>\n<li><a href=\"https:\/\/rcm1.rcm.upr.edu\/juntaadministrativa\/wp-content\/uploads\/sites\/19\/2024\/10\/Cert_14_2019-20_JA-RCM.pdf\">Presupuesto RCM 2019-2020<\/a><\/li>\n<li><a href=\"https:\/\/rcm1.rcm.upr.edu\/juntaadministrativa\/wp-content\/uploads\/sites\/19\/2020\/04\/Presupuesto_RCM_2018-2019.pdf\" target=\"_blank\" rel=\"noopener noreferrer\">Presupuesto RCM 2018-2019<\/a><\/li>\n<li><a href=\"https:\/\/rcm1.rcm.upr.edu\/juntaadministrativa\/wp-content\/uploads\/sites\/19\/2020\/04\/Presupuesto_RCM_2017-2018.pdf\" target=\"_blank\" rel=\"noopener noreferrer\">Presupuesto RCM 2017-2018<\/a><\/li>\n<li><a href=\"https:\/\/rcm1.rcm.upr.edu\/juntaadministrativa\/wp-content\/uploads\/sites\/19\/2020\/04\/Presupuesto_RCM_2016-2017.pdf\" target=\"_blank\" rel=\"noopener noreferrer\">Presupuesto RCM 2016-2017<\/a><\/li>\n<li><a href=\"https:\/\/rcm1.rcm.upr.edu\/juntaadministrativa\/wp-content\/uploads\/sites\/19\/2020\/04\/Presupuesto-RCM-2015-2016.pdf\" target=\"_blank\" rel=\"noopener noreferrer\">Presupuesto RCM 2015-2016<\/a><\/li>\n<\/ul>\n<p>[\/vc_column_text][\/vc_tab][vc_tab title=&#8221;Documentos Generales&#8221; tab_id=&#8221;1593113650663-0-10&#8243;][vc_column_text]<\/p>\n<div>\n<ul>\n<li><a href=\"https:\/\/rcm1.rcm.upr.edu\/juntaadministrativa\/wp-content\/uploads\/sites\/19\/2020\/04\/Reglamento-Interno-JA.pdf\" target=\"_blank\" rel=\"noopener noreferrer\">Reglamento Interno de la Junta Administrativa<\/a><\/li>\n<li><a href=\"https:\/\/www.upr.edu\/jgobierno\/wp-content\/uploads\/sites\/16\/2017\/01\/Reg_Gen__UPR_Comp_20ene2017.pdf\" target=\"_blank\" rel=\"noopener noreferrer\">Reglamento General de la UPR<\/a><\/li>\n<li><a href=\"https:\/\/rcm1.rcm.upr.edu\/juntaadministrativa\/wp-content\/uploads\/sites\/19\/2020\/04\/Reglamento-Interno-JA.pdf\" target=\"_blank\" rel=\"noopener noreferrer\">Reglamento Interno de Apelaciones de la Junta Universitaria<\/a><\/li>\n<li><a href=\"https:\/\/rcm1.rcm.upr.edu\/juntaadministrativa\/wp-content\/uploads\/sites\/19\/2020\/04\/JS-Cert.-Num.-43-2006-2007-Reglamento-para-la-Evaluacion-Periodica-Programas-Academicos.pdf\" target=\"_blank\" rel=\"noopener noreferrer\">Reglamento para la Evaluaci\u00f3n Peri\u00f3dica de los Programas Acad\u00e9micos de la UPR<\/a><\/li>\n<li><a href=\"https:\/\/rcm1.rcm.upr.edu\/juntaadministrativa\/wp-content\/uploads\/sites\/19\/2020\/04\/JS-Cert.-Num.-80-2005-06-REGLAMENTO-PARA-LA-CREACI6N-DE-PROGRAMAS.pdf\" target=\"_blank\" rel=\"noopener noreferrer\">Reglamento para la Creaci\u00f3n de Programas Acad\u00e9micos en la UPR<\/a><\/li>\n<li><a href=\"https:\/\/rcm1.rcm.upr.edu\/juntaadministrativa\/wp-content\/uploads\/sites\/19\/2020\/04\/Reglamento-de-Procedimientos-Apelativos-de-la-UPR.pdf\" target=\"_blank\" rel=\"noopener noreferrer\">Reglamento del Procedimientos Apelativos Administrativos de la UPR<\/a><\/li>\n<li><a href=\"https:\/\/rcm1.rcm.upr.edu\/juntaadministrativa\/wp-content\/uploads\/sites\/19\/2020\/04\/JG-Cert-062-2015-2016-Reglamento-para-la-Administracion-Conservacion-y-disposicion-de-documentos-de-la-UPR.pdf\" target=\"_blank\" rel=\"noopener noreferrer\">Reglamento para la Administraci\u00f3n, Conservaci\u00f3n y Disposici\u00f3n de Documentos de la Universidad de Puerto Rico<\/a><\/li>\n<li><a href=\"https:\/\/rcm1.rcm.upr.edu\/juntaadministrativa\/wp-content\/uploads\/sites\/19\/2020\/04\/PlanEstrategico-RCM-2009-2016.pdf\" target=\"_blank\" rel=\"noopener noreferrer\">Plan Estrat\u00e9gico del RCM 2009-2016<\/a><\/li>\n<li><a href=\"https:\/\/rcm2.rcm.upr.edu\/wp-content\/uploads\/2020\/04\/5-Plan-Estrategico-RCM-UPR-2017-2022-Rev-Cert-079-2016-17-SA-SECURED.pdf\" target=\"_blank\" rel=\"noopener noreferrer\">Plan Estrat\u00e9gico del RCM 2017-2022<\/a><\/li>\n<li><a href=\"https:\/\/juntagobierno.upr.edu\/ley-y-reglamentos\/\" target=\"_blank\" rel=\"noopener noreferrer\">Leyes, Reglamentos, Normas y Pol\u00edticas de la UPR<\/a><\/li>\n<li><a href=\"https:\/\/rcm1.rcm.upr.edu\/juntaadministrativa\/wp-content\/uploads\/sites\/19\/2020\/04\/Normas_Grados_y_Titulos.pdf\" target=\"_blank\" rel=\"noopener noreferrer\">Normas para el reconocimiento de Grados y T\u00edtulos<\/a><\/li>\n<li><a href=\"https:\/\/rcm1.rcm.upr.edu\/juntaadministrativa\/wp-content\/uploads\/sites\/19\/2020\/04\/Normas_Uso_Telecom_UPR.pdf\" target=\"_blank\" rel=\"noopener noreferrer\">Normas sobre el Uso de las Telecomunicaciones en la Universidad de Puerto Rico<\/a><\/li>\n<\/ul>\n<\/div>\n<p>[\/vc_column_text][\/vc_tab][vc_tab title=&#8221;Relacionados a Estudiantes&#8221; tab_id=&#8221;1593113652925-0-5&#8243;][vc_column_text]<\/p>\n<ul>\n<li><a href=\"https:\/\/rcm1.rcm.upr.edu\/juntaadministrativa\/wp-content\/uploads\/sites\/19\/2020\/04\/REGLAMENTO_DE_ESTUDIANTES_RECINTO_DE_CIENCIAS_MEDICAS-2011.pdf\" target=\"_blank\" rel=\"noopener noreferrer\">Reglamento de Estudiantes del RCM<\/a><\/li>\n<li><a href=\"https:\/\/rcm1.rcm.upr.edu\/juntaadministrativa\/wp-content\/uploads\/sites\/19\/2020\/04\/Manual-del-Estudiante-2018-2019.pdf\" target=\"_blank\" rel=\"noopener noreferrer\">Manual del Estudiante del RCM<\/a><\/li>\n<\/ul>\n<p>[\/vc_column_text][\/vc_tab][vc_tab title=&#8221;Relacionados a Tarea Acad\u00e9mica&#8221; tab_id=&#8221;1593113653691-0-5&#8243;][vc_column_text]<\/p>\n<ul>\n<li><a href=\"https:\/\/rcm1.rcm.upr.edu\/juntaadministrativa\/wp-content\/uploads\/sites\/19\/2020\/04\/Tabla-de-Equivalencias-Academicas-JGobierno.pdf\" target=\"_blank\" rel=\"noopener noreferrer\">Equivalencias de Tarea Acad\u00e9mica del Personal Docente de la UPR &#8211; JG Certificaci\u00f3n #60 2015-2016<\/a><\/li>\n<li><a href=\"https:\/\/rcm1.rcm.upr.edu\/juntaadministrativa\/wp-content\/uploads\/sites\/19\/2020\/04\/Definicion-de-Carga-Academica-del-RCM.pdf\" target=\"_blank\" rel=\"noopener noreferrer\">Definici\u00f3n de Carga Acad\u00e9mica del RCM &#8211; SA Certificaci\u00f3n 049 &#8211; 2007-2008, JA Certificaci\u00f3n 082 2007-2008<\/a><\/li>\n<\/ul>\n<p>[\/vc_column_text][\/vc_tab][vc_tab title=&#8221;Nombramientos, Rango, Perm.&#8221; tab_id=&#8221;1593113654755-0-8&#8243;][vc_column_text]<\/p>\n<ul>\n<li><a href=\"https:\/\/rcm1.rcm.upr.edu\/juntaadministrativa\/wp-content\/uploads\/sites\/19\/2020\/08\/RCM-CV-FORMAT-2015-revisado-diciembre-2016.pdf\" target=\"_blank\" rel=\"noopener noreferrer\">Formato del Curriculum Vitae del Recinto de Ciencias M\u00e9dicas<\/a><\/li>\n<li><a href=\"https:\/\/rcm1.rcm.upr.edu\/juntaadministrativa\/wp-content\/uploads\/sites\/19\/2020\/04\/RCM-FORMAT-2015-INFORME-SOBRE-CRECIMIENTO-PROFESIONALLOGROS-Y-ACTIVIDADES.pdf\" target=\"_blank\" rel=\"noopener noreferrer\">Formato del Informe sobre Crecimiento Profesional, Logros y Actividades del Recinto de Ciencias M\u00e9dicas<\/a><\/li>\n<li><a href=\"https:\/\/rcm1.rcm.upr.edu\/juntaadministrativa\/wp-content\/uploads\/sites\/19\/2020\/04\/SA-RCM-Cert-028-2006-2007-Normas-que-regiran-los-Nombramientos-Ad-Honorem.pdf\" target=\"_blank\" rel=\"noopener noreferrer\">SA &#8211; RCM Certificaci\u00f3n 028 (2006-2007)- Normas que Regir\u00e1n los Nombramientos Ad Honorem<\/a><\/li>\n<li><a href=\"https:\/\/rcm1.rcm.upr.edu\/juntaadministrativa\/wp-content\/uploads\/sites\/19\/2020\/04\/Cert_184_2015-16_JA-RCM_Enmendada.pdf\" target=\"_blank\" rel=\"noopener noreferrer\">Certificaci\u00f3n #184, 2015-16, JA-RCM &#8211; Recibido y aprobado informe final del Comit\u00e9 Ad-Hoc de la Junta Administrativa sobre las Normas relacionadas con los Nombramientos Conjuntos en el Recinto de Ciencias M\u00e9dicas<\/a><\/li>\n<li>Listados de requisitos para solicitar otorgaci\u00f3n de rango, ascensos en rango y permanencias\n<ul>\n<li><a href=\"https:\/\/rcm1.rcm.upr.edu\/juntaadministrativa\/wp-content\/uploads\/sites\/19\/2020\/09\/Solc.-Rango-Acad.-rev.-diciembre-2017.pdf\" target=\"_blank\" rel=\"noopener noreferrer\">Otorgaci\u00f3n de Rango<\/a><\/li>\n<li><a href=\"https:\/\/rcm1.rcm.upr.edu\/juntaadministrativa\/wp-content\/uploads\/sites\/19\/2020\/04\/Formulario-Ascenso-en-Rango-Docente-JA-RCM3.pdf\" target=\"_blank\" rel=\"noopener noreferrer\">Ascensos en Rango<\/a><\/li>\n<li><a href=\"https:\/\/rcm1.rcm.upr.edu\/juntaadministrativa\/wp-content\/uploads\/sites\/19\/2020\/04\/Formulario-Permanencia-Docente-JA-RCM2.pdf\" target=\"_blank\" rel=\"noopener noreferrer\">Ascensos en Rango por Preparaci\u00f3n Acad\u00e9mica<\/a><\/li>\n<li><a href=\"https:\/\/rcm1.rcm.upr.edu\/juntaadministrativa\/wp-content\/uploads\/sites\/19\/2020\/04\/Formulario-Permanencia-Docente-JA-RCM2.pdf\" target=\"_blank\" rel=\"noopener noreferrer\">Permanencias<\/a><\/li>\n<li><a href=\"https:\/\/rcm1.rcm.upr.edu\/juntaadministrativa\/wp-content\/uploads\/sites\/19\/2020\/04\/RCMRH-1-REVISADO.pdf\" target=\"_blank\" rel=\"noopener noreferrer\">Formulario de Solicitud para Otorgaci\u00f3n de Rango, Ascensos en Rango y Permanencias RCM RH 1 &#8211; revisado<\/a><\/li>\n<\/ul>\n<\/li>\n<li>Certificaciones que aplican a los nombramientos de Profesor Adjunto\n<ul>\n<li><a href=\"https:\/\/rcm1.rcm.upr.edu\/juntaadministrativa\/wp-content\/uploads\/sites\/19\/2020\/04\/Cert-JS-Prof-Adjunto.pdf\" target=\"_blank\" rel=\"noopener noreferrer\">Certificaci\u00f3n #24 (1996-1997) JS &#8211; Profesor Adjunto<\/a><\/li>\n<li><a href=\"https:\/\/rcm1.rcm.upr.edu\/juntaadministrativa\/wp-content\/uploads\/sites\/19\/2020\/04\/Cert_089_2015-16_JA-RCM.pdf\" target=\"_blank\" rel=\"noopener noreferrer\">Certificaci\u00f3n #89, 2015-16, JA-RCM &#8211; Que el Decano de Asuntos Acad\u00e9micos desarrollo un mecanismo uniforme de evaluaci\u00f3n para evaluar a los docentes con nombramiento de Profesor Adjunto en y para las extensiones de nombramientos<\/a><\/li>\n<li><a href=\"https:\/\/rcm1.rcm.upr.edu\/juntaadministrativa\/wp-content\/uploads\/sites\/19\/2020\/04\/Cert_090_2015-16_JA-RCM.pdf\" target=\"_blank\" rel=\"noopener noreferrer\">Certificaci\u00f3n #90, 2015-16, JA-RCM &#8211; Que se promueva la utilizaci\u00f3n de Nombramiento Conjunto en lugar de hacer un nombramiento de Profesor Adjunto sin paga, para facultativos que ya ostentan un rango acad\u00e9mico y que pertenezcan a otra escuela dentro del mismo RCM<\/a><\/li>\n<li><a href=\"https:\/\/rcm1.rcm.upr.edu\/juntaadministrativa\/wp-content\/uploads\/sites\/19\/2020\/04\/Cert_091_2015-16_JA-RCM.pdf\" target=\"_blank\" rel=\"noopener noreferrer\">Certificaci\u00f3n #91, 2015-16, JA-RCM &#8211; Se aprob\u00f3 el Procedimiento para el nombramiento y reclutamiento de Profesor Adjunto <\/a><\/li>\n<li><a href=\"https:\/\/rcm1.rcm.upr.edu\/juntaadministrativa\/wp-content\/uploads\/sites\/19\/2020\/04\/Cert_092_2015-16_JA-RCM.pdf\" target=\"_blank\" rel=\"noopener noreferrer\">Certificaci\u00f3n #92, 2015-16, JA-RCM &#8211; Que se eleve a la Junta Universitaria la recomendaci\u00f3n de la inclusi\u00f3n de la categor\u00eda de nombramiento de Profesor Adjunto y la normativa aplicable en el Reglamento General de la Universidad de Puerto Rico<\/a><\/li>\n<li><a href=\"https:\/\/rcm1.rcm.upr.edu\/juntaadministrativa\/wp-content\/uploads\/sites\/19\/2020\/04\/Cert_093_2015-16_JA-RCM.pdf\" target=\"_blank\" rel=\"noopener noreferrer\">Certificaci\u00f3n #93, 2015-16, JA-RCM &#8211; Endos\u00f3 y aval\u00f3 la Certificaci\u00f3n 016, 2015-16, SA-RCM, donde solicita a la Junta de Gobierno que los Profesores Adjuntos coticen para el Sistema de Retiro de la UPR<\/a><\/li>\n<li><a href=\"https:\/\/rcm1.rcm.upr.edu\/juntaadministrativa\/wp-content\/uploads\/sites\/19\/2020\/04\/Cert_182_2016-17_JA-RCM.pdf\" target=\"_blank\" rel=\"noopener noreferrer\">Certificaci\u00f3n #182, 2016-17, JA-RCM &#8211; Aprobaci\u00f3n del informe presentado y del mecanismo uniforme de evaluaci\u00f3n a los docentes con nombramiento de Profesor Adjunto<\/a><\/li>\n<\/ul>\n<\/li>\n<li>Certificaciones que aplican a los nombramientos Geographical Full Time\n<ul>\n<li><a href=\"https:\/\/rcm1.rcm.upr.edu\/juntaadministrativa\/wp-content\/uploads\/sites\/19\/2020\/04\/Certificacion-198-1993-94-JA-RCM-Geographical-Full-Time.pdf\" target=\"_blank\" rel=\"noopener noreferrer\">Certificaci\u00f3n 198 (1993-1994) JA-RCM &#8211; Geographical Full Time<\/a><\/li>\n<li><a href=\"https:\/\/rcm1.rcm.upr.edu\/juntaadministrativa\/wp-content\/uploads\/sites\/19\/2020\/04\/Certificacion-88-2015-16-JA-RCM-1.pdf\" target=\"_blank\" rel=\"noopener noreferrer\">Certificaci\u00f3n 88 (2015-2016) JA-RCM &#8211; Declaraci\u00f3n de Aceptaci\u00f3n de Deberes como Facultad a Tiempo Completo (Geographical Full Time)<\/a><\/li>\n<\/ul>\n<\/li>\n<li><a href=\"https:\/\/rcm1.rcm.upr.edu\/juntaadministrativa\/wp-content\/uploads\/sites\/19\/2020\/04\/normas_reclutamiento_profesores_investigadores_areas_dificil_reclut.pdf\" target=\"_blank\" rel=\"noopener noreferrer\">Normativa que aplica a reclutamiento de personal docente de dificil reclutamiento &#8211; Carta Circular Presidente de la UPR R-0708-07<\/a><\/li>\n<li><a href=\"https:\/\/www.upr.edu\/jgobierno\/wp-content\/uploads\/sites\/16\/2011\/03\/Normas_Grad_y_Tit.pdf\" target=\"_blank\" rel=\"noopener noreferrer\">Normativa Junta de Reconocimiento de Titulo o Grado &#8211; UPR<\/a><\/li>\n<li><a href=\"https:\/\/rcm1.rcm.upr.edu\/juntaadministrativa\/wp-content\/uploads\/sites\/19\/2020\/04\/JU-Cert.-Num.-37-2014-2015-Establecer-Carta-Contractual-Personal-Docente-proceso-de-reclutamiento-UPR.pdf\" target=\"_blank\" rel=\"noopener noreferrer\">Certificaci\u00f3n que aplica a Carta Contractual para proceso de reclutamiento de personal docente &#8211; JU Certificaci\u00f3n #037 2014-2015<\/a><\/li>\n<li><a href=\"https:\/\/rcm1.rcm.upr.edu\/juntaadministrativa\/wp-content\/uploads\/sites\/19\/2020\/04\/Cert_079_2016-17_JA-RCM_Enmendada.pdf\" target=\"_blank\" rel=\"noopener noreferrer\">Modelo Adoptado de Carta Contractual del RCM<\/a><\/li>\n<li><a href=\"https:\/\/rcm1.rcm.upr.edu\/juntaadministrativa\/wp-content\/uploads\/sites\/19\/2020\/04\/Cert_136_2016-17_JA-RCM_Enmendada.pdf\" target=\"_blank\" rel=\"noopener noreferrer\">Modelo Adoptado de Carta Contractual del RCM (Nombramientos que no sean probatorios)<\/a><\/li>\n<\/ul>\n<p>[\/vc_column_text][\/vc_tab][vc_tab title=&#8221;Licencias, Sab\u00e1ticas, Ayudas Eco.&#8221; tab_id=&#8221;1593113655734-0-8&#8243;][vc_column_text]<\/p>\n<ul>\n<li><a href=\"https:\/\/rcm1.rcm.upr.edu\/juntaadministrativa\/wp-content\/uploads\/sites\/19\/2020\/08\/JA-RCM-Cert-059-2007-2008-enmendada-2013-Normas.pdf\" target=\"_blank\" rel=\"noopener noreferrer\">JA RCM Certificaci\u00f3n 059 2007-2008 enmendada 2013 Identificaci\u00f3n de Prioridades Institucionales para la concesi\u00f3n de licencias para el personal Docente y No Docente del RCM<\/a><\/li>\n<li>Listados de requisitos para solicitar la consideraci\u00f3n de licencias, sab\u00e1ticas, destaques y otros\n<ul>\n<li><a href=\"https:\/\/rcm1.rcm.upr.edu\/juntaadministrativa\/wp-content\/uploads\/sites\/19\/2020\/08\/Formulario-Licencia-con-o-sin-Sueldo-Docente-JA-RCM4-4.pdf\" target=\"_blank\" rel=\"noopener noreferrer\">Licencias Sab\u00e1tica, o licencia para estudios &#8211; Docente<\/a><\/li>\n<li><a href=\"https:\/\/rcm1.rcm.upr.edu\/juntaadministrativa\/wp-content\/uploads\/sites\/19\/2020\/08\/Formulario-Licencia-por-Enfermedad-JA-RCM1.pdf\" target=\"_blank\" rel=\"noopener noreferrer\">Licencia por Enfermedad<\/a><\/li>\n<li><a href=\"https:\/\/rcm1.rcm.upr.edu\/juntaadministrativa\/wp-content\/uploads\/sites\/19\/2020\/08\/Formulario-Licencia-para-participar-en-proc-politico-Licencia-sin-Sueldo-para-ocupar-puesto-electivo-JA-RCM8.pdf\" target=\"_blank\" rel=\"noopener noreferrer\">Licencia por Cargo Pol\u00edtico o Cargo P\u00fablico<\/a><\/li>\n<li><a href=\"https:\/\/rcm1.rcm.upr.edu\/juntaadministrativa\/wp-content\/uploads\/sites\/19\/2020\/08\/Formulario-Licencia-sin-Sueldo-para-fines-militares-JA-RCM7.pdf\" target=\"_blank\" rel=\"noopener noreferrer\">Licencia sin Sueldo para Fines Militares<\/a><\/li>\n<li><a href=\"https:\/\/rcm1.rcm.upr.edu\/juntaadministrativa\/wp-content\/uploads\/sites\/19\/2020\/08\/Formulario-Licencia-en-Servicio-Docente-JA-RCM11.pdf\" target=\"_blank\" rel=\"noopener noreferrer\">Licencia en Servicio<\/a><\/li>\n<li><a href=\"https:\/\/rcm1.rcm.upr.edu\/juntaadministrativa\/wp-content\/uploads\/sites\/19\/2020\/08\/Formulario-Licencia-para-Estudios-No-Docente-JA-RCM10.pdf\" target=\"_blank\" rel=\"noopener noreferrer\">Licencia para Estudios &#8211; No Docentes<\/a><\/li>\n<\/ul>\n<\/li>\n<li><a href=\"https:\/\/rcm1.rcm.upr.edu\/juntaadministrativa\/wp-content\/uploads\/sites\/19\/2020\/04\/Formulario-de-solicitud-de-licencias-sabaticas-y-ayudas-economicas-GCH-2015.pdf\" target=\"_blank\" rel=\"noopener noreferrer\">Formulario de solicitud de licencias, sab\u00e1ticas y ayudas econ\u00f3micas GCH 2015<\/a><\/li>\n<li><a href=\"https:\/\/rcm1.rcm.upr.edu\/juntaadministrativa\/wp-content\/uploads\/sites\/19\/2020\/08\/Solicitud-Licencia-Extraordinaria-o-Sabatica.pdf\" target=\"_blank\" rel=\"noopener noreferrer\">Solicitud de Licencia Extraordinaria<\/a><\/li>\n<li><a href=\"https:\/\/rcm1.rcm.upr.edu\/juntaadministrativa\/wp-content\/uploads\/sites\/19\/2020\/08\/Formulario-Destaque-Docente-JA-RCM12.pdf\" target=\"_blank\" rel=\"noopener noreferrer\">Destaques<\/a><\/li>\n<li><a href=\"https:\/\/juntaadministrativa.rcm.upr.edu\/wp-content\/uploads\/sites\/24\/2020\/08\/Formulario-Licencia-con-o-sin-Sueldo-Docente-JA-RCM4.pdf\" target=\"_blank\" rel=\"noopener noreferrer\">Licencia con o sin sueldo &#8211; Docentes<\/a><\/li>\n<li><a href=\"https:\/\/rcm1.rcm.upr.edu\/juntaadministrativa\/wp-content\/uploads\/sites\/19\/2020\/04\/Solicitud-de-Viaje-Oficial-JA-RCM17.pdf\" target=\"_blank\" rel=\"noopener noreferrer\">Solicitud de Viaje Oficial (Art. 61 &#8211; Secci\u00f3n 61.1)<\/a><\/li>\n<li><a href=\"https:\/\/juntaadministrativa.rcm.upr.edu\/wp-content\/uploads\/sites\/24\/2020\/08\/Formulario-Licencia-con-o-sin-Sueldo-No-Docente-JA-RCM5.pdf\" target=\"_blank\" rel=\"noopener noreferrer\">Licencia con o sin sueldo &#8211; No Docentes<\/a><\/li>\n<li><a href=\"https:\/\/rcm1.rcm.upr.edu\/juntaadministrativa\/wp-content\/uploads\/sites\/19\/2020\/04\/Cert_179_2014-15_JA-RCM.pdf\" target=\"_blank\" rel=\"noopener noreferrer\">Certificaci\u00f3n 179, 2014-15, JA-RCM \u2013 Proceso para rendir los informes finales y un an\u00e1lisis evaluativo del producto final de los trabajos y actividades realizadas a la terminaci\u00f3n de toda sab\u00e1tica, licencia y ayudas econ\u00f3micas que se hayan otorgado al personal docente y no docente<\/a><\/li>\n<li><a href=\"https:\/\/rcm1.rcm.upr.edu\/juntaadministrativa\/wp-content\/uploads\/sites\/19\/2020\/04\/Cert_202_2014-15_JA-RCM.pdf\" target=\"_blank\" rel=\"noopener noreferrer\">Certificaci\u00f3n 202, 2014-15, JA-RCM \u2013 Enmendado el formulario de informe de personal en disfrute de licencias, sab\u00e1tica y\/o ayuda econ\u00f3mica originado por este cuerpo<\/a><\/li>\n<\/ul>\n<p>[\/vc_column_text][\/vc_tab][vc_tab title=&#8221;Sistema Evaluaci\u00f3n del Docente&#8221; tab_id=&#8221;1593113656632-0-2&#8243;][vc_column_text]<\/p>\n<div id=\"colwrap\">\n<div id=\"col1\">\n<div id=\"accordion\">\n<ul>\n<li><a href=\"https:\/\/rcm1.rcm.upr.edu\/juntaadministrativa\/wp-content\/uploads\/sites\/19\/2020\/08\/Certificacion-Numero-10-2012-13-SA-RCM.pdf\" target=\"_blank\" rel=\"noopener noreferrer\">Certificaci\u00f3n #10 2012-13 SA RCM &#8211; Aprobaci\u00f3n Instrumento Evaluaci\u00f3n Servicio Cl\u00ednico<\/a><\/li>\n<li><a href=\"https:\/\/rcm1.rcm.upr.edu\/juntaadministrativa\/wp-content\/uploads\/sites\/19\/2020\/08\/Certificacion-Numero-35-2011-12-SA-RCM.pdf\" target=\"_blank\" rel=\"noopener noreferrer\">Certificaci\u00f3n #35 2011-12 SA RCM &#8211; Aprobando Instrumento Cuestionario Estudiantil<\/a><\/li>\n<li><a href=\"https:\/\/rcm1.rcm.upr.edu\/juntaadministrativa\/wp-content\/uploads\/sites\/19\/2020\/08\/Certificacion-Numero-35-2011-12-SA-RCM.pdf\" target=\"_blank\" rel=\"noopener noreferrer\">Certificaci\u00f3n #56 2010-11 SA RCM &#8211; Creaci\u00f3n Foro para Recoger Insumo Comunidad de los Instrumentos Evaluaci\u00f3n Facultad<\/a><\/li>\n<li><a href=\"https:\/\/rcm1.rcm.upr.edu\/juntaadministrativa\/wp-content\/uploads\/sites\/19\/2020\/08\/Certificacion-Numero-57-2010-11-SA-RCM-Aprobacion-Propuesta-Establecer-Nuevo-Sistema-Evaluacion-Facultad-Enmendada.pdf\" target=\"_blank\" rel=\"noopener noreferrer\">Certificaci\u00f3n #57 2010-11 SA RCM &#8211; Aprobaci\u00f3n Propuesta Establecer Nuevo Sistema Evaluaci\u00f3n Facultad Enmendada<\/a><\/li>\n<li><a href=\"https:\/\/rcm1.rcm.upr.edu\/juntaadministrativa\/wp-content\/uploads\/sites\/19\/2020\/04\/Manual-del-Docente-RCM.pdf\" target=\"_blank\" rel=\"noopener noreferrer\">Manual del Docente<\/a><\/li>\n<li><a href=\"https:\/\/accounts.google.com\/ServiceLogin?service=wise&amp;passive=1209600&amp;continue=https:\/\/docs.google.com\/presentation\/d\/1IsLRsGri8HYcz46wuB4B4BXUhuYCc0FnCYk5-ZWzJms\/edit&amp;followup=https:\/\/docs.google.com\/presentation\/d\/1IsLRsGri8HYcz46wuB4B4BXUhuYCc0FnCYk5-ZWzJms\/edit&amp;ltmpl=slides\" target=\"_blank\" rel=\"noopener noreferrer\">Plantilla Portafolio para Ascenso en Rango Regular y Por Preparaci\u00f3n Acad\u00e9mica<\/a><\/li>\n<li><a href=\"https:\/\/rcm1.rcm.upr.edu\/juntaadministrativa\/wp-content\/uploads\/sites\/19\/2020\/04\/Cert_270_2014-15_JA-RCM.pdf\" target=\"_blank\" rel=\"noopener noreferrer\">Certificaci\u00f3n 245, 2014-15, JA-RCM \u2013 Aprobado el m\u00e9todo de portafolio electr\u00f3nico para someter los documentos de ascenso en rango acad\u00e9mico<\/a><\/li>\n<li><a href=\"https:\/\/rcm1.rcm.upr.edu\/juntaadministrativa\/wp-content\/uploads\/sites\/19\/2020\/04\/Manual-de-Instrucciones-para-Evaluar-la-Facultad.pdf\" target=\"_blank\" rel=\"noopener noreferrer\">Manual de Instrucciones para Evaluar la Facultad<\/a><\/li>\n<\/ul>\n<\/div>\n<\/div>\n<\/div>\n<p>[\/vc_column_text][\/vc_tab][\/vc_tour][\/vc_column][\/vc_row]<\/p>\n<\/div>","protected":false},"excerpt":{"rendered":"<p>[vc_row][vc_column][vc_column_text] Actas de la Junta Administrativa [\/vc_column_text][vc_tour interval=&#8221;0&#8243;][vc_tab title=&#8221;2024-2025&#8243; tab_id=&#8221;1728227042709-11-1&#8243;][vc_text_separator title=&#8221;Acta ROJA&#8221; css=&#8221;&#8221;][vc_column_text css=&#8221;&#8221;] Acta ROJA agosto 2024 [\/vc_column_text][\/vc_tab][vc_tab title=&#8221;2023-2024&#8243; tab_id=&#8221;1713892577630-10-2&#8243;][vc_text_separator title=&#8221;Acta ROJA&#8221; css=&#8221;&#8221;][vc_column_text css=&#8221;&#8221;] Acta ROJA junio 2024 Acta ROJA mayo 2024 Acta ROJA abril 2024 Acta ROJA marzo 2024 Acta ROJA febrero 2024 Acta ROJA enero 2024 Acta ROJA\u00a0 diciembre 2023 Acta ROJA&hellip;<\/p>\n","protected":false},"author":1,"featured_media":0,"parent":0,"menu_order":0,"comment_status":"closed","ping_status":"closed","template":"template-microsite.php","meta":{"footnotes":""},"class_list":["post-8884","page","type-page","status-publish","hentry","description-off"],"aioseo_notices":[],"aioseo_head":"\n\t\t<!-- All in One SEO 5.0.1.1 - aioseo.com -->\n\t<meta name=\"description\" content=\"Actas de la Junta Administrativa 2024-20252023-20242022-20232021-20222020-20212019-20202018-20192017-20182016-20172015-20162014-20152013-2014 Acta ROJA Acta ROJA agosto 2024 Acta ROJA Acta ROJA junio 2024 Acta ROJA mayo 2024 Acta ROJA abril 2024 Acta ROJA marzo 2024 Acta ROJA febrero 2024 Acta ROJA enero 2024 Acta ROJA diciembre 2023 Acta ROJA noviembre 2023 Acta ROJA octubre 2023 Acta ROJA septiembre 2023 Acta\" \/>\n\t<meta name=\"robots\" content=\"max-image-preview:large\" \/>\n\t<link rel=\"canonical\" href=\"https:\/\/rcm1.rcm.upr.edu\/juntaadministrativa\/documentos\/\" \/>\n\t<meta name=\"generator\" content=\"All in One SEO (AIOSEO) 5.0.1.1\" \/>\n\t\t<meta property=\"og:locale\" content=\"en_US\" \/>\n\t\t<meta property=\"og:site_name\" content=\"Junta Administrativa -\" \/>\n\t\t<meta property=\"og:type\" content=\"article\" \/>\n\t\t<meta property=\"og:title\" content=\"Documentos - Junta Administrativa\" \/>\n\t\t<meta property=\"og:description\" content=\"Actas de la Junta Administrativa 2024-20252023-20242022-20232021-20222020-20212019-20202018-20192017-20182016-20172015-20162014-20152013-2014 Acta ROJA Acta ROJA agosto 2024 Acta ROJA Acta ROJA junio 2024 Acta ROJA mayo 2024 Acta ROJA abril 2024 Acta ROJA marzo 2024 Acta ROJA febrero 2024 Acta ROJA enero 2024 Acta ROJA diciembre 2023 Acta ROJA noviembre 2023 Acta ROJA octubre 2023 Acta ROJA septiembre 2023 Acta\" \/>\n\t\t<meta property=\"og:url\" content=\"https:\/\/rcm1.rcm.upr.edu\/juntaadministrativa\/documentos\/\" \/>\n\t\t<meta property=\"article:published_time\" content=\"2022-03-18T11:32:41+00:00\" \/>\n\t\t<meta property=\"article:modified_time\" content=\"2024-10-06T15:23:12+00:00\" \/>\n\t\t<meta name=\"twitter:card\" content=\"summary_large_image\" \/>\n\t\t<meta name=\"twitter:title\" content=\"Documentos - Junta Administrativa\" \/>\n\t\t<meta name=\"twitter:description\" content=\"Actas de la Junta Administrativa 2024-20252023-20242022-20232021-20222020-20212019-20202018-20192017-20182016-20172015-20162014-20152013-2014 Acta ROJA Acta ROJA agosto 2024 Acta ROJA Acta ROJA junio 2024 Acta ROJA mayo 2024 Acta ROJA abril 2024 Acta ROJA marzo 2024 Acta ROJA febrero 2024 Acta ROJA enero 2024 Acta ROJA diciembre 2023 Acta ROJA noviembre 2023 Acta ROJA octubre 2023 Acta ROJA septiembre 2023 Acta\" \/>\n\t\t<script type=\"application\/ld+json\" class=\"aioseo-schema\">\n\t\t\t{\"@context\":\"https:\\\/\\\/schema.org\",\"@graph\":[{\"@type\":\"BreadcrumbList\",\"@id\":\"https:\\\/\\\/rcm1.rcm.upr.edu\\\/juntaadministrativa\\\/documentos\\\/#breadcrumblist\",\"itemListElement\":[{\"@type\":\"ListItem\",\"@id\":\"https:\\\/\\\/rcm1.rcm.upr.edu\\\/juntaadministrativa#listItem\",\"position\":1,\"name\":\"Home\",\"item\":\"https:\\\/\\\/rcm1.rcm.upr.edu\\\/juntaadministrativa\",\"nextItem\":{\"@type\":\"ListItem\",\"@id\":\"https:\\\/\\\/rcm1.rcm.upr.edu\\\/juntaadministrativa\\\/documentos\\\/#listItem\",\"name\":\"Documentos\"}},{\"@type\":\"ListItem\",\"@id\":\"https:\\\/\\\/rcm1.rcm.upr.edu\\\/juntaadministrativa\\\/documentos\\\/#listItem\",\"position\":2,\"name\":\"Documentos\",\"previousItem\":{\"@type\":\"ListItem\",\"@id\":\"https:\\\/\\\/rcm1.rcm.upr.edu\\\/juntaadministrativa#listItem\",\"name\":\"Home\"}}]},{\"@type\":\"Organization\",\"@id\":\"https:\\\/\\\/rcm1.rcm.upr.edu\\\/juntaadministrativa\\\/#organization\",\"name\":\"Junta Administrativa\",\"url\":\"https:\\\/\\\/rcm1.rcm.upr.edu\\\/juntaadministrativa\\\/\"},{\"@type\":\"WebPage\",\"@id\":\"https:\\\/\\\/rcm1.rcm.upr.edu\\\/juntaadministrativa\\\/documentos\\\/#webpage\",\"url\":\"https:\\\/\\\/rcm1.rcm.upr.edu\\\/juntaadministrativa\\\/documentos\\\/\",\"name\":\"Documentos - Junta Administrativa\",\"description\":\"Actas de la Junta Administrativa 2024-20252023-20242022-20232021-20222020-20212019-20202018-20192017-20182016-20172015-20162014-20152013-2014 Acta ROJA Acta ROJA agosto 2024 Acta ROJA Acta ROJA junio 2024 Acta ROJA mayo 2024 Acta ROJA abril 2024 Acta ROJA marzo 2024 Acta ROJA febrero 2024 Acta ROJA enero 2024 Acta ROJA diciembre 2023 Acta ROJA noviembre 2023 Acta ROJA octubre 2023 Acta ROJA septiembre 2023 Acta\",\"inLanguage\":\"en-US\",\"isPartOf\":{\"@id\":\"https:\\\/\\\/rcm1.rcm.upr.edu\\\/juntaadministrativa\\\/#website\"},\"breadcrumb\":{\"@id\":\"https:\\\/\\\/rcm1.rcm.upr.edu\\\/juntaadministrativa\\\/documentos\\\/#breadcrumblist\"},\"datePublished\":\"2022-03-18T11:32:41-04:00\",\"dateModified\":\"2024-10-06T15:23:12-04:00\"},{\"@type\":\"WebSite\",\"@id\":\"https:\\\/\\\/rcm1.rcm.upr.edu\\\/juntaadministrativa\\\/#website\",\"url\":\"https:\\\/\\\/rcm1.rcm.upr.edu\\\/juntaadministrativa\\\/\",\"name\":\"Junta Administrativa\",\"inLanguage\":\"en-US\",\"publisher\":{\"@id\":\"https:\\\/\\\/rcm1.rcm.upr.edu\\\/juntaadministrativa\\\/#organization\"}}]}\n\t\t<\/script>\n\t\t<!-- All in One SEO -->\n\n","aioseo_head_json":{"title":"Documentos - Junta Administrativa","description":"Actas de la Junta Administrativa 2024-20252023-20242022-20232021-20222020-20212019-20202018-20192017-20182016-20172015-20162014-20152013-2014 Acta ROJA Acta ROJA agosto 2024 Acta ROJA Acta ROJA junio 2024 Acta ROJA mayo 2024 Acta ROJA abril 2024 Acta ROJA marzo 2024 Acta ROJA febrero 2024 Acta ROJA enero 2024 Acta ROJA diciembre 2023 Acta ROJA noviembre 2023 Acta ROJA octubre 2023 Acta ROJA septiembre 2023 Acta","canonical_url":"https:\/\/rcm1.rcm.upr.edu\/juntaadministrativa\/documentos\/","robots":"max-image-preview:large","keywords":"","webmasterTools":{"miscellaneous":""},"schema":{"@context":"https:\/\/schema.org","@graph":[{"@type":"BreadcrumbList","@id":"https:\/\/rcm1.rcm.upr.edu\/juntaadministrativa\/documentos\/#breadcrumblist","itemListElement":[{"@type":"ListItem","@id":"https:\/\/rcm1.rcm.upr.edu\/juntaadministrativa#listItem","position":1,"name":"Home","item":"https:\/\/rcm1.rcm.upr.edu\/juntaadministrativa","nextItem":{"@type":"ListItem","@id":"https:\/\/rcm1.rcm.upr.edu\/juntaadministrativa\/documentos\/#listItem","name":"Documentos"}},{"@type":"ListItem","@id":"https:\/\/rcm1.rcm.upr.edu\/juntaadministrativa\/documentos\/#listItem","position":2,"name":"Documentos","previousItem":{"@type":"ListItem","@id":"https:\/\/rcm1.rcm.upr.edu\/juntaadministrativa#listItem","name":"Home"}}]},{"@type":"Organization","@id":"https:\/\/rcm1.rcm.upr.edu\/juntaadministrativa\/#organization","name":"Junta Administrativa","url":"https:\/\/rcm1.rcm.upr.edu\/juntaadministrativa\/"},{"@type":"WebPage","@id":"https:\/\/rcm1.rcm.upr.edu\/juntaadministrativa\/documentos\/#webpage","url":"https:\/\/rcm1.rcm.upr.edu\/juntaadministrativa\/documentos\/","name":"Documentos - Junta Administrativa","description":"Actas de la Junta Administrativa 2024-20252023-20242022-20232021-20222020-20212019-20202018-20192017-20182016-20172015-20162014-20152013-2014 Acta ROJA Acta ROJA agosto 2024 Acta ROJA Acta ROJA junio 2024 Acta ROJA mayo 2024 Acta ROJA abril 2024 Acta ROJA marzo 2024 Acta ROJA febrero 2024 Acta ROJA enero 2024 Acta ROJA diciembre 2023 Acta ROJA noviembre 2023 Acta ROJA octubre 2023 Acta ROJA septiembre 2023 Acta","inLanguage":"en-US","isPartOf":{"@id":"https:\/\/rcm1.rcm.upr.edu\/juntaadministrativa\/#website"},"breadcrumb":{"@id":"https:\/\/rcm1.rcm.upr.edu\/juntaadministrativa\/documentos\/#breadcrumblist"},"datePublished":"2022-03-18T11:32:41-04:00","dateModified":"2024-10-06T15:23:12-04:00"},{"@type":"WebSite","@id":"https:\/\/rcm1.rcm.upr.edu\/juntaadministrativa\/#website","url":"https:\/\/rcm1.rcm.upr.edu\/juntaadministrativa\/","name":"Junta Administrativa","inLanguage":"en-US","publisher":{"@id":"https:\/\/rcm1.rcm.upr.edu\/juntaadministrativa\/#organization"}}]},"og:locale":"en_US","og:site_name":"Junta Administrativa -","og:type":"article","og:title":"Documentos - Junta Administrativa","og:description":"Actas de la Junta Administrativa 2024-20252023-20242022-20232021-20222020-20212019-20202018-20192017-20182016-20172015-20162014-20152013-2014 Acta ROJA Acta ROJA agosto 2024 Acta ROJA Acta ROJA junio 2024 Acta ROJA mayo 2024 Acta ROJA abril 2024 Acta ROJA marzo 2024 Acta ROJA febrero 2024 Acta ROJA enero 2024 Acta ROJA diciembre 2023 Acta ROJA noviembre 2023 Acta ROJA octubre 2023 Acta ROJA septiembre 2023 Acta","og:url":"https:\/\/rcm1.rcm.upr.edu\/juntaadministrativa\/documentos\/","article:published_time":"2022-03-18T11:32:41+00:00","article:modified_time":"2024-10-06T15:23:12+00:00","twitter:card":"summary_large_image","twitter:title":"Documentos - Junta Administrativa","twitter:description":"Actas de la Junta Administrativa 2024-20252023-20242022-20232021-20222020-20212019-20202018-20192017-20182016-20172015-20162014-20152013-2014 Acta ROJA Acta ROJA agosto 2024 Acta ROJA Acta ROJA junio 2024 Acta ROJA mayo 2024 Acta ROJA abril 2024 Acta ROJA marzo 2024 Acta ROJA febrero 2024 Acta ROJA enero 2024 Acta ROJA diciembre 2023 Acta ROJA noviembre 2023 Acta ROJA octubre 2023 Acta ROJA septiembre 2023 Acta"},"aioseo_meta_data":{"post_id":"8884","title":null,"description":null,"keywords":null,"keyphrases":null,"primary_term":null,"canonical_url":null,"og_title":null,"og_description":null,"og_object_type":"default","og_image_type":"default","og_image_url":null,"og_image_width":null,"og_image_height":null,"og_image_custom_url":null,"og_image_custom_fields":null,"og_video":null,"og_custom_url":null,"og_article_section":null,"og_article_tags":null,"twitter_use_og":false,"twitter_card":"default","twitter_image_type":"default","twitter_image_url":null,"twitter_image_custom_url":null,"twitter_image_custom_fields":null,"twitter_title":null,"twitter_description":null,"schema":{"blockGraphs":[],"customGraphs":[],"default":{"data":{"Article":[],"Course":[],"Dataset":[],"FAQPage":[],"Movie":[],"Person":[],"Product":[],"ProductReview":[],"Car":[],"Recipe":[],"Service":[],"SoftwareApplication":[],"WebPage":[]},"graphName":"","isEnabled":true},"graphs":[]},"schema_type":"default","schema_type_options":null,"pillar_content":false,"robots_default":true,"robots_noindex":false,"robots_noarchive":false,"robots_nosnippet":false,"robots_nofollow":false,"robots_noimageindex":false,"robots_noodp":false,"robots_notranslate":false,"robots_max_snippet":null,"robots_max_videopreview":null,"robots_max_imagepreview":"large","priority":null,"frequency":null,"local_seo":null,"breadcrumb_settings":null,"limit_modified_date":false,"ai":null,"created":"2025-05-25 17:52:20","updated":"2025-06-07 15:53:51","seo_analyzer_scan_date":null,"focus_keyword":null,"additional_keywords":null,"truseo_locale":null},"aioseo_breadcrumb":"<div class=\"aioseo-breadcrumbs\"><span class=\"aioseo-breadcrumb\">\n\t\t\t<a href=\"https:\/\/rcm1.rcm.upr.edu\/juntaadministrativa\" title=\"Home\">Home<\/a>\n\t\t<\/span><span class=\"aioseo-breadcrumb-separator\">\u00bb<\/span><span class=\"aioseo-breadcrumb\">\n\t\t\tDocumentos\n\t\t<\/span><\/div>","aioseo_breadcrumb_json":[{"label":"Home","link":"https:\/\/rcm1.rcm.upr.edu\/juntaadministrativa"},{"label":"Documentos","link":"https:\/\/rcm1.rcm.upr.edu\/juntaadministrativa\/documentos\/"}],"_links":{"self":[{"href":"https:\/\/rcm1.rcm.upr.edu\/juntaadministrativa\/wp-json\/wp\/v2\/pages\/8884","targetHints":{"allow":["GET"]}}],"collection":[{"href":"https:\/\/rcm1.rcm.upr.edu\/juntaadministrativa\/wp-json\/wp\/v2\/pages"}],"about":[{"href":"https:\/\/rcm1.rcm.upr.edu\/juntaadministrativa\/wp-json\/wp\/v2\/types\/page"}],"author":[{"embeddable":true,"href":"https:\/\/rcm1.rcm.upr.edu\/juntaadministrativa\/wp-json\/wp\/v2\/users\/1"}],"replies":[{"embeddable":true,"href":"https:\/\/rcm1.rcm.upr.edu\/juntaadministrativa\/wp-json\/wp\/v2\/comments?post=8884"}],"version-history":[{"count":19,"href":"https:\/\/rcm1.rcm.upr.edu\/juntaadministrativa\/wp-json\/wp\/v2\/pages\/8884\/revisions"}],"predecessor-version":[{"id":9347,"href":"https:\/\/rcm1.rcm.upr.edu\/juntaadministrativa\/wp-json\/wp\/v2\/pages\/8884\/revisions\/9347"}],"wp:attachment":[{"href":"https:\/\/rcm1.rcm.upr.edu\/juntaadministrativa\/wp-json\/wp\/v2\/media?parent=8884"}],"curies":[{"name":"wp","href":"https:\/\/api.w.org\/{rel}","templated":true}]}}