{"id":34,"date":"2018-06-08T13:17:09","date_gmt":"2018-06-08T13:17:09","guid":{"rendered":"http:\/\/exalumnos.rcm.upr.edu\/jda\/?page_id=14"},"modified":"2026-06-03T10:51:30","modified_gmt":"2026-06-03T10:51:30","slug":"miembros-de-la-junta","status":"publish","type":"page","link":"https:\/\/rcm1.rcm.upr.edu\/juntadonaciones\/miembros-de-la-junta\/","title":{"rendered":"Miembros de la Junta"},"content":{"rendered":"<div class=\"wpb-content-wrapper\" id=\"wpb-content-root\"><p>[vc_row][vc_column][vc_column_text css=&#8221;&#8221;]<strong>Dra. Nivia P\u00e9rez<br \/>\n<\/strong>Presidenta &#8211; Catedr\u00e1tica<\/p>\n<p><strong>Dr. Caleb E. Feliciano-Valls<\/strong><br \/>\n<em>Neurocirujano<\/em><br \/>\n<span style=\"font-weight: 400;\">Recinto de Ciencias M\u00e9dicas<\/span><\/p>\n<div><strong>Dra. Mar\u00eda J. Marcos Mart\u00ednez<\/strong><\/div>\n<div>Pat\u00f3loga &#8211; Catedr\u00e1tica<\/div>\n<div>Recinto de Ciencias M\u00e9dicas<\/div>\n<p><strong><br \/>\nDra. Nivia P\u00e9rez Acevedo<\/strong><br \/>\n<em>Catedr\u00e1tica<\/em><br \/>\nDept. de Anatom\u00eda y Neurobiolog\u00eda<br \/>\nRecinto de Ciencias M\u00e9dicas<\/p>\n<p><strong>Dra. Sof\u00eda Jim\u00e9nez<\/strong><br \/>\n<em>Directora<\/em><br \/>\nDept. Anatom\u00eda<br \/>\nUniversidad Central del Caribe<\/p>\n<p><strong>Dra. Darah Fontanez Nuin<\/strong><br \/>\n<em>Dept. Anatom\u00eda<\/em><br \/>\nPonce Health Sciences University<\/p>\n<p><strong>Dr. Jorge P\u00e9rez<\/strong><br \/>\n<em>Director<\/em><br \/>\nDept. de Anatom\u00eda<br \/>\nEscuela de Medicina San Juan Bautista<\/p>\n<p><strong>Dra. Irma Rivero Diez &#8211; Directora Interina<\/strong><br \/>\nDivisi\u00f3n Investigaci\u00f3n M\u00e9dico Legal<br \/>\nInstituto de Ciencias Forenses<\/p>\n<p><strong>Roxanna Mart\u00ednez Barbosa<\/strong><br \/>\n<em>Representante<\/em><br \/>\nSecretario de Salud<br \/>\nDepartamento de Salud<\/p>\n<p><strong>Lcda. Brenda A. Garc\u00eda Ramos<\/strong><br \/>\nRepresentante de la Secretaria de Justicia<br \/>\nDepartamento de Justicia<\/p>\n<p><strong>Lcda. Guillermina S\u00e1nchez<\/strong><br \/>\n<em>Directora Ejecutiva<\/em><br \/>\nLifeLink de PR<\/p>\n<p><strong>Sra. Frances Mu\u00f1oz<\/strong><br \/>\n<em>Directora Ejecutiva<\/em><br \/>\nBanco de Ojos del Leonismo Puertorrique\u00f1o<\/p>\n<div><strong>Lcdo. Luis E. Mel\u00e9ndez Cintr\u00f3n<\/strong><br \/>\nRepresentante de la Comunidad<\/div>\n<p>[\/vc_column_text][\/vc_column][\/vc_row]<\/p>\n<\/div>","protected":false},"excerpt":{"rendered":"<p>[vc_row][vc_column][vc_column_text css=&#8221;&#8221;]Dra. Nivia P\u00e9rez Presidenta &#8211; Catedr\u00e1tica Dr. Caleb E. Feliciano-Valls Neurocirujano Recinto de Ciencias M\u00e9dicas Dra. Mar\u00eda J. Marcos Mart\u00ednez Pat\u00f3loga &#8211; Catedr\u00e1tica Recinto de Ciencias M\u00e9dicas Dra. Nivia P\u00e9rez Acevedo Catedr\u00e1tica Dept. de Anatom\u00eda y Neurobiolog\u00eda Recinto de Ciencias M\u00e9dicas Dra. Sof\u00eda Jim\u00e9nez Directora Dept. Anatom\u00eda Universidad Central del Caribe Dra. Darah Fontanez&hellip;<\/p>\n","protected":false},"author":1,"featured_media":0,"parent":0,"menu_order":0,"comment_status":"closed","ping_status":"closed","template":"template-microsite.php","meta":{"footnotes":""},"class_list":["post-34","page","type-page","status-publish","hentry","description-off"],"aioseo_notices":[],"aioseo_head":"\n\t\t<!-- All in One SEO 5.0.1.1 - aioseo.com -->\n\t<meta name=\"description\" content=\"Dra. Nivia P\u00e9rez Presidenta \u2013 Catedr\u00e1tica Dr. Caleb E. Feliciano-Valls Neurocirujano Recinto de Ciencias M\u00e9dicas Dra. Mar\u00eda J. Marcos Mart\u00ednez Pat\u00f3loga \u2013 Catedr\u00e1tica Recinto de Ciencias M\u00e9dicas Dra. Nivia P\u00e9rez Acevedo Catedr\u00e1tica Dept. de Anatom\u00eda y Neurobiolog\u00eda Recinto de Ciencias M\u00e9dicas Dra. Sof\u00eda Jim\u00e9nez Directora Dept. Anatom\u00eda Universidad Central del Caribe Dra. Darah Fontanez Nuin\" \/>\n\t<meta name=\"robots\" content=\"max-image-preview:large\" \/>\n\t<link rel=\"canonical\" href=\"https:\/\/rcm1.rcm.upr.edu\/juntadonaciones\/miembros-de-la-junta\/\" \/>\n\t<meta name=\"generator\" content=\"All in One SEO (AIOSEO) 5.0.1.1\" \/>\n\t\t<meta property=\"og:locale\" content=\"en_US\" \/>\n\t\t<meta property=\"og:site_name\" content=\"Junta de Donaciones Anat\u00f3micas -\" \/>\n\t\t<meta property=\"og:type\" content=\"article\" \/>\n\t\t<meta property=\"og:title\" content=\"Miembros de la Junta - Junta de Donaciones Anat\u00f3micas\" \/>\n\t\t<meta property=\"og:description\" content=\"Dra. Nivia P\u00e9rez Presidenta \u2013 Catedr\u00e1tica Dr. Caleb E. Feliciano-Valls Neurocirujano Recinto de Ciencias M\u00e9dicas Dra. Mar\u00eda J. Marcos Mart\u00ednez Pat\u00f3loga \u2013 Catedr\u00e1tica Recinto de Ciencias M\u00e9dicas Dra. Nivia P\u00e9rez Acevedo Catedr\u00e1tica Dept. de Anatom\u00eda y Neurobiolog\u00eda Recinto de Ciencias M\u00e9dicas Dra. Sof\u00eda Jim\u00e9nez Directora Dept. Anatom\u00eda Universidad Central del Caribe Dra. Darah Fontanez Nuin\" \/>\n\t\t<meta property=\"og:url\" content=\"https:\/\/rcm1.rcm.upr.edu\/juntadonaciones\/miembros-de-la-junta\/\" \/>\n\t\t<meta property=\"article:published_time\" content=\"2018-06-08T13:17:09+00:00\" \/>\n\t\t<meta property=\"article:modified_time\" content=\"2026-06-03T10:51:30+00:00\" \/>\n\t\t<meta name=\"twitter:card\" content=\"summary_large_image\" \/>\n\t\t<meta name=\"twitter:title\" content=\"Miembros de la Junta - Junta de Donaciones Anat\u00f3micas\" \/>\n\t\t<meta name=\"twitter:description\" content=\"Dra. Nivia P\u00e9rez Presidenta \u2013 Catedr\u00e1tica Dr. Caleb E. Feliciano-Valls Neurocirujano Recinto de Ciencias M\u00e9dicas Dra. Mar\u00eda J. Marcos Mart\u00ednez Pat\u00f3loga \u2013 Catedr\u00e1tica Recinto de Ciencias M\u00e9dicas Dra. Nivia P\u00e9rez Acevedo Catedr\u00e1tica Dept. de Anatom\u00eda y Neurobiolog\u00eda Recinto de Ciencias M\u00e9dicas Dra. Sof\u00eda Jim\u00e9nez Directora Dept. Anatom\u00eda Universidad Central del Caribe Dra. Darah Fontanez Nuin\" \/>\n\t\t<script type=\"application\/ld+json\" class=\"aioseo-schema\">\n\t\t\t{\"@context\":\"https:\\\/\\\/schema.org\",\"@graph\":[{\"@type\":\"BreadcrumbList\",\"@id\":\"https:\\\/\\\/rcm1.rcm.upr.edu\\\/juntadonaciones\\\/miembros-de-la-junta\\\/#breadcrumblist\",\"itemListElement\":[{\"@type\":\"ListItem\",\"@id\":\"https:\\\/\\\/rcm1.rcm.upr.edu\\\/juntadonaciones#listItem\",\"position\":1,\"name\":\"Home\",\"item\":\"https:\\\/\\\/rcm1.rcm.upr.edu\\\/juntadonaciones\",\"nextItem\":{\"@type\":\"ListItem\",\"@id\":\"https:\\\/\\\/rcm1.rcm.upr.edu\\\/juntadonaciones\\\/miembros-de-la-junta\\\/#listItem\",\"name\":\"Miembros de la Junta\"}},{\"@type\":\"ListItem\",\"@id\":\"https:\\\/\\\/rcm1.rcm.upr.edu\\\/juntadonaciones\\\/miembros-de-la-junta\\\/#listItem\",\"position\":2,\"name\":\"Miembros de la Junta\",\"previousItem\":{\"@type\":\"ListItem\",\"@id\":\"https:\\\/\\\/rcm1.rcm.upr.edu\\\/juntadonaciones#listItem\",\"name\":\"Home\"}}]},{\"@type\":\"Organization\",\"@id\":\"https:\\\/\\\/rcm1.rcm.upr.edu\\\/juntadonaciones\\\/#organization\",\"name\":\"Junta de Donaciones Anat\\u00f3micas\",\"url\":\"https:\\\/\\\/rcm1.rcm.upr.edu\\\/juntadonaciones\\\/\"},{\"@type\":\"WebPage\",\"@id\":\"https:\\\/\\\/rcm1.rcm.upr.edu\\\/juntadonaciones\\\/miembros-de-la-junta\\\/#webpage\",\"url\":\"https:\\\/\\\/rcm1.rcm.upr.edu\\\/juntadonaciones\\\/miembros-de-la-junta\\\/\",\"name\":\"Miembros de la Junta - Junta de Donaciones Anat\\u00f3micas\",\"description\":\"Dra. Nivia P\\u00e9rez Presidenta \\u2013 Catedr\\u00e1tica Dr. Caleb E. Feliciano-Valls Neurocirujano Recinto de Ciencias M\\u00e9dicas Dra. Mar\\u00eda J. Marcos Mart\\u00ednez Pat\\u00f3loga \\u2013 Catedr\\u00e1tica Recinto de Ciencias M\\u00e9dicas Dra. Nivia P\\u00e9rez Acevedo Catedr\\u00e1tica Dept. de Anatom\\u00eda y Neurobiolog\\u00eda Recinto de Ciencias M\\u00e9dicas Dra. Sof\\u00eda Jim\\u00e9nez Directora Dept. Anatom\\u00eda Universidad Central del Caribe Dra. Darah Fontanez Nuin\",\"inLanguage\":\"en-US\",\"isPartOf\":{\"@id\":\"https:\\\/\\\/rcm1.rcm.upr.edu\\\/juntadonaciones\\\/#website\"},\"breadcrumb\":{\"@id\":\"https:\\\/\\\/rcm1.rcm.upr.edu\\\/juntadonaciones\\\/miembros-de-la-junta\\\/#breadcrumblist\"},\"datePublished\":\"2018-06-08T13:17:09+00:00\",\"dateModified\":\"2026-06-03T10:51:30+00:00\"},{\"@type\":\"WebSite\",\"@id\":\"https:\\\/\\\/rcm1.rcm.upr.edu\\\/juntadonaciones\\\/#website\",\"url\":\"https:\\\/\\\/rcm1.rcm.upr.edu\\\/juntadonaciones\\\/\",\"name\":\"Junta de Donaciones Anat\\u00f3micas\",\"inLanguage\":\"en-US\",\"publisher\":{\"@id\":\"https:\\\/\\\/rcm1.rcm.upr.edu\\\/juntadonaciones\\\/#organization\"}}]}\n\t\t<\/script>\n\t\t<!-- All in One SEO -->\n\n","aioseo_head_json":{"title":"Miembros de la Junta - Junta de Donaciones Anat\u00f3micas","description":"Dra. Nivia P\u00e9rez Presidenta \u2013 Catedr\u00e1tica Dr. Caleb E. Feliciano-Valls Neurocirujano Recinto de Ciencias M\u00e9dicas Dra. Mar\u00eda J. Marcos Mart\u00ednez Pat\u00f3loga \u2013 Catedr\u00e1tica Recinto de Ciencias M\u00e9dicas Dra. Nivia P\u00e9rez Acevedo Catedr\u00e1tica Dept. de Anatom\u00eda y Neurobiolog\u00eda Recinto de Ciencias M\u00e9dicas Dra. Sof\u00eda Jim\u00e9nez Directora Dept. Anatom\u00eda Universidad Central del Caribe Dra. Darah Fontanez Nuin","canonical_url":"https:\/\/rcm1.rcm.upr.edu\/juntadonaciones\/miembros-de-la-junta\/","robots":"max-image-preview:large","keywords":"","webmasterTools":{"miscellaneous":""},"schema":{"@context":"https:\/\/schema.org","@graph":[{"@type":"BreadcrumbList","@id":"https:\/\/rcm1.rcm.upr.edu\/juntadonaciones\/miembros-de-la-junta\/#breadcrumblist","itemListElement":[{"@type":"ListItem","@id":"https:\/\/rcm1.rcm.upr.edu\/juntadonaciones#listItem","position":1,"name":"Home","item":"https:\/\/rcm1.rcm.upr.edu\/juntadonaciones","nextItem":{"@type":"ListItem","@id":"https:\/\/rcm1.rcm.upr.edu\/juntadonaciones\/miembros-de-la-junta\/#listItem","name":"Miembros de la Junta"}},{"@type":"ListItem","@id":"https:\/\/rcm1.rcm.upr.edu\/juntadonaciones\/miembros-de-la-junta\/#listItem","position":2,"name":"Miembros de la Junta","previousItem":{"@type":"ListItem","@id":"https:\/\/rcm1.rcm.upr.edu\/juntadonaciones#listItem","name":"Home"}}]},{"@type":"Organization","@id":"https:\/\/rcm1.rcm.upr.edu\/juntadonaciones\/#organization","name":"Junta de Donaciones Anat\u00f3micas","url":"https:\/\/rcm1.rcm.upr.edu\/juntadonaciones\/"},{"@type":"WebPage","@id":"https:\/\/rcm1.rcm.upr.edu\/juntadonaciones\/miembros-de-la-junta\/#webpage","url":"https:\/\/rcm1.rcm.upr.edu\/juntadonaciones\/miembros-de-la-junta\/","name":"Miembros de la Junta - Junta de Donaciones Anat\u00f3micas","description":"Dra. Nivia P\u00e9rez Presidenta \u2013 Catedr\u00e1tica Dr. Caleb E. Feliciano-Valls Neurocirujano Recinto de Ciencias M\u00e9dicas Dra. Mar\u00eda J. Marcos Mart\u00ednez Pat\u00f3loga \u2013 Catedr\u00e1tica Recinto de Ciencias M\u00e9dicas Dra. Nivia P\u00e9rez Acevedo Catedr\u00e1tica Dept. de Anatom\u00eda y Neurobiolog\u00eda Recinto de Ciencias M\u00e9dicas Dra. Sof\u00eda Jim\u00e9nez Directora Dept. Anatom\u00eda Universidad Central del Caribe Dra. Darah Fontanez Nuin","inLanguage":"en-US","isPartOf":{"@id":"https:\/\/rcm1.rcm.upr.edu\/juntadonaciones\/#website"},"breadcrumb":{"@id":"https:\/\/rcm1.rcm.upr.edu\/juntadonaciones\/miembros-de-la-junta\/#breadcrumblist"},"datePublished":"2018-06-08T13:17:09+00:00","dateModified":"2026-06-03T10:51:30+00:00"},{"@type":"WebSite","@id":"https:\/\/rcm1.rcm.upr.edu\/juntadonaciones\/#website","url":"https:\/\/rcm1.rcm.upr.edu\/juntadonaciones\/","name":"Junta de Donaciones Anat\u00f3micas","inLanguage":"en-US","publisher":{"@id":"https:\/\/rcm1.rcm.upr.edu\/juntadonaciones\/#organization"}}]},"og:locale":"en_US","og:site_name":"Junta de Donaciones Anat\u00f3micas -","og:type":"article","og:title":"Miembros de la Junta - Junta de Donaciones Anat\u00f3micas","og:description":"Dra. Nivia P\u00e9rez Presidenta \u2013 Catedr\u00e1tica Dr. Caleb E. Feliciano-Valls Neurocirujano Recinto de Ciencias M\u00e9dicas Dra. Mar\u00eda J. Marcos Mart\u00ednez Pat\u00f3loga \u2013 Catedr\u00e1tica Recinto de Ciencias M\u00e9dicas Dra. Nivia P\u00e9rez Acevedo Catedr\u00e1tica Dept. de Anatom\u00eda y Neurobiolog\u00eda Recinto de Ciencias M\u00e9dicas Dra. Sof\u00eda Jim\u00e9nez Directora Dept. Anatom\u00eda Universidad Central del Caribe Dra. Darah Fontanez Nuin","og:url":"https:\/\/rcm1.rcm.upr.edu\/juntadonaciones\/miembros-de-la-junta\/","article:published_time":"2018-06-08T13:17:09+00:00","article:modified_time":"2026-06-03T10:51:30+00:00","twitter:card":"summary_large_image","twitter:title":"Miembros de la Junta - Junta de Donaciones Anat\u00f3micas","twitter:description":"Dra. Nivia P\u00e9rez Presidenta \u2013 Catedr\u00e1tica Dr. Caleb E. Feliciano-Valls Neurocirujano Recinto de Ciencias M\u00e9dicas Dra. Mar\u00eda J. Marcos Mart\u00ednez Pat\u00f3loga \u2013 Catedr\u00e1tica Recinto de Ciencias M\u00e9dicas Dra. Nivia P\u00e9rez Acevedo Catedr\u00e1tica Dept. de Anatom\u00eda y Neurobiolog\u00eda Recinto de Ciencias M\u00e9dicas Dra. Sof\u00eda Jim\u00e9nez Directora Dept. Anatom\u00eda Universidad Central del Caribe Dra. Darah Fontanez Nuin"},"aioseo_meta_data":{"post_id":"34","title":null,"description":null,"keywords":null,"keyphrases":{"focus":{"keyphrase":"","score":0,"analysis":{"keyphraseInTitle":{"score":0,"maxScore":9,"error":1}}},"additional":[]},"primary_term":null,"canonical_url":null,"og_title":null,"og_description":null,"og_object_type":"default","og_image_type":"default","og_image_url":null,"og_image_width":null,"og_image_height":null,"og_image_custom_url":null,"og_image_custom_fields":null,"og_video":"","og_custom_url":null,"og_article_section":null,"og_article_tags":null,"twitter_use_og":false,"twitter_card":"default","twitter_image_type":"default","twitter_image_url":null,"twitter_image_custom_url":null,"twitter_image_custom_fields":null,"twitter_title":null,"twitter_description":null,"schema":{"blockGraphs":[],"customGraphs":[],"default":{"data":{"Article":[],"Course":[],"Dataset":[],"FAQPage":[],"Movie":[],"Person":[],"Product":[],"ProductReview":[],"Car":[],"Recipe":[],"Service":[],"SoftwareApplication":[],"WebPage":[]},"graphName":"WebPage","isEnabled":true},"graphs":[]},"schema_type":"default","schema_type_options":null,"pillar_content":false,"robots_default":true,"robots_noindex":false,"robots_noarchive":false,"robots_nosnippet":false,"robots_nofollow":false,"robots_noimageindex":false,"robots_noodp":false,"robots_notranslate":false,"robots_max_snippet":"-1","robots_max_videopreview":"-1","robots_max_imagepreview":"large","priority":null,"frequency":"default","local_seo":null,"breadcrumb_settings":null,"limit_modified_date":false,"created":"2025-06-21 20:51:31","updated":"2026-08-14 01:02:19","ai":{"faqs":[],"keyPoints":[],"schemas":[],"titles":[],"descriptions":[],"socialPosts":{"email":[],"linkedin":[],"twitter":[],"facebook":[],"instagram":[]}},"seo_analyzer_scan_date":null,"focus_keyword":null,"additional_keywords":null,"truseo_locale":null},"aioseo_breadcrumb":"<div class=\"aioseo-breadcrumbs\"><span class=\"aioseo-breadcrumb\">\n\t\t\t<a href=\"https:\/\/rcm1.rcm.upr.edu\/juntadonaciones\" title=\"Home\">Home<\/a>\n\t\t<\/span><span class=\"aioseo-breadcrumb-separator\">&raquo;<\/span><span class=\"aioseo-breadcrumb\">\n\t\t\tMiembros de la Junta\n\t\t<\/span><\/div>","aioseo_breadcrumb_json":[{"label":"Home","link":"https:\/\/rcm1.rcm.upr.edu\/juntadonaciones"},{"label":"Miembros de la Junta","link":"https:\/\/rcm1.rcm.upr.edu\/juntadonaciones\/miembros-de-la-junta\/"}],"_links":{"self":[{"href":"https:\/\/rcm1.rcm.upr.edu\/juntadonaciones\/wp-json\/wp\/v2\/pages\/34","targetHints":{"allow":["GET"]}}],"collection":[{"href":"https:\/\/rcm1.rcm.upr.edu\/juntadonaciones\/wp-json\/wp\/v2\/pages"}],"about":[{"href":"https:\/\/rcm1.rcm.upr.edu\/juntadonaciones\/wp-json\/wp\/v2\/types\/page"}],"author":[{"embeddable":true,"href":"https:\/\/rcm1.rcm.upr.edu\/juntadonaciones\/wp-json\/wp\/v2\/users\/1"}],"replies":[{"embeddable":true,"href":"https:\/\/rcm1.rcm.upr.edu\/juntadonaciones\/wp-json\/wp\/v2\/comments?post=34"}],"version-history":[{"count":5,"href":"https:\/\/rcm1.rcm.upr.edu\/juntadonaciones\/wp-json\/wp\/v2\/pages\/34\/revisions"}],"predecessor-version":[{"id":361,"href":"https:\/\/rcm1.rcm.upr.edu\/juntadonaciones\/wp-json\/wp\/v2\/pages\/34\/revisions\/361"}],"wp:attachment":[{"href":"https:\/\/rcm1.rcm.upr.edu\/juntadonaciones\/wp-json\/wp\/v2\/media?parent=34"}],"curies":[{"name":"wp","href":"https:\/\/api.w.org\/{rel}","templated":true}]}}