{"id":183,"date":"2018-02-07T17:58:22","date_gmt":"2018-02-07T17:58:22","guid":{"rendered":"http:\/\/exalumnos.rcm.upr.edu\/preguntame\/?page_id=183"},"modified":"2018-02-07T17:58:22","modified_gmt":"2018-02-07T17:58:22","slug":"los-estudiantes-del-rcm-dicen","status":"publish","type":"page","link":"https:\/\/rcm1.rcm.upr.edu\/preguntame\/los-estudiantes-del-rcm-dicen\/","title":{"rendered":"Los estudiantes del RCM dicen"},"content":{"rendered":"<div class=\"wpb-content-wrapper\"><p>[vc_row][vc_column width=&#8221;1\/3&#8243;][vc_column_text]<\/p>\n<div id=\"walls\" class=\"wrapper\">\n<div id=\"content\" class=\"divcolumns\">\n<div id=\"site_content\" class=\"content_body\">\n<div style=\"float: right\"><\/div>\n<p><b><img loading=\"lazy\" decoding=\"async\" class=\"alignnone size-full wp-image-435\" src=\"https:\/\/rcm1.rcm.upr.edu\/preguntame\/wp-content\/uploads\/sites\/24\/2020\/04\/ernesto_ramos_thmb.jpg\" alt=\"\" width=\"200\" height=\"200\" \/><\/b><\/p>\n<p><b>Ernesto Ramos P\u00e9rez &#8211; R\u00edo Grande<br \/>\n<\/b><b>Grado Asociado en Tecnolog\u00eda Radiol\u00f3gica<\/b><\/p>\n<p>&#8220;Para mi y para mi familia es un orgullo haber sido aceptado en el RCM. Realmente es un buen centro de estudios. Uno esta rodeado de muchos profesionales de calidad. Es mucho esfuerzo y trabajo pero s\u00e9 que al final los resultados ser\u00e1n buenos.&#8221;<\/p>\n<\/div>\n<\/div>\n<\/div>\n<p><!--ONESTAT SCRIPTCODE END-->[\/vc_column_text][\/vc_column][vc_column width=&#8221;1\/3&#8243;][vc_column_text]<b><img loading=\"lazy\" decoding=\"async\" class=\"alignnone size-full wp-image-431\" src=\"https:\/\/rcm1.rcm.upr.edu\/preguntame\/wp-content\/uploads\/sites\/24\/2020\/04\/aydmarie_mendez_thmb.jpg\" alt=\"\" width=\"200\" height=\"200\" \/><\/b><\/p>\n<p><b>Aydmarie M\u00e9ndez Rosado &#8211; Arecibo<br \/>\nGrado Asociado en Tecnolog\u00eda Radiol\u00f3gica<\/b><\/p>\n<p><cite>&#8220;Graduarme del RCM es un orgullo independientemente si es de un grado asociado, bachillerato o lo que sea. El Programa de Tecnolog\u00eda Radiol\u00f3gica es bien completo. Uno aprende a esforzarse para lograr sus metas. Es un compromiso completo.&#8221;<\/cite>[\/vc_column_text][\/vc_column][vc_column width=&#8221;1\/3&#8243;][vc_column_text]<img loading=\"lazy\" decoding=\"async\" class=\"alignnone size-full wp-image-443\" src=\"https:\/\/rcm1.rcm.upr.edu\/preguntame\/wp-content\/uploads\/sites\/24\/2020\/04\/yarinel_rodz_thmb.jpg\" alt=\"\" width=\"200\" height=\"200\" \/><\/p>\n<p><b>Yarinel Rodr\u00edguez Rivera &#8211; Patillas<br \/>\nGrado Asociado en Tecnolog\u00eda Radiol\u00f3gica<\/b><\/p>\n<p><cite>&#8220;Es un ambiente amigables donde se aprende mucho y hasta se puede ver la excelencia de mis compa\u00f1eros en las \u00e1reas cl\u00ednicas. Ha sido una gran oportunidad de estudios. Definitivamente lo mejor que he podido hacer. Si tienes la oportunidad de entrar no lo pienses dos veces.&#8221;<\/cite>[\/vc_column_text][\/vc_column][\/vc_row][vc_row][vc_column][vc_empty_space][\/vc_column][\/vc_row][vc_row][vc_column width=&#8221;1\/3&#8243;][vc_column_text]<img loading=\"lazy\" decoding=\"async\" class=\"alignnone size-full wp-image-432\" src=\"https:\/\/rcm1.rcm.upr.edu\/preguntame\/wp-content\/uploads\/sites\/24\/2020\/04\/bismarck_madera_thmb.jpg\" alt=\"\" width=\"200\" height=\"200\" \/><\/p>\n<p><b>Bismarck Madera Soto &#8211; Lares<br \/>\nBachillerato en Tecnolog\u00eda M\u00e9dica<\/b><\/p>\n<p><cite>&#8220;No fue hasta que en las \u00e1reas cl\u00ednicas vinieron otros profesionales con grados m\u00e1s altos que el m\u00edo, a consultarme cosas, que me di cuenta de lo grande del conocimiento adquirido. No sab\u00eda que hab\u00eda aprendido tanto. Aqu\u00ed tratan al estudiante con mucho respeto. Si tienes la oportunidad de estudiar en el RCM no lo pienses mucho.&#8221;<\/cite>[\/vc_column_text][\/vc_column][vc_column width=&#8221;1\/3&#8243;][vc_column_text]<img loading=\"lazy\" decoding=\"async\" class=\"alignnone size-full wp-image-437\" src=\"https:\/\/rcm1.rcm.upr.edu\/preguntame\/wp-content\/uploads\/sites\/24\/2020\/04\/johanna_santiago_thmb.jpg\" alt=\"\" width=\"200\" height=\"200\" \/><\/p>\n<p><b>Johanna E. Santiago Otero &#8211; Naranjito<br \/>\nBachillerato en Educaci\u00f3n en Salud<\/b><\/p>\n<p><cite>&#8220;El RCM me dio la oportunidad de conocer la salud desde una perspectiva m\u00e1s hol\u00edstica. Me cambi\u00f3 la vida y me ense\u00f1\u00f3 humanidad. Estudiar aqu\u00ed requiere compromiso y disciplina.&#8221;<\/cite>[\/vc_column_text][\/vc_column][vc_column width=&#8221;1\/3&#8243;][vc_column_text]<b><img loading=\"lazy\" decoding=\"async\" class=\"alignnone size-full wp-image-438\" src=\"https:\/\/rcm1.rcm.upr.edu\/preguntame\/wp-content\/uploads\/sites\/24\/2020\/04\/lorraine_loiz_thmb.jpg\" alt=\"\" width=\"200\" height=\"200\" \/><\/b><\/p>\n<p><b>Lorraine Loiz Medina &#8211; San Lorenzo<br \/>\nBachillerato en <\/b><b>Educaci\u00f3n en Salud<\/b><\/p>\n<div id=\"walls\" class=\"wrapper\">\n<div id=\"content\" class=\"divcolumns\">\n<div id=\"site_content\" class=\"content_body\">\n<p>&#8220;Uno tiene un crecimiento profesional bien grande. En el \u00e1rea de trabajo te reconocen y recibes apoyo de los profesores. Hay buena disponibilidad de apoyo t\u00e9cnico. Es fuerte estudiar en el RCM pero sales muy preparado y confiado.&#8221;<\/p>\n<\/div>\n<\/div>\n<\/div>\n<p>[\/vc_column_text][\/vc_column][\/vc_row][vc_row][vc_column][vc_empty_space][\/vc_column][\/vc_row][vc_row][vc_column width=&#8221;1\/3&#8243;][vc_column_text]<b><img loading=\"lazy\" decoding=\"async\" class=\"alignnone size-full wp-image-441\" src=\"https:\/\/rcm1.rcm.upr.edu\/preguntame\/wp-content\/uploads\/sites\/24\/2020\/04\/noeli_cipreni_thmb.jpg\" alt=\"\" width=\"200\" height=\"200\" \/><\/b><\/p>\n<p><b>Noeli Cipreni Ram\u00edrez &#8211; Trujillo Alto<br \/>\nBachillerato en Enfermer\u00eda<\/b><\/p>\n<p><cite>&#8220;La Escuela de Enfermer\u00eda es como si fuera una familia. Mucha uni\u00f3n entre los profesores y estudiantes. En lo acad\u00e9mico me gusta la mucha relaci\u00f3n que se le da a la investigaci\u00f3n, como hacerla y que hacer con ella. No se debe pensar que es imposible entrar al RCM. Si administras bien tu tiempo se puede. Una vez adentro recibes mucho apoyo.&#8221;<\/cite>[\/vc_column_text][\/vc_column][vc_column width=&#8221;1\/3&#8243;][vc_column_text]<b><img loading=\"lazy\" decoding=\"async\" class=\"alignnone size-full wp-image-439\" src=\"https:\/\/rcm1.rcm.upr.edu\/preguntame\/wp-content\/uploads\/sites\/24\/2020\/04\/lucia_torres_thmb.jpg\" alt=\"\" width=\"200\" height=\"200\" \/><\/b><\/p>\n<p><b>Luc\u00eda Dominga Torres Ogando &#8211; San Juan de la Maguana, Rep. Dom.<br \/>\nResidente en Oftalmolog\u00eda<\/b><\/p>\n<p><cite>&#8220;El Programa me ayud\u00f3 en la reafirmaci\u00f3n de conocimientos b\u00e1sicos adem\u00e1s de actualizarme con lo \u00faltimo en oftalmolog\u00eda. El RCM es un lugar muy organizado y con muchos servicios que para mi son extras como el Gimnasio y Servicios M\u00e9dicos. Yo insto a los m\u00e9dicos generalistas a considerar la Oftalmolog\u00eda como especialidad.&#8221;<\/cite>[\/vc_column_text][\/vc_column][vc_column width=&#8221;1\/3&#8243;][vc_column_text]<b><img loading=\"lazy\" decoding=\"async\" class=\"alignnone size-full wp-image-440\" src=\"https:\/\/rcm1.rcm.upr.edu\/preguntame\/wp-content\/uploads\/sites\/24\/2020\/04\/maria_ramos_thmb.jpg\" alt=\"\" width=\"200\" height=\"200\" \/><\/b><\/p>\n<p><b>Mar\u00eda Ramos Fern\u00e1ndez &#8211; San Juan<br \/>\nResidente en Medicina de Emergencia<\/b><\/p>\n<p><cite>&#8220;En el RCM uno desarrolla mucho compa\u00f1erismo, como una familia extendida. Aqu\u00ed es donde uno madura de verdad. Aprendes a poner tus prioridades en orden con el apoyo de compa\u00f1eros. Este Recinto no tiene que envidiarle nada a ninguno de otro pa\u00eds ni en cuanto a la calidad de los profesores ni a la exposici\u00f3n a pacientes. Tambi\u00e9n aqu\u00ed se estudian todas las profesiones de la salud lo cual es muy importante conocer.&#8221;<\/cite>[\/vc_column_text][\/vc_column][\/vc_row][vc_row][vc_column][vc_empty_space][\/vc_column][\/vc_row][vc_row][vc_column width=&#8221;1\/3&#8243;][vc_column_text]<b><img loading=\"lazy\" decoding=\"async\" class=\"alignnone size-full wp-image-430\" src=\"https:\/\/rcm1.rcm.upr.edu\/preguntame\/wp-content\/uploads\/sites\/24\/2020\/04\/angel_mojica_thmb.jpg\" alt=\"\" width=\"200\" height=\"200\" \/><\/b><\/p>\n<p><b>\u00c1ngel E. Mojica Vega &#8211; Bayam\u00f3n<br \/>\nMaestr\u00eda en Enfermer\u00eda con especialidad en Anestesia<\/b><\/p>\n<p><cite>&#8220;Tanto los profesores como los dem\u00e1s empleados te tratan como familia. Se preocupan de ti como persona y como estudiante. Vas a venir a aprender pero tambi\u00e9n a conocer gente buena e interesada por la salud. Hay que sacrificarse y poner de su parte para finalmente lograrlo.&#8221;<\/cite>[\/vc_column_text][\/vc_column][vc_column width=&#8221;1\/3&#8243;][vc_column_text]<b><img loading=\"lazy\" decoding=\"async\" class=\"alignnone size-full wp-image-434\" src=\"https:\/\/rcm1.rcm.upr.edu\/preguntame\/wp-content\/uploads\/sites\/24\/2020\/04\/eric_santana_thmb.jpg\" alt=\"\" width=\"200\" height=\"200\" \/><\/b><\/p>\n<p><b>Eric Santana Medina &#8211; Corozal<br \/>\nMaestr\u00eda en Ciencias en Epidemiolog\u00eda<\/b><\/p>\n<p><cite>&#8220;Estudiar en el RCM me ha permitido expandir mis conocimientos sobre la salud de la poblaci\u00f3n en Puerto Rico. Es muy importante conocer las investigaciones m\u00e1s prevalecientes en la isla. En mi \u00e1rea buscamos el bien de masas, no solamente el individual. He aprendido de los muchos campos de la Salud que existen adem\u00e1s de una carrera en medicina.&#8221;<\/cite>[\/vc_column_text][\/vc_column][vc_column width=&#8221;1\/3&#8243;][vc_column_text]<b><img loading=\"lazy\" decoding=\"async\" class=\"alignnone size-full wp-image-442\" src=\"https:\/\/rcm1.rcm.upr.edu\/preguntame\/wp-content\/uploads\/sites\/24\/2020\/04\/wilmarie_rivera_thmb.jpg\" alt=\"\" width=\"200\" height=\"200\" \/><\/b><\/p>\n<p><b>Wilmarie Rivera Hern\u00e1ndez &#8211; Bayam\u00f3n<br \/>\nDoctorado en Medicina<\/b><\/p>\n<p><cite>&#8220;La vida de uno con los estudios es bien fuerte pero se puede balancear. Aqu\u00ed la preparaci\u00f3n es muy buena gracias a la calidad de los profesores y de los servicios. Para estudiar en este Recinto debes estar bien decidido, dispuesto a cargar muchas responsabilidades y ser un buen profesional.&#8221;<\/cite>[\/vc_column_text][\/vc_column][\/vc_row][vc_row][vc_column][vc_empty_space][\/vc_column][\/vc_row][vc_row][vc_column width=&#8221;1\/3&#8243;][vc_column_text]<b><img loading=\"lazy\" decoding=\"async\" class=\"alignnone size-full wp-image-433\" src=\"https:\/\/rcm1.rcm.upr.edu\/preguntame\/wp-content\/uploads\/sites\/24\/2020\/04\/eddaliss_gonzalez_thmb.jpg\" alt=\"\" width=\"200\" height=\"200\" \/><\/b><\/p>\n<p><b>Eddaliss Gonz\u00e1lez Ru\u00edz &#8211; San Juan<br \/>\nMaestr\u00eda en Salud P\u00fablica (Enfermer\u00eda-Obstetricia-Partera)<\/b><\/p>\n<p><cite>&#8220;Esto ha sido una experiencia de mucho reto. Aprend\u00eda analizar utilizando mis destrezas profesionales para beneficio del paciente. Los profesores buscan llevar a los estudiantes a formar sus propias ideas. Forman profesionales que piensan. El que desee estudiar aqu\u00ed debe tener claro su prop\u00f3sito.&#8221;<\/cite>[\/vc_column_text][\/vc_column][vc_column width=&#8221;1\/3&#8243;][vc_column_text]<b><img loading=\"lazy\" decoding=\"async\" class=\"alignnone size-full wp-image-436\" src=\"https:\/\/rcm1.rcm.upr.edu\/preguntame\/wp-content\/uploads\/sites\/24\/2020\/04\/ismael_ortiz_thmb.jpg\" alt=\"\" width=\"200\" height=\"200\" \/><\/b><\/p>\n<p><b>Ismael Ortiz D\u00edaz &#8211; Salinas<br \/>\nGrado Asociado en Asistente Dental con Funciones Expandidas<\/b><\/p>\n<p><cite>&#8220;Mi experiencia en el RCM ha sido excelente. La calidad de los profesores y la organizaci\u00f3n es alt\u00edsima. El ambiente ayuda mucho. Estar aqu\u00ed me motiva a progresar. El estudiante debe estar bien enfocado en su meta para dar este paso.&#8221;<\/cite>[\/vc_column_text][\/vc_column][vc_column width=&#8221;1\/3&#8243;][vc_column_text]<b><img loading=\"lazy\" decoding=\"async\" class=\"alignnone size-full wp-image-429\" src=\"https:\/\/rcm1.rcm.upr.edu\/preguntame\/wp-content\/uploads\/sites\/24\/2020\/04\/alex_soto_thmb.jpg\" alt=\"\" width=\"200\" height=\"200\" \/><\/b><\/p>\n<p><b>Alex Javier Soto Vega &#8211; Moca<br \/>\nGrado Asociado en Tecnolog\u00eda Oft\u00e1lmica<\/b><\/p>\n<p><cite>&#8220;La Directora del Programa y la facultad son excelentes. Mucha ense\u00f1anza y respeto por la salud. Estudiar en el RCM es tremenda opci\u00f3n. Te ofrecen mucho apoyo para que te superes. Uno se siente comprometido con la salud visual de las personas. Ya se hace parte de uno.&#8221;<\/cite>[\/vc_column_text][\/vc_column][\/vc_row]<\/p>\n<\/div>","protected":false},"excerpt":{"rendered":"<p>[vc_row][vc_column width=&#8221;1\/3&#8243;][vc_column_text] Ernesto Ramos P\u00e9rez &#8211; R\u00edo Grande Grado Asociado en Tecnolog\u00eda Radiol\u00f3gica &#8220;Para mi y para mi familia es un orgullo haber sido aceptado en el RCM. Realmente es un buen centro de estudios. Uno esta rodeado de muchos profesionales de calidad. Es mucho esfuerzo y trabajo pero s\u00e9 que al final los resultados&hellip;<\/p>\n","protected":false},"author":1,"featured_media":0,"parent":0,"menu_order":0,"comment_status":"closed","ping_status":"closed","template":"template-microsite.php","meta":{"footnotes":""},"class_list":["post-183","page","type-page","status-publish","hentry","description-off"],"aioseo_notices":[],"_links":{"self":[{"href":"https:\/\/rcm1.rcm.upr.edu\/preguntame\/wp-json\/wp\/v2\/pages\/183","targetHints":{"allow":["GET"]}}],"collection":[{"href":"https:\/\/rcm1.rcm.upr.edu\/preguntame\/wp-json\/wp\/v2\/pages"}],"about":[{"href":"https:\/\/rcm1.rcm.upr.edu\/preguntame\/wp-json\/wp\/v2\/types\/page"}],"author":[{"embeddable":true,"href":"https:\/\/rcm1.rcm.upr.edu\/preguntame\/wp-json\/wp\/v2\/users\/1"}],"replies":[{"embeddable":true,"href":"https:\/\/rcm1.rcm.upr.edu\/preguntame\/wp-json\/wp\/v2\/comments?post=183"}],"version-history":[{"count":0,"href":"https:\/\/rcm1.rcm.upr.edu\/preguntame\/wp-json\/wp\/v2\/pages\/183\/revisions"}],"wp:attachment":[{"href":"https:\/\/rcm1.rcm.upr.edu\/preguntame\/wp-json\/wp\/v2\/media?parent=183"}],"curies":[{"name":"wp","href":"https:\/\/api.w.org\/{rel}","templated":true}]}}