{"id":42,"date":"2016-05-09T14:18:56","date_gmt":"2016-05-09T14:18:56","guid":{"rendered":"http:\/\/127.0.0.1\/rcm\/sp\/asuntos-academicos\/programas-academicos\/certificado-graduado-en-deficiencias-en-el-desarrollo-intervencion-temprana-vespertino\/"},"modified":"2026-02-17T16:39:24","modified_gmt":"2026-02-17T16:39:24","slug":"certificado-graduado-en-deficiencias-en-el-desarrollo-intervencion-temprana-vespertino","status":"publish","type":"page","link":"https:\/\/rcm1.rcm.upr.edu\/sp\/certificado-graduado-en-deficiencias-en-el-desarrollo-intervencion-temprana-vespertino\/","title":{"rendered":"Certificado Graduado en Deficiencias en el Desarrollo-Intervenci\u00f3n Temprana (vespertino)"},"content":{"rendered":"<section class=\"wpb-content-wrapper\"><p>[vc_row][vc_column][vc_column_text]<\/p>\n<h4>\u00bfQu\u00e9 es la intervenci\u00f3n temprana en las deficiencias en el desarrollo?<\/h4>\n<p>&nbsp;<\/p>\n<p>El t\u00e9rmino deficiencias en el desarrollo (DD) se define como una insuficiencia severa en una persona que presenta una incapacidad f\u00edsica o mental o combinaci\u00f3n de ambas. Estas se manifiestan antes de los 22 a\u00f1os de edad con una alta probabilidad de que la condici\u00f3n contin\u00fae indefinidamente. Presentan, adem\u00e1s, limitaciones de tipo funcional en tres (3) o m\u00e1s de las siguientes \u00e1reas: recepci\u00f3n y expresi\u00f3n del lenguaje, aprendizaje, movilidad, direcci\u00f3n propia, capacidad para vida independiente y suficiencia propia en t\u00e9rminos econ\u00f3micos. \u00a0Estas personas tienen la necesidad de una combinaci\u00f3n especial de tratamiento interdisciplinario o cuidado integrado y de servicios por vida, programados y coordinados individualmente. La identificaci\u00f3n temprana de los ni\u00f1os a riesgo o con retraso en el desarrollo contribuye a reducir las deficiencias en el desarrollo, facilitar el desarrollo m\u00e1ximo de acuerdo al potencial de cada individuo y provee para la habilitaci\u00f3n e intervenci\u00f3n en los casos en los cuales se han producidos impedimentos inevitables.<\/p>\n<p>&nbsp;<\/p>\n<h4><\/h4>\n<h4><\/h4>\n<h4>\u00bfCu\u00e1l es el objetivo del certificado?<\/h4>\n<p>&nbsp;<\/p>\n<p>El objetivo fundamental del programa es la formaci\u00f3n de profesionales que las puedan contribuir al campo de la intervenci\u00f3n temprana en ni\u00f1os(as) con deficiencias en el desarrollo para: \u00a0desarrollar destrezas, conocimientos y actitudes en la intervenci\u00f3n temprana; exponer a los\/las estudiantes a nuevos desarrollos y tendencias en el ofrecimiento de servicios a esta poblaci\u00f3n y fomentar el desarrollo de modelos de prevenci\u00f3n e intervenci\u00f3n en este campo.<\/p>\n<p>&nbsp;<\/p>\n<h4><\/h4>\n<h4><\/h4>\n<h4>\u00bfQui\u00e9nes pueden solicitar ingreso al certificado?<\/h4>\n<p>&nbsp;<\/p>\n<p>El programa va dirigido a los profesionales del \u00e1rea de la salud, administraci\u00f3n, educaci\u00f3n, sicolog\u00eda y trabajo social que se encuentren trabajando por la poblaci\u00f3n de 0-5 a\u00f1os.<\/p>\n<p>&nbsp;<\/p>\n<h4><\/h4>\n<h4><\/h4>\n<h4>\u00bfCu\u00e1les son los requisitos generales de admisi\u00f3n?<\/h4>\n<p>&nbsp;<\/p>\n<p>1. Poseer un grado de bachillerato o su equivalente en otros pa\u00edses, seg\u00fan determinado por el Registrador del Recinto de Ciencias M\u00e9dicas, de una universidad certificada como instituci\u00f3n de educaci\u00f3n superior con un promedio general recomendado de 2.85 o m\u00e1s (de una escala m\u00e1xima de 4.00).<br \/>\n2. Poseer dominio del idioma espa\u00f1ol. Se requiere, adem\u00e1s, habilidad para leer y comprender el idioma ingl\u00e9s.<br \/>\n3. Poseer los requisitos espec\u00edficos del programa.<br \/>\n4. Presentar una solicitud de admisi\u00f3n, acompa\u00f1ada con los siguientes documentos:<\/p>\n<ul>\n<li>Copia Oficial de las transcripciones de cr\u00e9dito de todos los estudios anteriores del solicitante (subgraduado y graduado).<\/li>\n<li>Resume o Curriculum Vitae.<\/li>\n<li>Dos (2) cartas de recomendaci\u00f3n que evidencien la ejecutoria acad\u00e9mica y profesional del candidato (su experiencia de trabajo y\/o participaci\u00f3n en proyectos de investigaci\u00f3n y\/o servicio). Las cartas de recomendaci\u00f3n deben tener el logo o timbre de la entidad u organizaci\u00f3n donde labora la persona que hace la recomendaci\u00f3n, as\u00ed como su firma.<\/li>\n<\/ul>\n<p>5. Redactar y someter un ensayo acad\u00e9mico donde puedan proyectar sus capacidades, intereses profesionales y potencialidades.<\/p>\n<p>6. Asistir a una entrevista.<\/p>\n<p>&nbsp;<\/p>\n<h4>\u00bfCu\u00e1les son los requisitos espec\u00edficos de admisi\u00f3n?<\/h4>\n<p>&nbsp;<\/p>\n<p>&nbsp;<\/p>\n<ol>\n<li>Los(as) profesionales deben presentar evidencia de licencia vigente para ejercer en Puerto Rico (seg\u00fan sea requerida por el estado).<\/li>\n<li>Los(as) candidatos(as) deber\u00e1n tener un m\u00ednimo de un (1) a\u00f1o de experiencia de trabajo en campos relacionados.<\/li>\n<\/ol>\n<p>&nbsp;<\/p>\n<p><span style=\"color: #000000;\"><em><span style=\"color: #000000;\"><strong>La solicitud de admisi\u00f3n para el a\u00f1o 2026-2027 estar\u00e1 disponible del 1 de septiembre de 2025 al <\/strong><strong>31 de marzo de 2026.<\/strong> Para solicitar a este programa, pulse el siguiente enlace: <\/span><a style=\"color: #000000;\" href=\"https:\/\/rcm1.rcm.upr.edu\/sp\/asuntos-estudiantiles\/admisiones\/proceso-de-solicitud-a-la-escuela\" target=\"_blank\" rel=\"noopener\">Proceso de solicitud a la Escuela Graduada de Salud P\u00fablica<\/a><\/em><\/span><\/p>\n<p>&nbsp;<\/p>\n<p><img loading=\"lazy\" decoding=\"async\" class=\"size-full wp-image-5119 aligncenter\" src=\"https:\/\/rcm1.rcm.upr.edu\/sp\/wp-content\/uploads\/2022\/12\/drasalas.png\" alt=\"\" width=\"555\" height=\"208\" srcset=\"https:\/\/rcm1.rcm.upr.edu\/sp\/wp-content\/uploads\/2022\/12\/drasalas.png 555w, https:\/\/rcm1.rcm.upr.edu\/sp\/wp-content\/uploads\/2022\/12\/drasalas-300x112.png 300w\" sizes=\"auto, (max-width: 555px) 100vw, 555px\" \/><\/p>\n<p>&nbsp;<\/p>\n<h4><\/h4>\n<p>&nbsp;<\/p>\n<h4><strong>\u00bfCu\u00e1les son los requisitos para obtener el certificado?<\/strong><\/h4>\n<p>&nbsp;<\/p>\n<p>Todo estudiante debe haber completado 26 cr\u00e9ditos. Tener un promedio general m\u00ednimo de 2.50 (en una escala de 4.00), tener un promedio m\u00ednimo de 3.00 en los cursos de la especialidad y mantener progreso acad\u00e9mico consistente con las pol\u00edticas de la Escuela Graduada de Salud P\u00fablica.<\/p>\n<p>El Certificado Graduado en Deficiencias en el Desarrollo es un programa dise\u00f1ado para completarse en 1 a\u00f1o a tiempo completo.<\/p>\n<p>&nbsp;<\/p>\n<h4>\u00bfQu\u00e9 beneficios se obtienen al concluir el certificado?<\/h4>\n<p>&nbsp;<\/p>\n<p>Los\/as egresados\/as a\u00f1adir\u00e1n competencias espec\u00edficas en el campo de intervenci\u00f3n temprana a sus respectivas profesiones, lo que, le permitir\u00e1 integrarse a un equipo interdisciplinario o transdiciplinario promoviendo que los servicios sean prestados seg\u00fan la legislaci\u00f3n vigente en intervenci\u00f3n temprana.<\/p>\n<p>&nbsp;<\/p>\n<h4><\/h4>\n<h4><\/h4>\n<h4>\u00bfQu\u00e9 oportunidades de empleo tienen los egresados del certificado?<\/h4>\n<p>&nbsp;<\/p>\n<p>Estar\u00e1n capacitados(as) para ocupar posiciones de direcci\u00f3n de programas de servicios, servicio directo, ense\u00f1anza o investigaci\u00f3n aplicada en el campo de la intervenci\u00f3n temprana.<\/p>\n<p>&nbsp;<\/p>\n<h4><\/h4>\n<p>&nbsp;<\/p>\n<h4>Cursos Requeridos Para Obtener el Grado<\/h4>\n<p>&nbsp;<\/p>\n<p>&nbsp;<\/p>\n<h5>TOTAL DE CR\u00c9DITOS TRIMESTRALES: 26<\/h5>\n<p>&nbsp;<\/p>\n<h5><\/h5>\n<table width=\"606\">\n<thead>\n<tr>\n<td width=\"396\">\n<p style=\"text-align: left;\"><strong>C\u00f3digo y Nombre de Curso\/ Course Code and Title<\/strong><\/p>\n<\/td>\n<td width=\"210\">\n<p style=\"text-align: center;\"><strong>Cr\u00e9ditos\/<em>Credits<\/em><\/strong><\/p>\n<\/td>\n<\/tr>\n<\/thead>\n<tbody>\n<tr>\n<td width=\"396\">\n<p style=\"text-align: left;\">DDIT 6505 Introducci\u00f3n a la Salud P\u00fablica y Deficiencias en el Desarrollo \/\u00a0<em>Introduction to Public Health and Developmental Disabilities<\/em><\/p>\n<\/td>\n<td width=\"210\">\n<p style=\"text-align: center;\">3<\/p>\n<\/td>\n<\/tr>\n<tr>\n<td width=\"396\">DDIT 6506 Desarrollo T\u00edpico y At\u00edpico del Ni\u00f1o\/a de 0-5 A\u00f1os \/\u00a0<em>Typical and Atypical Child Development from 0 to 5 Years<\/em><\/td>\n<td width=\"210\">\n<p style=\"text-align: center;\">3<\/p>\n<\/td>\n<\/tr>\n<tr>\n<td width=\"396\">DDIT 6507 Atenci\u00f3n a la Familia del Ni\u00f1o\/a con Necesidades Especiales \/\u00a0<em>Assistance to Families with Children with Special Needs<\/em><\/td>\n<td width=\"210\">\n<p style=\"text-align: center;\">3<\/p>\n<\/td>\n<\/tr>\n<tr>\n<td width=\"396\">DDIT 6508 Valuaci\u00f3n de Infantes y Preescolares con Deficiencias en el Desarrollo \/\u00a0<em>Assessment of Infants and Pre-Schoolers with Developmental Disabilities<\/em><\/td>\n<td width=\"210\">\n<p style=\"text-align: center;\">3<\/p>\n<\/td>\n<\/tr>\n<tr>\n<td width=\"396\">DDIT 6509 Prestaci\u00f3n de Servicios Comunitario en Intervenci\u00f3n Temprana \/\u00a0<em>Community Service Delivery in Early Intervention<\/em><\/td>\n<td width=\"210\">\n<p style=\"text-align: center;\">3<\/p>\n<\/td>\n<\/tr>\n<tr>\n<td width=\"396\">DDIT 6510Planificaci\u00f3n de Servicios de Intervenci\u00f3n Temprana y Deficiencias en el Desarrollo \/\u00a0<em>Planning, Implementation, and Evaluation of Developmental Disabilities-Early Intervention Programs<\/em><\/td>\n<td width=\"210\">\n<p style=\"text-align: center;\">3<\/p>\n<\/td>\n<\/tr>\n<tr>\n<td width=\"396\">DDIT 6545 Pr\u00e1ctica Interdisciplinaria en Deficiencias en el Desarrollo \/\u00a0<em>Interdisciplinary Practicum in Developmental Disabilities \u2013 Early Intervention<\/em><\/td>\n<td width=\"210\">\n<p style=\"text-align: center;\">4<\/p>\n<\/td>\n<\/tr>\n<tr>\n<td width=\"396\">\n<p style=\"text-align: left;\"><strong>\u00c1rea de Inter\u00e9s (El Estudiante Escoger\u00e1 Una) \/ Area of Interest (Student Select One)<\/strong><\/p>\n<\/td>\n<td width=\"210\"><\/td>\n<\/tr>\n<tr>\n<td width=\"396\">DDIT 6537 Coordinaci\u00f3n de Servicios \/\u00a0<em>Service Coordination<\/em><\/td>\n<td width=\"210\">\n<p style=\"text-align: center;\">4<\/p>\n<\/td>\n<\/tr>\n<tr>\n<td width=\"396\">DDIT 6539 Legislaci\u00f3n y Pol\u00edtica P\u00fablica en el \u00c1rea de Intervenci\u00f3n Temprana en Deficiencias en el Desarrollo \/\u00a0<em>Legislation and Public Policy in the Developmental Disabilities \u2013 Early Intervention Area<\/em><\/td>\n<td width=\"210\">\n<p style=\"text-align: center;\">4<\/p>\n<\/td>\n<\/tr>\n<tr>\n<td width=\"396\">DDIT 6535 Seminario de Condiciones y Riesgos Espec\u00edficos \/\u00a0<em>Seminar in the Management of Conditions and Specific Risks<\/em><\/td>\n<td width=\"210\">\n<p style=\"text-align: center;\">4<\/p>\n<\/td>\n<\/tr>\n<tr>\n<td width=\"396\"><strong>TOTAL<\/strong><\/td>\n<td width=\"210\">\n<p style=\"text-align: center;\"><strong>26<\/strong><\/p>\n<\/td>\n<\/tr>\n<\/tbody>\n<\/table>\n<p>[\/vc_column_text][\/vc_column][\/vc_row]<\/p>\n<\/section>","protected":false},"excerpt":{"rendered":"<p>[vc_row][vc_column][vc_column_text] \u00bfQu\u00e9 es la intervenci\u00f3n temprana en las deficiencias en el desarrollo? &nbsp; El t\u00e9rmino deficiencias en el desarrollo (DD) se define como una insuficiencia severa en una persona que presenta una incapacidad f\u00edsica o mental o combinaci\u00f3n de ambas. Estas se manifiestan antes de los 22 a\u00f1os de edad con una alta probabilidad de&hellip;<\/p>\n","protected":false},"author":1,"featured_media":0,"parent":0,"menu_order":0,"comment_status":"closed","ping_status":"closed","template":"template-microsite.php","meta":{"footnotes":""},"class_list":["post-42","page","type-page","status-publish","hentry","description-off"],"jetpack_sharing_enabled":true,"_links":{"self":[{"href":"https:\/\/rcm1.rcm.upr.edu\/sp\/wp-json\/wp\/v2\/pages\/42","targetHints":{"allow":["GET"]}}],"collection":[{"href":"https:\/\/rcm1.rcm.upr.edu\/sp\/wp-json\/wp\/v2\/pages"}],"about":[{"href":"https:\/\/rcm1.rcm.upr.edu\/sp\/wp-json\/wp\/v2\/types\/page"}],"author":[{"embeddable":true,"href":"https:\/\/rcm1.rcm.upr.edu\/sp\/wp-json\/wp\/v2\/users\/1"}],"replies":[{"embeddable":true,"href":"https:\/\/rcm1.rcm.upr.edu\/sp\/wp-json\/wp\/v2\/comments?post=42"}],"version-history":[{"count":6,"href":"https:\/\/rcm1.rcm.upr.edu\/sp\/wp-json\/wp\/v2\/pages\/42\/revisions"}],"predecessor-version":[{"id":5810,"href":"https:\/\/rcm1.rcm.upr.edu\/sp\/wp-json\/wp\/v2\/pages\/42\/revisions\/5810"}],"wp:attachment":[{"href":"https:\/\/rcm1.rcm.upr.edu\/sp\/wp-json\/wp\/v2\/media?parent=42"}],"curies":[{"name":"wp","href":"https:\/\/api.w.org\/{rel}","templated":true}]}}